{"id":1577,"date":"2020-02-27T15:31:42","date_gmt":"2020-02-27T14:31:42","guid":{"rendered":"https:\/\/www.immobil-niederkofler.it\/standorte\/"},"modified":"2024-08-13T17:33:09","modified_gmt":"2024-08-13T15:33:09","slug":"sedi","status":"publish","type":"page","link":"https:\/\/www.immobil-niederkofler.it\/it\/sedi\/","title":{"rendered":"Sedi"},"content":{"rendered":"\t\t<div data-elementor-type=\"wp-page\" data-elementor-id=\"1577\" class=\"elementor elementor-1577 elementor-215\" data-elementor-post-type=\"page\">\n\t\t\t\t\t\t<section class=\"elementor-section elementor-top-section elementor-element elementor-element-31df058 elementor-section-full_width elementor-section-height-default elementor-section-height-default\" data-id=\"31df058\" data-element_type=\"section\" data-e-type=\"section\">\n\t\t\t\t\t\t<div class=\"elementor-container elementor-column-gap-default\">\n\t\t\t\t\t<div class=\"elementor-column elementor-col-100 elementor-top-column elementor-element elementor-element-370c459\" data-id=\"370c459\" data-element_type=\"column\" data-e-type=\"column\">\n\t\t\t<div class=\"elementor-widget-wrap elementor-element-populated\">\n\t\t\t\t\t\t<div class=\"elementor-element elementor-element-acbbaa7 elementor-widget elementor-widget-h1-with-lines\" data-id=\"acbbaa7\" data-element_type=\"widget\" data-e-type=\"widget\" data-widget_type=\"h1-with-lines.default\">\n\t\t\t\t<div class=\"elementor-widget-container\">\n\t\t\t\t\t\t\t<h1 class=\"site-title with-lines center\">\n            <span>Benvenuti in Alto Adige!<\/span>\n        <\/h1>\n        \t\t\t\t<\/div>\n\t\t\t\t<\/div>\n\t\t\t\t\t<\/div>\n\t\t<\/div>\n\t\t\t\t\t<\/div>\n\t\t<\/section>\n\t\t\t\t<section class=\"elementor-section elementor-top-section elementor-element elementor-element-2d8e9a8 elementor-section-boxed elementor-section-height-default elementor-section-height-default\" data-id=\"2d8e9a8\" data-element_type=\"section\" data-e-type=\"section\">\n\t\t\t\t\t\t<div class=\"elementor-container elementor-column-gap-default\">\n\t\t\t\t\t<div class=\"elementor-column elementor-col-100 elementor-top-column elementor-element elementor-element-cdaa747\" data-id=\"cdaa747\" data-element_type=\"column\" data-e-type=\"column\">\n\t\t\t<div class=\"elementor-widget-wrap elementor-element-populated\">\n\t\t\t\t\t\t<div class=\"elementor-element elementor-element-35b611a elementor-widget elementor-widget-text-editor\" data-id=\"35b611a\" data-element_type=\"widget\" data-e-type=\"widget\" data-widget_type=\"text-editor.default\">\n\t\t\t\t<div class=\"elementor-widget-container\">\n\t\t\t\t\t\t\t\t\t<div><div>Il team esperto di Immobiliare Niederkofler vi aspetta a <b>Bolzano,<\/b> in <b>Val Pusteria,<\/b> nelle <b>Valli di Tures<\/b> e<b> Aurina<\/b> e in <b>Val Badia,<\/b> come anche nell\u2019intera area delle <b>Dolomiti <\/b>fino al<b> Lago di Garda, <\/b>con un\u2019ampia gamma di servizi per il settore immobiliare.<\/div><div>\u00a0<\/div><\/div>\t\t\t\t\t\t\t\t<\/div>\n\t\t\t\t<\/div>\n\t\t\t\t\t<\/div>\n\t\t<\/div>\n\t\t\t\t\t<\/div>\n\t\t<\/section>\n\t\t\t\t<section class=\"elementor-section elementor-top-section elementor-element elementor-element-ee0d142 elementor-section-boxed elementor-section-height-default elementor-section-height-default\" data-id=\"ee0d142\" data-element_type=\"section\" data-e-type=\"section\">\n\t\t\t\t\t\t<div class=\"elementor-container elementor-column-gap-default\">\n\t\t\t\t\t<div class=\"elementor-column elementor-col-100 elementor-top-column elementor-element elementor-element-3033101\" data-id=\"3033101\" data-element_type=\"column\" data-e-type=\"column\">\n\t\t\t<div class=\"elementor-widget-wrap elementor-element-populated\">\n\t\t\t\t\t\t<div class=\"elementor-element elementor-element-1018848 elementor-widget elementor-widget-h2-with-lines\" data-id=\"1018848\" data-element_type=\"widget\" data-e-type=\"widget\" data-widget_type=\"h2-with-lines.default\">\n\t\t\t\t<div class=\"elementor-widget-container\">\n\t\t\t\t\t\t\t<h2 class=\"site-title no-lines center\">\n            <span>Le nostre sedi: da Bolzano a Brunico, da Campo Tures a Monguelfo<\/span>\n        <\/h2>\n        \t\t\t\t<\/div>\n\t\t\t\t<\/div>\n\t\t\t\t\t<\/div>\n\t\t<\/div>\n\t\t\t\t\t<\/div>\n\t\t<\/section>\n\t\t\t\t<section class=\"elementor-section elementor-top-section elementor-element elementor-element-0f1a897 elementor-section-boxed elementor-section-height-default elementor-section-height-default\" data-id=\"0f1a897\" data-element_type=\"section\" data-e-type=\"section\">\n\t\t\t\t\t\t<div class=\"elementor-container elementor-column-gap-default\">\n\t\t\t\t\t<div class=\"elementor-column elementor-col-100 elementor-top-column elementor-element elementor-element-82e66fd\" data-id=\"82e66fd\" data-element_type=\"column\" data-e-type=\"column\">\n\t\t\t<div class=\"elementor-widget-wrap elementor-element-populated\">\n\t\t\t\t\t\t<div class=\"elementor-element elementor-element-6931e38 elementor-widget elementor-widget-text-editor\" data-id=\"6931e38\" data-element_type=\"widget\" data-e-type=\"widget\" data-widget_type=\"text-editor.default\">\n\t\t\t\t<div class=\"elementor-widget-container\">\n\t\t\t\t\t\t\t\t\t<div>\n<div>La sede principale della nostra agenzia si trova a <b>Brunico,<\/b> dove a rappresentarci c\u2019\u00e8 anche una <b>second<\/b>a filiale, punto informativo nel centro storico. Naturalmente, operiamo per voi anche al di fuori delle nostre sedi fisiche.<\/div>\n<div>Il nostro lavoro si concentra poi sulle citt\u00e0 di <b>Bolzano, Campo Tures e Monguelfo,<\/b> nonch\u00e9 sui comprensori circostanti: <b>la Val Pusteria, la Val Badia, le Valli di Tures e Aurina, l\u2019Oltradige-Bassa Atesina e Salto-Sciliar.<\/b><\/div>\n<p><\/p>\n<div>Se dunque state cercando un\u2019Agenzia Immobiliare, la nostra rete di esperti locali \u00e8 pronta a servirvi in tutti i nostri uffici, ovunque siate in Alto Adige.<\/div><div><br><\/div>\n<\/div>\t\t\t\t\t\t\t\t<\/div>\n\t\t\t\t<\/div>\n\t\t\t\t\t<\/div>\n\t\t<\/div>\n\t\t\t\t\t<\/div>\n\t\t<\/section>\n\t\t\t\t<section class=\"elementor-section elementor-top-section elementor-element elementor-element-8082d4b elementor-section-full_width elementor-section-height-default elementor-section-height-default\" data-id=\"8082d4b\" data-element_type=\"section\" data-e-type=\"section\">\n\t\t\t\t\t\t<div class=\"elementor-container elementor-column-gap-default\">\n\t\t\t\t\t<div class=\"elementor-column elementor-col-100 elementor-top-column elementor-element elementor-element-971444e\" data-id=\"971444e\" data-element_type=\"column\" data-e-type=\"column\">\n\t\t\t<div class=\"elementor-widget-wrap elementor-element-populated\">\n\t\t\t\t\t\t<section class=\"elementor-section elementor-inner-section elementor-element elementor-element-910e090 elementor-section-full_width elementor-section-height-default elementor-section-height-default\" data-id=\"910e090\" data-element_type=\"section\" data-e-type=\"section\">\n\t\t\t\t\t\t<div class=\"elementor-container elementor-column-gap-no\">\n\t\t\t\t\t<div class=\"elementor-column elementor-col-50 elementor-inner-column elementor-element elementor-element-e49591c\" data-id=\"e49591c\" data-element_type=\"column\" data-e-type=\"column\">\n\t\t\t<div class=\"elementor-widget-wrap elementor-element-populated\">\n\t\t\t\t\t\t<div class=\"elementor-element elementor-element-6fb98f0 elementor-widget elementor-widget-image-with-headline\" data-id=\"6fb98f0\" data-element_type=\"widget\" data-e-type=\"widget\" data-widget_type=\"image-with-headline.default\">\n\t\t\t\t<div class=\"elementor-widget-container\">\n\t\t\t\t\t<div class=\"service__card-project card-project\"><a href=\"https:\/\/www.immobil-niederkofler.it\/it\/sedi\/brunico\/\" class=\"card-project__link tile-link\"><h2 class=\"card-project__content\">brunico<\/h2><picture class=\"card-project__picture\">\n                <source media=\"(max-width: 575px)\" srcset=\"\n                    https:\/\/acnaayzuen.cloudimg.io\/v7\/https:\/\/www.immobil-niederkofler.it\/wp-content\/uploads\/2020\/07\/buero-stadtgasse-detail.jpg?force_format=webp&amp;q=70&amp;w=576&amp;h=200 1x,\n                    https:\/\/acnaayzuen.cloudimg.io\/v7\/https:\/\/www.immobil-niederkofler.it\/wp-content\/uploads\/2020\/07\/buero-stadtgasse-detail.jpg?force_format=webp&amp;q=70&amp;w=864&amp;h=300 1.5x,\n                    https:\/\/acnaayzuen.cloudimg.io\/v7\/https:\/\/www.immobil-niederkofler.it\/wp-content\/uploads\/2020\/07\/buero-stadtgasse-detail.jpg?force_format=webp&amp;q=70&amp;w=1152&amp;h=400 2x,\n                    https:\/\/acnaayzuen.cloudimg.io\/v7\/https:\/\/www.immobil-niederkofler.it\/wp-content\/uploads\/2020\/07\/buero-stadtgasse-detail.jpg?force_format=webp&amp;q=70&amp;w=1728&amp;h=600 3x\">\n                <source media=\"(min-width: 1400px)\" srcset=\"\n                    https:\/\/acnaayzuen.cloudimg.io\/v7\/https:\/\/www.immobil-niederkofler.it\/wp-content\/uploads\/2020\/07\/buero-stadtgasse-detail.jpg?force_format=webp&amp;q=70&amp;w=952&amp;h=532 1x,\n                    https:\/\/acnaayzuen.cloudimg.io\/v7\/https:\/\/www.immobil-niederkofler.it\/wp-content\/uploads\/2020\/07\/buero-stadtgasse-detail.jpg?force_format=webp&amp;q=70&amp;w=1428&amp;h=798 1.5x,\n                    https:\/\/acnaayzuen.cloudimg.io\/v7\/https:\/\/www.immobil-niederkofler.it\/wp-content\/uploads\/2020\/07\/buero-stadtgasse-detail.jpg?force_format=webp&amp;q=70&amp;w=1904&amp;h=1064 2x,\n                    https:\/\/acnaayzuen.cloudimg.io\/v7\/https:\/\/www.immobil-niederkofler.it\/wp-content\/uploads\/2020\/07\/buero-stadtgasse-detail.jpg?force_format=webp&amp;q=70&amp;w=2856&amp;h=1596 3x\">\n                <source media=\"(min-width: 1200px)\" srcset=\"\n                    https:\/\/acnaayzuen.cloudimg.io\/v7\/https:\/\/www.immobil-niederkofler.it\/wp-content\/uploads\/2020\/07\/buero-stadtgasse-detail.jpg?force_format=webp&amp;q=70&amp;w=700&amp;h=478 1x,\n                    https:\/\/acnaayzuen.cloudimg.io\/v7\/https:\/\/www.immobil-niederkofler.it\/wp-content\/uploads\/2020\/07\/buero-stadtgasse-detail.jpg?force_format=webp&amp;q=70&amp;w=1050&amp;h=717 1.5x,\n                    https:\/\/acnaayzuen.cloudimg.io\/v7\/https:\/\/www.immobil-niederkofler.it\/wp-content\/uploads\/2020\/07\/buero-stadtgasse-detail.jpg?force_format=webp&amp;q=70&amp;w=1400&amp;h=956 2x,\n                    https:\/\/acnaayzuen.cloudimg.io\/v7\/https:\/\/www.immobil-niederkofler.it\/wp-content\/uploads\/2020\/07\/buero-stadtgasse-detail.jpg?force_format=webp&amp;q=70&amp;w=2100&amp;h=1434 3x\">\n                <source media=\"(min-width: 992px)\" srcset=\"\n                    https:\/\/acnaayzuen.cloudimg.io\/v7\/https:\/\/www.immobil-niederkofler.it\/wp-content\/uploads\/2020\/07\/buero-stadtgasse-detail.jpg?force_format=webp&amp;q=70&amp;w=600&amp;h=478 1x,\n                    https:\/\/acnaayzuen.cloudimg.io\/v7\/https:\/\/www.immobil-niederkofler.it\/wp-content\/uploads\/2020\/07\/buero-stadtgasse-detail.jpg?force_format=webp&amp;q=70&amp;w=900&amp;h=717 1.5x,\n                    https:\/\/acnaayzuen.cloudimg.io\/v7\/https:\/\/www.immobil-niederkofler.it\/wp-content\/uploads\/2020\/07\/buero-stadtgasse-detail.jpg?force_format=webp&amp;q=70&amp;w=1200&amp;h=956 2x,\n                    https:\/\/acnaayzuen.cloudimg.io\/v7\/https:\/\/www.immobil-niederkofler.it\/wp-content\/uploads\/2020\/07\/buero-stadtgasse-detail.jpg?force_format=webp&amp;q=70&amp;w=1800&amp;h=1434 3x\">\n                <source media=\"(min-width: 768px)\" srcset=\"\n                    https:\/\/acnaayzuen.cloudimg.io\/v7\/https:\/\/www.immobil-niederkofler.it\/wp-content\/uploads\/2020\/07\/buero-stadtgasse-detail.jpg?force_format=webp&amp;q=70&amp;w=496&amp;h=478 1x,\n                    https:\/\/acnaayzuen.cloudimg.io\/v7\/https:\/\/www.immobil-niederkofler.it\/wp-content\/uploads\/2020\/07\/buero-stadtgasse-detail.jpg?force_format=webp&amp;q=70&amp;w=744&amp;h=717 1.5x,\n                    https:\/\/acnaayzuen.cloudimg.io\/v7\/https:\/\/www.immobil-niederkofler.it\/wp-content\/uploads\/2020\/07\/buero-stadtgasse-detail.jpg?force_format=webp&amp;q=70&amp;w=992&amp;h=956 2x,\n                    https:\/\/acnaayzuen.cloudimg.io\/v7\/https:\/\/www.immobil-niederkofler.it\/wp-content\/uploads\/2020\/07\/buero-stadtgasse-detail.jpg?force_format=webp&amp;q=70&amp;w=1488&amp;h=1434 3x\">\n                <source media=\"(min-width: 576px)\" srcset=\"\n                    https:\/\/acnaayzuen.cloudimg.io\/v7\/https:\/\/www.immobil-niederkofler.it\/wp-content\/uploads\/2020\/07\/buero-stadtgasse-detail.jpg?force_format=webp&amp;q=70&amp;w=384&amp;h=200 1x,\n                    https:\/\/acnaayzuen.cloudimg.io\/v7\/https:\/\/www.immobil-niederkofler.it\/wp-content\/uploads\/2020\/07\/buero-stadtgasse-detail.jpg?force_format=webp&amp;q=70&amp;w=576&amp;h=300 1.5x,\n                    https:\/\/acnaayzuen.cloudimg.io\/v7\/https:\/\/www.immobil-niederkofler.it\/wp-content\/uploads\/2020\/07\/buero-stadtgasse-detail.jpg?force_format=webp&amp;q=70&amp;w=768&amp;h=400 2x,\n                    https:\/\/acnaayzuen.cloudimg.io\/v7\/https:\/\/www.immobil-niederkofler.it\/wp-content\/uploads\/2020\/07\/buero-stadtgasse-detail.jpg?force_format=webp&amp;q=70&amp;w=1152&amp;h=600 3x\">\n                <img loading=\"lazy\" decoding=\"async\" class=\"card-project__image\" loading=\"lazy\" width=\"952\" height=\"478\" src=\"https:\/\/acnaayzuen.cloudimg.io\/v7\/https:\/\/www.immobil-niederkofler.it\/wp-content\/uploads\/2020\/07\/buero-stadtgasse-detail.jpg?force_format=webp&amp;q=70&amp;w=952&amp;h=478\" alt=\"\" \/>\n            <\/picture><\/a><\/div>\t\t\t\t<\/div>\n\t\t\t\t<\/div>\n\t\t\t\t<div class=\"elementor-element elementor-element-3ed12d8 elementor-widget elementor-widget-image-with-headline\" data-id=\"3ed12d8\" data-element_type=\"widget\" data-e-type=\"widget\" data-widget_type=\"image-with-headline.default\">\n\t\t\t\t<div class=\"elementor-widget-container\">\n\t\t\t\t\t<div class=\"service__card-project card-project\"><a href=\"https:\/\/www.immobil-niederkofler.it\/it\/sedi\/campo-tures\/\" class=\"card-project__link tile-link\"><h2 class=\"card-project__content\">campo tures<\/h2><picture class=\"card-project__picture\">\n                <source media=\"(max-width: 575px)\" srcset=\"\n                    https:\/\/acnaayzuen.cloudimg.io\/v7\/https:\/\/www.immobil-niederkofler.it\/wp-content\/uploads\/2020\/07\/buero-sand-in-taufers-4.jpg?force_format=webp&amp;q=70&amp;w=576&amp;h=200 1x,\n                    https:\/\/acnaayzuen.cloudimg.io\/v7\/https:\/\/www.immobil-niederkofler.it\/wp-content\/uploads\/2020\/07\/buero-sand-in-taufers-4.jpg?force_format=webp&amp;q=70&amp;w=864&amp;h=300 1.5x,\n                    https:\/\/acnaayzuen.cloudimg.io\/v7\/https:\/\/www.immobil-niederkofler.it\/wp-content\/uploads\/2020\/07\/buero-sand-in-taufers-4.jpg?force_format=webp&amp;q=70&amp;w=1152&amp;h=400 2x,\n                    https:\/\/acnaayzuen.cloudimg.io\/v7\/https:\/\/www.immobil-niederkofler.it\/wp-content\/uploads\/2020\/07\/buero-sand-in-taufers-4.jpg?force_format=webp&amp;q=70&amp;w=1728&amp;h=600 3x\">\n                <source media=\"(min-width: 1400px)\" srcset=\"\n                    https:\/\/acnaayzuen.cloudimg.io\/v7\/https:\/\/www.immobil-niederkofler.it\/wp-content\/uploads\/2020\/07\/buero-sand-in-taufers-4.jpg?force_format=webp&amp;q=70&amp;w=952&amp;h=532 1x,\n                    https:\/\/acnaayzuen.cloudimg.io\/v7\/https:\/\/www.immobil-niederkofler.it\/wp-content\/uploads\/2020\/07\/buero-sand-in-taufers-4.jpg?force_format=webp&amp;q=70&amp;w=1428&amp;h=798 1.5x,\n                    https:\/\/acnaayzuen.cloudimg.io\/v7\/https:\/\/www.immobil-niederkofler.it\/wp-content\/uploads\/2020\/07\/buero-sand-in-taufers-4.jpg?force_format=webp&amp;q=70&amp;w=1904&amp;h=1064 2x,\n                    https:\/\/acnaayzuen.cloudimg.io\/v7\/https:\/\/www.immobil-niederkofler.it\/wp-content\/uploads\/2020\/07\/buero-sand-in-taufers-4.jpg?force_format=webp&amp;q=70&amp;w=2856&amp;h=1596 3x\">\n                <source media=\"(min-width: 1200px)\" srcset=\"\n                    https:\/\/acnaayzuen.cloudimg.io\/v7\/https:\/\/www.immobil-niederkofler.it\/wp-content\/uploads\/2020\/07\/buero-sand-in-taufers-4.jpg?force_format=webp&amp;q=70&amp;w=700&amp;h=478 1x,\n                    https:\/\/acnaayzuen.cloudimg.io\/v7\/https:\/\/www.immobil-niederkofler.it\/wp-content\/uploads\/2020\/07\/buero-sand-in-taufers-4.jpg?force_format=webp&amp;q=70&amp;w=1050&amp;h=717 1.5x,\n                    https:\/\/acnaayzuen.cloudimg.io\/v7\/https:\/\/www.immobil-niederkofler.it\/wp-content\/uploads\/2020\/07\/buero-sand-in-taufers-4.jpg?force_format=webp&amp;q=70&amp;w=1400&amp;h=956 2x,\n                    https:\/\/acnaayzuen.cloudimg.io\/v7\/https:\/\/www.immobil-niederkofler.it\/wp-content\/uploads\/2020\/07\/buero-sand-in-taufers-4.jpg?force_format=webp&amp;q=70&amp;w=2100&amp;h=1434 3x\">\n                <source media=\"(min-width: 992px)\" srcset=\"\n                    https:\/\/acnaayzuen.cloudimg.io\/v7\/https:\/\/www.immobil-niederkofler.it\/wp-content\/uploads\/2020\/07\/buero-sand-in-taufers-4.jpg?force_format=webp&amp;q=70&amp;w=600&amp;h=478 1x,\n                    https:\/\/acnaayzuen.cloudimg.io\/v7\/https:\/\/www.immobil-niederkofler.it\/wp-content\/uploads\/2020\/07\/buero-sand-in-taufers-4.jpg?force_format=webp&amp;q=70&amp;w=900&amp;h=717 1.5x,\n                    https:\/\/acnaayzuen.cloudimg.io\/v7\/https:\/\/www.immobil-niederkofler.it\/wp-content\/uploads\/2020\/07\/buero-sand-in-taufers-4.jpg?force_format=webp&amp;q=70&amp;w=1200&amp;h=956 2x,\n                    https:\/\/acnaayzuen.cloudimg.io\/v7\/https:\/\/www.immobil-niederkofler.it\/wp-content\/uploads\/2020\/07\/buero-sand-in-taufers-4.jpg?force_format=webp&amp;q=70&amp;w=1800&amp;h=1434 3x\">\n                <source media=\"(min-width: 768px)\" srcset=\"\n                    https:\/\/acnaayzuen.cloudimg.io\/v7\/https:\/\/www.immobil-niederkofler.it\/wp-content\/uploads\/2020\/07\/buero-sand-in-taufers-4.jpg?force_format=webp&amp;q=70&amp;w=496&amp;h=478 1x,\n                    https:\/\/acnaayzuen.cloudimg.io\/v7\/https:\/\/www.immobil-niederkofler.it\/wp-content\/uploads\/2020\/07\/buero-sand-in-taufers-4.jpg?force_format=webp&amp;q=70&amp;w=744&amp;h=717 1.5x,\n                    https:\/\/acnaayzuen.cloudimg.io\/v7\/https:\/\/www.immobil-niederkofler.it\/wp-content\/uploads\/2020\/07\/buero-sand-in-taufers-4.jpg?force_format=webp&amp;q=70&amp;w=992&amp;h=956 2x,\n                    https:\/\/acnaayzuen.cloudimg.io\/v7\/https:\/\/www.immobil-niederkofler.it\/wp-content\/uploads\/2020\/07\/buero-sand-in-taufers-4.jpg?force_format=webp&amp;q=70&amp;w=1488&amp;h=1434 3x\">\n                <source media=\"(min-width: 576px)\" srcset=\"\n                    https:\/\/acnaayzuen.cloudimg.io\/v7\/https:\/\/www.immobil-niederkofler.it\/wp-content\/uploads\/2020\/07\/buero-sand-in-taufers-4.jpg?force_format=webp&amp;q=70&amp;w=384&amp;h=200 1x,\n                    https:\/\/acnaayzuen.cloudimg.io\/v7\/https:\/\/www.immobil-niederkofler.it\/wp-content\/uploads\/2020\/07\/buero-sand-in-taufers-4.jpg?force_format=webp&amp;q=70&amp;w=576&amp;h=300 1.5x,\n                    https:\/\/acnaayzuen.cloudimg.io\/v7\/https:\/\/www.immobil-niederkofler.it\/wp-content\/uploads\/2020\/07\/buero-sand-in-taufers-4.jpg?force_format=webp&amp;q=70&amp;w=768&amp;h=400 2x,\n                    https:\/\/acnaayzuen.cloudimg.io\/v7\/https:\/\/www.immobil-niederkofler.it\/wp-content\/uploads\/2020\/07\/buero-sand-in-taufers-4.jpg?force_format=webp&amp;q=70&amp;w=1152&amp;h=600 3x\">\n                <img loading=\"lazy\" decoding=\"async\" class=\"card-project__image\" loading=\"lazy\" width=\"952\" height=\"478\" src=\"https:\/\/acnaayzuen.cloudimg.io\/v7\/https:\/\/www.immobil-niederkofler.it\/wp-content\/uploads\/2020\/07\/buero-sand-in-taufers-4.jpg?force_format=webp&amp;q=70&amp;w=952&amp;h=478\" alt=\"\" \/>\n            <\/picture><\/a><\/div>\t\t\t\t<\/div>\n\t\t\t\t<\/div>\n\t\t\t\t\t<\/div>\n\t\t<\/div>\n\t\t\t\t<div class=\"elementor-column elementor-col-50 elementor-inner-column elementor-element elementor-element-c442b3b\" data-id=\"c442b3b\" data-element_type=\"column\" data-e-type=\"column\">\n\t\t\t<div class=\"elementor-widget-wrap elementor-element-populated\">\n\t\t\t\t\t\t<div class=\"elementor-element elementor-element-7c250fd elementor-widget elementor-widget-image-with-headline\" data-id=\"7c250fd\" data-element_type=\"widget\" data-e-type=\"widget\" data-widget_type=\"image-with-headline.default\">\n\t\t\t\t<div class=\"elementor-widget-container\">\n\t\t\t\t\t<div class=\"service__card-project card-project\"><a href=\"https:\/\/www.immobil-niederkofler.it\/it\/sedi\/bolzano\/\" class=\"card-project__link tile-link\"><h2 class=\"card-project__content\">bolzano<\/h2><picture class=\"card-project__picture\">\n                <source media=\"(max-width: 575px)\" srcset=\"\n                    https:\/\/acnaayzuen.cloudimg.io\/v7\/https:\/\/www.immobil-niederkofler.it\/wp-content\/uploads\/2021\/08\/IMG_2874_fuer-Homepage-scaled.jpg?force_format=webp&amp;q=70&amp;w=576&amp;h=200 1x,\n                    https:\/\/acnaayzuen.cloudimg.io\/v7\/https:\/\/www.immobil-niederkofler.it\/wp-content\/uploads\/2021\/08\/IMG_2874_fuer-Homepage-scaled.jpg?force_format=webp&amp;q=70&amp;w=864&amp;h=300 1.5x,\n                    https:\/\/acnaayzuen.cloudimg.io\/v7\/https:\/\/www.immobil-niederkofler.it\/wp-content\/uploads\/2021\/08\/IMG_2874_fuer-Homepage-scaled.jpg?force_format=webp&amp;q=70&amp;w=1152&amp;h=400 2x,\n                    https:\/\/acnaayzuen.cloudimg.io\/v7\/https:\/\/www.immobil-niederkofler.it\/wp-content\/uploads\/2021\/08\/IMG_2874_fuer-Homepage-scaled.jpg?force_format=webp&amp;q=70&amp;w=1728&amp;h=600 3x\">\n                <source media=\"(min-width: 1400px)\" srcset=\"\n                    https:\/\/acnaayzuen.cloudimg.io\/v7\/https:\/\/www.immobil-niederkofler.it\/wp-content\/uploads\/2021\/08\/IMG_2874_fuer-Homepage-scaled.jpg?force_format=webp&amp;q=70&amp;w=952&amp;h=532 1x,\n                    https:\/\/acnaayzuen.cloudimg.io\/v7\/https:\/\/www.immobil-niederkofler.it\/wp-content\/uploads\/2021\/08\/IMG_2874_fuer-Homepage-scaled.jpg?force_format=webp&amp;q=70&amp;w=1428&amp;h=798 1.5x,\n                    https:\/\/acnaayzuen.cloudimg.io\/v7\/https:\/\/www.immobil-niederkofler.it\/wp-content\/uploads\/2021\/08\/IMG_2874_fuer-Homepage-scaled.jpg?force_format=webp&amp;q=70&amp;w=1904&amp;h=1064 2x,\n                    https:\/\/acnaayzuen.cloudimg.io\/v7\/https:\/\/www.immobil-niederkofler.it\/wp-content\/uploads\/2021\/08\/IMG_2874_fuer-Homepage-scaled.jpg?force_format=webp&amp;q=70&amp;w=2856&amp;h=1596 3x\">\n                <source media=\"(min-width: 1200px)\" srcset=\"\n                    https:\/\/acnaayzuen.cloudimg.io\/v7\/https:\/\/www.immobil-niederkofler.it\/wp-content\/uploads\/2021\/08\/IMG_2874_fuer-Homepage-scaled.jpg?force_format=webp&amp;q=70&amp;w=700&amp;h=478 1x,\n                    https:\/\/acnaayzuen.cloudimg.io\/v7\/https:\/\/www.immobil-niederkofler.it\/wp-content\/uploads\/2021\/08\/IMG_2874_fuer-Homepage-scaled.jpg?force_format=webp&amp;q=70&amp;w=1050&amp;h=717 1.5x,\n                    https:\/\/acnaayzuen.cloudimg.io\/v7\/https:\/\/www.immobil-niederkofler.it\/wp-content\/uploads\/2021\/08\/IMG_2874_fuer-Homepage-scaled.jpg?force_format=webp&amp;q=70&amp;w=1400&amp;h=956 2x,\n                    https:\/\/acnaayzuen.cloudimg.io\/v7\/https:\/\/www.immobil-niederkofler.it\/wp-content\/uploads\/2021\/08\/IMG_2874_fuer-Homepage-scaled.jpg?force_format=webp&amp;q=70&amp;w=2100&amp;h=1434 3x\">\n                <source media=\"(min-width: 992px)\" srcset=\"\n                    https:\/\/acnaayzuen.cloudimg.io\/v7\/https:\/\/www.immobil-niederkofler.it\/wp-content\/uploads\/2021\/08\/IMG_2874_fuer-Homepage-scaled.jpg?force_format=webp&amp;q=70&amp;w=600&amp;h=478 1x,\n                    https:\/\/acnaayzuen.cloudimg.io\/v7\/https:\/\/www.immobil-niederkofler.it\/wp-content\/uploads\/2021\/08\/IMG_2874_fuer-Homepage-scaled.jpg?force_format=webp&amp;q=70&amp;w=900&amp;h=717 1.5x,\n                    https:\/\/acnaayzuen.cloudimg.io\/v7\/https:\/\/www.immobil-niederkofler.it\/wp-content\/uploads\/2021\/08\/IMG_2874_fuer-Homepage-scaled.jpg?force_format=webp&amp;q=70&amp;w=1200&amp;h=956 2x,\n                    https:\/\/acnaayzuen.cloudimg.io\/v7\/https:\/\/www.immobil-niederkofler.it\/wp-content\/uploads\/2021\/08\/IMG_2874_fuer-Homepage-scaled.jpg?force_format=webp&amp;q=70&amp;w=1800&amp;h=1434 3x\">\n                <source media=\"(min-width: 768px)\" srcset=\"\n                    https:\/\/acnaayzuen.cloudimg.io\/v7\/https:\/\/www.immobil-niederkofler.it\/wp-content\/uploads\/2021\/08\/IMG_2874_fuer-Homepage-scaled.jpg?force_format=webp&amp;q=70&amp;w=496&amp;h=478 1x,\n                    https:\/\/acnaayzuen.cloudimg.io\/v7\/https:\/\/www.immobil-niederkofler.it\/wp-content\/uploads\/2021\/08\/IMG_2874_fuer-Homepage-scaled.jpg?force_format=webp&amp;q=70&amp;w=744&amp;h=717 1.5x,\n                    https:\/\/acnaayzuen.cloudimg.io\/v7\/https:\/\/www.immobil-niederkofler.it\/wp-content\/uploads\/2021\/08\/IMG_2874_fuer-Homepage-scaled.jpg?force_format=webp&amp;q=70&amp;w=992&amp;h=956 2x,\n                    https:\/\/acnaayzuen.cloudimg.io\/v7\/https:\/\/www.immobil-niederkofler.it\/wp-content\/uploads\/2021\/08\/IMG_2874_fuer-Homepage-scaled.jpg?force_format=webp&amp;q=70&amp;w=1488&amp;h=1434 3x\">\n                <source media=\"(min-width: 576px)\" srcset=\"\n                    https:\/\/acnaayzuen.cloudimg.io\/v7\/https:\/\/www.immobil-niederkofler.it\/wp-content\/uploads\/2021\/08\/IMG_2874_fuer-Homepage-scaled.jpg?force_format=webp&amp;q=70&amp;w=384&amp;h=200 1x,\n                    https:\/\/acnaayzuen.cloudimg.io\/v7\/https:\/\/www.immobil-niederkofler.it\/wp-content\/uploads\/2021\/08\/IMG_2874_fuer-Homepage-scaled.jpg?force_format=webp&amp;q=70&amp;w=576&amp;h=300 1.5x,\n                    https:\/\/acnaayzuen.cloudimg.io\/v7\/https:\/\/www.immobil-niederkofler.it\/wp-content\/uploads\/2021\/08\/IMG_2874_fuer-Homepage-scaled.jpg?force_format=webp&amp;q=70&amp;w=768&amp;h=400 2x,\n                    https:\/\/acnaayzuen.cloudimg.io\/v7\/https:\/\/www.immobil-niederkofler.it\/wp-content\/uploads\/2021\/08\/IMG_2874_fuer-Homepage-scaled.jpg?force_format=webp&amp;q=70&amp;w=1152&amp;h=600 3x\">\n                <img loading=\"lazy\" decoding=\"async\" class=\"card-project__image\" loading=\"lazy\" width=\"952\" height=\"478\" src=\"https:\/\/acnaayzuen.cloudimg.io\/v7\/https:\/\/www.immobil-niederkofler.it\/wp-content\/uploads\/2021\/08\/IMG_2874_fuer-Homepage-scaled.jpg?force_format=webp&amp;q=70&amp;w=952&amp;h=478\" alt=\"\" \/>\n            <\/picture><\/a><\/div>\t\t\t\t<\/div>\n\t\t\t\t<\/div>\n\t\t\t\t<div class=\"elementor-element elementor-element-f24eb32 elementor-widget elementor-widget-image-with-headline\" data-id=\"f24eb32\" data-element_type=\"widget\" data-e-type=\"widget\" data-widget_type=\"image-with-headline.default\">\n\t\t\t\t<div class=\"elementor-widget-container\">\n\t\t\t\t\t<div class=\"service__card-project card-project\"><a href=\"https:\/\/www.immobil-niederkofler.it\/it\/sedi\/monguelfo\/\" class=\"card-project__link tile-link\"><h2 class=\"card-project__content\">Monguelfo<\/h2><picture class=\"card-project__picture\">\n                <source media=\"(max-width: 575px)\" srcset=\"\n                    https:\/\/acnaayzuen.cloudimg.io\/v7\/https:\/\/www.immobil-niederkofler.it\/wp-content\/uploads\/2020\/07\/ladenlokal-immobilien-niederkofler.jpg?force_format=webp&amp;q=70&amp;w=576&amp;h=200 1x,\n                    https:\/\/acnaayzuen.cloudimg.io\/v7\/https:\/\/www.immobil-niederkofler.it\/wp-content\/uploads\/2020\/07\/ladenlokal-immobilien-niederkofler.jpg?force_format=webp&amp;q=70&amp;w=864&amp;h=300 1.5x,\n                    https:\/\/acnaayzuen.cloudimg.io\/v7\/https:\/\/www.immobil-niederkofler.it\/wp-content\/uploads\/2020\/07\/ladenlokal-immobilien-niederkofler.jpg?force_format=webp&amp;q=70&amp;w=1152&amp;h=400 2x,\n                    https:\/\/acnaayzuen.cloudimg.io\/v7\/https:\/\/www.immobil-niederkofler.it\/wp-content\/uploads\/2020\/07\/ladenlokal-immobilien-niederkofler.jpg?force_format=webp&amp;q=70&amp;w=1728&amp;h=600 3x\">\n                <source media=\"(min-width: 1400px)\" srcset=\"\n                    https:\/\/acnaayzuen.cloudimg.io\/v7\/https:\/\/www.immobil-niederkofler.it\/wp-content\/uploads\/2020\/07\/ladenlokal-immobilien-niederkofler.jpg?force_format=webp&amp;q=70&amp;w=952&amp;h=532 1x,\n                    https:\/\/acnaayzuen.cloudimg.io\/v7\/https:\/\/www.immobil-niederkofler.it\/wp-content\/uploads\/2020\/07\/ladenlokal-immobilien-niederkofler.jpg?force_format=webp&amp;q=70&amp;w=1428&amp;h=798 1.5x,\n                    https:\/\/acnaayzuen.cloudimg.io\/v7\/https:\/\/www.immobil-niederkofler.it\/wp-content\/uploads\/2020\/07\/ladenlokal-immobilien-niederkofler.jpg?force_format=webp&amp;q=70&amp;w=1904&amp;h=1064 2x,\n                    https:\/\/acnaayzuen.cloudimg.io\/v7\/https:\/\/www.immobil-niederkofler.it\/wp-content\/uploads\/2020\/07\/ladenlokal-immobilien-niederkofler.jpg?force_format=webp&amp;q=70&amp;w=2856&amp;h=1596 3x\">\n                <source media=\"(min-width: 1200px)\" srcset=\"\n                    https:\/\/acnaayzuen.cloudimg.io\/v7\/https:\/\/www.immobil-niederkofler.it\/wp-content\/uploads\/2020\/07\/ladenlokal-immobilien-niederkofler.jpg?force_format=webp&amp;q=70&amp;w=700&amp;h=478 1x,\n                    https:\/\/acnaayzuen.cloudimg.io\/v7\/https:\/\/www.immobil-niederkofler.it\/wp-content\/uploads\/2020\/07\/ladenlokal-immobilien-niederkofler.jpg?force_format=webp&amp;q=70&amp;w=1050&amp;h=717 1.5x,\n                    https:\/\/acnaayzuen.cloudimg.io\/v7\/https:\/\/www.immobil-niederkofler.it\/wp-content\/uploads\/2020\/07\/ladenlokal-immobilien-niederkofler.jpg?force_format=webp&amp;q=70&amp;w=1400&amp;h=956 2x,\n                    https:\/\/acnaayzuen.cloudimg.io\/v7\/https:\/\/www.immobil-niederkofler.it\/wp-content\/uploads\/2020\/07\/ladenlokal-immobilien-niederkofler.jpg?force_format=webp&amp;q=70&amp;w=2100&amp;h=1434 3x\">\n                <source media=\"(min-width: 992px)\" srcset=\"\n                    https:\/\/acnaayzuen.cloudimg.io\/v7\/https:\/\/www.immobil-niederkofler.it\/wp-content\/uploads\/2020\/07\/ladenlokal-immobilien-niederkofler.jpg?force_format=webp&amp;q=70&amp;w=600&amp;h=478 1x,\n                    https:\/\/acnaayzuen.cloudimg.io\/v7\/https:\/\/www.immobil-niederkofler.it\/wp-content\/uploads\/2020\/07\/ladenlokal-immobilien-niederkofler.jpg?force_format=webp&amp;q=70&amp;w=900&amp;h=717 1.5x,\n                    https:\/\/acnaayzuen.cloudimg.io\/v7\/https:\/\/www.immobil-niederkofler.it\/wp-content\/uploads\/2020\/07\/ladenlokal-immobilien-niederkofler.jpg?force_format=webp&amp;q=70&amp;w=1200&amp;h=956 2x,\n                    https:\/\/acnaayzuen.cloudimg.io\/v7\/https:\/\/www.immobil-niederkofler.it\/wp-content\/uploads\/2020\/07\/ladenlokal-immobilien-niederkofler.jpg?force_format=webp&amp;q=70&amp;w=1800&amp;h=1434 3x\">\n                <source media=\"(min-width: 768px)\" srcset=\"\n                    https:\/\/acnaayzuen.cloudimg.io\/v7\/https:\/\/www.immobil-niederkofler.it\/wp-content\/uploads\/2020\/07\/ladenlokal-immobilien-niederkofler.jpg?force_format=webp&amp;q=70&amp;w=496&amp;h=478 1x,\n                    https:\/\/acnaayzuen.cloudimg.io\/v7\/https:\/\/www.immobil-niederkofler.it\/wp-content\/uploads\/2020\/07\/ladenlokal-immobilien-niederkofler.jpg?force_format=webp&amp;q=70&amp;w=744&amp;h=717 1.5x,\n                    https:\/\/acnaayzuen.cloudimg.io\/v7\/https:\/\/www.immobil-niederkofler.it\/wp-content\/uploads\/2020\/07\/ladenlokal-immobilien-niederkofler.jpg?force_format=webp&amp;q=70&amp;w=992&amp;h=956 2x,\n                    https:\/\/acnaayzuen.cloudimg.io\/v7\/https:\/\/www.immobil-niederkofler.it\/wp-content\/uploads\/2020\/07\/ladenlokal-immobilien-niederkofler.jpg?force_format=webp&amp;q=70&amp;w=1488&amp;h=1434 3x\">\n                <source media=\"(min-width: 576px)\" srcset=\"\n                    https:\/\/acnaayzuen.cloudimg.io\/v7\/https:\/\/www.immobil-niederkofler.it\/wp-content\/uploads\/2020\/07\/ladenlokal-immobilien-niederkofler.jpg?force_format=webp&amp;q=70&amp;w=384&amp;h=200 1x,\n                    https:\/\/acnaayzuen.cloudimg.io\/v7\/https:\/\/www.immobil-niederkofler.it\/wp-content\/uploads\/2020\/07\/ladenlokal-immobilien-niederkofler.jpg?force_format=webp&amp;q=70&amp;w=576&amp;h=300 1.5x,\n                    https:\/\/acnaayzuen.cloudimg.io\/v7\/https:\/\/www.immobil-niederkofler.it\/wp-content\/uploads\/2020\/07\/ladenlokal-immobilien-niederkofler.jpg?force_format=webp&amp;q=70&amp;w=768&amp;h=400 2x,\n                    https:\/\/acnaayzuen.cloudimg.io\/v7\/https:\/\/www.immobil-niederkofler.it\/wp-content\/uploads\/2020\/07\/ladenlokal-immobilien-niederkofler.jpg?force_format=webp&amp;q=70&amp;w=1152&amp;h=600 3x\">\n                <img loading=\"lazy\" decoding=\"async\" class=\"card-project__image\" loading=\"lazy\" width=\"952\" height=\"478\" src=\"https:\/\/acnaayzuen.cloudimg.io\/v7\/https:\/\/www.immobil-niederkofler.it\/wp-content\/uploads\/2020\/07\/ladenlokal-immobilien-niederkofler.jpg?force_format=webp&amp;q=70&amp;w=952&amp;h=478\" alt=\"\" \/>\n            <\/picture><\/a><\/div>\t\t\t\t<\/div>\n\t\t\t\t<\/div>\n\t\t\t\t\t<\/div>\n\t\t<\/div>\n\t\t\t\t\t<\/div>\n\t\t<\/section>\n\t\t\t\t\t<\/div>\n\t\t<\/div>\n\t\t\t\t\t<\/div>\n\t\t<\/section>\n\t\t\t\t<section class=\"elementor-section elementor-top-section elementor-element elementor-element-ddf1a64 elementor-section-boxed elementor-section-height-default elementor-section-height-default\" data-id=\"ddf1a64\" data-element_type=\"section\" data-e-type=\"section\">\n\t\t\t\t\t\t<div class=\"elementor-container elementor-column-gap-default\">\n\t\t\t\t\t<div class=\"elementor-column elementor-col-100 elementor-top-column elementor-element elementor-element-acc0c03\" data-id=\"acc0c03\" data-element_type=\"column\" data-e-type=\"column\">\n\t\t\t<div class=\"elementor-widget-wrap elementor-element-populated\">\n\t\t\t\t\t\t<section class=\"elementor-section elementor-inner-section elementor-element elementor-element-43057a6 elementor-section-boxed elementor-section-height-default elementor-section-height-default\" data-id=\"43057a6\" data-element_type=\"section\" data-e-type=\"section\">\n\t\t\t\t\t\t<div class=\"elementor-container elementor-column-gap-default\">\n\t\t\t\t\t<div class=\"elementor-column elementor-col-66 elementor-inner-column elementor-element elementor-element-1428edf\" data-id=\"1428edf\" data-element_type=\"column\" data-e-type=\"column\" data-settings=\"{&quot;background_background&quot;:&quot;classic&quot;}\">\n\t\t\t<div class=\"elementor-widget-wrap elementor-element-populated\">\n\t\t\t\t\t\t<div class=\"elementor-element elementor-element-faf2e55 elementor-widget elementor-widget-spacer\" data-id=\"faf2e55\" data-element_type=\"widget\" data-e-type=\"widget\" data-widget_type=\"spacer.default\">\n\t\t\t\t<div class=\"elementor-widget-container\">\n\t\t\t\t\t\t\t<div class=\"elementor-spacer\">\n\t\t\t<div class=\"elementor-spacer-inner\"><\/div>\n\t\t<\/div>\n\t\t\t\t\t\t<\/div>\n\t\t\t\t<\/div>\n\t\t\t\t\t<\/div>\n\t\t<\/div>\n\t\t\t\t<div class=\"elementor-column elementor-col-33 elementor-inner-column elementor-element elementor-element-3bf0a5a\" data-id=\"3bf0a5a\" data-element_type=\"column\" data-e-type=\"column\">\n\t\t\t<div class=\"elementor-widget-wrap elementor-element-populated\">\n\t\t\t\t\t\t<div class=\"elementor-element elementor-element-f3f9f55 elementor-widget elementor-widget-text-editor\" data-id=\"f3f9f55\" data-element_type=\"widget\" data-e-type=\"widget\" data-widget_type=\"text-editor.default\">\n\t\t\t\t<div class=\"elementor-widget-container\">\n\t\t\t\t\t\t\t\t\t<h2 style=\"text-align: left;\">Sede di Brunico<\/h2><div><div>Sede principale di Immobiliare Niederkofler, fondata nel 1948, Brunico \u00e8 una citt\u00e0 dinamica e affascinante nel cuore della Val Pusteria.<\/div><div>Siamo la prima agenzia immobiliare della zona e siamo impegnati a soddisfare ogni vostra esigenza immobiliare attraverso un team completo di <b>mediatori, esperti legali e tecnici<\/b> sempre pronti a guidarvi verso l\u2019<b>acquisizione, vendita o affitto di immobili a Brunico e dintorni.<\/b><\/div><div>\u00a0<\/div><div><a href=\"https:\/\/www.immobil-niederkofler.it\/it\/sedi\/brunico\/\" target=\"_blank\" rel=\"noopener\">Scopri la sede di Brunico<\/a><\/div><\/div>\t\t\t\t\t\t\t\t<\/div>\n\t\t\t\t<\/div>\n\t\t\t\t\t<\/div>\n\t\t<\/div>\n\t\t\t\t\t<\/div>\n\t\t<\/section>\n\t\t\t\t<section class=\"elementor-section elementor-inner-section elementor-element elementor-element-5bdba30 elementor-reverse-mobile elementor-section-boxed elementor-section-height-default elementor-section-height-default\" data-id=\"5bdba30\" data-element_type=\"section\" data-e-type=\"section\">\n\t\t\t\t\t\t<div class=\"elementor-container elementor-column-gap-default\">\n\t\t\t\t\t<div class=\"elementor-column elementor-col-33 elementor-inner-column elementor-element elementor-element-4cbca9e\" data-id=\"4cbca9e\" data-element_type=\"column\" data-e-type=\"column\">\n\t\t\t<div class=\"elementor-widget-wrap elementor-element-populated\">\n\t\t\t\t\t\t<div class=\"elementor-element elementor-element-617e912 elementor-widget elementor-widget-text-editor\" data-id=\"617e912\" data-element_type=\"widget\" data-e-type=\"widget\" data-widget_type=\"text-editor.default\">\n\t\t\t\t<div class=\"elementor-widget-container\">\n\t\t\t\t\t\t\t\t\t<h2 style=\"text-align: left;\">Sede di Bolzano<\/h2><p style=\"text-align: left;\">La citt\u00e0 di <b>Bolzano,<\/b> con la sua ricca storia e la coesistenza di diverse culture diverse, offre una vasta gamma di opportunit\u00e0, sia per chi vende casa sia per chi ne cerca una.<\/p><p style=\"text-align: left;\">Il nostro obiettivo \u00e8 facilitare il processo di\u00a0<b>vendita, acquisto o affitto del vostro immobile,<\/b> garantendovi un <b>servizio completo.\u00a0<\/b><\/p><p style=\"text-align: left;\">Contattateci oggi stesso per scoprire come possiamo aiutarvi a realizzare le vostre ambizioni immobiliari a Bolzano e dintorni.<\/p><p style=\"text-align: left;\"><a style=\"background-color: #ffffff;\" href=\"https:\/\/www.immobil-niederkofler.it\/it\/sedi\/bolzano\/\" target=\"_blank\" rel=\"noopener\">Scopri la sede di Bolzano<\/a><\/p>\t\t\t\t\t\t\t\t<\/div>\n\t\t\t\t<\/div>\n\t\t\t\t\t<\/div>\n\t\t<\/div>\n\t\t\t\t<div class=\"elementor-column elementor-col-66 elementor-inner-column elementor-element elementor-element-e0f848f\" data-id=\"e0f848f\" data-element_type=\"column\" data-e-type=\"column\" data-settings=\"{&quot;background_background&quot;:&quot;classic&quot;}\">\n\t\t\t<div class=\"elementor-widget-wrap elementor-element-populated\">\n\t\t\t\t\t\t<div class=\"elementor-element elementor-element-11975c4 elementor-widget elementor-widget-spacer\" data-id=\"11975c4\" data-element_type=\"widget\" data-e-type=\"widget\" data-widget_type=\"spacer.default\">\n\t\t\t\t<div class=\"elementor-widget-container\">\n\t\t\t\t\t\t\t<div class=\"elementor-spacer\">\n\t\t\t<div class=\"elementor-spacer-inner\"><\/div>\n\t\t<\/div>\n\t\t\t\t\t\t<\/div>\n\t\t\t\t<\/div>\n\t\t\t\t\t<\/div>\n\t\t<\/div>\n\t\t\t\t\t<\/div>\n\t\t<\/section>\n\t\t\t\t<section class=\"elementor-section elementor-inner-section elementor-element elementor-element-c7bd266 elementor-section-boxed elementor-section-height-default elementor-section-height-default\" data-id=\"c7bd266\" data-element_type=\"section\" data-e-type=\"section\">\n\t\t\t\t\t\t<div class=\"elementor-container elementor-column-gap-default\">\n\t\t\t\t\t<div class=\"elementor-column elementor-col-66 elementor-inner-column elementor-element elementor-element-ccc1ca3\" data-id=\"ccc1ca3\" data-element_type=\"column\" data-e-type=\"column\" data-settings=\"{&quot;background_background&quot;:&quot;classic&quot;}\">\n\t\t\t<div class=\"elementor-widget-wrap elementor-element-populated\">\n\t\t\t\t\t\t<div class=\"elementor-element elementor-element-97a45f4 elementor-widget elementor-widget-spacer\" data-id=\"97a45f4\" data-element_type=\"widget\" data-e-type=\"widget\" data-widget_type=\"spacer.default\">\n\t\t\t\t<div class=\"elementor-widget-container\">\n\t\t\t\t\t\t\t<div class=\"elementor-spacer\">\n\t\t\t<div class=\"elementor-spacer-inner\"><\/div>\n\t\t<\/div>\n\t\t\t\t\t\t<\/div>\n\t\t\t\t<\/div>\n\t\t\t\t\t<\/div>\n\t\t<\/div>\n\t\t\t\t<div class=\"elementor-column elementor-col-33 elementor-inner-column elementor-element elementor-element-b36a04f\" data-id=\"b36a04f\" data-element_type=\"column\" data-e-type=\"column\">\n\t\t\t<div class=\"elementor-widget-wrap elementor-element-populated\">\n\t\t\t\t\t\t<div class=\"elementor-element elementor-element-39c5bac elementor-widget elementor-widget-text-editor\" data-id=\"39c5bac\" data-element_type=\"widget\" data-e-type=\"widget\" data-widget_type=\"text-editor.default\">\n\t\t\t\t<div class=\"elementor-widget-container\">\n\t\t\t\t\t\t\t\t\t<h2 style=\"text-align: left;\">Sede di Campo Tures<\/h2><p style=\"text-align: left;\"><b>Acquistare e vendere immobili a Campo<\/b> <b>Tures <\/b>pu\u00f2 essere un\u2019ottima idea se amate la natura e la storia. <br \/>Molti degli <b>immobili a Campo Tures e<\/b> <b>dintorni <\/b>da noi offerti sono<b> immobili residenziali <\/b>adatti a single, famiglie, anziani e investitori, ma c\u2019\u00e8 spazio anche per terreni e immobili per l\u2019agricoltura e le foreste da <b>vendere, acquistare o affittare.<\/b><\/p><p style=\"text-align: left;\"><a style=\"background-color: #ffffff;\" href=\"https:\/\/www.immobil-niederkofler.it\/it\/sedi\/campo-tures\/\" target=\"_blank\" rel=\"noopener\">Scopri la sede di Campo Tures<\/a><\/p><p>\u00a0<\/p>\t\t\t\t\t\t\t\t<\/div>\n\t\t\t\t<\/div>\n\t\t\t\t\t<\/div>\n\t\t<\/div>\n\t\t\t\t\t<\/div>\n\t\t<\/section>\n\t\t\t\t<section class=\"elementor-section elementor-inner-section elementor-element elementor-element-aca33ed elementor-reverse-mobile elementor-section-boxed elementor-section-height-default elementor-section-height-default\" data-id=\"aca33ed\" data-element_type=\"section\" data-e-type=\"section\">\n\t\t\t\t\t\t<div class=\"elementor-container elementor-column-gap-default\">\n\t\t\t\t\t<div class=\"elementor-column elementor-col-33 elementor-inner-column elementor-element elementor-element-044443b\" data-id=\"044443b\" data-element_type=\"column\" data-e-type=\"column\">\n\t\t\t<div class=\"elementor-widget-wrap elementor-element-populated\">\n\t\t\t\t\t\t<div class=\"elementor-element elementor-element-d287c84 elementor-widget elementor-widget-text-editor\" data-id=\"d287c84\" data-element_type=\"widget\" data-e-type=\"widget\" data-widget_type=\"text-editor.default\">\n\t\t\t\t<div class=\"elementor-widget-container\">\n\t\t\t\t\t\t\t\t\t<h2 style=\"text-align: left;\">Sede di Monguelfo<\/h2><p style=\"text-align: left;\">Monguelfo \u00e8 immersa in un paesaggio completamente naturale, sul quale troneggiano le imponenti vette delle <b>Dolomiti,<\/b> visibili anche dai vicini comuni di <b>Villabassa, Dobbiaco, San Candido e Sesto. <\/b>Se state cercando di <b>vendere un immobile a Monguelfo, acquistarne o affittarne uno,<\/b> siete senz&#8217;altro nel luogo giusto.<\/p><p style=\"text-align: left;\"><a style=\"background-color: #ffffff;\" href=\"https:\/\/www.immobil-niederkofler.it\/it\/sedi\/monguelfo\/\" target=\"_blank\" rel=\"noopener\">Scopri la sede di Monguelfo<\/a><\/p>\t\t\t\t\t\t\t\t<\/div>\n\t\t\t\t<\/div>\n\t\t\t\t\t<\/div>\n\t\t<\/div>\n\t\t\t\t<div class=\"elementor-column elementor-col-66 elementor-inner-column elementor-element elementor-element-aff6d2c\" data-id=\"aff6d2c\" data-element_type=\"column\" data-e-type=\"column\" data-settings=\"{&quot;background_background&quot;:&quot;classic&quot;}\">\n\t\t\t<div class=\"elementor-widget-wrap elementor-element-populated\">\n\t\t\t\t\t\t<div class=\"elementor-element elementor-element-6ada0c1 elementor-widget elementor-widget-spacer\" data-id=\"6ada0c1\" data-element_type=\"widget\" data-e-type=\"widget\" data-widget_type=\"spacer.default\">\n\t\t\t\t<div class=\"elementor-widget-container\">\n\t\t\t\t\t\t\t<div class=\"elementor-spacer\">\n\t\t\t<div class=\"elementor-spacer-inner\"><\/div>\n\t\t<\/div>\n\t\t\t\t\t\t<\/div>\n\t\t\t\t<\/div>\n\t\t\t\t\t<\/div>\n\t\t<\/div>\n\t\t\t\t\t<\/div>\n\t\t<\/section>\n\t\t\t\t\t<\/div>\n\t\t<\/div>\n\t\t\t\t\t<\/div>\n\t\t<\/section>\n\t\t\t\t<section class=\"elementor-section elementor-top-section elementor-element elementor-element-634258e elementor-section-boxed elementor-section-height-default elementor-section-height-default\" data-id=\"634258e\" data-element_type=\"section\" data-e-type=\"section\">\n\t\t\t\t\t\t<div class=\"elementor-container elementor-column-gap-default\">\n\t\t\t\t\t<div class=\"elementor-column elementor-col-100 elementor-top-column elementor-element elementor-element-6bedc1b\" data-id=\"6bedc1b\" data-element_type=\"column\" data-e-type=\"column\">\n\t\t\t<div class=\"elementor-widget-wrap elementor-element-populated\">\n\t\t\t\t\t\t<section class=\"elementor-section elementor-inner-section elementor-element elementor-element-a3563df elementor-section-boxed elementor-section-height-default elementor-section-height-default\" data-id=\"a3563df\" data-element_type=\"section\" data-e-type=\"section\">\n\t\t\t\t\t\t<div class=\"elementor-container elementor-column-gap-default\">\n\t\t\t\t\t<div class=\"elementor-column elementor-col-66 elementor-inner-column elementor-element elementor-element-056e562\" data-id=\"056e562\" data-element_type=\"column\" data-e-type=\"column\" data-settings=\"{&quot;background_background&quot;:&quot;classic&quot;}\">\n\t\t\t<div class=\"elementor-widget-wrap elementor-element-populated\">\n\t\t\t\t\t\t<div class=\"elementor-element elementor-element-779fd3a elementor-widget elementor-widget-spacer\" data-id=\"779fd3a\" data-element_type=\"widget\" data-e-type=\"widget\" data-widget_type=\"spacer.default\">\n\t\t\t\t<div class=\"elementor-widget-container\">\n\t\t\t\t\t\t\t<div class=\"elementor-spacer\">\n\t\t\t<div class=\"elementor-spacer-inner\"><\/div>\n\t\t<\/div>\n\t\t\t\t\t\t<\/div>\n\t\t\t\t<\/div>\n\t\t\t\t\t<\/div>\n\t\t<\/div>\n\t\t\t\t<div class=\"elementor-column elementor-col-33 elementor-inner-column elementor-element elementor-element-d0a7934\" data-id=\"d0a7934\" data-element_type=\"column\" data-e-type=\"column\">\n\t\t\t<div class=\"elementor-widget-wrap elementor-element-populated\">\n\t\t\t\t\t\t<div class=\"elementor-element elementor-element-abdcf61 elementor-widget elementor-widget-text-editor\" data-id=\"abdcf61\" data-element_type=\"widget\" data-e-type=\"widget\" data-widget_type=\"text-editor.default\">\n\t\t\t\t<div class=\"elementor-widget-container\">\n\t\t\t\t\t\t\t\t\t<h2 style=\"text-align: left;\">Il vostro punto di riferimento per gli immobili in Alto Adige<\/h2><div><div>Oltre ai classici<b> immobili residenziali, <\/b>la nostra offerta comprende esclusivi <b>attici, moderne ville, tradizionali case unifamiliari, immobili commerciali come uffici, negozi o capannoni, oppure fondi agricoli e forestali.<\/b><\/div><div>\u00a0<\/div><div>Il numero delle transazioni immobiliari da noi portate a termine a Bolzano e in Val Pusteria testimonia il successo della nostra agenzia immobiliare nella Provincia di Bolzano e in tutto l\u2019Alto Adige, permettendoci di affermarci come <b>una delle agenzie immobiliari leader della regione.<\/b><\/div><div>\u00a0<\/div><div>Tutti i proprietari e gli interessati a un immobile potranno beneficiare della nostra esperienza di oltre 75 anni. Con il nostro <b>team di esperti<\/b> e una rete capillare di partner in Alto Adige sapremo aiutarvi al meglio: scoprite la nostra offerta e venite a trovarci in una delle nostre sedi di Brunico, Bolzano, Monguelfo o Campo Tures.<\/div><div>Vi aspettiamo!<\/div><div>\u00a0<\/div><div>Esigenze particolari?\u00a0<\/div><\/div>\t\t\t\t\t\t\t\t<\/div>\n\t\t\t\t<\/div>\n\t\t\t\t<div class=\"elementor-element elementor-element-4935086 elementor-align-center elementor-widget elementor-widget-button\" data-id=\"4935086\" data-element_type=\"widget\" data-e-type=\"widget\" data-widget_type=\"button.default\">\n\t\t\t\t<div class=\"elementor-widget-container\">\n\t\t\t\t\t\t\t\t\t<div class=\"elementor-button-wrapper\">\n\t\t\t\t\t<a class=\"elementor-button elementor-button-link elementor-size-md\" href=\"\/it\/contatto\/\">\n\t\t\t\t\t\t<span class=\"elementor-button-content-wrapper\">\n\t\t\t\t\t\t\t\t\t<span class=\"elementor-button-text\">contattaci!<\/span>\n\t\t\t\t\t<\/span>\n\t\t\t\t\t<\/a>\n\t\t\t\t<\/div>\n\t\t\t\t\t\t\t\t<\/div>\n\t\t\t\t<\/div>\n\t\t\t\t\t<\/div>\n\t\t<\/div>\n\t\t\t\t\t<\/div>\n\t\t<\/section>\n\t\t\t\t\t<\/div>\n\t\t<\/div>\n\t\t\t\t\t<\/div>\n\t\t<\/section>\n\t\t\t\t<\/div>\n\t\t","protected":false},"excerpt":{"rendered":"<p>Benvenuti in Alto Adige! Il team esperto di Immobiliare Niederkofler vi aspetta a Bolzano, in Val Pusteria, nelle Valli di Tures e Aurina e in Val Badia, come anche nell\u2019intera area delle Dolomiti fino al Lago di Garda, con un\u2019ampia gamma di servizi per il settore immobiliare.\u00a0 Le nostre sedi: da Bolzano a Brunico, da [&hellip;]<\/p>\n","protected":false},"author":4,"featured_media":0,"parent":0,"menu_order":0,"comment_status":"closed","ping_status":"closed","template":"","meta":{"_acf_changed":false,"_monsterinsights_skip_tracking":false,"_monsterinsights_sitenote_active":false,"_monsterinsights_sitenote_note":"","_monsterinsights_sitenote_category":0,"footnotes":""},"class_list":["post-1577","page","type-page","status-publish","hentry"],"acf":[],"yoast_head":"<!-- This site is optimized with the Yoast SEO plugin v27.4 - https:\/\/yoast.com\/product\/yoast-seo-wordpress\/ -->\n<title>Le nostre sedi - Immobiliare Niederkofler<\/title>\n<meta name=\"description\" content=\"Vieni a trovarci nei nostri uffici a Brunico, Bolzano, Monguelfo o Campo Tures. Offriamo servizi immobiliari completi. Ti aspettiamo!\" \/>\n<meta name=\"robots\" content=\"index, follow, max-snippet:-1, max-image-preview:large, max-video-preview:-1\" \/>\n<link rel=\"canonical\" href=\"https:\/\/www.immobil-niederkofler.it\/it\/sedi\/\" \/>\n<meta property=\"og:locale\" content=\"it_IT\" \/>\n<meta property=\"og:type\" content=\"article\" \/>\n<meta property=\"og:title\" content=\"Le nostre sedi - Immobiliare Niederkofler\" \/>\n<meta property=\"og:description\" content=\"Vieni a trovarci nei nostri uffici a Brunico, Bolzano, Monguelfo o Campo Tures. Offriamo servizi immobiliari completi. Ti aspettiamo!\" \/>\n<meta property=\"og:url\" content=\"https:\/\/www.immobil-niederkofler.it\/it\/sedi\/\" \/>\n<meta property=\"og:site_name\" content=\"Immobilien Niederkofler\" \/>\n<meta property=\"article:publisher\" content=\"https:\/\/de-de.facebook.com\/ImmobilienNiederkofler\/\" \/>\n<meta property=\"article:modified_time\" content=\"2024-08-13T15:33:09+00:00\" \/>\n<meta property=\"og:image\" content=\"https:\/\/acnaayzuen.cloudimg.io\/v7\/https:\/\/www.immobil-niederkofler.it\/wp-content\/uploads\/2020\/07\/buero-stadtgasse-detail.jpg?force_format=webp&amp;q=70&amp;w=952&amp;h=478\" \/>\n<meta name=\"twitter:card\" content=\"summary_large_image\" \/>\n<meta name=\"twitter:label1\" content=\"Tempo di lettura stimato\" \/>\n\t<meta name=\"twitter:data1\" content=\"3 minuti\" \/>\n<script type=\"application\/ld+json\" class=\"yoast-schema-graph\">{\"@context\":\"https:\\\/\\\/schema.org\",\"@graph\":[{\"@type\":\"WebPage\",\"@id\":\"https:\\\/\\\/www.immobil-niederkofler.it\\\/it\\\/sedi\\\/\",\"url\":\"https:\\\/\\\/www.immobil-niederkofler.it\\\/it\\\/sedi\\\/\",\"name\":\"Le nostre sedi - Immobiliare Niederkofler\",\"isPartOf\":{\"@id\":\"https:\\\/\\\/www.immobil-niederkofler.it\\\/it\\\/#website\"},\"primaryImageOfPage\":{\"@id\":\"https:\\\/\\\/www.immobil-niederkofler.it\\\/it\\\/sedi\\\/#primaryimage\"},\"image\":{\"@id\":\"https:\\\/\\\/www.immobil-niederkofler.it\\\/it\\\/sedi\\\/#primaryimage\"},\"thumbnailUrl\":\"https:\\\/\\\/acnaayzuen.cloudimg.io\\\/v7\\\/https:\\\/\\\/www.immobil-niederkofler.it\\\/wp-content\\\/uploads\\\/2020\\\/07\\\/buero-stadtgasse-detail.jpg?force_format=webp&amp;q=70&amp;w=952&amp;h=478\",\"datePublished\":\"2020-02-27T14:31:42+00:00\",\"dateModified\":\"2024-08-13T15:33:09+00:00\",\"description\":\"Vieni a trovarci nei nostri uffici a Brunico, Bolzano, Monguelfo o Campo Tures. Offriamo servizi immobiliari completi. Ti aspettiamo!\",\"inLanguage\":\"it-IT\",\"potentialAction\":[{\"@type\":\"ReadAction\",\"target\":[\"https:\\\/\\\/www.immobil-niederkofler.it\\\/it\\\/sedi\\\/\"]}]},{\"@type\":\"ImageObject\",\"inLanguage\":\"it-IT\",\"@id\":\"https:\\\/\\\/www.immobil-niederkofler.it\\\/it\\\/sedi\\\/#primaryimage\",\"url\":\"https:\\\/\\\/acnaayzuen.cloudimg.io\\\/v7\\\/https:\\\/\\\/www.immobil-niederkofler.it\\\/wp-content\\\/uploads\\\/2020\\\/07\\\/buero-stadtgasse-detail.jpg?force_format=webp&amp;q=70&amp;w=952&amp;h=478\",\"contentUrl\":\"https:\\\/\\\/acnaayzuen.cloudimg.io\\\/v7\\\/https:\\\/\\\/www.immobil-niederkofler.it\\\/wp-content\\\/uploads\\\/2020\\\/07\\\/buero-stadtgasse-detail.jpg?force_format=webp&amp;q=70&amp;w=952&amp;h=478\"},{\"@type\":\"WebSite\",\"@id\":\"https:\\\/\\\/www.immobil-niederkofler.it\\\/it\\\/#website\",\"url\":\"https:\\\/\\\/www.immobil-niederkofler.it\\\/it\\\/\",\"name\":\"Immobilien Niederkofler\",\"description\":\"Willkommen bei Immobilien Niederkofler, Ihrem zuverl\u00e4ssigen und kompetenten Immobilienmakler im sch\u00f6nen S\u00fcdtirol\",\"potentialAction\":[{\"@type\":\"SearchAction\",\"target\":{\"@type\":\"EntryPoint\",\"urlTemplate\":\"https:\\\/\\\/www.immobil-niederkofler.it\\\/it\\\/?s={search_term_string}\"},\"query-input\":{\"@type\":\"PropertyValueSpecification\",\"valueRequired\":true,\"valueName\":\"search_term_string\"}}],\"inLanguage\":\"it-IT\"}]}<\/script>\n<!-- \/ Yoast SEO plugin. -->","yoast_head_json":{"title":"Le nostre sedi - Immobiliare Niederkofler","description":"Vieni a trovarci nei nostri uffici a Brunico, Bolzano, Monguelfo o Campo Tures. Offriamo servizi immobiliari completi. Ti aspettiamo!","robots":{"index":"index","follow":"follow","max-snippet":"max-snippet:-1","max-image-preview":"max-image-preview:large","max-video-preview":"max-video-preview:-1"},"canonical":"https:\/\/www.immobil-niederkofler.it\/it\/sedi\/","og_locale":"it_IT","og_type":"article","og_title":"Le nostre sedi - Immobiliare Niederkofler","og_description":"Vieni a trovarci nei nostri uffici a Brunico, Bolzano, Monguelfo o Campo Tures. Offriamo servizi immobiliari completi. Ti aspettiamo!","og_url":"https:\/\/www.immobil-niederkofler.it\/it\/sedi\/","og_site_name":"Immobilien Niederkofler","article_publisher":"https:\/\/de-de.facebook.com\/ImmobilienNiederkofler\/","article_modified_time":"2024-08-13T15:33:09+00:00","og_image":[{"url":"https:\/\/acnaayzuen.cloudimg.io\/v7\/https:\/\/www.immobil-niederkofler.it\/wp-content\/uploads\/2020\/07\/buero-stadtgasse-detail.jpg?force_format=webp&amp;q=70&amp;w=952&amp;h=478","type":"","width":"","height":""}],"twitter_card":"summary_large_image","twitter_misc":{"Tempo di lettura stimato":"3 minuti"},"schema":{"@context":"https:\/\/schema.org","@graph":[{"@type":"WebPage","@id":"https:\/\/www.immobil-niederkofler.it\/it\/sedi\/","url":"https:\/\/www.immobil-niederkofler.it\/it\/sedi\/","name":"Le nostre sedi - Immobiliare Niederkofler","isPartOf":{"@id":"https:\/\/www.immobil-niederkofler.it\/it\/#website"},"primaryImageOfPage":{"@id":"https:\/\/www.immobil-niederkofler.it\/it\/sedi\/#primaryimage"},"image":{"@id":"https:\/\/www.immobil-niederkofler.it\/it\/sedi\/#primaryimage"},"thumbnailUrl":"https:\/\/acnaayzuen.cloudimg.io\/v7\/https:\/\/www.immobil-niederkofler.it\/wp-content\/uploads\/2020\/07\/buero-stadtgasse-detail.jpg?force_format=webp&amp;q=70&amp;w=952&amp;h=478","datePublished":"2020-02-27T14:31:42+00:00","dateModified":"2024-08-13T15:33:09+00:00","description":"Vieni a trovarci nei nostri uffici a Brunico, Bolzano, Monguelfo o Campo Tures. Offriamo servizi immobiliari completi. Ti aspettiamo!","inLanguage":"it-IT","potentialAction":[{"@type":"ReadAction","target":["https:\/\/www.immobil-niederkofler.it\/it\/sedi\/"]}]},{"@type":"ImageObject","inLanguage":"it-IT","@id":"https:\/\/www.immobil-niederkofler.it\/it\/sedi\/#primaryimage","url":"https:\/\/acnaayzuen.cloudimg.io\/v7\/https:\/\/www.immobil-niederkofler.it\/wp-content\/uploads\/2020\/07\/buero-stadtgasse-detail.jpg?force_format=webp&amp;q=70&amp;w=952&amp;h=478","contentUrl":"https:\/\/acnaayzuen.cloudimg.io\/v7\/https:\/\/www.immobil-niederkofler.it\/wp-content\/uploads\/2020\/07\/buero-stadtgasse-detail.jpg?force_format=webp&amp;q=70&amp;w=952&amp;h=478"},{"@type":"WebSite","@id":"https:\/\/www.immobil-niederkofler.it\/it\/#website","url":"https:\/\/www.immobil-niederkofler.it\/it\/","name":"Immobilien Niederkofler","description":"Willkommen bei Immobilien Niederkofler, Ihrem zuverl\u00e4ssigen und kompetenten Immobilienmakler im sch\u00f6nen S\u00fcdtirol","potentialAction":[{"@type":"SearchAction","target":{"@type":"EntryPoint","urlTemplate":"https:\/\/www.immobil-niederkofler.it\/it\/?s={search_term_string}"},"query-input":{"@type":"PropertyValueSpecification","valueRequired":true,"valueName":"search_term_string"}}],"inLanguage":"it-IT"}]}},"_links":{"self":[{"href":"https:\/\/www.immobil-niederkofler.it\/it\/wp-json\/wp\/v2\/pages\/1577","targetHints":{"allow":["GET"]}}],"collection":[{"href":"https:\/\/www.immobil-niederkofler.it\/it\/wp-json\/wp\/v2\/pages"}],"about":[{"href":"https:\/\/www.immobil-niederkofler.it\/it\/wp-json\/wp\/v2\/types\/page"}],"author":[{"embeddable":true,"href":"https:\/\/www.immobil-niederkofler.it\/it\/wp-json\/wp\/v2\/users\/4"}],"replies":[{"embeddable":true,"href":"https:\/\/www.immobil-niederkofler.it\/it\/wp-json\/wp\/v2\/comments?post=1577"}],"version-history":[{"count":15,"href":"https:\/\/www.immobil-niederkofler.it\/it\/wp-json\/wp\/v2\/pages\/1577\/revisions"}],"predecessor-version":[{"id":8363,"href":"https:\/\/www.immobil-niederkofler.it\/it\/wp-json\/wp\/v2\/pages\/1577\/revisions\/8363"}],"wp:attachment":[{"href":"https:\/\/www.immobil-niederkofler.it\/it\/wp-json\/wp\/v2\/media?parent=1577"}],"curies":[{"name":"wp","href":"https:\/\/api.w.org\/{rel}","templated":true}]}}