{"id":8682,"date":"2024-09-02T09:34:19","date_gmt":"2024-09-02T07:34:19","guid":{"rendered":"https:\/\/www.immobil-niederkofler.it\/?page_id=8682"},"modified":"2024-09-02T11:34:55","modified_gmt":"2024-09-02T09:34:55","slug":"elementor-8682","status":"publish","type":"page","link":"https:\/\/www.immobil-niederkofler.it\/de\/ueber-uns\/elementor-8682\/","title":{"rendered":"Elementor #8682"},"content":{"rendered":"\t\t<div data-elementor-type=\"wp-page\" data-elementor-id=\"8682\" class=\"elementor elementor-8682\" data-elementor-post-type=\"page\">\n\t\t\t\t\t\t<section class=\"elementor-section elementor-top-section elementor-element elementor-element-226b6fc3 elementor-section-boxed elementor-section-height-default elementor-section-height-default\" data-id=\"226b6fc3\" data-element_type=\"section\" data-e-type=\"section\">\n\t\t\t\t\t\t<div class=\"elementor-container elementor-column-gap-default\">\n\t\t\t\t\t<div class=\"elementor-column elementor-col-100 elementor-top-column elementor-element elementor-element-416d0f28\" data-id=\"416d0f28\" data-element_type=\"column\" data-e-type=\"column\">\n\t\t\t<div class=\"elementor-widget-wrap elementor-element-populated\">\n\t\t\t\t\t\t<div class=\"elementor-element elementor-element-18904ee elementor-widget elementor-widget-h1-with-lines\" data-id=\"18904ee\" data-element_type=\"widget\" data-e-type=\"widget\" data-widget_type=\"h1-with-lines.default\">\n\t\t\t\t<div class=\"elementor-widget-container\">\n\t\t\t\t\t\t\t<h1 class=\"site-title with-lines center\">\n            <span>Immobilien News<\/span>\n        <\/h1>\n        \t\t\t\t<\/div>\n\t\t\t\t<\/div>\n\t\t\t\t\t<\/div>\n\t\t<\/div>\n\t\t\t\t\t<\/div>\n\t\t<\/section>\n\t\t\t\t<section class=\"elementor-section elementor-top-section elementor-element elementor-element-fa26280 elementor-section-boxed elementor-section-height-default elementor-section-height-default\" data-id=\"fa26280\" data-element_type=\"section\" data-e-type=\"section\">\n\t\t\t\t\t\t<div class=\"elementor-container elementor-column-gap-default\">\n\t\t\t\t\t<div class=\"elementor-column elementor-col-100 elementor-top-column elementor-element elementor-element-80e29ca\" data-id=\"80e29ca\" data-element_type=\"column\" data-e-type=\"column\">\n\t\t\t<div class=\"elementor-widget-wrap elementor-element-populated\">\n\t\t\t\t\t\t<div class=\"elementor-element elementor-element-3c04c89 elementor-widget elementor-widget-text-editor\" data-id=\"3c04c89\" data-element_type=\"widget\" data-e-type=\"widget\" data-widget_type=\"text-editor.default\">\n\t\t\t\t<div class=\"elementor-widget-container\">\n\t\t\t\t\t\t\t\t\t<p>Willkommen bei Immobilien Niederkofler, Ihrem zuverl\u00e4ssigen und kompetenten Immobilienmakler im sch\u00f6nen S\u00fcdtirol! Auf den folgenden Seiten m\u00f6chten wir Sie mit unserem facettenreichen Angebot rund um Immobilienangelegenheiten vertraut machen. Entdecken Sie, was die von T\u00e4lern und Bergen gepr\u00e4gte Landschaft mit ihren Ortschaften f\u00fcr Sie bereith\u00e4lt!<\/p>\t\t\t\t\t\t\t\t<\/div>\n\t\t\t\t<\/div>\n\t\t\t\t\t<\/div>\n\t\t<\/div>\n\t\t\t\t\t<\/div>\n\t\t<\/section>\n\t\t\t\t<section class=\"elementor-section elementor-top-section elementor-element elementor-element-074e512 elementor-section-boxed elementor-section-height-default elementor-section-height-default\" data-id=\"074e512\" data-element_type=\"section\" data-e-type=\"section\">\n\t\t\t\t\t\t<div class=\"elementor-container elementor-column-gap-default\">\n\t\t\t\t\t<div class=\"elementor-column elementor-col-100 elementor-top-column elementor-element elementor-element-462f7e8\" data-id=\"462f7e8\" data-element_type=\"column\" data-e-type=\"column\">\n\t\t\t<div class=\"elementor-widget-wrap\">\n\t\t\t\t\t\t\t<\/div>\n\t\t<\/div>\n\t\t\t\t\t<\/div>\n\t\t<\/section>\n\t\t\t\t<section class=\"elementor-section elementor-top-section elementor-element elementor-element-5de20f6 elementor-section-boxed elementor-section-height-default elementor-section-height-default\" data-id=\"5de20f6\" data-element_type=\"section\" data-e-type=\"section\">\n\t\t\t\t\t\t<div class=\"elementor-container elementor-column-gap-default\">\n\t\t\t\t\t<div class=\"elementor-column elementor-col-100 elementor-top-column elementor-element elementor-element-eaaaf69\" data-id=\"eaaaf69\" data-element_type=\"column\" data-e-type=\"column\">\n\t\t\t<div class=\"elementor-widget-wrap elementor-element-populated\">\n\t\t\t\t\t\t<div class=\"elementor-element elementor-element-4d6b2ee elementor-grid-3 elementor-grid-tablet-2 elementor-grid-mobile-1 elementor-widget elementor-widget-loop-grid\" data-id=\"4d6b2ee\" data-element_type=\"widget\" data-e-type=\"widget\" data-settings=\"{&quot;template_id&quot;:8703,&quot;pagination_type&quot;:&quot;numbers_and_prev_next&quot;,&quot;_skin&quot;:&quot;post&quot;,&quot;columns&quot;:&quot;3&quot;,&quot;columns_tablet&quot;:&quot;2&quot;,&quot;columns_mobile&quot;:&quot;1&quot;,&quot;edit_handle_selector&quot;:&quot;[data-elementor-type=\\&quot;loop-item\\&quot;]&quot;,&quot;pagination_load_type&quot;:&quot;page_reload&quot;,&quot;row_gap&quot;:{&quot;unit&quot;:&quot;px&quot;,&quot;size&quot;:&quot;&quot;,&quot;sizes&quot;:[]},&quot;row_gap_tablet&quot;:{&quot;unit&quot;:&quot;px&quot;,&quot;size&quot;:&quot;&quot;,&quot;sizes&quot;:[]},&quot;row_gap_mobile&quot;:{&quot;unit&quot;:&quot;px&quot;,&quot;size&quot;:&quot;&quot;,&quot;sizes&quot;:[]}}\" data-widget_type=\"loop-grid.post\">\n\t\t\t\t<div class=\"elementor-widget-container\">\n\t\t\t\t\t\t\t<div class=\"elementor-loop-container elementor-grid\" role=\"list\">\n\t\t<style id=\"loop-8703\">.elementor-8703 .elementor-element.elementor-element-b714d63 > .elementor-widget-wrap > .elementor-widget:not(.elementor-widget__width-auto):not(.elementor-widget__width-initial):not(:last-child):not(.elementor-absolute){margin-block-end:0px;}.elementor-8703 .elementor-element.elementor-element-b714d63 > .elementor-element-populated{box-shadow:4px 6px 10px 0px rgba(0, 0, 0, 0.16);margin:0px 0px 0px 0px;--e-column-margin-right:0px;--e-column-margin-left:0px;padding:0px 0px 0px 0px;}.elementor-8703 .elementor-element.elementor-element-0bcfcff > .elementor-widget-container{margin:0px 0px 0px 0px;padding:0px 0px 0px 0px;}.elementor-8703 .elementor-element.elementor-element-c06265b{padding:0px 0px 0px 0px;}.elementor-8703 .elementor-element.elementor-element-db04ea9.elementor-column > .elementor-widget-wrap{justify-content:center;}.elementor-8703 .elementor-element.elementor-element-db04ea9 > .elementor-widget-wrap > .elementor-widget:not(.elementor-widget__width-auto):not(.elementor-widget__width-initial):not(:last-child):not(.elementor-absolute){margin-block-end:24px;}.elementor-8703 .elementor-element.elementor-element-db04ea9 > .elementor-element-populated{border-style:solid;border-width:0px 1px 1px 1px;transition:background 0.3s, border 0.3s, border-radius 0.3s, box-shadow 0.3s;padding:5px 5px 5px 5px;}.elementor-8703 .elementor-element.elementor-element-db04ea9 > .elementor-element-populated > .elementor-background-overlay{transition:background 0.3s, border-radius 0.3s, opacity 0.3s;}.elementor-8703 .elementor-element.elementor-element-3cbccbb .elementor-icon-list-icon{width:14px;}.elementor-8703 .elementor-element.elementor-element-3cbccbb .elementor-icon-list-icon i{font-size:14px;}.elementor-8703 .elementor-element.elementor-element-3cbccbb .elementor-icon-list-icon svg{--e-icon-list-icon-size:14px;}.elementor-8703 .elementor-element.elementor-element-3cbccbb .elementor-icon-list-item{font-family:\"Martel Sans\", Sans-serif;font-size:17px;font-weight:300;}.elementor-8703 .elementor-element.elementor-element-3cbccbb > .elementor-widget-container{padding:10px 0px 0px 0px;}.elementor-8703 .elementor-element.elementor-element-a97c689{text-align:center;}.elementor-8703 .elementor-element.elementor-element-c8f3406 .elementor-widget-container{text-align:center;}.elementor-8703 .elementor-element.elementor-element-c8f3406 > .elementor-widget-container{margin:0px 0px 0px 0px;padding:0px 0px 0px 0px;}.elementor-8703 .elementor-element.elementor-element-c8f3406{width:auto;max-width:auto;}.elementor-8703 .elementor-element.elementor-element-427835b .elementor-button{font-family:\"Arial\", Sans-serif;text-decoration:underline;fill:#F5E61C;color:#F5E61C;background-color:#FFFFFF;border-style:none;}\/* Start custom CSS for post-info, class: .elementor-element-3cbccbb *\/text-align: center;\/* End custom CSS *\/<\/style>\t\t<div data-elementor-type=\"loop-item\" data-elementor-id=\"8703\" class=\"elementor elementor-8703 e-loop-item e-loop-item-10423 post-10423 post type-post status-publish format-standard has-post-thumbnail hentry category-unkategorisiert\" data-elementor-post-type=\"elementor_library\" data-custom-edit-handle=\"1\">\n\t\t\t\t\t<section class=\"elementor-section elementor-top-section elementor-element elementor-element-688e1df elementor-section-boxed elementor-section-height-default elementor-section-height-default\" data-id=\"688e1df\" data-element_type=\"section\" data-e-type=\"section\">\n\t\t\t\t\t\t<div class=\"elementor-container elementor-column-gap-default\">\n\t\t\t\t\t<div class=\"elementor-column elementor-col-100 elementor-top-column elementor-element elementor-element-b714d63\" data-id=\"b714d63\" data-element_type=\"column\" data-e-type=\"column\">\n\t\t\t<div class=\"elementor-widget-wrap elementor-element-populated\">\n\t\t\t\t\t\t<div class=\"elementor-element elementor-element-0bcfcff elementor-widget elementor-widget-theme-post-featured-image elementor-widget-image\" data-id=\"0bcfcff\" data-element_type=\"widget\" data-e-type=\"widget\" data-widget_type=\"theme-post-featured-image.default\">\n\t\t\t\t<div class=\"elementor-widget-container\">\n\t\t\t\t\t\t\t\t\t\t\t\t\t\t\t\t<a href=\"https:\/\/www.immobil-niederkofler.it\/de\/entwicklung-der-immobilienpreise-in-sudtirol-seit-2020\/\">\n\t\t\t\t\t\t\t<img fetchpriority=\"high\" decoding=\"async\" width=\"1024\" height=\"683\" src=\"https:\/\/www.immobil-niederkofler.it\/wp-content\/uploads\/2025\/10\/AdobeStock_480930972-1024x683.jpg\" class=\"attachment-large size-large wp-image-10155\" alt=\"Immobiliare Niederkofler Campo Tures\" srcset=\"https:\/\/www.immobil-niederkofler.it\/wp-content\/uploads\/2025\/10\/AdobeStock_480930972-1024x683.jpg 1024w, https:\/\/www.immobil-niederkofler.it\/wp-content\/uploads\/2025\/10\/AdobeStock_480930972-300x200.jpg 300w, https:\/\/www.immobil-niederkofler.it\/wp-content\/uploads\/2025\/10\/AdobeStock_480930972-768x512.jpg 768w, https:\/\/www.immobil-niederkofler.it\/wp-content\/uploads\/2025\/10\/AdobeStock_480930972-1536x1024.jpg 1536w, https:\/\/www.immobil-niederkofler.it\/wp-content\/uploads\/2025\/10\/AdobeStock_480930972-2048x1365.jpg 2048w\" sizes=\"(max-width: 1024px) 100vw, 1024px\" \/>\t\t\t\t\t\t\t\t<\/a>\n\t\t\t\t\t\t\t\t\t\t\t\t\t\t\t<\/div>\n\t\t\t\t<\/div>\n\t\t\t\t<section class=\"elementor-section elementor-inner-section elementor-element elementor-element-c06265b elementor-section-boxed elementor-section-height-default elementor-section-height-default\" data-id=\"c06265b\" data-element_type=\"section\" data-e-type=\"section\">\n\t\t\t\t\t\t<div class=\"elementor-container elementor-column-gap-default\">\n\t\t\t\t\t<div class=\"elementor-column elementor-col-100 elementor-inner-column elementor-element elementor-element-db04ea9\" data-id=\"db04ea9\" data-element_type=\"column\" data-e-type=\"column\" data-settings=\"{&quot;background_background&quot;:&quot;classic&quot;}\">\n\t\t\t<div class=\"elementor-widget-wrap elementor-element-populated\">\n\t\t\t\t\t\t<div class=\"elementor-element elementor-element-3cbccbb elementor-widget elementor-widget-post-info\" data-id=\"3cbccbb\" data-element_type=\"widget\" data-e-type=\"widget\" data-widget_type=\"post-info.default\">\n\t\t\t\t<div class=\"elementor-widget-container\">\n\t\t\t\t\t\t\t<ul class=\"elementor-inline-items elementor-icon-list-items elementor-post-info\">\n\t\t\t\t\t\t\t\t<li class=\"elementor-icon-list-item elementor-repeater-item-f938ce5 elementor-inline-item\" itemprop=\"datePublished\">\n\t\t\t\t\t\t<a href=\"https:\/\/www.immobil-niederkofler.it\/de\/2026\/03\/17\/\">\n\t\t\t\t\t\t\t\t\t\t\t\t\t\t<span class=\"elementor-icon-list-text elementor-post-info__item elementor-post-info__item--type-date\">\n\t\t\t\t\t\t\t\t\t\t<time>17.03.2026<\/time>\t\t\t\t\t<\/span>\n\t\t\t\t\t\t\t\t\t<\/a>\n\t\t\t\t<\/li>\n\t\t\t\t<\/ul>\n\t\t\t\t\t\t<\/div>\n\t\t\t\t<\/div>\n\t\t\t\t<div class=\"elementor-element elementor-element-a97c689 elementor-widget elementor-widget-theme-post-title elementor-page-title elementor-widget-heading\" data-id=\"a97c689\" data-element_type=\"widget\" data-e-type=\"widget\" data-widget_type=\"theme-post-title.default\">\n\t\t\t\t<div class=\"elementor-widget-container\">\n\t\t\t\t\t<h2 class=\"elementor-heading-title elementor-size-default\">Entwicklung der Immobilienpreise in S\u00fcdtirol seit 2020<\/h2>\t\t\t\t<\/div>\n\t\t\t\t<\/div>\n\t\t\t\t<div class=\"elementor-element elementor-element-c8f3406 elementor-widget__width-auto elementor-widget elementor-widget-theme-post-excerpt\" data-id=\"c8f3406\" data-element_type=\"widget\" data-e-type=\"widget\" data-widget_type=\"theme-post-excerpt.default\">\n\t\t\t\t<div class=\"elementor-widget-container\">\n\t\t\t\t\t<p>Deutlicher Preisanstieg am Immobilienmarkt Seit dem Jahr 2020 sind die Immobilienpreise in S\u00fcdtirol deutlich gestiegen. Diese Entwicklung ist auf mehrere Faktoren zur\u00fcckzuf\u00fchren: stark gestiegene Baukosten \u2013 unter anderem infolge der\t\t\t\t<\/div>\n\t\t\t\t<\/div>\n\t\t\t\t<div class=\"elementor-element elementor-element-427835b elementor-widget elementor-widget-button\" data-id=\"427835b\" data-element_type=\"widget\" data-e-type=\"widget\" data-widget_type=\"button.default\">\n\t\t\t\t<div class=\"elementor-widget-container\">\n\t\t\t\t\t\t\t\t\t<div class=\"elementor-button-wrapper\">\n\t\t\t\t\t<a class=\"elementor-button elementor-button-link elementor-size-sm\" href=\"https:\/\/www.immobil-niederkofler.it\/de\/entwicklung-der-immobilienpreise-in-sudtirol-seit-2020\/\">\n\t\t\t\t\t\t<span class=\"elementor-button-content-wrapper\">\n\t\t\t\t\t\t\t\t\t<span class=\"elementor-button-text\">... weiterlesen<\/span>\n\t\t\t\t\t<\/span>\n\t\t\t\t\t<\/a>\n\t\t\t\t<\/div>\n\t\t\t\t\t\t\t\t<\/div>\n\t\t\t\t<\/div>\n\t\t\t\t\t<\/div>\n\t\t<\/div>\n\t\t\t\t\t<\/div>\n\t\t<\/section>\n\t\t\t\t\t<\/div>\n\t\t<\/div>\n\t\t\t\t\t<\/div>\n\t\t<\/section>\n\t\t\t\t<\/div>\n\t\t\t\t<div data-elementor-type=\"loop-item\" data-elementor-id=\"8703\" class=\"elementor elementor-8703 e-loop-item e-loop-item-10199 post-10199 post type-post status-publish format-standard has-post-thumbnail hentry category-konventionierung\" data-elementor-post-type=\"elementor_library\" data-custom-edit-handle=\"1\">\n\t\t\t\t\t<section class=\"elementor-section elementor-top-section elementor-element elementor-element-688e1df elementor-section-boxed elementor-section-height-default elementor-section-height-default\" data-id=\"688e1df\" data-element_type=\"section\" data-e-type=\"section\">\n\t\t\t\t\t\t<div class=\"elementor-container elementor-column-gap-default\">\n\t\t\t\t\t<div class=\"elementor-column elementor-col-100 elementor-top-column elementor-element elementor-element-b714d63\" data-id=\"b714d63\" data-element_type=\"column\" data-e-type=\"column\">\n\t\t\t<div class=\"elementor-widget-wrap elementor-element-populated\">\n\t\t\t\t\t\t<div class=\"elementor-element elementor-element-0bcfcff elementor-widget elementor-widget-theme-post-featured-image elementor-widget-image\" data-id=\"0bcfcff\" data-element_type=\"widget\" data-e-type=\"widget\" data-widget_type=\"theme-post-featured-image.default\">\n\t\t\t\t<div class=\"elementor-widget-container\">\n\t\t\t\t\t\t\t\t\t\t\t\t\t\t\t\t<a href=\"https:\/\/www.immobil-niederkofler.it\/de\/was-bedeutet-nacktes-eigentum-und-darf-ich-damit-eine-konventionierte-wohnung-beziehen\/\">\n\t\t\t\t\t\t\t<img decoding=\"async\" width=\"1024\" height=\"683\" src=\"https:\/\/www.immobil-niederkofler.it\/wp-content\/uploads\/2024\/11\/AdobeStock_886769514-1024x683.jpg\" class=\"attachment-large size-large wp-image-10170\" alt=\"\" srcset=\"https:\/\/www.immobil-niederkofler.it\/wp-content\/uploads\/2024\/11\/AdobeStock_886769514-1024x683.jpg 1024w, https:\/\/www.immobil-niederkofler.it\/wp-content\/uploads\/2024\/11\/AdobeStock_886769514-300x200.jpg 300w, https:\/\/www.immobil-niederkofler.it\/wp-content\/uploads\/2024\/11\/AdobeStock_886769514-768x512.jpg 768w, https:\/\/www.immobil-niederkofler.it\/wp-content\/uploads\/2024\/11\/AdobeStock_886769514-1536x1024.jpg 1536w, https:\/\/www.immobil-niederkofler.it\/wp-content\/uploads\/2024\/11\/AdobeStock_886769514-2048x1365.jpg 2048w\" sizes=\"(max-width: 1024px) 100vw, 1024px\" \/>\t\t\t\t\t\t\t\t<\/a>\n\t\t\t\t\t\t\t\t\t\t\t\t\t\t\t<\/div>\n\t\t\t\t<\/div>\n\t\t\t\t<section class=\"elementor-section elementor-inner-section elementor-element elementor-element-c06265b elementor-section-boxed elementor-section-height-default elementor-section-height-default\" data-id=\"c06265b\" data-element_type=\"section\" data-e-type=\"section\">\n\t\t\t\t\t\t<div class=\"elementor-container elementor-column-gap-default\">\n\t\t\t\t\t<div class=\"elementor-column elementor-col-100 elementor-inner-column elementor-element elementor-element-db04ea9\" data-id=\"db04ea9\" data-element_type=\"column\" data-e-type=\"column\" data-settings=\"{&quot;background_background&quot;:&quot;classic&quot;}\">\n\t\t\t<div class=\"elementor-widget-wrap elementor-element-populated\">\n\t\t\t\t\t\t<div class=\"elementor-element elementor-element-3cbccbb elementor-widget elementor-widget-post-info\" data-id=\"3cbccbb\" data-element_type=\"widget\" data-e-type=\"widget\" data-widget_type=\"post-info.default\">\n\t\t\t\t<div class=\"elementor-widget-container\">\n\t\t\t\t\t\t\t<ul class=\"elementor-inline-items elementor-icon-list-items elementor-post-info\">\n\t\t\t\t\t\t\t\t<li class=\"elementor-icon-list-item elementor-repeater-item-f938ce5 elementor-inline-item\" itemprop=\"datePublished\">\n\t\t\t\t\t\t<a href=\"https:\/\/www.immobil-niederkofler.it\/de\/2025\/05\/30\/\">\n\t\t\t\t\t\t\t\t\t\t\t\t\t\t<span class=\"elementor-icon-list-text elementor-post-info__item elementor-post-info__item--type-date\">\n\t\t\t\t\t\t\t\t\t\t<time>30.05.2025<\/time>\t\t\t\t\t<\/span>\n\t\t\t\t\t\t\t\t\t<\/a>\n\t\t\t\t<\/li>\n\t\t\t\t<\/ul>\n\t\t\t\t\t\t<\/div>\n\t\t\t\t<\/div>\n\t\t\t\t<div class=\"elementor-element elementor-element-a97c689 elementor-widget elementor-widget-theme-post-title elementor-page-title elementor-widget-heading\" data-id=\"a97c689\" data-element_type=\"widget\" data-e-type=\"widget\" data-widget_type=\"theme-post-title.default\">\n\t\t\t\t<div class=\"elementor-widget-container\">\n\t\t\t\t\t<h2 class=\"elementor-heading-title elementor-size-default\">Was bedeutet &#8220;nacktes Eigentum&#8221; \u2013 und darf ich damit eine konventionierte Wohnung beziehen?<\/h2>\t\t\t\t<\/div>\n\t\t\t\t<\/div>\n\t\t\t\t<div class=\"elementor-element elementor-element-c8f3406 elementor-widget__width-auto elementor-widget elementor-widget-theme-post-excerpt\" data-id=\"c8f3406\" data-element_type=\"widget\" data-e-type=\"widget\" data-widget_type=\"theme-post-excerpt.default\">\n\t\t\t\t<div class=\"elementor-widget-container\">\n\t\t\t\t\t<p>Viele Interessierte stellen sich beim Thema konventionierter Wohnraum dieselbe Frage: Darf ich eine konventionierte Wohnung beziehen, obwohl ich bereits Eigent\u00fcmer einer anderen Immobilie bin? Die Antwort lautet: Es kommt darauf\t\t\t\t<\/div>\n\t\t\t\t<\/div>\n\t\t\t\t<div class=\"elementor-element elementor-element-427835b elementor-widget elementor-widget-button\" data-id=\"427835b\" data-element_type=\"widget\" data-e-type=\"widget\" data-widget_type=\"button.default\">\n\t\t\t\t<div class=\"elementor-widget-container\">\n\t\t\t\t\t\t\t\t\t<div class=\"elementor-button-wrapper\">\n\t\t\t\t\t<a class=\"elementor-button elementor-button-link elementor-size-sm\" href=\"https:\/\/www.immobil-niederkofler.it\/de\/was-bedeutet-nacktes-eigentum-und-darf-ich-damit-eine-konventionierte-wohnung-beziehen\/\">\n\t\t\t\t\t\t<span class=\"elementor-button-content-wrapper\">\n\t\t\t\t\t\t\t\t\t<span class=\"elementor-button-text\">... weiterlesen<\/span>\n\t\t\t\t\t<\/span>\n\t\t\t\t\t<\/a>\n\t\t\t\t<\/div>\n\t\t\t\t\t\t\t\t<\/div>\n\t\t\t\t<\/div>\n\t\t\t\t\t<\/div>\n\t\t<\/div>\n\t\t\t\t\t<\/div>\n\t\t<\/section>\n\t\t\t\t\t<\/div>\n\t\t<\/div>\n\t\t\t\t\t<\/div>\n\t\t<\/section>\n\t\t\t\t<\/div>\n\t\t\t\t<div data-elementor-type=\"loop-item\" data-elementor-id=\"8703\" class=\"elementor elementor-8703 e-loop-item e-loop-item-9685 post-9685 post type-post status-publish format-standard has-post-thumbnail hentry category-kauf\" data-elementor-post-type=\"elementor_library\" data-custom-edit-handle=\"1\">\n\t\t\t\t\t<section class=\"elementor-section elementor-top-section elementor-element elementor-element-688e1df elementor-section-boxed elementor-section-height-default elementor-section-height-default\" data-id=\"688e1df\" data-element_type=\"section\" data-e-type=\"section\">\n\t\t\t\t\t\t<div class=\"elementor-container elementor-column-gap-default\">\n\t\t\t\t\t<div class=\"elementor-column elementor-col-100 elementor-top-column elementor-element elementor-element-b714d63\" data-id=\"b714d63\" data-element_type=\"column\" data-e-type=\"column\">\n\t\t\t<div class=\"elementor-widget-wrap elementor-element-populated\">\n\t\t\t\t\t\t<div class=\"elementor-element elementor-element-0bcfcff elementor-widget elementor-widget-theme-post-featured-image elementor-widget-image\" data-id=\"0bcfcff\" data-element_type=\"widget\" data-e-type=\"widget\" data-widget_type=\"theme-post-featured-image.default\">\n\t\t\t\t<div class=\"elementor-widget-container\">\n\t\t\t\t\t\t\t\t\t\t\t\t\t\t\t\t<a href=\"https:\/\/www.immobil-niederkofler.it\/de\/das-gewisse-extra-virtuelle-besichtigung-und-luftaufnahmen\/\">\n\t\t\t\t\t\t\t<img decoding=\"async\" width=\"900\" height=\"583\" src=\"https:\/\/www.immobil-niederkofler.it\/wp-content\/uploads\/2025\/02\/kamera-in-zimmer.jpg\" class=\"attachment-large size-large wp-image-9686\" alt=\"Person fotografiert Zimmer\" srcset=\"https:\/\/www.immobil-niederkofler.it\/wp-content\/uploads\/2025\/02\/kamera-in-zimmer.jpg 900w, https:\/\/www.immobil-niederkofler.it\/wp-content\/uploads\/2025\/02\/kamera-in-zimmer-300x194.jpg 300w, https:\/\/www.immobil-niederkofler.it\/wp-content\/uploads\/2025\/02\/kamera-in-zimmer-768x497.jpg 768w\" sizes=\"(max-width: 900px) 100vw, 900px\" \/>\t\t\t\t\t\t\t\t<\/a>\n\t\t\t\t\t\t\t\t\t\t\t\t\t\t\t<\/div>\n\t\t\t\t<\/div>\n\t\t\t\t<section class=\"elementor-section elementor-inner-section elementor-element elementor-element-c06265b elementor-section-boxed elementor-section-height-default elementor-section-height-default\" data-id=\"c06265b\" data-element_type=\"section\" data-e-type=\"section\">\n\t\t\t\t\t\t<div class=\"elementor-container elementor-column-gap-default\">\n\t\t\t\t\t<div class=\"elementor-column elementor-col-100 elementor-inner-column elementor-element elementor-element-db04ea9\" data-id=\"db04ea9\" data-element_type=\"column\" data-e-type=\"column\" data-settings=\"{&quot;background_background&quot;:&quot;classic&quot;}\">\n\t\t\t<div class=\"elementor-widget-wrap elementor-element-populated\">\n\t\t\t\t\t\t<div class=\"elementor-element elementor-element-3cbccbb elementor-widget elementor-widget-post-info\" data-id=\"3cbccbb\" data-element_type=\"widget\" data-e-type=\"widget\" data-widget_type=\"post-info.default\">\n\t\t\t\t<div class=\"elementor-widget-container\">\n\t\t\t\t\t\t\t<ul class=\"elementor-inline-items elementor-icon-list-items elementor-post-info\">\n\t\t\t\t\t\t\t\t<li class=\"elementor-icon-list-item elementor-repeater-item-f938ce5 elementor-inline-item\" itemprop=\"datePublished\">\n\t\t\t\t\t\t<a href=\"https:\/\/www.immobil-niederkofler.it\/de\/2025\/02\/18\/\">\n\t\t\t\t\t\t\t\t\t\t\t\t\t\t<span class=\"elementor-icon-list-text elementor-post-info__item elementor-post-info__item--type-date\">\n\t\t\t\t\t\t\t\t\t\t<time>18.02.2025<\/time>\t\t\t\t\t<\/span>\n\t\t\t\t\t\t\t\t\t<\/a>\n\t\t\t\t<\/li>\n\t\t\t\t<\/ul>\n\t\t\t\t\t\t<\/div>\n\t\t\t\t<\/div>\n\t\t\t\t<div class=\"elementor-element elementor-element-a97c689 elementor-widget elementor-widget-theme-post-title elementor-page-title elementor-widget-heading\" data-id=\"a97c689\" data-element_type=\"widget\" data-e-type=\"widget\" data-widget_type=\"theme-post-title.default\">\n\t\t\t\t<div class=\"elementor-widget-container\">\n\t\t\t\t\t<h2 class=\"elementor-heading-title elementor-size-default\">Das gewisse Extra: Virtuelle Besichtigung und Luftaufnahmen<\/h2>\t\t\t\t<\/div>\n\t\t\t\t<\/div>\n\t\t\t\t<div class=\"elementor-element elementor-element-c8f3406 elementor-widget__width-auto elementor-widget elementor-widget-theme-post-excerpt\" data-id=\"c8f3406\" data-element_type=\"widget\" data-e-type=\"widget\" data-widget_type=\"theme-post-excerpt.default\">\n\t\t\t\t<div class=\"elementor-widget-container\">\n\t\t\t\t\t<p>In der dynamischen Welt der Immobilien ist es wichtig, am Puls der Zeit zu bleiben. Moderne Technologien er\u00f6ffnen uns neue M\u00f6glichkeiten, Immobilien innovativ und ansprechend zu pr\u00e4sentieren. Wir von Immobilien\t\t\t\t<\/div>\n\t\t\t\t<\/div>\n\t\t\t\t<div class=\"elementor-element elementor-element-427835b elementor-widget elementor-widget-button\" data-id=\"427835b\" data-element_type=\"widget\" data-e-type=\"widget\" data-widget_type=\"button.default\">\n\t\t\t\t<div class=\"elementor-widget-container\">\n\t\t\t\t\t\t\t\t\t<div class=\"elementor-button-wrapper\">\n\t\t\t\t\t<a class=\"elementor-button elementor-button-link elementor-size-sm\" href=\"https:\/\/www.immobil-niederkofler.it\/de\/das-gewisse-extra-virtuelle-besichtigung-und-luftaufnahmen\/\">\n\t\t\t\t\t\t<span class=\"elementor-button-content-wrapper\">\n\t\t\t\t\t\t\t\t\t<span class=\"elementor-button-text\">... weiterlesen<\/span>\n\t\t\t\t\t<\/span>\n\t\t\t\t\t<\/a>\n\t\t\t\t<\/div>\n\t\t\t\t\t\t\t\t<\/div>\n\t\t\t\t<\/div>\n\t\t\t\t\t<\/div>\n\t\t<\/div>\n\t\t\t\t\t<\/div>\n\t\t<\/section>\n\t\t\t\t\t<\/div>\n\t\t<\/div>\n\t\t\t\t\t<\/div>\n\t\t<\/section>\n\t\t\t\t<\/div>\n\t\t\t\t<div data-elementor-type=\"loop-item\" data-elementor-id=\"8703\" class=\"elementor elementor-8703 e-loop-item e-loop-item-9672 post-9672 post type-post status-publish format-standard has-post-thumbnail hentry category-kauf\" data-elementor-post-type=\"elementor_library\" data-custom-edit-handle=\"1\">\n\t\t\t\t\t<section class=\"elementor-section elementor-top-section elementor-element elementor-element-688e1df elementor-section-boxed elementor-section-height-default elementor-section-height-default\" data-id=\"688e1df\" data-element_type=\"section\" data-e-type=\"section\">\n\t\t\t\t\t\t<div class=\"elementor-container elementor-column-gap-default\">\n\t\t\t\t\t<div class=\"elementor-column elementor-col-100 elementor-top-column elementor-element elementor-element-b714d63\" data-id=\"b714d63\" data-element_type=\"column\" data-e-type=\"column\">\n\t\t\t<div class=\"elementor-widget-wrap elementor-element-populated\">\n\t\t\t\t\t\t<div class=\"elementor-element elementor-element-0bcfcff elementor-widget elementor-widget-theme-post-featured-image elementor-widget-image\" data-id=\"0bcfcff\" data-element_type=\"widget\" data-e-type=\"widget\" data-widget_type=\"theme-post-featured-image.default\">\n\t\t\t\t<div class=\"elementor-widget-container\">\n\t\t\t\t\t\t\t\t\t\t\t\t\t\t\t\t<a href=\"https:\/\/www.immobil-niederkofler.it\/de\/das-sollten-sie-ueber-den-immobilienkauf-in-suedtirol-wissen\/\">\n\t\t\t\t\t\t\t<img loading=\"lazy\" decoding=\"async\" width=\"900\" height=\"600\" src=\"https:\/\/www.immobil-niederkofler.it\/wp-content\/uploads\/2025\/02\/dolomiten-dorf.jpg\" class=\"attachment-large size-large wp-image-9673\" alt=\"Dorf in den Dolomiten vor den Bergen\" srcset=\"https:\/\/www.immobil-niederkofler.it\/wp-content\/uploads\/2025\/02\/dolomiten-dorf.jpg 900w, https:\/\/www.immobil-niederkofler.it\/wp-content\/uploads\/2025\/02\/dolomiten-dorf-300x200.jpg 300w, https:\/\/www.immobil-niederkofler.it\/wp-content\/uploads\/2025\/02\/dolomiten-dorf-768x512.jpg 768w\" sizes=\"(max-width: 900px) 100vw, 900px\" \/>\t\t\t\t\t\t\t\t<\/a>\n\t\t\t\t\t\t\t\t\t\t\t\t\t\t\t<\/div>\n\t\t\t\t<\/div>\n\t\t\t\t<section class=\"elementor-section elementor-inner-section elementor-element elementor-element-c06265b elementor-section-boxed elementor-section-height-default elementor-section-height-default\" data-id=\"c06265b\" data-element_type=\"section\" data-e-type=\"section\">\n\t\t\t\t\t\t<div class=\"elementor-container elementor-column-gap-default\">\n\t\t\t\t\t<div class=\"elementor-column elementor-col-100 elementor-inner-column elementor-element elementor-element-db04ea9\" data-id=\"db04ea9\" data-element_type=\"column\" data-e-type=\"column\" data-settings=\"{&quot;background_background&quot;:&quot;classic&quot;}\">\n\t\t\t<div class=\"elementor-widget-wrap elementor-element-populated\">\n\t\t\t\t\t\t<div class=\"elementor-element elementor-element-3cbccbb elementor-widget elementor-widget-post-info\" data-id=\"3cbccbb\" data-element_type=\"widget\" data-e-type=\"widget\" data-widget_type=\"post-info.default\">\n\t\t\t\t<div class=\"elementor-widget-container\">\n\t\t\t\t\t\t\t<ul class=\"elementor-inline-items elementor-icon-list-items elementor-post-info\">\n\t\t\t\t\t\t\t\t<li class=\"elementor-icon-list-item elementor-repeater-item-f938ce5 elementor-inline-item\" itemprop=\"datePublished\">\n\t\t\t\t\t\t<a href=\"https:\/\/www.immobil-niederkofler.it\/de\/2025\/02\/04\/\">\n\t\t\t\t\t\t\t\t\t\t\t\t\t\t<span class=\"elementor-icon-list-text elementor-post-info__item elementor-post-info__item--type-date\">\n\t\t\t\t\t\t\t\t\t\t<time>04.02.2025<\/time>\t\t\t\t\t<\/span>\n\t\t\t\t\t\t\t\t\t<\/a>\n\t\t\t\t<\/li>\n\t\t\t\t<\/ul>\n\t\t\t\t\t\t<\/div>\n\t\t\t\t<\/div>\n\t\t\t\t<div class=\"elementor-element elementor-element-a97c689 elementor-widget elementor-widget-theme-post-title elementor-page-title elementor-widget-heading\" data-id=\"a97c689\" data-element_type=\"widget\" data-e-type=\"widget\" data-widget_type=\"theme-post-title.default\">\n\t\t\t\t<div class=\"elementor-widget-container\">\n\t\t\t\t\t<h2 class=\"elementor-heading-title elementor-size-default\">Das sollten Sie \u00fcber den Immobilienkauf in S\u00fcdtirol wissen<\/h2>\t\t\t\t<\/div>\n\t\t\t\t<\/div>\n\t\t\t\t<div class=\"elementor-element elementor-element-c8f3406 elementor-widget__width-auto elementor-widget elementor-widget-theme-post-excerpt\" data-id=\"c8f3406\" data-element_type=\"widget\" data-e-type=\"widget\" data-widget_type=\"theme-post-excerpt.default\">\n\t\t\t\t<div class=\"elementor-widget-container\">\n\t\t\t\t\t<p>Sie m\u00f6chten eine Immobilie in S\u00fcdtirol kaufen? Dabei gibt es einige Aspekte zu beachten. Wir informieren Sie \u00fcber die Besonderheiten eines Immobilienkaufs in S\u00fcdtirol und was es mit der Konventionierung\t\t\t\t<\/div>\n\t\t\t\t<\/div>\n\t\t\t\t<div class=\"elementor-element elementor-element-427835b elementor-widget elementor-widget-button\" data-id=\"427835b\" data-element_type=\"widget\" data-e-type=\"widget\" data-widget_type=\"button.default\">\n\t\t\t\t<div class=\"elementor-widget-container\">\n\t\t\t\t\t\t\t\t\t<div class=\"elementor-button-wrapper\">\n\t\t\t\t\t<a class=\"elementor-button elementor-button-link elementor-size-sm\" href=\"https:\/\/www.immobil-niederkofler.it\/de\/das-sollten-sie-ueber-den-immobilienkauf-in-suedtirol-wissen\/\">\n\t\t\t\t\t\t<span class=\"elementor-button-content-wrapper\">\n\t\t\t\t\t\t\t\t\t<span class=\"elementor-button-text\">... weiterlesen<\/span>\n\t\t\t\t\t<\/span>\n\t\t\t\t\t<\/a>\n\t\t\t\t<\/div>\n\t\t\t\t\t\t\t\t<\/div>\n\t\t\t\t<\/div>\n\t\t\t\t\t<\/div>\n\t\t<\/div>\n\t\t\t\t\t<\/div>\n\t\t<\/section>\n\t\t\t\t\t<\/div>\n\t\t<\/div>\n\t\t\t\t\t<\/div>\n\t\t<\/section>\n\t\t\t\t<\/div>\n\t\t\t\t<div data-elementor-type=\"loop-item\" data-elementor-id=\"8703\" class=\"elementor elementor-8703 e-loop-item e-loop-item-9667 post-9667 post type-post status-publish format-standard has-post-thumbnail hentry category-verkauf\" data-elementor-post-type=\"elementor_library\" data-custom-edit-handle=\"1\">\n\t\t\t\t\t<section class=\"elementor-section elementor-top-section elementor-element elementor-element-688e1df elementor-section-boxed elementor-section-height-default elementor-section-height-default\" data-id=\"688e1df\" data-element_type=\"section\" data-e-type=\"section\">\n\t\t\t\t\t\t<div class=\"elementor-container elementor-column-gap-default\">\n\t\t\t\t\t<div class=\"elementor-column elementor-col-100 elementor-top-column elementor-element elementor-element-b714d63\" data-id=\"b714d63\" data-element_type=\"column\" data-e-type=\"column\">\n\t\t\t<div class=\"elementor-widget-wrap elementor-element-populated\">\n\t\t\t\t\t\t<div class=\"elementor-element elementor-element-0bcfcff elementor-widget elementor-widget-theme-post-featured-image elementor-widget-image\" data-id=\"0bcfcff\" data-element_type=\"widget\" data-e-type=\"widget\" data-widget_type=\"theme-post-featured-image.default\">\n\t\t\t\t<div class=\"elementor-widget-container\">\n\t\t\t\t\t\t\t\t\t\t\t\t\t\t\t\t<a href=\"https:\/\/www.immobil-niederkofler.it\/de\/warum-ein-professionelles-expose-den-unterschied-macht\/\">\n\t\t\t\t\t\t\t<img loading=\"lazy\" decoding=\"async\" width=\"900\" height=\"450\" src=\"https:\/\/www.immobil-niederkofler.it\/wp-content\/uploads\/2025\/02\/helles-wohnzimmer.jpg\" class=\"attachment-large size-large wp-image-9668\" alt=\"Helles Wohnzimmer mit Holzm\u00f6bel\" srcset=\"https:\/\/www.immobil-niederkofler.it\/wp-content\/uploads\/2025\/02\/helles-wohnzimmer.jpg 900w, https:\/\/www.immobil-niederkofler.it\/wp-content\/uploads\/2025\/02\/helles-wohnzimmer-300x150.jpg 300w, https:\/\/www.immobil-niederkofler.it\/wp-content\/uploads\/2025\/02\/helles-wohnzimmer-768x384.jpg 768w\" sizes=\"(max-width: 900px) 100vw, 900px\" \/>\t\t\t\t\t\t\t\t<\/a>\n\t\t\t\t\t\t\t\t\t\t\t\t\t\t\t<\/div>\n\t\t\t\t<\/div>\n\t\t\t\t<section class=\"elementor-section elementor-inner-section elementor-element elementor-element-c06265b elementor-section-boxed elementor-section-height-default elementor-section-height-default\" data-id=\"c06265b\" data-element_type=\"section\" data-e-type=\"section\">\n\t\t\t\t\t\t<div class=\"elementor-container elementor-column-gap-default\">\n\t\t\t\t\t<div class=\"elementor-column elementor-col-100 elementor-inner-column elementor-element elementor-element-db04ea9\" data-id=\"db04ea9\" data-element_type=\"column\" data-e-type=\"column\" data-settings=\"{&quot;background_background&quot;:&quot;classic&quot;}\">\n\t\t\t<div class=\"elementor-widget-wrap elementor-element-populated\">\n\t\t\t\t\t\t<div class=\"elementor-element elementor-element-3cbccbb elementor-widget elementor-widget-post-info\" data-id=\"3cbccbb\" data-element_type=\"widget\" data-e-type=\"widget\" data-widget_type=\"post-info.default\">\n\t\t\t\t<div class=\"elementor-widget-container\">\n\t\t\t\t\t\t\t<ul class=\"elementor-inline-items elementor-icon-list-items elementor-post-info\">\n\t\t\t\t\t\t\t\t<li class=\"elementor-icon-list-item elementor-repeater-item-f938ce5 elementor-inline-item\" itemprop=\"datePublished\">\n\t\t\t\t\t\t<a href=\"https:\/\/www.immobil-niederkofler.it\/de\/2025\/01\/20\/\">\n\t\t\t\t\t\t\t\t\t\t\t\t\t\t<span class=\"elementor-icon-list-text elementor-post-info__item elementor-post-info__item--type-date\">\n\t\t\t\t\t\t\t\t\t\t<time>20.01.2025<\/time>\t\t\t\t\t<\/span>\n\t\t\t\t\t\t\t\t\t<\/a>\n\t\t\t\t<\/li>\n\t\t\t\t<\/ul>\n\t\t\t\t\t\t<\/div>\n\t\t\t\t<\/div>\n\t\t\t\t<div class=\"elementor-element elementor-element-a97c689 elementor-widget elementor-widget-theme-post-title elementor-page-title elementor-widget-heading\" data-id=\"a97c689\" data-element_type=\"widget\" data-e-type=\"widget\" data-widget_type=\"theme-post-title.default\">\n\t\t\t\t<div class=\"elementor-widget-container\">\n\t\t\t\t\t<h2 class=\"elementor-heading-title elementor-size-default\">Warum ein professionelles Expos\u00e9 den Unterschied macht<\/h2>\t\t\t\t<\/div>\n\t\t\t\t<\/div>\n\t\t\t\t<div class=\"elementor-element elementor-element-c8f3406 elementor-widget__width-auto elementor-widget elementor-widget-theme-post-excerpt\" data-id=\"c8f3406\" data-element_type=\"widget\" data-e-type=\"widget\" data-widget_type=\"theme-post-excerpt.default\">\n\t\t\t\t<div class=\"elementor-widget-container\">\n\t\t\t\t\t<p>Ein hochwertiges Expos\u00e9 ist das Herzst\u00fcck jeder Immobilienvermittlung. Es dient nicht nur als Visitenkarte Ihrer Immobilie, sondern ist auch ein unverzichtbares Instrument, um potenzielle K\u00e4ufer oder Mieter zu begeistern. Wir\t\t\t\t<\/div>\n\t\t\t\t<\/div>\n\t\t\t\t<div class=\"elementor-element elementor-element-427835b elementor-widget elementor-widget-button\" data-id=\"427835b\" data-element_type=\"widget\" data-e-type=\"widget\" data-widget_type=\"button.default\">\n\t\t\t\t<div class=\"elementor-widget-container\">\n\t\t\t\t\t\t\t\t\t<div class=\"elementor-button-wrapper\">\n\t\t\t\t\t<a class=\"elementor-button elementor-button-link elementor-size-sm\" href=\"https:\/\/www.immobil-niederkofler.it\/de\/warum-ein-professionelles-expose-den-unterschied-macht\/\">\n\t\t\t\t\t\t<span class=\"elementor-button-content-wrapper\">\n\t\t\t\t\t\t\t\t\t<span class=\"elementor-button-text\">... weiterlesen<\/span>\n\t\t\t\t\t<\/span>\n\t\t\t\t\t<\/a>\n\t\t\t\t<\/div>\n\t\t\t\t\t\t\t\t<\/div>\n\t\t\t\t<\/div>\n\t\t\t\t\t<\/div>\n\t\t<\/div>\n\t\t\t\t\t<\/div>\n\t\t<\/section>\n\t\t\t\t\t<\/div>\n\t\t<\/div>\n\t\t\t\t\t<\/div>\n\t\t<\/section>\n\t\t\t\t<\/div>\n\t\t\t\t<div data-elementor-type=\"loop-item\" data-elementor-id=\"8703\" class=\"elementor elementor-8703 e-loop-item e-loop-item-9662 post-9662 post type-post status-publish format-standard has-post-thumbnail hentry category-kauf\" data-elementor-post-type=\"elementor_library\" data-custom-edit-handle=\"1\">\n\t\t\t\t\t<section class=\"elementor-section elementor-top-section elementor-element elementor-element-688e1df elementor-section-boxed elementor-section-height-default elementor-section-height-default\" data-id=\"688e1df\" data-element_type=\"section\" data-e-type=\"section\">\n\t\t\t\t\t\t<div class=\"elementor-container elementor-column-gap-default\">\n\t\t\t\t\t<div class=\"elementor-column elementor-col-100 elementor-top-column elementor-element elementor-element-b714d63\" data-id=\"b714d63\" data-element_type=\"column\" data-e-type=\"column\">\n\t\t\t<div class=\"elementor-widget-wrap elementor-element-populated\">\n\t\t\t\t\t\t<div class=\"elementor-element elementor-element-0bcfcff elementor-widget elementor-widget-theme-post-featured-image elementor-widget-image\" data-id=\"0bcfcff\" data-element_type=\"widget\" data-e-type=\"widget\" data-widget_type=\"theme-post-featured-image.default\">\n\t\t\t\t<div class=\"elementor-widget-container\">\n\t\t\t\t\t\t\t\t\t\t\t\t\t\t\t\t<a href=\"https:\/\/www.immobil-niederkofler.it\/de\/parkmoeglichkeiten-beim-immobilienkauf-was-kaeufer-wissen-sollten\/\">\n\t\t\t\t\t\t\t<img loading=\"lazy\" decoding=\"async\" width=\"900\" height=\"600\" src=\"https:\/\/www.immobil-niederkofler.it\/wp-content\/uploads\/2025\/02\/garage.jpg\" class=\"attachment-large size-large wp-image-9663\" alt=\"Tiefgarage mit Autos\" srcset=\"https:\/\/www.immobil-niederkofler.it\/wp-content\/uploads\/2025\/02\/garage.jpg 900w, https:\/\/www.immobil-niederkofler.it\/wp-content\/uploads\/2025\/02\/garage-300x200.jpg 300w, https:\/\/www.immobil-niederkofler.it\/wp-content\/uploads\/2025\/02\/garage-768x512.jpg 768w\" sizes=\"(max-width: 900px) 100vw, 900px\" \/>\t\t\t\t\t\t\t\t<\/a>\n\t\t\t\t\t\t\t\t\t\t\t\t\t\t\t<\/div>\n\t\t\t\t<\/div>\n\t\t\t\t<section class=\"elementor-section elementor-inner-section elementor-element elementor-element-c06265b elementor-section-boxed elementor-section-height-default elementor-section-height-default\" data-id=\"c06265b\" data-element_type=\"section\" data-e-type=\"section\">\n\t\t\t\t\t\t<div class=\"elementor-container elementor-column-gap-default\">\n\t\t\t\t\t<div class=\"elementor-column elementor-col-100 elementor-inner-column elementor-element elementor-element-db04ea9\" data-id=\"db04ea9\" data-element_type=\"column\" data-e-type=\"column\" data-settings=\"{&quot;background_background&quot;:&quot;classic&quot;}\">\n\t\t\t<div class=\"elementor-widget-wrap elementor-element-populated\">\n\t\t\t\t\t\t<div class=\"elementor-element elementor-element-3cbccbb elementor-widget elementor-widget-post-info\" data-id=\"3cbccbb\" data-element_type=\"widget\" data-e-type=\"widget\" data-widget_type=\"post-info.default\">\n\t\t\t\t<div class=\"elementor-widget-container\">\n\t\t\t\t\t\t\t<ul class=\"elementor-inline-items elementor-icon-list-items elementor-post-info\">\n\t\t\t\t\t\t\t\t<li class=\"elementor-icon-list-item elementor-repeater-item-f938ce5 elementor-inline-item\" itemprop=\"datePublished\">\n\t\t\t\t\t\t<a href=\"https:\/\/www.immobil-niederkofler.it\/de\/2025\/01\/06\/\">\n\t\t\t\t\t\t\t\t\t\t\t\t\t\t<span class=\"elementor-icon-list-text elementor-post-info__item elementor-post-info__item--type-date\">\n\t\t\t\t\t\t\t\t\t\t<time>06.01.2025<\/time>\t\t\t\t\t<\/span>\n\t\t\t\t\t\t\t\t\t<\/a>\n\t\t\t\t<\/li>\n\t\t\t\t<\/ul>\n\t\t\t\t\t\t<\/div>\n\t\t\t\t<\/div>\n\t\t\t\t<div class=\"elementor-element elementor-element-a97c689 elementor-widget elementor-widget-theme-post-title elementor-page-title elementor-widget-heading\" data-id=\"a97c689\" data-element_type=\"widget\" data-e-type=\"widget\" data-widget_type=\"theme-post-title.default\">\n\t\t\t\t<div class=\"elementor-widget-container\">\n\t\t\t\t\t<h2 class=\"elementor-heading-title elementor-size-default\">Parkm\u00f6glichkeiten beim Immobilienkauf: Was K\u00e4ufer wissen sollten<\/h2>\t\t\t\t<\/div>\n\t\t\t\t<\/div>\n\t\t\t\t<div class=\"elementor-element elementor-element-c8f3406 elementor-widget__width-auto elementor-widget elementor-widget-theme-post-excerpt\" data-id=\"c8f3406\" data-element_type=\"widget\" data-e-type=\"widget\" data-widget_type=\"theme-post-excerpt.default\">\n\t\t\t\t<div class=\"elementor-widget-container\">\n\t\t\t\t\t<p>Beim Kauf einer Immobilie spielen viele Faktoren eine wesentliche Rolle \u2013 die Lage, die Gr\u00f6\u00dfe, der Preis und die Ausstattung. Ein oft untersch\u00e4tztes, jedoch \u00e4u\u00dferst wichtiges Merkmal ist die Verf\u00fcgbarkeit\t\t\t\t<\/div>\n\t\t\t\t<\/div>\n\t\t\t\t<div class=\"elementor-element elementor-element-427835b elementor-widget elementor-widget-button\" data-id=\"427835b\" data-element_type=\"widget\" data-e-type=\"widget\" data-widget_type=\"button.default\">\n\t\t\t\t<div class=\"elementor-widget-container\">\n\t\t\t\t\t\t\t\t\t<div class=\"elementor-button-wrapper\">\n\t\t\t\t\t<a class=\"elementor-button elementor-button-link elementor-size-sm\" href=\"https:\/\/www.immobil-niederkofler.it\/de\/parkmoeglichkeiten-beim-immobilienkauf-was-kaeufer-wissen-sollten\/\">\n\t\t\t\t\t\t<span class=\"elementor-button-content-wrapper\">\n\t\t\t\t\t\t\t\t\t<span class=\"elementor-button-text\">... weiterlesen<\/span>\n\t\t\t\t\t<\/span>\n\t\t\t\t\t<\/a>\n\t\t\t\t<\/div>\n\t\t\t\t\t\t\t\t<\/div>\n\t\t\t\t<\/div>\n\t\t\t\t\t<\/div>\n\t\t<\/div>\n\t\t\t\t\t<\/div>\n\t\t<\/section>\n\t\t\t\t\t<\/div>\n\t\t<\/div>\n\t\t\t\t\t<\/div>\n\t\t<\/section>\n\t\t\t\t<\/div>\n\t\t\t\t<\/div>\n\t\t\n\t\t\t\t<div class=\"e-load-more-anchor\" data-page=\"1\" data-max-page=\"2\" data-next-page=\"https:\/\/www.immobil-niederkofler.it\/de\/wp-json\/wp\/v2\/pages\/8682\/page\/2\/\"><\/div>\n\t\t\t\t<nav class=\"elementor-pagination\" aria-label=\"Seitennummerierung\">\n\t\t\t<span class=\"page-numbers prev\"><\/span>\n<span aria-current=\"page\" class=\"page-numbers current\"><span class=\"elementor-screen-only\">Seite<\/span>1<\/span>\n<a class=\"page-numbers\" href=\"https:\/\/www.immobil-niederkofler.it\/de\/wp-json\/wp\/v2\/pages\/8682\/page\/2\/\"><span class=\"elementor-screen-only\">Seite<\/span>2<\/a>\n<a class=\"page-numbers next\" href=\"https:\/\/www.immobil-niederkofler.it\/de\/wp-json\/wp\/v2\/pages\/8682\/page\/2\/\">\u00bb<\/a>\t\t<\/nav>\n\t\t\t\t\t\t<\/div>\n\t\t\t\t<\/div>\n\t\t\t\t\t<\/div>\n\t\t<\/div>\n\t\t\t\t\t<\/div>\n\t\t<\/section>\n\t\t\t\t<section class=\"elementor-section elementor-top-section elementor-element elementor-element-c61950f elementor-section-boxed elementor-section-height-default elementor-section-height-default\" data-id=\"c61950f\" data-element_type=\"section\" data-e-type=\"section\">\n\t\t\t\t\t\t<div class=\"elementor-container elementor-column-gap-default\">\n\t\t\t\t\t<div class=\"elementor-column elementor-col-100 elementor-top-column elementor-element elementor-element-2e315c1\" data-id=\"2e315c1\" data-element_type=\"column\" data-e-type=\"column\">\n\t\t\t<div class=\"elementor-widget-wrap\">\n\t\t\t\t\t\t\t<\/div>\n\t\t<\/div>\n\t\t\t\t\t<\/div>\n\t\t<\/section>\n\t\t\t\t<\/div>\n\t\t","protected":false},"excerpt":{"rendered":"<p>Immobilien News Willkommen bei Immobilien Niederkofler, Ihrem zuverl\u00e4ssigen und kompetenten Immobilienmakler im sch\u00f6nen S\u00fcdtirol! Auf den folgenden Seiten m\u00f6chten wir Sie mit unserem facettenreichen Angebot rund um Immobilienangelegenheiten vertraut machen. Entdecken Sie, was die von T\u00e4lern und Bergen gepr\u00e4gte Landschaft mit ihren Ortschaften f\u00fcr Sie bereith\u00e4lt!<\/p>\n","protected":false},"author":4,"featured_media":0,"parent":19,"menu_order":0,"comment_status":"closed","ping_status":"closed","template":"","meta":{"_acf_changed":false,"_monsterinsights_skip_tracking":false,"_monsterinsights_sitenote_active":false,"_monsterinsights_sitenote_note":"","_monsterinsights_sitenote_category":0,"footnotes":""},"class_list":["post-8682","page","type-page","status-publish","hentry"],"acf":[],"yoast_head":"<!-- This site is optimized with the Yoast SEO plugin v27.5 - https:\/\/yoast.com\/product\/yoast-seo-wordpress\/ -->\n<title>Elementor #8682 - Immobilien Niederkofler<\/title>\n<meta name=\"robots\" content=\"index, follow, max-snippet:-1, max-image-preview:large, max-video-preview:-1\" \/>\n<link rel=\"canonical\" href=\"https:\/\/www.immobil-niederkofler.it\/de\/ueber-uns\/elementor-8682\/\" \/>\n<meta property=\"og:locale\" content=\"de_DE\" \/>\n<meta property=\"og:type\" content=\"article\" \/>\n<meta property=\"og:title\" content=\"Elementor #8682 - Immobilien Niederkofler\" \/>\n<meta property=\"og:description\" content=\"Immobilien News Willkommen bei Immobilien Niederkofler, Ihrem zuverl\u00e4ssigen und kompetenten Immobilienmakler im sch\u00f6nen S\u00fcdtirol! Auf den folgenden Seiten m\u00f6chten wir Sie mit unserem facettenreichen Angebot rund um Immobilienangelegenheiten vertraut machen. Entdecken Sie, was die von T\u00e4lern und Bergen gepr\u00e4gte Landschaft mit ihren Ortschaften f\u00fcr Sie bereith\u00e4lt!\" \/>\n<meta property=\"og:url\" content=\"https:\/\/www.immobil-niederkofler.it\/de\/ueber-uns\/elementor-8682\/\" \/>\n<meta property=\"og:site_name\" content=\"Immobilien Niederkofler\" \/>\n<meta property=\"article:publisher\" content=\"https:\/\/de-de.facebook.com\/ImmobilienNiederkofler\/\" \/>\n<meta property=\"article:modified_time\" content=\"2024-09-02T09:34:55+00:00\" \/>\n<meta property=\"og:image\" content=\"https:\/\/www.immobil-niederkofler.it\/wp-content\/uploads\/2020\/04\/logo.png\" \/>\n\t<meta property=\"og:image:width\" content=\"121\" \/>\n\t<meta property=\"og:image:height\" content=\"118\" \/>\n\t<meta property=\"og:image:type\" content=\"image\/png\" \/>\n<meta name=\"twitter:card\" content=\"summary_large_image\" \/>\n<script type=\"application\/ld+json\" class=\"yoast-schema-graph\">{\"@context\":\"https:\\\/\\\/schema.org\",\"@graph\":[{\"@type\":\"WebPage\",\"@id\":\"https:\\\/\\\/www.immobil-niederkofler.it\\\/de\\\/ueber-uns\\\/elementor-8682\\\/\",\"url\":\"https:\\\/\\\/www.immobil-niederkofler.it\\\/de\\\/ueber-uns\\\/elementor-8682\\\/\",\"name\":\"Elementor #8682 - Immobilien Niederkofler\",\"isPartOf\":{\"@id\":\"https:\\\/\\\/www.immobil-niederkofler.it\\\/de\\\/#website\"},\"datePublished\":\"2024-09-02T07:34:19+00:00\",\"dateModified\":\"2024-09-02T09:34:55+00:00\",\"breadcrumb\":{\"@id\":\"https:\\\/\\\/www.immobil-niederkofler.it\\\/de\\\/ueber-uns\\\/elementor-8682\\\/#breadcrumb\"},\"inLanguage\":\"de\",\"potentialAction\":[{\"@type\":\"ReadAction\",\"target\":[\"https:\\\/\\\/www.immobil-niederkofler.it\\\/de\\\/ueber-uns\\\/elementor-8682\\\/\"]}]},{\"@type\":\"BreadcrumbList\",\"@id\":\"https:\\\/\\\/www.immobil-niederkofler.it\\\/de\\\/ueber-uns\\\/elementor-8682\\\/#breadcrumb\",\"itemListElement\":[{\"@type\":\"ListItem\",\"position\":1,\"name\":\"\u00dcber uns\",\"item\":\"https:\\\/\\\/www.immobil-niederkofler.it\\\/de\\\/ueber-uns\\\/\"},{\"@type\":\"ListItem\",\"position\":2,\"name\":\"Elementor #8682\"}]},{\"@type\":\"WebSite\",\"@id\":\"https:\\\/\\\/www.immobil-niederkofler.it\\\/de\\\/#website\",\"url\":\"https:\\\/\\\/www.immobil-niederkofler.it\\\/de\\\/\",\"name\":\"Immobilien Niederkofler\",\"description\":\"Willkommen bei Immobilien Niederkofler, Ihrem zuverl\u00e4ssigen und kompetenten Immobilienmakler im sch\u00f6nen S\u00fcdtirol\",\"potentialAction\":[{\"@type\":\"SearchAction\",\"target\":{\"@type\":\"EntryPoint\",\"urlTemplate\":\"https:\\\/\\\/www.immobil-niederkofler.it\\\/de\\\/?s={search_term_string}\"},\"query-input\":{\"@type\":\"PropertyValueSpecification\",\"valueRequired\":true,\"valueName\":\"search_term_string\"}}],\"inLanguage\":\"de\"}]}<\/script>\n<!-- \/ Yoast SEO plugin. -->","yoast_head_json":{"title":"Elementor #8682 - Immobilien Niederkofler","robots":{"index":"index","follow":"follow","max-snippet":"max-snippet:-1","max-image-preview":"max-image-preview:large","max-video-preview":"max-video-preview:-1"},"canonical":"https:\/\/www.immobil-niederkofler.it\/de\/ueber-uns\/elementor-8682\/","og_locale":"de_DE","og_type":"article","og_title":"Elementor #8682 - Immobilien Niederkofler","og_description":"Immobilien News Willkommen bei Immobilien Niederkofler, Ihrem zuverl\u00e4ssigen und kompetenten Immobilienmakler im sch\u00f6nen S\u00fcdtirol! Auf den folgenden Seiten m\u00f6chten wir Sie mit unserem facettenreichen Angebot rund um Immobilienangelegenheiten vertraut machen. Entdecken Sie, was die von T\u00e4lern und Bergen gepr\u00e4gte Landschaft mit ihren Ortschaften f\u00fcr Sie bereith\u00e4lt!","og_url":"https:\/\/www.immobil-niederkofler.it\/de\/ueber-uns\/elementor-8682\/","og_site_name":"Immobilien Niederkofler","article_publisher":"https:\/\/de-de.facebook.com\/ImmobilienNiederkofler\/","article_modified_time":"2024-09-02T09:34:55+00:00","og_image":[{"width":121,"height":118,"url":"https:\/\/www.immobil-niederkofler.it\/wp-content\/uploads\/2020\/04\/logo.png","type":"image\/png"}],"twitter_card":"summary_large_image","schema":{"@context":"https:\/\/schema.org","@graph":[{"@type":"WebPage","@id":"https:\/\/www.immobil-niederkofler.it\/de\/ueber-uns\/elementor-8682\/","url":"https:\/\/www.immobil-niederkofler.it\/de\/ueber-uns\/elementor-8682\/","name":"Elementor #8682 - Immobilien Niederkofler","isPartOf":{"@id":"https:\/\/www.immobil-niederkofler.it\/de\/#website"},"datePublished":"2024-09-02T07:34:19+00:00","dateModified":"2024-09-02T09:34:55+00:00","breadcrumb":{"@id":"https:\/\/www.immobil-niederkofler.it\/de\/ueber-uns\/elementor-8682\/#breadcrumb"},"inLanguage":"de","potentialAction":[{"@type":"ReadAction","target":["https:\/\/www.immobil-niederkofler.it\/de\/ueber-uns\/elementor-8682\/"]}]},{"@type":"BreadcrumbList","@id":"https:\/\/www.immobil-niederkofler.it\/de\/ueber-uns\/elementor-8682\/#breadcrumb","itemListElement":[{"@type":"ListItem","position":1,"name":"\u00dcber uns","item":"https:\/\/www.immobil-niederkofler.it\/de\/ueber-uns\/"},{"@type":"ListItem","position":2,"name":"Elementor #8682"}]},{"@type":"WebSite","@id":"https:\/\/www.immobil-niederkofler.it\/de\/#website","url":"https:\/\/www.immobil-niederkofler.it\/de\/","name":"Immobilien Niederkofler","description":"Willkommen bei Immobilien Niederkofler, Ihrem zuverl\u00e4ssigen und kompetenten Immobilienmakler im sch\u00f6nen S\u00fcdtirol","potentialAction":[{"@type":"SearchAction","target":{"@type":"EntryPoint","urlTemplate":"https:\/\/www.immobil-niederkofler.it\/de\/?s={search_term_string}"},"query-input":{"@type":"PropertyValueSpecification","valueRequired":true,"valueName":"search_term_string"}}],"inLanguage":"de"}]}},"_links":{"self":[{"href":"https:\/\/www.immobil-niederkofler.it\/de\/wp-json\/wp\/v2\/pages\/8682","targetHints":{"allow":["GET"]}}],"collection":[{"href":"https:\/\/www.immobil-niederkofler.it\/de\/wp-json\/wp\/v2\/pages"}],"about":[{"href":"https:\/\/www.immobil-niederkofler.it\/de\/wp-json\/wp\/v2\/types\/page"}],"author":[{"embeddable":true,"href":"https:\/\/www.immobil-niederkofler.it\/de\/wp-json\/wp\/v2\/users\/4"}],"replies":[{"embeddable":true,"href":"https:\/\/www.immobil-niederkofler.it\/de\/wp-json\/wp\/v2\/comments?post=8682"}],"version-history":[{"count":48,"href":"https:\/\/www.immobil-niederkofler.it\/de\/wp-json\/wp\/v2\/pages\/8682\/revisions"}],"predecessor-version":[{"id":8788,"href":"https:\/\/www.immobil-niederkofler.it\/de\/wp-json\/wp\/v2\/pages\/8682\/revisions\/8788"}],"up":[{"embeddable":true,"href":"https:\/\/www.immobil-niederkofler.it\/de\/wp-json\/wp\/v2\/pages\/19"}],"wp:attachment":[{"href":"https:\/\/www.immobil-niederkofler.it\/de\/wp-json\/wp\/v2\/media?parent=8682"}],"curies":[{"name":"wp","href":"https:\/\/api.w.org\/{rel}","templated":true}]}}