{"id":42,"date":"2019-10-09T10:04:16","date_gmt":"2019-10-09T08:04:16","guid":{"rendered":"http:\/\/15789.onofficeweb.com\/?page_id=42"},"modified":"2026-04-22T16:05:02","modified_gmt":"2026-04-22T14:05:02","slug":"gewerbeimmobilien","status":"publish","type":"page","link":"https:\/\/www.immobil-niederkofler.it\/de\/immobiliensuche\/gewerbeimmobilien\/","title":{"rendered":"Gewerbeimmobilien"},"content":{"rendered":"\t\t<div data-elementor-type=\"wp-page\" data-elementor-id=\"42\" class=\"elementor elementor-42\" data-elementor-post-type=\"page\">\n\t\t\t\t\t\t<section class=\"elementor-section elementor-top-section elementor-element elementor-element-b2098e2 elementor-section-full_width elementor-section-height-default elementor-section-height-default\" data-id=\"b2098e2\" data-element_type=\"section\" data-e-type=\"section\">\n\t\t\t\t\t\t<div class=\"elementor-container elementor-column-gap-no\">\n\t\t\t\t\t<div class=\"elementor-column elementor-col-100 elementor-top-column elementor-element elementor-element-6697ab4\" data-id=\"6697ab4\" data-element_type=\"column\" data-e-type=\"column\">\n\t\t\t<div class=\"elementor-widget-wrap elementor-element-populated\">\n\t\t\t\t\t\t<div class=\"elementor-element elementor-element-0c0f83b elementor-widget elementor-widget-shortcode\" data-id=\"0c0f83b\" data-element_type=\"widget\" data-e-type=\"widget\" data-widget_type=\"shortcode.default\">\n\t\t\t\t<div class=\"elementor-widget-container\">\n\t\t\t\t\t\t\t<div class=\"elementor-shortcode\">\r\n<script type=\"text\/javascript\">\r\n\r\n    function setGetParam(key,value) {\r\n        if (history.pushState) {\r\n            var params = new URLSearchParams(window.location.search);\r\n            params.set(key, value);\r\n            var newUrl = window.location.protocol + \"\/\/\" + window.location.host + window.location.pathname + '?' + params.toString();\r\n            window.history.pushState({path:newUrl},'',newUrl);\r\n        }\r\n    }\r\n\r\n    function getUrlParameter(sParam) {\r\n        var sPageURL = window.location.search.substring(1),\r\n            sURLVariables = sPageURL.split('&'),\r\n            sParameterName,\r\n            i;\r\n\r\n        for (i = 0; i < sURLVariables.length; i++) {\r\n            sParameterName = sURLVariables[i].split('=');\r\n            if (sParameterName[0] === sParam) {\r\n                return sParameterName[1] === undefined ? true : decodeURIComponent(sParameterName[1]);\r\n            }\r\n        }\r\n    }\r\n\r\n    function resetForm($form){\r\n        $form.find('.form-field input').val('');\r\n        $('.select2-selection__choice__remove').trigger('click');\r\n        $form.find('input:radio, input:checkbox').removeAttr('checked').removeAttr('selected');\r\n        $('#menuOption').val('').trigger('change');\r\n        $('#menuOption5').val('all').trigger('change');\r\n        if (window.location.href.indexOf(\"\/?nutzungsart\") > -1) {\r\n            let nutzungsartParam= new URLSearchParams(window.location.search).get('nutzungsart');\r\n            $('#menuOption1').val(nutzungsartParam).trigger('change');\r\n        } else {\r\n            $('#menuOption1').val('wohnen').trigger('change');\r\n        }\r\n        if (window.location.href.indexOf(\"\/?\") > -1) {\r\n            $form.submit();\r\n        }\r\n    }\r\n\r\n\r\n    jQuery(document).ready(function($) {\r\n        $('.close-filter, .close-filter-mobile').on('click', function () {\r\n            resetForm($('#filterForm'))\r\n        });\r\n    });\r\n<\/script>\r\n<div class=\"xrow selects nav-down\">\r\n    <div class=\"hiddenfields\">\r\n\t\t<p>\u00dcberlassung: <br><div data-name=\"vermarktungsart\" class=\"multiselect\" data-values=\"{&quot;kauf&quot;:&quot;Kauf&quot;,&quot;miete&quot;:&quot;Miete&quot;,&quot;pacht&quot;:&quot;Pacht&quot;}\" data-selected=\"null\">\r\n\t\t\t\t<input type=\"button\" class=\"onoffice-multiselect-edit\" value=\"Bitte ausw\u00e4hlen\">\r\n\t\t\t<\/div>\r\n\t\t\t<\/p><p>Nutzungsart: <br><div data-name=\"nutzungsart\" class=\"multiselect\" data-values=\"{&quot;gewerbe&quot;:&quot;Gewerbe&quot;,&quot;wohnen&quot;:&quot;Wohnen&quot;,&quot;waz&quot;:&quot;Land-\\\/Forstwirtschaft&quot;}\" data-selected=\"null\">\r\n\t\t\t\t<input type=\"button\" class=\"onoffice-multiselect-edit\" value=\"Bitte ausw\u00e4hlen\">\r\n\t\t\t<\/div>\r\n\t\t\t<\/p><p>Objektart: <br><div data-name=\"objektart\" class=\"multiselect\" data-values=\"{&quot;buero_praxen&quot;:&quot;B\\u00fcro \\\/ Praxis&quot;,&quot;wohnung&quot;:&quot;Wohnung&quot;,&quot;parken&quot;:&quot;Parken&quot;,&quot;hallen_lager_prod&quot;:&quot;Hallen \\\/ Lager \\\/ Produktion&quot;,&quot;einzelhandel&quot;:&quot;Gesch\\u00e4ftslokal&quot;,&quot;haus&quot;:&quot;Villa \\\/ Haus \\\/ Bauernhof&quot;,&quot;grundstueck&quot;:&quot;Grundst\\u00fcck&quot;,&quot;gastgewerbe&quot;:&quot;Gastgewerbe&quot;}\" data-selected=\"null\">\r\n\t\t\t\t<input type=\"button\" class=\"onoffice-multiselect-edit\" value=\"Bitte ausw\u00e4hlen\">\r\n\t\t\t<\/div>\r\n\t\t\t<\/p><p>Gemeinde: <br><input name=\"ort\" type=\"text\" value=\"\" maxlength=\"50\"><br><\/p><p>Kaltmiete: <br>Von: Bis: Von: <input name=\"kaltmiete__von\" type=\"number\" step=\"0.1\" min=\"0\" value=\"\"><br>Bis: <input name=\"kaltmiete__bis\" type=\"number\" step=\"0.1\" min=\"0\" value=\"\"><br><\/p><p>Kaufpreis: <br>Von: Bis: Von: <input name=\"kaufpreis__von\" type=\"number\" step=\"0.1\" min=\"0\" value=\"\"><br>Bis: <input name=\"kaufpreis__bis\" type=\"number\" step=\"0.1\" min=\"0\" value=\"\"><br><\/p><p>Nettofl\u00e4che: <br>Von: Von: <input name=\"nutzflaeche__von\" type=\"number\" step=\"0.1\" min=\"0\" value=\"\"><br>Bis: <input name=\"nutzflaeche__bis\" type=\"number\" step=\"0.1\" min=\"0\" value=\"\"><br><\/p><p>Objektzustand: <br><div data-name=\"zustand\" class=\"multiselect\" data-values=\"{&quot;erstbezug&quot;:&quot;Erstbezug&quot;,&quot;neuwertig&quot;:&quot;neuwertig&quot;,&quot;renovierungsbeduerftig&quot;:&quot;renovierungsbed\\u00fcrftig&quot;,&quot;ind_Schl_2783&quot;:&quot;gebraucht&quot;,&quot;zustandSehrGutModernisiert&quot;:&quot;sehr gut \\\/ modernisiert&quot;,&quot;zustandGutAusreichend&quot;:&quot;gut \\\/ ausreichend&quot;,&quot;zustandNeuImBau&quot;:&quot;neu \\\/ im Bau&quot;}\" data-selected=\"null\">\r\n\t\t\t\t<input type=\"button\" class=\"onoffice-multiselect-edit\" value=\"Bitte ausw\u00e4hlen\">\r\n\t\t\t<\/div>\r\n\t\t\t<\/p><p>Zimmer: <br>Von: Bis: Von: <input name=\"anzahl_zimmer__von\" type=\"number\" step=\"0.1\" min=\"0\" value=\"\"><br>Bis: <input name=\"anzahl_zimmer__bis\" type=\"number\" step=\"0.1\" min=\"0\" value=\"\"><br><\/p><p>Aufzug: <br><div data-name=\"fahrstuhl\" class=\"multiselect\" data-values=\"{&quot;personen&quot;:&quot;Ja&quot;,&quot;lasten&quot;:&quot;Lastenfahrstuhl&quot;,&quot;kein_fahrstuhl&quot;:&quot;Nein&quot;}\" data-selected=\"null\">\r\n\t\t\t\t<input type=\"button\" class=\"onoffice-multiselect-edit\" value=\"Bitte ausw\u00e4hlen\">\r\n\t\t\t<\/div>\r\n\t\t\t<\/p><p>Balkon: <br><br><fieldset>\r\n\t\t<input type=\"radio\" id=\"balkon_u\" name=\"balkon\" value=\"u\"\r\n\t\t\t checked>\r\n\t\t<label for=\"balkon_u\">Keine Angabe<\/label>\r\n\t\t<input type=\"radio\" id=\"balkon_y\" name=\"balkon\" value=\"y\"\r\n\t\t\t>\r\n\t\t<label for=\"balkon_y\">Ja<\/label>\r\n\t\t<input type=\"radio\" id=\"balkon_n\" name=\"balkon\" value=\"n\"\r\n\t\t\t>\r\n\t\t<label for=\"balkon_n\">Nein<\/label>\r\n\t  <\/fieldset><\/p><p>Dachboden: <br><br><fieldset>\r\n\t\t<input type=\"radio\" id=\"dachboden_u\" name=\"dachboden\" value=\"u\"\r\n\t\t\t checked>\r\n\t\t<label for=\"dachboden_u\">Keine Angabe<\/label>\r\n\t\t<input type=\"radio\" id=\"dachboden_y\" name=\"dachboden\" value=\"y\"\r\n\t\t\t>\r\n\t\t<label for=\"dachboden_y\">Ja<\/label>\r\n\t\t<input type=\"radio\" id=\"dachboden_n\" name=\"dachboden\" value=\"n\"\r\n\t\t\t>\r\n\t\t<label for=\"dachboden_n\">Nein<\/label>\r\n\t  <\/fieldset><\/p><p>Terrasse: <br><br><fieldset>\r\n\t\t<input type=\"radio\" id=\"terrasse_u\" name=\"terrasse\" value=\"u\"\r\n\t\t\t checked>\r\n\t\t<label for=\"terrasse_u\">Keine Angabe<\/label>\r\n\t\t<input type=\"radio\" id=\"terrasse_y\" name=\"terrasse\" value=\"y\"\r\n\t\t\t>\r\n\t\t<label for=\"terrasse_y\">Ja<\/label>\r\n\t\t<input type=\"radio\" id=\"terrasse_n\" name=\"terrasse\" value=\"n\"\r\n\t\t\t>\r\n\t\t<label for=\"terrasse_n\">Nein<\/label>\r\n\t  <\/fieldset><\/p><p>Balkon-\/ Terrassenfl\u00e4che: <br>Von: <input name=\"balkon_terrasse_flaeche__von\" type=\"number\" step=\"0.1\" min=\"0\" value=\"\"><br>Bis: <input name=\"balkon_terrasse_flaeche__bis\" type=\"number\" step=\"0.1\" min=\"0\" value=\"\"><br><\/p><p>Immobilien Nr.: <br><input name=\"objektnr_extern\" type=\"text\" value=\"\" maxlength=\"20\"><br><\/p><p>Konventioniert: <br><br><fieldset>\r\n\t\t<input type=\"radio\" id=\"konventioniert_u\" name=\"konventioniert\" value=\"u\"\r\n\t\t\t checked>\r\n\t\t<label for=\"konventioniert_u\">Keine Angabe<\/label>\r\n\t\t<input type=\"radio\" id=\"konventioniert_y\" name=\"konventioniert\" value=\"y\"\r\n\t\t\t>\r\n\t\t<label for=\"konventioniert_y\">Ja<\/label>\r\n\t\t<input type=\"radio\" id=\"konventioniert_n\" name=\"konventioniert\" value=\"n\"\r\n\t\t\t>\r\n\t\t<label for=\"konventioniert_n\">Nein<\/label>\r\n\t  <\/fieldset><\/p>    <\/div>\r\n    <script type=\"text\/javascript\">\r\n\r\n    <\/script>\r\n    <section class=\"section\" id=\"immosearch\">\r\n        <div class=\"wrap-form\">\r\n            <form class=\"wrap-form__form\" method=\"get\" id=\"filterForm\" action=\"https:\/\/www.immobil-niederkofler.it\/de\/immobiliensuche\/\">\r\n                <div class=\"first-select row\">\r\n                    <div class=\"col-12 col-xl-2\">\r\n                        <div class=\" first-select__form-field form-field\">\r\n                            <label>Vermarktungsart<\/label>\r\n                            <select id=\"menuOption\" class=\"main-select-search vermarktungsart\" data-width=\"fit\" data-oofield=\"vermarktungsart\" data-ootype=\"onoffice-multiselect-edit\" name=\"vermarktungsart\">\r\n                                <option value=\"\">Alle<\/option>\r\n\t                            <option value=\"kauf\" label=\"Kauf\" >Kauf<\/option><option value=\"miete\" label=\"Miete\" >Miete<\/option><option value=\"pacht\" label=\"Pacht\" >Pacht<\/option>                            <\/select>\r\n                        <\/div>\r\n                    <\/div>\r\n                    <div class=\"col-12 col-xl-2\">\r\n                        <div class=\"form-field\">\r\n                            <label>NUTZUNGSART<\/label>\r\n                            <select id=\"menuOption1\" class=\"main-select-search\" data-width=\"fit\" data-oofield=\"nutzungsart\" data-ootype=\"onoffice-multiselect-edit\" name=\"nutzungsart\">\r\n\t                            <option value=\"wohnen\" label=\"Wohnen\" >Wohnen<\/option><option value=\"gewerbe\" label=\"Gewerbe\" >Gewerbe<\/option><option value=\"waz\" label=\"Land-\/Forstwirtschaft\" >Land-\/Forstwirtschaft<\/option>                            <\/select>\r\n                        <\/div>\r\n                    <\/div>\r\n                    <div class=\"col-12 col-xl-2\">\r\n                        <style>\r\n                            .select2-search__field.testoss::-webkit-input-placeholder,\r\n                            .select2-search__field.testoss:placeholder-shown,\r\n                            .select2-search__field.testoss::placeholder {\r\n                                color: red !important;\r\n                            }\r\n                            ::-webkit-input-placeholder {\r\n                                color: #7b7a7b !important;\r\n                            }\r\n                            ::-moz-placeholder {\r\n                                color: #7b7a7b !important;\r\n                            }\r\n                            :-ms-input-placeholder {\r\n                                color: #7b7a7b !important;\r\n                            }\r\n                            :-moz-placeholder {\r\n                                color: #7b7a7b !important;\r\n                            }\r\n                        <\/style>\r\n                        <script type=\"text\/javascript\">\r\n                            var $ = jQuery;\r\n                            $(function () {\r\n                                let getUrlParameter = function getUrlParameter(sParam) {\r\n                                    let sPageURL = window.location.search.substring(1);\r\n                                    let sURLVariables = sPageURL.split('&');\r\n                                    for (let i = 0; i < sURLVariables.length; i++)\r\n                                    {\r\n                                        let sParameterName = sURLVariables[i].split('=');\r\n                                        if (sParameterName[0] === sParam)\r\n                                        {\r\n                                            return sParameterName[1];\r\n                                        }\r\n                                    }\r\n                                };\r\n                                let objekartSelect = $('#objektart');\r\n                                let nutzungsartSelect = $('#menuOption1');\r\n                                let $floorSpaceInput = $('#floorSpace').find('input');\r\n\r\n                                if (getUrlParameter('nutzungsart') === 'anlage') {\r\n                                    clearOptions(objekartSelect);\r\n                                    objekartSelect.append(\"<option value='buero_praxen' label='B\u00fcro \/ Praxis' >B\u00fcro \/ Praxis<\/option><option value='wohnung' label='Wohnung' >Wohnung<\/option><option value='parken' label='Parken' >Parken<\/option><option value='hallen_lager_prod' label='Hallen \/ Lager \/ Produktion' >Hallen \/ Lager \/ Produktion<\/option><option value='einzelhandel' label='Gesch\u00e4ftslokal' >Gesch\u00e4ftslokal<\/option><option value='haus' label='Villa \/ Haus \/ Bauernhof' >Villa \/ Haus \/ Bauernhof<\/option><option value='grundstueck' label='Grundst\u00fcck' >Grundst\u00fcck<\/option><option value='gastgewerbe' label='Gastgewerbe' >Gastgewerbe<\/option>\").trigger('change');\r\n                                }\r\n                                if (nutzungsartSelect.val() === 'wohnen') {\r\n                                    let optionListLiving = '<option value=\"wohnung\" label=\"Wohnung\" >Wohnung<\/option>' +\r\n                                        '<option value=\"grundstueck\" label=\"Grundst\u00fcck\" >Grundst\u00fcck<\/option>' +\r\n                                        '<option value=\"parken\" label=\"Parken\" >Parken<\/option>' +\r\n                                        '<option value=\"haus\" label=\"Villa \/ Haus \/ Bauernhof\" >Villa \/ Haus \/ Bauernhof<\/option>';\r\n                                    clearOptions(objekartSelect);\r\n                                    objekartSelect.append(optionListLiving).trigger('change');\r\n                                    $floorSpaceInput.attr('name', 'wohnflaeche__von');\r\n                                }\r\n                                if (nutzungsartSelect.val() === 'gewerbe') {\r\n                                    let optionListCommercial = '<option value=\"einzelhandel\" label=\"Gesch\u00e4ftslokal\" >Gesch\u00e4ftslokal<\/option>' +\r\n                                        '<option value=\"buero_praxen\" label=\"B\u00fcro \/ Praxis\" >B\u00fcro \/ Praxis<\/option>' +\r\n                                        '<option value=\"parken\" label=\"Parken\" >Parken<\/option>' +\r\n                                        '<option value=\"gastgewerbe\" label=\"Gastgewerbe\" >Gastgewerbe<\/option>' +\r\n                                        '<option value=\"hallen_lager_prod\" label=\"Hallen \/ Lager \/ Produktion\" >Hallen \/ Lager \/ Produktion<\/option>';\r\n                                    clearOptions(objekartSelect);\r\n                                    objekartSelect.append(optionListCommercial).trigger('change');\r\n                                    $floorSpaceInput.attr('name', 'nutzflaeche__von');\r\n                                }\r\n                                if (nutzungsartSelect.val() === 'waz') {\r\n                                    let optionListWaz = '<option value=\"haus\" label=\"Villa \/ Haus \/ Bauernhof\" >Villa \/ Haus \/ Bauernhof<\/option>';\r\n                                    clearOptions(objekartSelect);\r\n                                    objekartSelect.append(optionListWaz).trigger('change');\r\n                                    $floorSpaceInput.attr('name', 'grundstuecksflaeche__von');\r\n                                }\r\n                                nutzungsartSelect.on('change', function (e) {\r\n                                    \/\/ e.stopPropagation();\r\n                                    objekartSelect.val(null).trigger('change');\r\n                                    if ($(this).val() === '' || $(this).val() === 'anlage') {\r\n                                        clearOptions(objekartSelect);\r\n                                        objekartSelect.append(\"<option value='buero_praxen' label='B\u00fcro \/ Praxis' >B\u00fcro \/ Praxis<\/option><option value='wohnung' label='Wohnung' >Wohnung<\/option><option value='parken' label='Parken' >Parken<\/option><option value='hallen_lager_prod' label='Hallen \/ Lager \/ Produktion' >Hallen \/ Lager \/ Produktion<\/option><option value='einzelhandel' label='Gesch\u00e4ftslokal' >Gesch\u00e4ftslokal<\/option><option value='haus' label='Villa \/ Haus \/ Bauernhof' >Villa \/ Haus \/ Bauernhof<\/option><option value='grundstueck' label='Grundst\u00fcck' >Grundst\u00fcck<\/option><option value='gastgewerbe' label='Gastgewerbe' >Gastgewerbe<\/option>\").trigger('change');\r\n                                    }\r\n                                    if ($(this).val() === 'wohnen') {\r\n                                        let optionListLiving = '<option value=\"wohnung\" label=\"Wohnung\">Wohnung<\/option>' +\r\n                                            '<option value=\"grundstueck\" label=\"Grundst\u00fcck\">Grundst\u00fcck<\/option>' +\r\n                                            '<option value=\"parken\" label=\"Parken\">Parken<\/option>' +\r\n                                            '<option value=\"haus\" label=\"Villa \/ Haus \/ Bauernhof\">Villa \/ Haus \/ Bauernhof<\/option>';\r\n                                        clearOptions(objekartSelect);\r\n                                        objekartSelect.append(optionListLiving).trigger('change');\r\n                                        $floorSpaceInput.attr('name', 'wohnflaeche__von');\r\n                                    }\r\n                                    if ($(this).val() === 'gewerbe') {\r\n                                        let optionListCommercial = '<option value=\"einzelhandel\" label=\"Gesch\u00e4ftslokal\">Gesch\u00e4ftslokal<\/option>' +\r\n                                            '<option value=\"buero_praxen\" label=\"B\u00fcro \/ Praxis\">B\u00fcro \/ Praxis<\/option>' +\r\n                                            '<option value=\"parken\" label=\"Parken\">Parken<\/option>' +\r\n                                            '<option value=\"gastgewerbe\" label=\"Gastgewerbe\">Gastgewerbe<\/option>' +\r\n                                            '<option value=\"hallen_lager_prod\" label=\"Hallen \/ Lager \/ Produktion\">Hallen \/ Lager \/ Produktion<\/option>';                                        clearOptions(objekartSelect);\r\n                                        objekartSelect.append(optionListCommercial).trigger('change');\r\n                                        $floorSpaceInput.attr('name', 'nutzflaeche__von');\r\n                                    }\r\n                                    if ($(this).val() === 'waz') {\r\n                                        let optionListWaz = '<option value=\"haus\" label=\"Villa \/ Haus \/ Bauernhof\">Villa \/ Haus \/ Bauernhof<\/option>';\r\n                                        clearOptions(objekartSelect);\r\n                                        objekartSelect.append(optionListWaz).trigger('change');\r\n                                        $floorSpaceInput.attr('name', 'grundstuecksflaeche__von');\r\n                                    }\r\n                                });\r\n\r\n                                function clearOptions(select)\r\n                                {\r\n                                    select.html('');\r\n                                }\r\n                            })\r\n                        <\/script>\r\n                        <div class=\"form-field\">\r\n                            <label>Objektart<\/label>\r\n                            <select id=\"objektart\" data-attribute=\"de\" class=\"main-select select2\" name=\"objektart[]\" multiple>\r\n                                <option value=\"buero_praxen\" label=\"B\u00fcro \/ Praxis\" >B\u00fcro \/ Praxis<\/option><option value=\"wohnung\" label=\"Wohnung\" >Wohnung<\/option><option value=\"parken\" label=\"Parken\" >Parken<\/option><option value=\"hallen_lager_prod\" label=\"Hallen \/ Lager \/ Produktion\" >Hallen \/ Lager \/ Produktion<\/option><option value=\"einzelhandel\" label=\"Gesch\u00e4ftslokal\" >Gesch\u00e4ftslokal<\/option><option value=\"haus\" label=\"Villa \/ Haus \/ Bauernhof\" >Villa \/ Haus \/ Bauernhof<\/option><option value=\"grundstueck\" label=\"Grundst\u00fcck\" >Grundst\u00fcck<\/option><option value=\"gastgewerbe\" label=\"Gastgewerbe\" >Gastgewerbe<\/option>                            <\/select>\r\n                        <\/div>\r\n                    <\/div>\r\n                    <div class=\"col-12 col-xl-2\">\r\n                        <div class=\"form-field form-field--dark\">\r\n                            <label>Ort<\/label>\r\n                                    <script>\n            $(function () {\n                const $ortAutofill = $('#ortAutofill');\n                const $ortParam = $('#ortParam');\n                const ortParamValue = $ortParam.val();\n                const data = [{\"name\":\"Eppan\",\"translation\":\"Eppan\"},{\"name\":\"Bardolino\",\"translation\":\"Bardolino\"},{\"name\":\"Bozen\",\"translation\":\"Bozen\"},{\"name\":\"Bruneck\",\"translation\":\"Bruneck\"},{\"name\":\"Kaltern\",\"translation\":\"Kaltern\"},{\"name\":\"Sand in Taufers\",\"translation\":\"Sand in Taufers\"},{\"name\":\"Kiens\",\"translation\":\"Kiens\"},{\"name\":\"Toblach\",\"translation\":\"Toblach\"},{\"name\":\"Pfalzen\",\"translation\":\"Pfalzen\"},{\"name\":\"Gais\",\"translation\":\"Gais\"},{\"name\":\"Gardone Riviera\",\"translation\":\"Gardone Riviera\"},{\"name\":\"Lazise\",\"translation\":\"Lazise\"},{\"name\":\"Welsberg-Taisten\",\"translation\":\"Welsberg-Taisten\"},{\"name\":\"Montan\",\"translation\":\"Montan\"},{\"name\":\"Natz-Schabs\",\"translation\":\"Natz-Schabs\"},{\"name\":\"Deutschnofen\",\"translation\":\"Deutschnofen\"},{\"name\":\"Percha\",\"translation\":\"Percha\"},{\"name\":\"Rasen-Antholz\",\"translation\":\"Rasen-Antholz\"},{\"name\":\"Ritten\",\"translation\":\"Ritten\"},{\"name\":\"Innichen\",\"translation\":\"Innichen\"},{\"name\":\"Jenesien\",\"translation\":\"Jenesien\"},{\"name\":\"Sankt Lorenzen\",\"translation\":\"Sankt Lorenzen\"},{\"name\":\"St. Martin in Thurn\",\"translation\":\"St. Martin in Thurn\"},{\"name\":\"M\\u00fchlwald\",\"translation\":\"M\\u00fchlwald\"},{\"name\":\"Bozen\",\"translation\":\"Bozen\"},{\"name\":\"Torri del Benaco\",\"translation\":\"Torri del Benaco\"},{\"name\":\"Toscolano-Maderno\",\"translation\":\"Toscolano-Maderno\"},{\"name\":\"Olang\",\"translation\":\"Olang\"},{\"name\":\"Ahrntal\",\"translation\":\"Ahrntal\"},{\"name\":\"Vintl\",\"translation\":\"Vintl\"},{\"name\":\"Niederdorf\",\"translation\":\"Niederdorf\"}];\n\n                if (ortParamValue) {\n                    const location = data.find(ort => ort.translation === ortParamValue);\n                    if (location) {\n                        $ortAutofill.val(location.name);\n                    } else {\n                        $ortAutofill.val(ortParamValue);\n                    }\n                }\n                \n                const options = {\n                    data: data,\n                    getValue: 'name',\n                    placeholder: 'Ort',\n                    list: {\n                        maxNumberOfElements: 10,\n                        match: {\n                            enabled: true\n                        }\n                    }\n                };\n                $ortAutofill.easyAutocomplete(options);\n                $ortAutofill.on('change', function () {\n                    const location = $ortAutofill.getSelectedItemData().translation;\n                    if (location) {\n                        $ortParam.val(location);\n                    } else {\n                        \/\/For using enter or entering values which are not part of cities in list\n                        let $ortValue = $ortAutofill.val().toLowerCase();\n                        let $ortData = data.find(x => x.name.toLowerCase() === $ortValue);\n                        $ortParam.val($ortData ? $ortData.translation : $ortValue);\n                    }\n                })\n            });\n        <\/script>\n        <input type=\"text\" class=\"text-uppercase\" name=\"ort_auto\" id=\"ortAutofill\" value=\"\"><input type=\"hidden\" name=\"ort\" id=\"ortParam\" value=\"\"\/>                        <\/div>\r\n                    <\/div>\r\n                    <div class=\"search-btns col-12 col-xl-4 align-self-end\">\r\n                        <div class=\"row d-flex\">\r\n                            <div class=\"col-12 col-xl-6 order-12 align-self-end\">\r\n                                <div class=\"button yellow\" style=\"width: 100%;\">\r\n                                    <button type=\"submit\" class=\"btn\">Immobilie finden<\/button>\r\n                                <\/div>\r\n                            <\/div>\r\n                            <div class=\"col-12 col-xl-6 order-0 align-self-end\">\r\n                                <div class=\"button button__search\" style=\"margin-bottom: 0; width: 100%;\">\r\n                                    <button type=\"button\" class=\"btn ghost\">Erweiterte Suche &nbsp;<i class=\"search fa fa-plus\" aria-hidden=\"true\" ><\/i><\/button>\r\n                                <\/div>\r\n                            <\/div>\r\n                        <\/div>\r\n                    <\/div>\r\n                <\/div>\r\n                <div class=\"second-select hide row\">\r\n                    <div class=\"col-12 col-xl-2\">\r\n                        <div class=\"form-field purchase-price\">\r\n                            <label>PREIS IN \u20ac<\/label>\r\n                                                        <div class=\"form-field form-field--dark\">\r\n                                <input class=\"group-item single price text-uppercase\" type=\"currency\" step=\"10000\" name=\"kaufpreis__bis\" placeholder=\"BIS...\" value=\"\">\r\n                            <\/div>\r\n                        <\/div>\r\n                        <div class=\"form-field hidden-field cold-rent\">\r\n                            <label>KALTMIETE BIS (IN \u20ac)<\/label>\r\n                            <div class=\"form-field form-field--dark form-field_group\">\r\n                                <input class=\"group-item single price\" type=\"currency\" step=\"100\" name=\"kaltmiete__bis\" placeholder=\"BIS...\" value=\"\">\r\n                            <\/div>\r\n                        <\/div>\r\n                        <div class=\"form-field hidden-field lease\">\r\n                            <label>PACHT BIS (IN \u20ac)<\/label>\r\n                            <div class=\"form-field form-field--dark form-field_group\">\r\n                                <input class=\"group-item single price\" type=\"currency\" step=\"100\" name=\"pacht__bis\" placeholder=\"BIS...\" value=\"\">\r\n                            <\/div>\r\n                        <\/div>\r\n                    <\/div>\r\n                    <div class=\"col-12 col-xl-2\">\r\n                        <div class=\"form-field\">\r\n                            <label>Nettofl\u00e4che in m&sup2;<\/label>\r\n                            <div id=\"floorSpace\" class=\"form-field form-field--dark\">\r\n                                <input class=\"group-item full-width text-uppercase\" placeholder=\"Ab...\" name=\"wohnflaeche__von\" type=\"number\" step=\"5\" min=\"0\" value=\"\">                            <\/div>\r\n                        <\/div>\r\n                    <\/div>\r\n                    <div class=\"col-12 col-xl-2\">\r\n                        <div class=\"form-field\">\r\n                            <label>Zimmer<\/label>\r\n                            <div class=\"form-field form-field--dark\">\r\n                                <input class=\"group-item full-width text-uppercase\" placeholder=\"Von...\" name=\"anzahl_zimmer__von\" type=\"number\" step=\"1\" min=\"0\" value=\"\">                            <\/div>\r\n                        <\/div>\r\n                    <\/div>\r\n                    <div class=\"col-12 col-xl-2\">\r\n                        <div class=\"first-select__form-field form-field\">\r\n                            <label>\r\n                                Zustand                            <\/label>\r\n                            <select id=\"menuOption5\" class=\"main-select-search\" data-width=\"fit\" name=\"\">\r\n                                <option value=\"all\" >                                    Alle                                <\/option>                                <option value=\"new\" >                                    Neu                                <\/option>                                <option value=\"used\" >                                    Gebraucht                                <\/option>                                <option value=\"renovation_required\" >                                    Renovierungsbed\u00fcrftig                                <\/option>                            <\/select>\r\n                            <div class=\"hidden-state\"><\/div>\r\n                        <\/div>\r\n                    <\/div>\r\n                    <div class=\"col-12 col-xl-2\">\r\n                        <div class=\"form-field\">\r\n                            <label>Ausstattung<\/label>\r\n                            <select id=\"ausstattung\" data-attribute=\"de\" class=\"main-select select2\" multiple>\r\n                                <option value=\"gartennutzung\" label=\"gartennutzung\" >Garten<\/option><option value=\"balkonTerrasse\" label=\"balkonTerrasse\" >Balkon oder Terrasse<\/option><option value=\"fahrstuhl\" label=\"fahrstuhl\" >Aufzug<\/option><option value=\"dachboden\" label=\"dachboden\" >Dachgeschoss<\/option><option value=\"ind_1474_Feld_ObjZustand4\" label=\"ind_1474_Feld_ObjZustand4\" >Nicht konventioniert<\/option>                            <\/select>\r\n                            <input type=\"hidden\"  id=\"gartennutzungHidden\" value=y \/>\r\n                            <input type=\"hidden\"  id=\"balkonTerrasseHidden\" value=1 \/>\r\n                            <input type=\"hidden\" class=\"jsFahrstuhlFields\"  value=\"personen\" \/>\r\n                            <input type=\"hidden\" class=\"jsFahrstuhlFields\"  value=\"lasten\" \/>\r\n                            <input type=\"hidden\"  class=\"jsDachbodenFields\" value=\"dachgeschoss\" \/>\r\n                            <input type=\"hidden\"  class=\"jsDachbodenFields\" value=\"penthouse\" \/>\r\n                            <input type=\"hidden\"  class=\"jsDachbodenFields\" value=\"rohdachboden\" \/>\r\n                            <input type=\"hidden\"  id=\"ind_1474_Feld_ObjZustand4Hidden\" value=Ja \/>\r\n                        <\/div>\r\n                        <script>\r\n                            $(document).ready(function () {\r\n                                let html = '';\r\n                                const $menuOption5 = $('select#menuOption5');\r\n\r\n                                if($menuOption5.val() !== 'all') {\r\n                                    addHiddenZustandParameters($menuOption5.val());\r\n                                }\r\n                                $menuOption5.on('change', function (e) {\r\n                                    addHiddenZustandParameters($menuOption5.val());\r\n                                });\r\n                                function addHiddenZustandParameters(zustandValue) {\r\n                                    if(zustandValue === 'all') {\r\n                                        html = '';\r\n                                    }\r\n                                    if(zustandValue === 'new') {\r\n                                        html = '<input type=\"hidden\" name=\"zustand[]\" value=\"erstbezug\">';\r\n                                        html += '<input type=\"hidden\" name=\"zustand[]\" value=\"vollstaendig_renoviert\">';\r\n                                        html += '<input type=\"hidden\" name=\"zustand[]\" value=\"neuwertig\">';\r\n                                    }\r\n\r\n                                    if(zustandValue === 'used') {\r\n                                        html = '<input type=\"hidden\" name=\"zustand[]\" value=\"ind_Schl_2783\">';\r\n                                        html += '<input type=\"hidden\" name=\"zustand[]\" value=\"saniert\">';\r\n                                    }\r\n                                    if(zustandValue === 'renovation_required') {\r\n                                        html = '<input type=\"hidden\" name=\"zustand[]\" value=\"renovierungsbeduerftig\">';\r\n                                        html += '<input type=\"hidden\" name=\"zustand[]\" value=\"baufaellig\">';\r\n                                        html += '<input type=\"hidden\" name=\"zustand[]\" value=\"rohbau\">';\r\n                                    }\r\n                                    $('.hidden-state').html(html);\r\n                                }\r\n                            });\r\n                        <\/script>\r\n                    <\/div>\r\n                    <div class=\"col-12 col-xl-2\">\r\n                        <div class=\"form-field\">\r\n                            <label>Immobilien Nr.<\/label>\r\n                                                        <div class=\"form-field form-field--dark\">\r\n                                <input class=\"group-item single text-uppercase\" name=\"objektnr_extern\" type=\"text\"  placeholder=\"Immobilien Nr.\" value=\"\">\r\n                            <\/div>\r\n                       \r\n                        <\/div>\r\n                    <\/div>\r\n                    <div class=\"col-12 col-xl-2 xlast-element mt-1\">\r\n                        <div class=\"first-select__form-field form-field reset-filter\">\r\n                            <div class=\"close-filter\">\r\n                                <p><i class=\"fa fa-times-circle-o\" aria-hidden=\"true\"><\/i>zur\u00fccksetzen<\/p>\r\n                            <\/div>\r\n                        <\/div>\r\n                    <\/div>\r\n                <\/div>\r\n            <\/form>\r\n        <\/div>\r\n    <\/section>\r\n<\/div>\r\n\r\n<script type=\"text\/javascript\">\r\n    var $ = jQuery;\r\n    $(function () {\r\n        let $price = $('.price');\r\n\r\n        $price.formatCurrency({ region: 'de-DE' });\r\n\r\n        $price.on('blur focus', function (e) {\r\n           $(this).formatCurrency({ region: 'de-DE' });\r\n        });\r\n\r\n        $('input[name=\"anzahl_zimmer__bis\"]').on('change', function () {\r\n            $('input[name=\"anzahl_zimmer__von\"]').attr('max', $(this).val() - 1);\r\n        });\r\n        $('input[name=\"anzahl_zimmer__von\"]').on('change', function () {\r\n            $('input[name=\"anzahl_zimmer__bis\"]').attr('min', parseInt($(this).val()) + 1);\r\n        });\r\n    });\r\n<\/script><\/div>\n\t\t\t\t\t\t<\/div>\n\t\t\t\t<\/div>\n\t\t\t\t\t<\/div>\n\t\t<\/div>\n\t\t\t\t\t<\/div>\n\t\t<\/section>\n\t\t\t\t<section class=\"elementor-section elementor-top-section elementor-element elementor-element-6bbd63f elementor-section-full_width elementor-section-height-default elementor-section-height-default\" data-id=\"6bbd63f\" data-element_type=\"section\" data-e-type=\"section\">\n\t\t\t\t\t\t<div class=\"elementor-container elementor-column-gap-default\">\n\t\t\t\t\t<div class=\"elementor-column elementor-col-100 elementor-top-column elementor-element elementor-element-2961f85\" data-id=\"2961f85\" data-element_type=\"column\" data-e-type=\"column\">\n\t\t\t<div class=\"elementor-widget-wrap elementor-element-populated\">\n\t\t\t\t\t\t<div class=\"elementor-element elementor-element-ce6fc31 elementor-widget elementor-widget-h1-with-lines\" data-id=\"ce6fc31\" data-element_type=\"widget\" data-e-type=\"widget\" data-widget_type=\"h1-with-lines.default\">\n\t\t\t\t<div class=\"elementor-widget-container\">\n\t\t\t\t\t\t\t<h1 class=\"site-title with-lines center\">\n            <span>Gewerbeimmobilien in S\u00fcdtirol kaufen<\/span>\n        <\/h1>\n        \t\t\t\t<\/div>\n\t\t\t\t<\/div>\n\t\t\t\t\t<\/div>\n\t\t<\/div>\n\t\t\t\t\t<\/div>\n\t\t<\/section>\n\t\t\t\t<section class=\"elementor-section elementor-top-section elementor-element elementor-element-4e35f06 elementor-section-boxed elementor-section-height-default elementor-section-height-default\" data-id=\"4e35f06\" data-element_type=\"section\" data-e-type=\"section\">\n\t\t\t\t\t\t<div class=\"elementor-container elementor-column-gap-default\">\n\t\t\t\t\t<div class=\"elementor-column elementor-col-100 elementor-top-column elementor-element elementor-element-8f135cd\" data-id=\"8f135cd\" data-element_type=\"column\" data-e-type=\"column\">\n\t\t\t<div class=\"elementor-widget-wrap elementor-element-populated\">\n\t\t\t\t\t\t<div class=\"elementor-element elementor-element-7dc4499 elementor-widget elementor-widget-text-editor\" data-id=\"7dc4499\" data-element_type=\"widget\" data-e-type=\"widget\" data-widget_type=\"text-editor.default\">\n\t\t\t\t<div class=\"elementor-widget-container\">\n\t\t\t\t\t\t\t\t\t<p style=\"text-align: left;\">Sie suchen einen kompetenten Partner f\u00fcr Ihre Anliegen zum Thema <strong>Gewerbeimmobilien im Pustertal, in Bozen <\/strong>oder einem anderen Ort<strong> S\u00fcdtirols<\/strong>? Dann sind Sie bei uns genau richtig.<\/p><p style=\"text-align: left;\">Ob Lagerhallen, B\u00fcrofl\u00e4chen, Arztpraxen, Gesch\u00e4fte, Einzelhandelsfl\u00e4chen, Gewerbegrundst\u00fccke, Restaurants, Hotels oder Pensionen \u2013 jede Immobilienart hat ihre Eigenheiten. Diesen speziellen Anforderungen werden wir mit <strong>unserem Knowhow und unserer Markterfahrung<\/strong> mit Sicherheit gerecht. Immobilien Niederkofler hat in S\u00fcdtirol in den letzten Jahren einige nennenswerte Gewerbetransaktionen betreut. Wir arbeiten sowohl f\u00fcr lokale Unternehmen als auch f\u00fcr internationale Konzerne.<\/p>\t\t\t\t\t\t\t\t<\/div>\n\t\t\t\t<\/div>\n\t\t\t\t\t<\/div>\n\t\t<\/div>\n\t\t\t\t\t<\/div>\n\t\t<\/section>\n\t\t\t\t<section class=\"elementor-section elementor-top-section elementor-element elementor-element-051642a elementor-section-boxed elementor-section-height-default elementor-section-height-default\" data-id=\"051642a\" data-element_type=\"section\" data-e-type=\"section\">\n\t\t\t\t\t\t<div class=\"elementor-container elementor-column-gap-default\">\n\t\t\t\t\t<div class=\"elementor-column elementor-col-100 elementor-top-column elementor-element elementor-element-fda0a23\" data-id=\"fda0a23\" data-element_type=\"column\" data-e-type=\"column\">\n\t\t\t<div class=\"elementor-widget-wrap elementor-element-populated\">\n\t\t\t\t\t\t<div class=\"elementor-element elementor-element-e809cef elementor-widget elementor-widget-shortcode\" data-id=\"e809cef\" data-element_type=\"widget\" data-e-type=\"widget\" data-widget_type=\"shortcode.default\">\n\t\t\t\t<div class=\"elementor-widget-container\">\n\t\t\t\t\t\t\t<div class=\"elementor-shortcode\">\n<div class=\"xrow immobilien-list \">\n    <section>\n        <div class=\"immobilien-list__title\">\n            <div class=\"wrap-select\">\n                <div class=\"form-field\">\n                    <select name=\"userDefinedSelection\" data-sort-listviewid=\"13\" class=\"onofficeSortListSelector\"><option value=\"kaufpreis#ASC\" >Kaufpreis (aufsteigend)<\/option><option value=\"kaufpreis#DESC\" >Kaufpreis (absteigend)<\/option><option value=\"kaltmiete#ASC\" >Kaltmiete (aufsteigend)<\/option><option value=\"kaltmiete#DESC\" >Kaltmiete (absteigend)<\/option><option value=\"anzahl_zimmer#ASC\" >Zimmer (aufsteigend)<\/option><option value=\"anzahl_zimmer#DESC\" >Zimmer (absteigend)<\/option><option value=\"ort#ASC\" >Gemeinde (aufsteigend)<\/option><option value=\"ort#DESC\" >Gemeinde (absteigend)<\/option><option value=\"geaendert_am#ASC\" >Letzte \u00c4nderung (aufsteigend)<\/option><option value=\"geaendert_am#DESC\"  selected>Letzte \u00c4nderung (absteigend)<\/option><\/select>                <\/div>\n            <\/div>\n            <h2>\n                30 Immobilien            <\/h2>\n        <\/div>\n        <div class=\"immobilien-list__cards row\">\n\t        <div class=\"col-12 col-md-6 col-xl-4 immobilien-list__cards_current\">\n            <div class=\"immobilien-list__card-list card-list\">\n                <div class=\"card-list__slider owl-carousel owl-theme\">\n\t                \t\t                <div class=\"item card-list__item\">\n\t\t                    <a href=\"https:\/\/www.immobil-niederkofler.it\/en\/detail\/2117\/\" class=\"estate-status\">\n\t\t                        <img decoding=\"async\" loading=\"lazy\" class=\"overview-img owl-lazy\" data-src=\"https:\/\/acnaayzuen.cloudimg.io\/crop\/450x337\/q70\/https:\/\/image.onoffice.de\/smart20\/Objekte\/ImmobilienNiederkofler\/2117\/a934a306-f389-46e7-9da8-37f69d4166dd.jpg@450x\" src=\"https:\/\/acnaayzuen.cloudimg.io\/crop\/450x337\/q90\/https:\/\/image.onoffice.de\/smart20\/Objekte\/ImmobilienNiederkofler\/2117\/a934a306-f389-46e7-9da8-37f69d4166dd.jpg@450x\" alt=\"B\u00fcro\">\n\t\t                    <\/a>\n\t\t                <\/div>\n\t\t                \t                                <\/div>\n                <div class=\"card-list__info card-list__info_badge\">\n                    <span><\/span>                    <div class=\"wrap-icons wrap-icons_like\">\n                        <i class=\"icon-share\" aria-hidden=\"true\"><\/i>\n                        <div class=\"sharebuttons\">\n                            <div class=\"shariff shariff-align-left shariff-widget-align-left\"><ul class=\"shariff-buttons theme-round orientation-horizontal buttonsize-small\"><li class=\"shariff-button facebook shariff-nocustomcolor\" style=\"background-color:#4273c8\"><a href=\"https:\/\/www.facebook.com\/sharer\/sharer.php?u=https%3A%2F%2Fwww.immobil-niederkofler.it%2Fen%2Fdetail%2F2117%2F\" title=\"Bei Facebook teilen\" aria-label=\"Bei Facebook teilen\" role=\"button\" rel=\"nofollow\" class=\"shariff-link\" style=\"; background-color:#3b5998; color:#fff\" target=\"_blank\"><span class=\"shariff-icon\" style=\"\"><svg width=\"32px\" height=\"20px\" xmlns=\"http:\/\/www.w3.org\/2000\/svg\" viewBox=\"0 0 18 32\"><path fill=\"#3b5998\" d=\"M17.1 0.2v4.7h-2.8q-1.5 0-2.1 0.6t-0.5 1.9v3.4h5.2l-0.7 5.3h-4.5v13.6h-5.5v-13.6h-4.5v-5.3h4.5v-3.9q0-3.3 1.9-5.2t5-1.8q2.6 0 4.1 0.2z\"\/><\/svg><\/span><\/a><\/li><li class=\"shariff-button whatsapp shariff-nocustomcolor\" style=\"background-color:#5cbe4a\"><a href=\"https:\/\/api.whatsapp.com\/send?text=https%3A%2F%2Fwww.immobil-niederkofler.it%2Fen%2Fdetail%2F2117%2F%20B%C3%BCrolokal%20in%20der%20Stadtgasse\" title=\"Bei Whatsapp teilen\" aria-label=\"Bei Whatsapp teilen\" role=\"button\" rel=\"noopener nofollow\" class=\"shariff-link\" style=\"; background-color:#34af23; color:#fff\" target=\"_blank\"><span class=\"shariff-icon\" style=\"\"><svg width=\"32px\" height=\"20px\" xmlns=\"http:\/\/www.w3.org\/2000\/svg\" viewBox=\"0 0 32 32\"><path fill=\"#34af23\" d=\"M17.6 17.4q0.2 0 1.7 0.8t1.6 0.9q0 0.1 0 0.3 0 0.6-0.3 1.4-0.3 0.7-1.3 1.2t-1.8 0.5q-1 0-3.4-1.1-1.7-0.8-3-2.1t-2.6-3.3q-1.3-1.9-1.3-3.5v-0.1q0.1-1.6 1.3-2.8 0.4-0.4 0.9-0.4 0.1 0 0.3 0t0.3 0q0.3 0 0.5 0.1t0.3 0.5q0.1 0.4 0.6 1.6t0.4 1.3q0 0.4-0.6 1t-0.6 0.8q0 0.1 0.1 0.3 0.6 1.3 1.8 2.4 1 0.9 2.7 1.8 0.2 0.1 0.4 0.1 0.3 0 1-0.9t0.9-0.9zM14 26.9q2.3 0 4.3-0.9t3.6-2.4 2.4-3.6 0.9-4.3-0.9-4.3-2.4-3.6-3.6-2.4-4.3-0.9-4.3 0.9-3.6 2.4-2.4 3.6-0.9 4.3q0 3.6 2.1 6.6l-1.4 4.2 4.3-1.4q2.8 1.9 6.2 1.9zM14 2.2q2.7 0 5.2 1.1t4.3 2.9 2.9 4.3 1.1 5.2-1.1 5.2-2.9 4.3-4.3 2.9-5.2 1.1q-3.5 0-6.5-1.7l-7.4 2.4 2.4-7.2q-1.9-3.2-1.9-6.9 0-2.7 1.1-5.2t2.9-4.3 4.3-2.9 5.2-1.1z\"\/><\/svg><\/span><\/a><\/li><li class=\"shariff-button mailto shariff-nocustomcolor\" style=\"background-color:#a8a8a8\"><a href=\"mailto:?body=https%3A%2F%2Fwww.immobil-niederkofler.it%2Fen%2Fdetail%2F2117%2F&subject=B%C3%BCrolokal%20in%20der%20Stadtgasse\" title=\"Per E-Mail versenden\" aria-label=\"Per E-Mail versenden\" role=\"button\" rel=\"noopener nofollow\" class=\"shariff-link\" style=\"; background-color:#999; color:#fff\"><span class=\"shariff-icon\" style=\"\"><svg width=\"32px\" height=\"20px\" xmlns=\"http:\/\/www.w3.org\/2000\/svg\" viewBox=\"0 0 32 32\"><path fill=\"#999\" d=\"M32 12.7v14.2q0 1.2-0.8 2t-2 0.9h-26.3q-1.2 0-2-0.9t-0.8-2v-14.2q0.8 0.9 1.8 1.6 6.5 4.4 8.9 6.1 1 0.8 1.6 1.2t1.7 0.9 2 0.4h0.1q0.9 0 2-0.4t1.7-0.9 1.6-1.2q3-2.2 8.9-6.1 1-0.7 1.8-1.6zM32 7.4q0 1.4-0.9 2.7t-2.2 2.2q-6.7 4.7-8.4 5.8-0.2 0.1-0.7 0.5t-1 0.7-0.9 0.6-1.1 0.5-0.9 0.2h-0.1q-0.4 0-0.9-0.2t-1.1-0.5-0.9-0.6-1-0.7-0.7-0.5q-1.6-1.1-4.7-3.2t-3.6-2.6q-1.1-0.7-2.1-2t-1-2.5q0-1.4 0.7-2.3t2.1-0.9h26.3q1.2 0 2 0.8t0.9 2z\"\/><\/svg><\/span><\/a><\/li><\/ul><\/div>                        <\/div>\n                                                <i class=\"heart fa fa-heart-o onoffice favorize\" aria-hidden=\"true\" data-onoffice-estateid=\"2117\"><\/i>\n\t                                        <\/div>\n                <\/div>\n                <div class=\"card-list__content\">\n                    <div class=\"location\">\n                        <p><i class=\"fa fa-map-marker\" aria-hidden=\"true\"><\/i>Bruneck - Historische Zentrum <\/p>\n                    <\/div>\n                    <div class=\"title-ellipsis\">\n                        <p>\n                            <a href=\"https:\/\/www.immobil-niederkofler.it\/en\/detail\/2117\/\" class=\"estate-status\">\n                                B\u00fcrolokal in der Stadtgasse                            <\/a>\n\t\t\t\t\t\t\t<script>\n\t\t\t\t\t\t\t\tconsole.log(\"immo: ge\u00e4ndert:\");\n\t\t\t\t\t\t\t<\/script>\n                        <\/p>\n                    <\/div>\n                    <div class=\"description\">\n                        \n                        \n                        \n                                                                            <div class=\"description__icon\">\n                                <img decoding=\"async\" src=\"https:\/\/www.immobil-niederkofler.it\/wp-content\/themes\/niederkofler\/assets\/img\/immo_list\/square-metre.png\" alt=\"Nutzfl\u00e4che\" title=\"Nutzfl\u00e4che\" \/>\n                                <p>32 m\u00b2<\/p>\n                            <\/div>\n                                                                        <div class=\"description__icon\">\n                                                        <img decoding=\"async\" src=\"https:\/\/www.immobil-niederkofler.it\/wp-content\/themes\/niederkofler\/assets\/img\/immo_list\/8.png\" alt=\"Zimmer\" title=\"Zimmer\"\/>\n                                                        <p>1<\/p>\n                        <\/div>\n                                                \n                                                    <div class=\"description__icon\">\n                            <img decoding=\"async\" src=\"https:\/\/www.immobil-niederkofler.it\/wp-content\/themes\/niederkofler\/assets\/img\/immo_list\/bath.png\" alt=\"WC's\" title=\"WC's\" \/>\n                         <p>1&nbsp;<\/p>\n                         <\/div>\n                         \n                        \t                                                <div class=\"description__icon\">\n                                <img decoding=\"async\" src=\"https:\/\/www.immobil-niederkofler.it\/wp-content\/themes\/niederkofler\/assets\/img\/immo_list\/euro.png\" alt=\"550 \" title=\"550 \"\/>\n                                <p>550 <\/p>\n                            <\/div>\n\t                                        <\/div>\n                <\/div>\n            <\/div>\n        <\/div>\n\n\t        <div class=\"col-12 col-md-6 col-xl-4 immobilien-list__cards_current\">\n            <div class=\"immobilien-list__card-list card-list\">\n                <div class=\"card-list__slider owl-carousel owl-theme\">\n\t                \t\t                <div class=\"item card-list__item\">\n\t\t                    <a href=\"https:\/\/www.immobil-niederkofler.it\/en\/detail\/51859\/\" class=\"estate-status\">\n\t\t                        <img decoding=\"async\" loading=\"lazy\" class=\"overview-img owl-lazy\" data-src=\"https:\/\/acnaayzuen.cloudimg.io\/crop\/450x337\/q70\/https:\/\/image.onoffice.de\/smart20\/Objekte\/ImmobilienNiederkofler\/51859\/_173727.jpg@450x\" src=\"https:\/\/acnaayzuen.cloudimg.io\/crop\/450x337\/q90\/https:\/\/image.onoffice.de\/smart20\/Objekte\/ImmobilienNiederkofler\/51859\/_173727.jpg@450x\" alt=\"\">\n\t\t                    <\/a>\n\t\t                <\/div>\n\t\t                \t                                <\/div>\n                <div class=\"card-list__info card-list__info_badge\">\n                    <span><\/span>                    <div class=\"wrap-icons wrap-icons_like\">\n                        <i class=\"icon-share\" aria-hidden=\"true\"><\/i>\n                        <div class=\"sharebuttons\">\n                            <div class=\"shariff shariff-align-left shariff-widget-align-left\"><ul class=\"shariff-buttons theme-round orientation-horizontal buttonsize-small\"><li class=\"shariff-button facebook shariff-nocustomcolor\" style=\"background-color:#4273c8\"><a href=\"https:\/\/www.facebook.com\/sharer\/sharer.php?u=https%3A%2F%2Fwww.immobil-niederkofler.it%2Fen%2Fdetail%2F51859%2F\" title=\"Bei Facebook teilen\" aria-label=\"Bei Facebook teilen\" role=\"button\" rel=\"nofollow\" class=\"shariff-link\" style=\"; background-color:#3b5998; color:#fff\" target=\"_blank\"><span class=\"shariff-icon\" style=\"\"><svg width=\"32px\" height=\"20px\" xmlns=\"http:\/\/www.w3.org\/2000\/svg\" viewBox=\"0 0 18 32\"><path fill=\"#3b5998\" d=\"M17.1 0.2v4.7h-2.8q-1.5 0-2.1 0.6t-0.5 1.9v3.4h5.2l-0.7 5.3h-4.5v13.6h-5.5v-13.6h-4.5v-5.3h4.5v-3.9q0-3.3 1.9-5.2t5-1.8q2.6 0 4.1 0.2z\"\/><\/svg><\/span><\/a><\/li><li class=\"shariff-button whatsapp shariff-nocustomcolor\" style=\"background-color:#5cbe4a\"><a href=\"https:\/\/api.whatsapp.com\/send?text=https%3A%2F%2Fwww.immobil-niederkofler.it%2Fen%2Fdetail%2F51859%2F%20B%C3%BCrolokal%20in%20der%20Pfarrhofstra%C3%9Fe%20zu%20verkaufen\" title=\"Bei Whatsapp teilen\" aria-label=\"Bei Whatsapp teilen\" role=\"button\" rel=\"noopener nofollow\" class=\"shariff-link\" style=\"; background-color:#34af23; color:#fff\" target=\"_blank\"><span class=\"shariff-icon\" style=\"\"><svg width=\"32px\" height=\"20px\" xmlns=\"http:\/\/www.w3.org\/2000\/svg\" viewBox=\"0 0 32 32\"><path fill=\"#34af23\" d=\"M17.6 17.4q0.2 0 1.7 0.8t1.6 0.9q0 0.1 0 0.3 0 0.6-0.3 1.4-0.3 0.7-1.3 1.2t-1.8 0.5q-1 0-3.4-1.1-1.7-0.8-3-2.1t-2.6-3.3q-1.3-1.9-1.3-3.5v-0.1q0.1-1.6 1.3-2.8 0.4-0.4 0.9-0.4 0.1 0 0.3 0t0.3 0q0.3 0 0.5 0.1t0.3 0.5q0.1 0.4 0.6 1.6t0.4 1.3q0 0.4-0.6 1t-0.6 0.8q0 0.1 0.1 0.3 0.6 1.3 1.8 2.4 1 0.9 2.7 1.8 0.2 0.1 0.4 0.1 0.3 0 1-0.9t0.9-0.9zM14 26.9q2.3 0 4.3-0.9t3.6-2.4 2.4-3.6 0.9-4.3-0.9-4.3-2.4-3.6-3.6-2.4-4.3-0.9-4.3 0.9-3.6 2.4-2.4 3.6-0.9 4.3q0 3.6 2.1 6.6l-1.4 4.2 4.3-1.4q2.8 1.9 6.2 1.9zM14 2.2q2.7 0 5.2 1.1t4.3 2.9 2.9 4.3 1.1 5.2-1.1 5.2-2.9 4.3-4.3 2.9-5.2 1.1q-3.5 0-6.5-1.7l-7.4 2.4 2.4-7.2q-1.9-3.2-1.9-6.9 0-2.7 1.1-5.2t2.9-4.3 4.3-2.9 5.2-1.1z\"\/><\/svg><\/span><\/a><\/li><li class=\"shariff-button mailto shariff-nocustomcolor\" style=\"background-color:#a8a8a8\"><a href=\"mailto:?body=https%3A%2F%2Fwww.immobil-niederkofler.it%2Fen%2Fdetail%2F51859%2F&subject=B%C3%BCrolokal%20in%20der%20Pfarrhofstra%C3%9Fe%20zu%20verkaufen\" title=\"Per E-Mail versenden\" aria-label=\"Per E-Mail versenden\" role=\"button\" rel=\"noopener nofollow\" class=\"shariff-link\" style=\"; background-color:#999; color:#fff\"><span class=\"shariff-icon\" style=\"\"><svg width=\"32px\" height=\"20px\" xmlns=\"http:\/\/www.w3.org\/2000\/svg\" viewBox=\"0 0 32 32\"><path fill=\"#999\" d=\"M32 12.7v14.2q0 1.2-0.8 2t-2 0.9h-26.3q-1.2 0-2-0.9t-0.8-2v-14.2q0.8 0.9 1.8 1.6 6.5 4.4 8.9 6.1 1 0.8 1.6 1.2t1.7 0.9 2 0.4h0.1q0.9 0 2-0.4t1.7-0.9 1.6-1.2q3-2.2 8.9-6.1 1-0.7 1.8-1.6zM32 7.4q0 1.4-0.9 2.7t-2.2 2.2q-6.7 4.7-8.4 5.8-0.2 0.1-0.7 0.5t-1 0.7-0.9 0.6-1.1 0.5-0.9 0.2h-0.1q-0.4 0-0.9-0.2t-1.1-0.5-0.9-0.6-1-0.7-0.7-0.5q-1.6-1.1-4.7-3.2t-3.6-2.6q-1.1-0.7-2.1-2t-1-2.5q0-1.4 0.7-2.3t2.1-0.9h26.3q1.2 0 2 0.8t0.9 2z\"\/><\/svg><\/span><\/a><\/li><\/ul><\/div>                        <\/div>\n                                                <i class=\"heart fa fa-heart-o onoffice favorize\" aria-hidden=\"true\" data-onoffice-estateid=\"51859\"><\/i>\n\t                                        <\/div>\n                <\/div>\n                <div class=\"card-list__content\">\n                    <div class=\"location\">\n                        <p><i class=\"fa fa-map-marker\" aria-hidden=\"true\"><\/i>Bozen - Oberau-Haslach <\/p>\n                    <\/div>\n                    <div class=\"title-ellipsis\">\n                        <p>\n                            <a href=\"https:\/\/www.immobil-niederkofler.it\/en\/detail\/51859\/\" class=\"estate-status\">\n                                B\u00fcrolokal in der Pfarrhofstra\u00dfe zu verkaufen                            <\/a>\n\t\t\t\t\t\t\t<script>\n\t\t\t\t\t\t\t\tconsole.log(\"immo: ge\u00e4ndert:\");\n\t\t\t\t\t\t\t<\/script>\n                        <\/p>\n                    <\/div>\n                    <div class=\"description\">\n                        \n                        \n                        \n                                                                            <div class=\"description__icon\">\n                                <img decoding=\"async\" src=\"https:\/\/www.immobil-niederkofler.it\/wp-content\/themes\/niederkofler\/assets\/img\/immo_list\/square-metre.png\" alt=\"Nutzfl\u00e4che\" title=\"Nutzfl\u00e4che\" \/>\n                                <p>53 m\u00b2<\/p>\n                            <\/div>\n                                                                        <div class=\"description__icon\">\n                                                        <img decoding=\"async\" src=\"https:\/\/www.immobil-niederkofler.it\/wp-content\/themes\/niederkofler\/assets\/img\/immo_list\/8.png\" alt=\"Zimmer\" title=\"Zimmer\"\/>\n                                                        <p>1<\/p>\n                        <\/div>\n                                                \n                                                    <div class=\"description__icon\">\n                            <img decoding=\"async\" src=\"https:\/\/www.immobil-niederkofler.it\/wp-content\/themes\/niederkofler\/assets\/img\/immo_list\/bath.png\" alt=\"WC's\" title=\"WC's\" \/>\n                         <p>2&nbsp;<\/p>\n                         <\/div>\n                         \n                                                <div class=\"description__icon\">\n                            <img decoding=\"async\" src=\"https:\/\/www.immobil-niederkofler.it\/wp-content\/themes\/niederkofler\/assets\/img\/immo_list\/euro.png\" alt=\"125.000 \" title=\"125.000 \"\/>\n                            <p>125.000 <\/p>\n                        <\/div>\n                        \t                                        <\/div>\n                <\/div>\n            <\/div>\n        <\/div>\n\n\t        <div class=\"col-12 col-md-6 col-xl-4 immobilien-list__cards_current\">\n            <div class=\"immobilien-list__card-list card-list\">\n                <div class=\"card-list__slider owl-carousel owl-theme\">\n\t                \t\t                <div class=\"item card-list__item\">\n\t\t                    <a href=\"https:\/\/www.immobil-niederkofler.it\/en\/detail\/41383\/\" class=\"estate-status\">\n\t\t                        <img decoding=\"async\" loading=\"lazy\" class=\"overview-img owl-lazy\" data-src=\"https:\/\/acnaayzuen.cloudimg.io\/crop\/450x337\/q70\/https:\/\/image.onoffice.de\/smart20\/Objekte\/ImmobilienNiederkofler\/41383\/effa1bc2-f052-490c-96db-0b80bed0dafc.jpg@450x\" src=\"https:\/\/acnaayzuen.cloudimg.io\/crop\/450x337\/q90\/https:\/\/image.onoffice.de\/smart20\/Objekte\/ImmobilienNiederkofler\/41383\/effa1bc2-f052-490c-96db-0b80bed0dafc.jpg@450x\" alt=\"\">\n\t\t                    <\/a>\n\t\t                <\/div>\n\t\t                \t                                <\/div>\n                <div class=\"card-list__info card-list__info_badge\">\n                    <span><\/span>                    <div class=\"wrap-icons wrap-icons_like\">\n                        <i class=\"icon-share\" aria-hidden=\"true\"><\/i>\n                        <div class=\"sharebuttons\">\n                            <div class=\"shariff shariff-align-left shariff-widget-align-left\"><ul class=\"shariff-buttons theme-round orientation-horizontal buttonsize-small\"><li class=\"shariff-button facebook shariff-nocustomcolor\" style=\"background-color:#4273c8\"><a href=\"https:\/\/www.facebook.com\/sharer\/sharer.php?u=https%3A%2F%2Fwww.immobil-niederkofler.it%2Fen%2Fdetail%2F41383%2F\" title=\"Bei Facebook teilen\" aria-label=\"Bei Facebook teilen\" role=\"button\" rel=\"nofollow\" class=\"shariff-link\" style=\"; background-color:#3b5998; color:#fff\" target=\"_blank\"><span class=\"shariff-icon\" style=\"\"><svg width=\"32px\" height=\"20px\" xmlns=\"http:\/\/www.w3.org\/2000\/svg\" viewBox=\"0 0 18 32\"><path fill=\"#3b5998\" d=\"M17.1 0.2v4.7h-2.8q-1.5 0-2.1 0.6t-0.5 1.9v3.4h5.2l-0.7 5.3h-4.5v13.6h-5.5v-13.6h-4.5v-5.3h4.5v-3.9q0-3.3 1.9-5.2t5-1.8q2.6 0 4.1 0.2z\"\/><\/svg><\/span><\/a><\/li><li class=\"shariff-button whatsapp shariff-nocustomcolor\" style=\"background-color:#5cbe4a\"><a href=\"https:\/\/api.whatsapp.com\/send?text=https%3A%2F%2Fwww.immobil-niederkofler.it%2Fen%2Fdetail%2F41383%2F%20B%C3%BCrolokal%20unter%20den%20Lauben%20zu%20vermieten\" title=\"Bei Whatsapp teilen\" aria-label=\"Bei Whatsapp teilen\" role=\"button\" rel=\"noopener nofollow\" class=\"shariff-link\" style=\"; background-color:#34af23; color:#fff\" target=\"_blank\"><span class=\"shariff-icon\" style=\"\"><svg width=\"32px\" height=\"20px\" xmlns=\"http:\/\/www.w3.org\/2000\/svg\" viewBox=\"0 0 32 32\"><path fill=\"#34af23\" d=\"M17.6 17.4q0.2 0 1.7 0.8t1.6 0.9q0 0.1 0 0.3 0 0.6-0.3 1.4-0.3 0.7-1.3 1.2t-1.8 0.5q-1 0-3.4-1.1-1.7-0.8-3-2.1t-2.6-3.3q-1.3-1.9-1.3-3.5v-0.1q0.1-1.6 1.3-2.8 0.4-0.4 0.9-0.4 0.1 0 0.3 0t0.3 0q0.3 0 0.5 0.1t0.3 0.5q0.1 0.4 0.6 1.6t0.4 1.3q0 0.4-0.6 1t-0.6 0.8q0 0.1 0.1 0.3 0.6 1.3 1.8 2.4 1 0.9 2.7 1.8 0.2 0.1 0.4 0.1 0.3 0 1-0.9t0.9-0.9zM14 26.9q2.3 0 4.3-0.9t3.6-2.4 2.4-3.6 0.9-4.3-0.9-4.3-2.4-3.6-3.6-2.4-4.3-0.9-4.3 0.9-3.6 2.4-2.4 3.6-0.9 4.3q0 3.6 2.1 6.6l-1.4 4.2 4.3-1.4q2.8 1.9 6.2 1.9zM14 2.2q2.7 0 5.2 1.1t4.3 2.9 2.9 4.3 1.1 5.2-1.1 5.2-2.9 4.3-4.3 2.9-5.2 1.1q-3.5 0-6.5-1.7l-7.4 2.4 2.4-7.2q-1.9-3.2-1.9-6.9 0-2.7 1.1-5.2t2.9-4.3 4.3-2.9 5.2-1.1z\"\/><\/svg><\/span><\/a><\/li><li class=\"shariff-button mailto shariff-nocustomcolor\" style=\"background-color:#a8a8a8\"><a href=\"mailto:?body=https%3A%2F%2Fwww.immobil-niederkofler.it%2Fen%2Fdetail%2F41383%2F&subject=B%C3%BCrolokal%20unter%20den%20Lauben%20zu%20vermieten\" title=\"Per E-Mail versenden\" aria-label=\"Per E-Mail versenden\" role=\"button\" rel=\"noopener nofollow\" class=\"shariff-link\" style=\"; background-color:#999; color:#fff\"><span class=\"shariff-icon\" style=\"\"><svg width=\"32px\" height=\"20px\" xmlns=\"http:\/\/www.w3.org\/2000\/svg\" viewBox=\"0 0 32 32\"><path fill=\"#999\" d=\"M32 12.7v14.2q0 1.2-0.8 2t-2 0.9h-26.3q-1.2 0-2-0.9t-0.8-2v-14.2q0.8 0.9 1.8 1.6 6.5 4.4 8.9 6.1 1 0.8 1.6 1.2t1.7 0.9 2 0.4h0.1q0.9 0 2-0.4t1.7-0.9 1.6-1.2q3-2.2 8.9-6.1 1-0.7 1.8-1.6zM32 7.4q0 1.4-0.9 2.7t-2.2 2.2q-6.7 4.7-8.4 5.8-0.2 0.1-0.7 0.5t-1 0.7-0.9 0.6-1.1 0.5-0.9 0.2h-0.1q-0.4 0-0.9-0.2t-1.1-0.5-0.9-0.6-1-0.7-0.7-0.5q-1.6-1.1-4.7-3.2t-3.6-2.6q-1.1-0.7-2.1-2t-1-2.5q0-1.4 0.7-2.3t2.1-0.9h26.3q1.2 0 2 0.8t0.9 2z\"\/><\/svg><\/span><\/a><\/li><\/ul><\/div>                        <\/div>\n                                                <i class=\"heart fa fa-heart-o onoffice favorize\" aria-hidden=\"true\" data-onoffice-estateid=\"41383\"><\/i>\n\t                                        <\/div>\n                <\/div>\n                <div class=\"card-list__content\">\n                    <div class=\"location\">\n                        <p><i class=\"fa fa-map-marker\" aria-hidden=\"true\"><\/i>Bozen - Stadtzentrum <\/p>\n                    <\/div>\n                    <div class=\"title-ellipsis\">\n                        <p>\n                            <a href=\"https:\/\/www.immobil-niederkofler.it\/en\/detail\/41383\/\" class=\"estate-status\">\n                                B\u00fcrolokal unter den Lauben zu vermieten                            <\/a>\n\t\t\t\t\t\t\t<script>\n\t\t\t\t\t\t\t\tconsole.log(\"immo: ge\u00e4ndert:\");\n\t\t\t\t\t\t\t<\/script>\n                        <\/p>\n                    <\/div>\n                    <div class=\"description\">\n                        \n                        \n                        \n                                                                            <div class=\"description__icon\">\n                                <img decoding=\"async\" src=\"https:\/\/www.immobil-niederkofler.it\/wp-content\/themes\/niederkofler\/assets\/img\/immo_list\/square-metre.png\" alt=\"Nutzfl\u00e4che\" title=\"Nutzfl\u00e4che\" \/>\n                                <p>94 m\u00b2<\/p>\n                            <\/div>\n                                                                        <div class=\"description__icon\">\n                                                        <img decoding=\"async\" src=\"https:\/\/www.immobil-niederkofler.it\/wp-content\/themes\/niederkofler\/assets\/img\/immo_list\/8.png\" alt=\"Zimmer\" title=\"Zimmer\"\/>\n                                                        <p>3<\/p>\n                        <\/div>\n                                                \n                                                    <div class=\"description__icon\">\n                            <img decoding=\"async\" src=\"https:\/\/www.immobil-niederkofler.it\/wp-content\/themes\/niederkofler\/assets\/img\/immo_list\/bath.png\" alt=\"WC's\" title=\"WC's\" \/>\n                         <p>2&nbsp;<\/p>\n                         <\/div>\n                         \n                        \t                                                <div class=\"description__icon\">\n                                <img decoding=\"async\" src=\"https:\/\/www.immobil-niederkofler.it\/wp-content\/themes\/niederkofler\/assets\/img\/immo_list\/euro.png\" alt=\"1.400 \" title=\"1.400 \"\/>\n                                <p>1.400 <\/p>\n                            <\/div>\n\t                                        <\/div>\n                <\/div>\n            <\/div>\n        <\/div>\n\n\t        <div class=\"col-12 col-md-6 col-xl-4 immobilien-list__cards_current\">\n            <div class=\"immobilien-list__card-list card-list\">\n                <div class=\"card-list__slider owl-carousel owl-theme\">\n\t                \t\t                <div class=\"item card-list__item\">\n\t\t                    <a href=\"https:\/\/www.immobil-niederkofler.it\/en\/detail\/45763\/\" class=\"estate-status\">\n\t\t                        <img decoding=\"async\" loading=\"lazy\" class=\"overview-img owl-lazy\" data-src=\"https:\/\/acnaayzuen.cloudimg.io\/crop\/450x337\/q70\/https:\/\/image.onoffice.de\/smart20\/Objekte\/ImmobilienNiederkofler\/45763\/542af581-e7f7-4490-8809-13289c78c646.jpg@450x\" src=\"https:\/\/acnaayzuen.cloudimg.io\/crop\/450x337\/q90\/https:\/\/image.onoffice.de\/smart20\/Objekte\/ImmobilienNiederkofler\/45763\/542af581-e7f7-4490-8809-13289c78c646.jpg@450x\" alt=\"Gesch\u00e4ft\">\n\t\t                    <\/a>\n\t\t                <\/div>\n\t\t                \t                                <\/div>\n                <div class=\"card-list__info card-list__info_badge\">\n                    <p>Reserviert<\/p>                    <div class=\"wrap-icons wrap-icons_like\">\n                        <i class=\"icon-share\" aria-hidden=\"true\"><\/i>\n                        <div class=\"sharebuttons\">\n                            <div class=\"shariff shariff-align-left shariff-widget-align-left\"><ul class=\"shariff-buttons theme-round orientation-horizontal buttonsize-small\"><li class=\"shariff-button facebook shariff-nocustomcolor\" style=\"background-color:#4273c8\"><a href=\"https:\/\/www.facebook.com\/sharer\/sharer.php?u=https%3A%2F%2Fwww.immobil-niederkofler.it%2Fen%2Fdetail%2F45763%2F\" title=\"Bei Facebook teilen\" aria-label=\"Bei Facebook teilen\" role=\"button\" rel=\"nofollow\" class=\"shariff-link\" style=\"; background-color:#3b5998; color:#fff\" target=\"_blank\"><span class=\"shariff-icon\" style=\"\"><svg width=\"32px\" height=\"20px\" xmlns=\"http:\/\/www.w3.org\/2000\/svg\" viewBox=\"0 0 18 32\"><path fill=\"#3b5998\" d=\"M17.1 0.2v4.7h-2.8q-1.5 0-2.1 0.6t-0.5 1.9v3.4h5.2l-0.7 5.3h-4.5v13.6h-5.5v-13.6h-4.5v-5.3h4.5v-3.9q0-3.3 1.9-5.2t5-1.8q2.6 0 4.1 0.2z\"\/><\/svg><\/span><\/a><\/li><li class=\"shariff-button whatsapp shariff-nocustomcolor\" style=\"background-color:#5cbe4a\"><a href=\"https:\/\/api.whatsapp.com\/send?text=https%3A%2F%2Fwww.immobil-niederkofler.it%2Fen%2Fdetail%2F45763%2F%20Kleines%20Gesch%C3%A4ftslokal%20zu%20vermieten\" title=\"Bei Whatsapp teilen\" aria-label=\"Bei Whatsapp teilen\" role=\"button\" rel=\"noopener nofollow\" class=\"shariff-link\" style=\"; background-color:#34af23; color:#fff\" target=\"_blank\"><span class=\"shariff-icon\" style=\"\"><svg width=\"32px\" height=\"20px\" xmlns=\"http:\/\/www.w3.org\/2000\/svg\" viewBox=\"0 0 32 32\"><path fill=\"#34af23\" d=\"M17.6 17.4q0.2 0 1.7 0.8t1.6 0.9q0 0.1 0 0.3 0 0.6-0.3 1.4-0.3 0.7-1.3 1.2t-1.8 0.5q-1 0-3.4-1.1-1.7-0.8-3-2.1t-2.6-3.3q-1.3-1.9-1.3-3.5v-0.1q0.1-1.6 1.3-2.8 0.4-0.4 0.9-0.4 0.1 0 0.3 0t0.3 0q0.3 0 0.5 0.1t0.3 0.5q0.1 0.4 0.6 1.6t0.4 1.3q0 0.4-0.6 1t-0.6 0.8q0 0.1 0.1 0.3 0.6 1.3 1.8 2.4 1 0.9 2.7 1.8 0.2 0.1 0.4 0.1 0.3 0 1-0.9t0.9-0.9zM14 26.9q2.3 0 4.3-0.9t3.6-2.4 2.4-3.6 0.9-4.3-0.9-4.3-2.4-3.6-3.6-2.4-4.3-0.9-4.3 0.9-3.6 2.4-2.4 3.6-0.9 4.3q0 3.6 2.1 6.6l-1.4 4.2 4.3-1.4q2.8 1.9 6.2 1.9zM14 2.2q2.7 0 5.2 1.1t4.3 2.9 2.9 4.3 1.1 5.2-1.1 5.2-2.9 4.3-4.3 2.9-5.2 1.1q-3.5 0-6.5-1.7l-7.4 2.4 2.4-7.2q-1.9-3.2-1.9-6.9 0-2.7 1.1-5.2t2.9-4.3 4.3-2.9 5.2-1.1z\"\/><\/svg><\/span><\/a><\/li><li class=\"shariff-button mailto shariff-nocustomcolor\" style=\"background-color:#a8a8a8\"><a href=\"mailto:?body=https%3A%2F%2Fwww.immobil-niederkofler.it%2Fen%2Fdetail%2F45763%2F&subject=Kleines%20Gesch%C3%A4ftslokal%20zu%20vermieten\" title=\"Per E-Mail versenden\" aria-label=\"Per E-Mail versenden\" role=\"button\" rel=\"noopener nofollow\" class=\"shariff-link\" style=\"; background-color:#999; color:#fff\"><span class=\"shariff-icon\" style=\"\"><svg width=\"32px\" height=\"20px\" xmlns=\"http:\/\/www.w3.org\/2000\/svg\" viewBox=\"0 0 32 32\"><path fill=\"#999\" d=\"M32 12.7v14.2q0 1.2-0.8 2t-2 0.9h-26.3q-1.2 0-2-0.9t-0.8-2v-14.2q0.8 0.9 1.8 1.6 6.5 4.4 8.9 6.1 1 0.8 1.6 1.2t1.7 0.9 2 0.4h0.1q0.9 0 2-0.4t1.7-0.9 1.6-1.2q3-2.2 8.9-6.1 1-0.7 1.8-1.6zM32 7.4q0 1.4-0.9 2.7t-2.2 2.2q-6.7 4.7-8.4 5.8-0.2 0.1-0.7 0.5t-1 0.7-0.9 0.6-1.1 0.5-0.9 0.2h-0.1q-0.4 0-0.9-0.2t-1.1-0.5-0.9-0.6-1-0.7-0.7-0.5q-1.6-1.1-4.7-3.2t-3.6-2.6q-1.1-0.7-2.1-2t-1-2.5q0-1.4 0.7-2.3t2.1-0.9h26.3q1.2 0 2 0.8t0.9 2z\"\/><\/svg><\/span><\/a><\/li><\/ul><\/div>                        <\/div>\n                                                <i class=\"heart fa fa-heart-o onoffice favorize\" aria-hidden=\"true\" data-onoffice-estateid=\"45763\"><\/i>\n\t                                        <\/div>\n                <\/div>\n                <div class=\"card-list__content\">\n                    <div class=\"location\">\n                        <p><i class=\"fa fa-map-marker\" aria-hidden=\"true\"><\/i>Sand in Taufers - Sand i.T. <\/p>\n                    <\/div>\n                    <div class=\"title-ellipsis\">\n                        <p>\n                            <a href=\"https:\/\/www.immobil-niederkofler.it\/en\/detail\/45763\/\" class=\"estate-status\">\n                                Kleines Gesch\u00e4ftslokal zu vermieten                            <\/a>\n\t\t\t\t\t\t\t<script>\n\t\t\t\t\t\t\t\tconsole.log(\"immo: ge\u00e4ndert:\");\n\t\t\t\t\t\t\t<\/script>\n                        <\/p>\n                    <\/div>\n                    <div class=\"description\">\n                        \n                        \n                        \n                                                                            <div class=\"description__icon\">\n                                <img decoding=\"async\" src=\"https:\/\/www.immobil-niederkofler.it\/wp-content\/themes\/niederkofler\/assets\/img\/immo_list\/square-metre.png\" alt=\"Nutzfl\u00e4che\" title=\"Nutzfl\u00e4che\" \/>\n                                <p>24 m\u00b2<\/p>\n                            <\/div>\n                                                                        <div class=\"description__icon\">\n                                                        <img decoding=\"async\" src=\"https:\/\/www.immobil-niederkofler.it\/wp-content\/themes\/niederkofler\/assets\/img\/immo_list\/8.png\" alt=\"Zimmer\" title=\"Zimmer\"\/>\n                                                        <p>1<\/p>\n                        <\/div>\n                                                \n                                                    <div class=\"description__icon\">\n                            <img decoding=\"async\" src=\"https:\/\/www.immobil-niederkofler.it\/wp-content\/themes\/niederkofler\/assets\/img\/immo_list\/bath.png\" alt=\"WC's\" title=\"WC's\" \/>\n                         <p>1&nbsp;<\/p>\n                         <\/div>\n                         \n                        \t                                                <div class=\"description__icon\">\n                                <img decoding=\"async\" src=\"https:\/\/www.immobil-niederkofler.it\/wp-content\/themes\/niederkofler\/assets\/img\/immo_list\/euro.png\" alt=\"470 \" title=\"470 \"\/>\n                                <p>470 <\/p>\n                            <\/div>\n\t                                        <\/div>\n                <\/div>\n            <\/div>\n        <\/div>\n\n\t        <div class=\"col-12 col-md-6 col-xl-4 immobilien-list__cards_current\">\n            <div class=\"immobilien-list__card-list card-list\">\n                <div class=\"card-list__slider owl-carousel owl-theme\">\n\t                \t\t                <div class=\"item card-list__item\">\n\t\t                    <a href=\"https:\/\/www.immobil-niederkofler.it\/en\/detail\/50285\/\" class=\"estate-status\">\n\t\t                        <img decoding=\"async\" loading=\"lazy\" class=\"overview-img owl-lazy\" data-src=\"https:\/\/acnaayzuen.cloudimg.io\/crop\/450x337\/q70\/https:\/\/image.onoffice.de\/smart20\/Objekte\/ImmobilienNiederkofler\/50285\/353a3e5a-742c-4f76-a8e9-190875eb3316.jpg@450x\" src=\"https:\/\/acnaayzuen.cloudimg.io\/crop\/450x337\/q90\/https:\/\/image.onoffice.de\/smart20\/Objekte\/ImmobilienNiederkofler\/50285\/353a3e5a-742c-4f76-a8e9-190875eb3316.jpg@450x\" alt=\"\">\n\t\t                    <\/a>\n\t\t                <\/div>\n\t\t                \t                                <\/div>\n                <div class=\"card-list__info card-list__info_badge\">\n                    <span><\/span>                    <div class=\"wrap-icons wrap-icons_like\">\n                        <i class=\"icon-share\" aria-hidden=\"true\"><\/i>\n                        <div class=\"sharebuttons\">\n                            <div class=\"shariff shariff-align-left shariff-widget-align-left\"><ul class=\"shariff-buttons theme-round orientation-horizontal buttonsize-small\"><li class=\"shariff-button facebook shariff-nocustomcolor\" style=\"background-color:#4273c8\"><a href=\"https:\/\/www.facebook.com\/sharer\/sharer.php?u=https%3A%2F%2Fwww.immobil-niederkofler.it%2Fen%2Fdetail%2F50285%2F\" title=\"Bei Facebook teilen\" aria-label=\"Bei Facebook teilen\" role=\"button\" rel=\"nofollow\" class=\"shariff-link\" style=\"; background-color:#3b5998; color:#fff\" target=\"_blank\"><span class=\"shariff-icon\" style=\"\"><svg width=\"32px\" height=\"20px\" xmlns=\"http:\/\/www.w3.org\/2000\/svg\" viewBox=\"0 0 18 32\"><path fill=\"#3b5998\" d=\"M17.1 0.2v4.7h-2.8q-1.5 0-2.1 0.6t-0.5 1.9v3.4h5.2l-0.7 5.3h-4.5v13.6h-5.5v-13.6h-4.5v-5.3h4.5v-3.9q0-3.3 1.9-5.2t5-1.8q2.6 0 4.1 0.2z\"\/><\/svg><\/span><\/a><\/li><li class=\"shariff-button whatsapp shariff-nocustomcolor\" style=\"background-color:#5cbe4a\"><a href=\"https:\/\/api.whatsapp.com\/send?text=https%3A%2F%2Fwww.immobil-niederkofler.it%2Fen%2Fdetail%2F50285%2F%20Gewerbefl%C3%A4che%20im%20Dachgeschoss%20in%20Bruneck\" title=\"Bei Whatsapp teilen\" aria-label=\"Bei Whatsapp teilen\" role=\"button\" rel=\"noopener nofollow\" class=\"shariff-link\" style=\"; background-color:#34af23; color:#fff\" target=\"_blank\"><span class=\"shariff-icon\" style=\"\"><svg width=\"32px\" height=\"20px\" xmlns=\"http:\/\/www.w3.org\/2000\/svg\" viewBox=\"0 0 32 32\"><path fill=\"#34af23\" d=\"M17.6 17.4q0.2 0 1.7 0.8t1.6 0.9q0 0.1 0 0.3 0 0.6-0.3 1.4-0.3 0.7-1.3 1.2t-1.8 0.5q-1 0-3.4-1.1-1.7-0.8-3-2.1t-2.6-3.3q-1.3-1.9-1.3-3.5v-0.1q0.1-1.6 1.3-2.8 0.4-0.4 0.9-0.4 0.1 0 0.3 0t0.3 0q0.3 0 0.5 0.1t0.3 0.5q0.1 0.4 0.6 1.6t0.4 1.3q0 0.4-0.6 1t-0.6 0.8q0 0.1 0.1 0.3 0.6 1.3 1.8 2.4 1 0.9 2.7 1.8 0.2 0.1 0.4 0.1 0.3 0 1-0.9t0.9-0.9zM14 26.9q2.3 0 4.3-0.9t3.6-2.4 2.4-3.6 0.9-4.3-0.9-4.3-2.4-3.6-3.6-2.4-4.3-0.9-4.3 0.9-3.6 2.4-2.4 3.6-0.9 4.3q0 3.6 2.1 6.6l-1.4 4.2 4.3-1.4q2.8 1.9 6.2 1.9zM14 2.2q2.7 0 5.2 1.1t4.3 2.9 2.9 4.3 1.1 5.2-1.1 5.2-2.9 4.3-4.3 2.9-5.2 1.1q-3.5 0-6.5-1.7l-7.4 2.4 2.4-7.2q-1.9-3.2-1.9-6.9 0-2.7 1.1-5.2t2.9-4.3 4.3-2.9 5.2-1.1z\"\/><\/svg><\/span><\/a><\/li><li class=\"shariff-button mailto shariff-nocustomcolor\" style=\"background-color:#a8a8a8\"><a href=\"mailto:?body=https%3A%2F%2Fwww.immobil-niederkofler.it%2Fen%2Fdetail%2F50285%2F&subject=Gewerbefl%C3%A4che%20im%20Dachgeschoss%20in%20Bruneck\" title=\"Per E-Mail versenden\" aria-label=\"Per E-Mail versenden\" role=\"button\" rel=\"noopener nofollow\" class=\"shariff-link\" style=\"; background-color:#999; color:#fff\"><span class=\"shariff-icon\" style=\"\"><svg width=\"32px\" height=\"20px\" xmlns=\"http:\/\/www.w3.org\/2000\/svg\" viewBox=\"0 0 32 32\"><path fill=\"#999\" d=\"M32 12.7v14.2q0 1.2-0.8 2t-2 0.9h-26.3q-1.2 0-2-0.9t-0.8-2v-14.2q0.8 0.9 1.8 1.6 6.5 4.4 8.9 6.1 1 0.8 1.6 1.2t1.7 0.9 2 0.4h0.1q0.9 0 2-0.4t1.7-0.9 1.6-1.2q3-2.2 8.9-6.1 1-0.7 1.8-1.6zM32 7.4q0 1.4-0.9 2.7t-2.2 2.2q-6.7 4.7-8.4 5.8-0.2 0.1-0.7 0.5t-1 0.7-0.9 0.6-1.1 0.5-0.9 0.2h-0.1q-0.4 0-0.9-0.2t-1.1-0.5-0.9-0.6-1-0.7-0.7-0.5q-1.6-1.1-4.7-3.2t-3.6-2.6q-1.1-0.7-2.1-2t-1-2.5q0-1.4 0.7-2.3t2.1-0.9h26.3q1.2 0 2 0.8t0.9 2z\"\/><\/svg><\/span><\/a><\/li><\/ul><\/div>                        <\/div>\n                                                <i class=\"heart fa fa-heart-o onoffice favorize\" aria-hidden=\"true\" data-onoffice-estateid=\"50285\"><\/i>\n\t                                        <\/div>\n                <\/div>\n                <div class=\"card-list__content\">\n                    <div class=\"location\">\n                        <p><i class=\"fa fa-map-marker\" aria-hidden=\"true\"><\/i>Bruneck - Industriezone <\/p>\n                    <\/div>\n                    <div class=\"title-ellipsis\">\n                        <p>\n                            <a href=\"https:\/\/www.immobil-niederkofler.it\/en\/detail\/50285\/\" class=\"estate-status\">\n                                Gewerbefl\u00e4che im Dachgeschoss in Bruneck                            <\/a>\n\t\t\t\t\t\t\t<script>\n\t\t\t\t\t\t\t\tconsole.log(\"immo: ge\u00e4ndert:\");\n\t\t\t\t\t\t\t<\/script>\n                        <\/p>\n                    <\/div>\n                    <div class=\"description\">\n                        \n                        \n                        \n                                                                            <div class=\"description__icon\">\n                                <img decoding=\"async\" src=\"https:\/\/www.immobil-niederkofler.it\/wp-content\/themes\/niederkofler\/assets\/img\/immo_list\/square-metre.png\" alt=\"Nutzfl\u00e4che\" title=\"Nutzfl\u00e4che\" \/>\n                                <p>260 m\u00b2<\/p>\n                            <\/div>\n                                                                        <div class=\"description__icon\">\n                                                        <img decoding=\"async\" src=\"https:\/\/www.immobil-niederkofler.it\/wp-content\/themes\/niederkofler\/assets\/img\/immo_list\/8.png\" alt=\"Zimmer\" title=\"Zimmer\"\/>\n                                                        <p>4<\/p>\n                        <\/div>\n                                                \n                                                    <div class=\"description__icon\">\n                            <img decoding=\"async\" src=\"https:\/\/www.immobil-niederkofler.it\/wp-content\/themes\/niederkofler\/assets\/img\/immo_list\/bath.png\" alt=\"WC's\" title=\"WC's\" \/>\n                         <p>2&nbsp;<\/p>\n                         <\/div>\n                         \n                                                <div class=\"description__icon\">\n                            <img decoding=\"async\" src=\"https:\/\/www.immobil-niederkofler.it\/wp-content\/themes\/niederkofler\/assets\/img\/immo_list\/euro.png\" alt=\"220.000 \" title=\"220.000 \"\/>\n                            <p>220.000 <\/p>\n                        <\/div>\n                        \t                                        <\/div>\n                <\/div>\n            <\/div>\n        <\/div>\n\n\t        <div class=\"col-12 col-md-6 col-xl-4 immobilien-list__cards_current\">\n            <div class=\"immobilien-list__card-list card-list\">\n                <div class=\"card-list__slider owl-carousel owl-theme\">\n\t                \t\t                <div class=\"item card-list__item\">\n\t\t                    <a href=\"https:\/\/www.immobil-niederkofler.it\/en\/detail\/51559\/\" class=\"estate-status\">\n\t\t                        <img decoding=\"async\" loading=\"lazy\" class=\"overview-img owl-lazy\" data-src=\"https:\/\/acnaayzuen.cloudimg.io\/crop\/450x337\/q70\/https:\/\/image.onoffice.de\/smart20\/Objekte\/ImmobilienNiederkofler\/51559\/0ce1f143-616a-4e4a-8d87-8f187700e934.jpg@450x\" src=\"https:\/\/acnaayzuen.cloudimg.io\/crop\/450x337\/q90\/https:\/\/image.onoffice.de\/smart20\/Objekte\/ImmobilienNiederkofler\/51559\/0ce1f143-616a-4e4a-8d87-8f187700e934.jpg@450x\" alt=\"\">\n\t\t                    <\/a>\n\t\t                <\/div>\n\t\t                \t                                <\/div>\n                <div class=\"card-list__info card-list__info_badge\">\n                    <span><\/span>                    <div class=\"wrap-icons wrap-icons_like\">\n                        <i class=\"icon-share\" aria-hidden=\"true\"><\/i>\n                        <div class=\"sharebuttons\">\n                            <div class=\"shariff shariff-align-left shariff-widget-align-left\"><ul class=\"shariff-buttons theme-round orientation-horizontal buttonsize-small\"><li class=\"shariff-button facebook shariff-nocustomcolor\" style=\"background-color:#4273c8\"><a href=\"https:\/\/www.facebook.com\/sharer\/sharer.php?u=https%3A%2F%2Fwww.immobil-niederkofler.it%2Fen%2Fdetail%2F51559%2F\" title=\"Bei Facebook teilen\" aria-label=\"Bei Facebook teilen\" role=\"button\" rel=\"nofollow\" class=\"shariff-link\" style=\"; background-color:#3b5998; color:#fff\" target=\"_blank\"><span class=\"shariff-icon\" style=\"\"><svg width=\"32px\" height=\"20px\" xmlns=\"http:\/\/www.w3.org\/2000\/svg\" viewBox=\"0 0 18 32\"><path fill=\"#3b5998\" d=\"M17.1 0.2v4.7h-2.8q-1.5 0-2.1 0.6t-0.5 1.9v3.4h5.2l-0.7 5.3h-4.5v13.6h-5.5v-13.6h-4.5v-5.3h4.5v-3.9q0-3.3 1.9-5.2t5-1.8q2.6 0 4.1 0.2z\"\/><\/svg><\/span><\/a><\/li><li class=\"shariff-button whatsapp shariff-nocustomcolor\" style=\"background-color:#5cbe4a\"><a href=\"https:\/\/api.whatsapp.com\/send?text=https%3A%2F%2Fwww.immobil-niederkofler.it%2Fen%2Fdetail%2F51559%2F%20Vermietete%20Pizzeria%2FGesch%C3%A4ftslokal%20zu%20verkaufen%20-%20gute%20Rendite\" title=\"Bei Whatsapp teilen\" aria-label=\"Bei Whatsapp teilen\" role=\"button\" rel=\"noopener nofollow\" class=\"shariff-link\" style=\"; background-color:#34af23; color:#fff\" target=\"_blank\"><span class=\"shariff-icon\" style=\"\"><svg width=\"32px\" height=\"20px\" xmlns=\"http:\/\/www.w3.org\/2000\/svg\" viewBox=\"0 0 32 32\"><path fill=\"#34af23\" d=\"M17.6 17.4q0.2 0 1.7 0.8t1.6 0.9q0 0.1 0 0.3 0 0.6-0.3 1.4-0.3 0.7-1.3 1.2t-1.8 0.5q-1 0-3.4-1.1-1.7-0.8-3-2.1t-2.6-3.3q-1.3-1.9-1.3-3.5v-0.1q0.1-1.6 1.3-2.8 0.4-0.4 0.9-0.4 0.1 0 0.3 0t0.3 0q0.3 0 0.5 0.1t0.3 0.5q0.1 0.4 0.6 1.6t0.4 1.3q0 0.4-0.6 1t-0.6 0.8q0 0.1 0.1 0.3 0.6 1.3 1.8 2.4 1 0.9 2.7 1.8 0.2 0.1 0.4 0.1 0.3 0 1-0.9t0.9-0.9zM14 26.9q2.3 0 4.3-0.9t3.6-2.4 2.4-3.6 0.9-4.3-0.9-4.3-2.4-3.6-3.6-2.4-4.3-0.9-4.3 0.9-3.6 2.4-2.4 3.6-0.9 4.3q0 3.6 2.1 6.6l-1.4 4.2 4.3-1.4q2.8 1.9 6.2 1.9zM14 2.2q2.7 0 5.2 1.1t4.3 2.9 2.9 4.3 1.1 5.2-1.1 5.2-2.9 4.3-4.3 2.9-5.2 1.1q-3.5 0-6.5-1.7l-7.4 2.4 2.4-7.2q-1.9-3.2-1.9-6.9 0-2.7 1.1-5.2t2.9-4.3 4.3-2.9 5.2-1.1z\"\/><\/svg><\/span><\/a><\/li><li class=\"shariff-button mailto shariff-nocustomcolor\" style=\"background-color:#a8a8a8\"><a href=\"mailto:?body=https%3A%2F%2Fwww.immobil-niederkofler.it%2Fen%2Fdetail%2F51559%2F&subject=Vermietete%20Pizzeria%2FGesch%C3%A4ftslokal%20zu%20verkaufen%20-%20gute%20Rendite\" title=\"Per E-Mail versenden\" aria-label=\"Per E-Mail versenden\" role=\"button\" rel=\"noopener nofollow\" class=\"shariff-link\" style=\"; background-color:#999; color:#fff\"><span class=\"shariff-icon\" style=\"\"><svg width=\"32px\" height=\"20px\" xmlns=\"http:\/\/www.w3.org\/2000\/svg\" viewBox=\"0 0 32 32\"><path fill=\"#999\" d=\"M32 12.7v14.2q0 1.2-0.8 2t-2 0.9h-26.3q-1.2 0-2-0.9t-0.8-2v-14.2q0.8 0.9 1.8 1.6 6.5 4.4 8.9 6.1 1 0.8 1.6 1.2t1.7 0.9 2 0.4h0.1q0.9 0 2-0.4t1.7-0.9 1.6-1.2q3-2.2 8.9-6.1 1-0.7 1.8-1.6zM32 7.4q0 1.4-0.9 2.7t-2.2 2.2q-6.7 4.7-8.4 5.8-0.2 0.1-0.7 0.5t-1 0.7-0.9 0.6-1.1 0.5-0.9 0.2h-0.1q-0.4 0-0.9-0.2t-1.1-0.5-0.9-0.6-1-0.7-0.7-0.5q-1.6-1.1-4.7-3.2t-3.6-2.6q-1.1-0.7-2.1-2t-1-2.5q0-1.4 0.7-2.3t2.1-0.9h26.3q1.2 0 2 0.8t0.9 2z\"\/><\/svg><\/span><\/a><\/li><\/ul><\/div>                        <\/div>\n                                                <i class=\"heart fa fa-heart-o onoffice favorize\" aria-hidden=\"true\" data-onoffice-estateid=\"51559\"><\/i>\n\t                                        <\/div>\n                <\/div>\n                <div class=\"card-list__content\">\n                    <div class=\"location\">\n                        <p><i class=\"fa fa-map-marker\" aria-hidden=\"true\"><\/i>Bruneck - Zentrum <\/p>\n                    <\/div>\n                    <div class=\"title-ellipsis\">\n                        <p>\n                            <a href=\"https:\/\/www.immobil-niederkofler.it\/en\/detail\/51559\/\" class=\"estate-status\">\n                                Vermietete Pizzeria\/Gesch\u00e4ftslokal zu verkaufen - gute Rendite                            <\/a>\n\t\t\t\t\t\t\t<script>\n\t\t\t\t\t\t\t\tconsole.log(\"immo: ge\u00e4ndert:\");\n\t\t\t\t\t\t\t<\/script>\n                        <\/p>\n                    <\/div>\n                    <div class=\"description\">\n                        \n                        \n                        \n                                                                            <div class=\"description__icon\">\n                                <img decoding=\"async\" src=\"https:\/\/www.immobil-niederkofler.it\/wp-content\/themes\/niederkofler\/assets\/img\/immo_list\/square-metre.png\" alt=\"Nutzfl\u00e4che\" title=\"Nutzfl\u00e4che\" \/>\n                                <p>175 m\u00b2<\/p>\n                            <\/div>\n                                                                        <div class=\"description__icon\">\n                                                        <img decoding=\"async\" src=\"https:\/\/www.immobil-niederkofler.it\/wp-content\/themes\/niederkofler\/assets\/img\/immo_list\/8.png\" alt=\"Zimmer\" title=\"Zimmer\"\/>\n                                                        <p>4<\/p>\n                        <\/div>\n                                                \n                                                    <div class=\"description__icon\">\n                            <img decoding=\"async\" src=\"https:\/\/www.immobil-niederkofler.it\/wp-content\/themes\/niederkofler\/assets\/img\/immo_list\/bath.png\" alt=\"WC's\" title=\"WC's\" \/>\n                         <p>3&nbsp;<\/p>\n                         <\/div>\n                         \n                                                <div class=\"description__icon\">\n                            <img decoding=\"async\" src=\"https:\/\/www.immobil-niederkofler.it\/wp-content\/themes\/niederkofler\/assets\/img\/immo_list\/euro.png\" alt=\"950.000 \" title=\"950.000 \"\/>\n                            <p>950.000 <\/p>\n                        <\/div>\n                        \t                                        <\/div>\n                <\/div>\n            <\/div>\n        <\/div>\n\n\t        <div class=\"col-12 col-md-6 col-xl-4 immobilien-list__cards_current\">\n            <div class=\"immobilien-list__card-list card-list\">\n                <div class=\"card-list__slider owl-carousel owl-theme\">\n\t                \t\t                <div class=\"item card-list__item\">\n\t\t                    <a href=\"https:\/\/www.immobil-niederkofler.it\/en\/detail\/45345\/\" class=\"estate-status\">\n\t\t                        <img decoding=\"async\" loading=\"lazy\" class=\"overview-img owl-lazy\" data-src=\"https:\/\/acnaayzuen.cloudimg.io\/crop\/450x337\/q70\/https:\/\/image.onoffice.de\/smart20\/Objekte\/ImmobilienNiederkofler\/45345\/b152321b-5e24-4d5a-bd0e-839a507d1139.jpg@450x\" src=\"https:\/\/acnaayzuen.cloudimg.io\/crop\/450x337\/q90\/https:\/\/image.onoffice.de\/smart20\/Objekte\/ImmobilienNiederkofler\/45345\/b152321b-5e24-4d5a-bd0e-839a507d1139.jpg@450x\" alt=\"Lokal\">\n\t\t                    <\/a>\n\t\t                <\/div>\n\t\t                \t                                <\/div>\n                <div class=\"card-list__info card-list__info_badge\">\n                    <span><\/span>                    <div class=\"wrap-icons wrap-icons_like\">\n                        <i class=\"icon-share\" aria-hidden=\"true\"><\/i>\n                        <div class=\"sharebuttons\">\n                            <div class=\"shariff shariff-align-left shariff-widget-align-left\"><ul class=\"shariff-buttons theme-round orientation-horizontal buttonsize-small\"><li class=\"shariff-button facebook shariff-nocustomcolor\" style=\"background-color:#4273c8\"><a href=\"https:\/\/www.facebook.com\/sharer\/sharer.php?u=https%3A%2F%2Fwww.immobil-niederkofler.it%2Fen%2Fdetail%2F45345%2F\" title=\"Bei Facebook teilen\" aria-label=\"Bei Facebook teilen\" role=\"button\" rel=\"nofollow\" class=\"shariff-link\" style=\"; background-color:#3b5998; color:#fff\" target=\"_blank\"><span class=\"shariff-icon\" style=\"\"><svg width=\"32px\" height=\"20px\" xmlns=\"http:\/\/www.w3.org\/2000\/svg\" viewBox=\"0 0 18 32\"><path fill=\"#3b5998\" d=\"M17.1 0.2v4.7h-2.8q-1.5 0-2.1 0.6t-0.5 1.9v3.4h5.2l-0.7 5.3h-4.5v13.6h-5.5v-13.6h-4.5v-5.3h4.5v-3.9q0-3.3 1.9-5.2t5-1.8q2.6 0 4.1 0.2z\"\/><\/svg><\/span><\/a><\/li><li class=\"shariff-button whatsapp shariff-nocustomcolor\" style=\"background-color:#5cbe4a\"><a href=\"https:\/\/api.whatsapp.com\/send?text=https%3A%2F%2Fwww.immobil-niederkofler.it%2Fen%2Fdetail%2F45345%2F%20Gesch%C3%A4ftslokal%20in%20Luttach%20zu%20vermieten\" title=\"Bei Whatsapp teilen\" aria-label=\"Bei Whatsapp teilen\" role=\"button\" rel=\"noopener nofollow\" class=\"shariff-link\" style=\"; background-color:#34af23; color:#fff\" target=\"_blank\"><span class=\"shariff-icon\" style=\"\"><svg width=\"32px\" height=\"20px\" xmlns=\"http:\/\/www.w3.org\/2000\/svg\" viewBox=\"0 0 32 32\"><path fill=\"#34af23\" d=\"M17.6 17.4q0.2 0 1.7 0.8t1.6 0.9q0 0.1 0 0.3 0 0.6-0.3 1.4-0.3 0.7-1.3 1.2t-1.8 0.5q-1 0-3.4-1.1-1.7-0.8-3-2.1t-2.6-3.3q-1.3-1.9-1.3-3.5v-0.1q0.1-1.6 1.3-2.8 0.4-0.4 0.9-0.4 0.1 0 0.3 0t0.3 0q0.3 0 0.5 0.1t0.3 0.5q0.1 0.4 0.6 1.6t0.4 1.3q0 0.4-0.6 1t-0.6 0.8q0 0.1 0.1 0.3 0.6 1.3 1.8 2.4 1 0.9 2.7 1.8 0.2 0.1 0.4 0.1 0.3 0 1-0.9t0.9-0.9zM14 26.9q2.3 0 4.3-0.9t3.6-2.4 2.4-3.6 0.9-4.3-0.9-4.3-2.4-3.6-3.6-2.4-4.3-0.9-4.3 0.9-3.6 2.4-2.4 3.6-0.9 4.3q0 3.6 2.1 6.6l-1.4 4.2 4.3-1.4q2.8 1.9 6.2 1.9zM14 2.2q2.7 0 5.2 1.1t4.3 2.9 2.9 4.3 1.1 5.2-1.1 5.2-2.9 4.3-4.3 2.9-5.2 1.1q-3.5 0-6.5-1.7l-7.4 2.4 2.4-7.2q-1.9-3.2-1.9-6.9 0-2.7 1.1-5.2t2.9-4.3 4.3-2.9 5.2-1.1z\"\/><\/svg><\/span><\/a><\/li><li class=\"shariff-button mailto shariff-nocustomcolor\" style=\"background-color:#a8a8a8\"><a href=\"mailto:?body=https%3A%2F%2Fwww.immobil-niederkofler.it%2Fen%2Fdetail%2F45345%2F&subject=Gesch%C3%A4ftslokal%20in%20Luttach%20zu%20vermieten\" title=\"Per E-Mail versenden\" aria-label=\"Per E-Mail versenden\" role=\"button\" rel=\"noopener nofollow\" class=\"shariff-link\" style=\"; background-color:#999; color:#fff\"><span class=\"shariff-icon\" style=\"\"><svg width=\"32px\" height=\"20px\" xmlns=\"http:\/\/www.w3.org\/2000\/svg\" viewBox=\"0 0 32 32\"><path fill=\"#999\" d=\"M32 12.7v14.2q0 1.2-0.8 2t-2 0.9h-26.3q-1.2 0-2-0.9t-0.8-2v-14.2q0.8 0.9 1.8 1.6 6.5 4.4 8.9 6.1 1 0.8 1.6 1.2t1.7 0.9 2 0.4h0.1q0.9 0 2-0.4t1.7-0.9 1.6-1.2q3-2.2 8.9-6.1 1-0.7 1.8-1.6zM32 7.4q0 1.4-0.9 2.7t-2.2 2.2q-6.7 4.7-8.4 5.8-0.2 0.1-0.7 0.5t-1 0.7-0.9 0.6-1.1 0.5-0.9 0.2h-0.1q-0.4 0-0.9-0.2t-1.1-0.5-0.9-0.6-1-0.7-0.7-0.5q-1.6-1.1-4.7-3.2t-3.6-2.6q-1.1-0.7-2.1-2t-1-2.5q0-1.4 0.7-2.3t2.1-0.9h26.3q1.2 0 2 0.8t0.9 2z\"\/><\/svg><\/span><\/a><\/li><\/ul><\/div>                        <\/div>\n                                                <i class=\"heart fa fa-heart-o onoffice favorize\" aria-hidden=\"true\" data-onoffice-estateid=\"45345\"><\/i>\n\t                                        <\/div>\n                <\/div>\n                <div class=\"card-list__content\">\n                    <div class=\"location\">\n                        <p><i class=\"fa fa-map-marker\" aria-hidden=\"true\"><\/i>Ahrntal - Luttach <\/p>\n                    <\/div>\n                    <div class=\"title-ellipsis\">\n                        <p>\n                            <a href=\"https:\/\/www.immobil-niederkofler.it\/en\/detail\/45345\/\" class=\"estate-status\">\n                                Gesch\u00e4ftslokal in Luttach zu vermieten                            <\/a>\n\t\t\t\t\t\t\t<script>\n\t\t\t\t\t\t\t\tconsole.log(\"immo: ge\u00e4ndert:\");\n\t\t\t\t\t\t\t<\/script>\n                        <\/p>\n                    <\/div>\n                    <div class=\"description\">\n                        \n                        \n                        \n                                                                            <div class=\"description__icon\">\n                                <img decoding=\"async\" src=\"https:\/\/www.immobil-niederkofler.it\/wp-content\/themes\/niederkofler\/assets\/img\/immo_list\/square-metre.png\" alt=\"Nutzfl\u00e4che\" title=\"Nutzfl\u00e4che\" \/>\n                                <p>85 m\u00b2<\/p>\n                            <\/div>\n                                                                        <div class=\"description__icon\">\n                                                        <img decoding=\"async\" src=\"https:\/\/www.immobil-niederkofler.it\/wp-content\/themes\/niederkofler\/assets\/img\/immo_list\/8.png\" alt=\"Zimmer\" title=\"Zimmer\"\/>\n                                                        <p>3<\/p>\n                        <\/div>\n                                                \n                                                    <div class=\"description__icon\">\n                            <img decoding=\"async\" src=\"https:\/\/www.immobil-niederkofler.it\/wp-content\/themes\/niederkofler\/assets\/img\/immo_list\/bath.png\" alt=\"WC's\" title=\"WC's\" \/>\n                         <p>1&nbsp;<\/p>\n                         <\/div>\n                         \n                        \t                                                <div class=\"description__icon\">\n                                <img decoding=\"async\" src=\"https:\/\/www.immobil-niederkofler.it\/wp-content\/themes\/niederkofler\/assets\/img\/immo_list\/euro.png\" alt=\"800 \" title=\"800 \"\/>\n                                <p>800 <\/p>\n                            <\/div>\n\t                                        <\/div>\n                <\/div>\n            <\/div>\n        <\/div>\n\n\t        <div class=\"col-12 col-md-6 col-xl-4 immobilien-list__cards_current\">\n            <div class=\"immobilien-list__card-list card-list\">\n                <div class=\"card-list__slider owl-carousel owl-theme\">\n\t                \t\t                <div class=\"item card-list__item\">\n\t\t                    <a href=\"https:\/\/www.immobil-niederkofler.it\/en\/detail\/51465\/\" class=\"estate-status\">\n\t\t                        <img decoding=\"async\" loading=\"lazy\" class=\"overview-img owl-lazy\" data-src=\"https:\/\/acnaayzuen.cloudimg.io\/crop\/450x337\/q70\/https:\/\/image.onoffice.de\/smart20\/Objekte\/ImmobilienNiederkofler\/51465\/f9e33c2b-3898-41c8-8fdb-7e0350b872f0.jpg@450x\" src=\"https:\/\/acnaayzuen.cloudimg.io\/crop\/450x337\/q90\/https:\/\/image.onoffice.de\/smart20\/Objekte\/ImmobilienNiederkofler\/51465\/f9e33c2b-3898-41c8-8fdb-7e0350b872f0.jpg@450x\" alt=\"\">\n\t\t                    <\/a>\n\t\t                <\/div>\n\t\t                \t                                <\/div>\n                <div class=\"card-list__info card-list__info_badge\">\n                    <span><\/span>                    <div class=\"wrap-icons wrap-icons_like\">\n                        <i class=\"icon-share\" aria-hidden=\"true\"><\/i>\n                        <div class=\"sharebuttons\">\n                            <div class=\"shariff shariff-align-left shariff-widget-align-left\"><ul class=\"shariff-buttons theme-round orientation-horizontal buttonsize-small\"><li class=\"shariff-button facebook shariff-nocustomcolor\" style=\"background-color:#4273c8\"><a href=\"https:\/\/www.facebook.com\/sharer\/sharer.php?u=https%3A%2F%2Fwww.immobil-niederkofler.it%2Fen%2Fdetail%2F51465%2F\" title=\"Bei Facebook teilen\" aria-label=\"Bei Facebook teilen\" role=\"button\" rel=\"nofollow\" class=\"shariff-link\" style=\"; background-color:#3b5998; color:#fff\" target=\"_blank\"><span class=\"shariff-icon\" style=\"\"><svg width=\"32px\" height=\"20px\" xmlns=\"http:\/\/www.w3.org\/2000\/svg\" viewBox=\"0 0 18 32\"><path fill=\"#3b5998\" d=\"M17.1 0.2v4.7h-2.8q-1.5 0-2.1 0.6t-0.5 1.9v3.4h5.2l-0.7 5.3h-4.5v13.6h-5.5v-13.6h-4.5v-5.3h4.5v-3.9q0-3.3 1.9-5.2t5-1.8q2.6 0 4.1 0.2z\"\/><\/svg><\/span><\/a><\/li><li class=\"shariff-button whatsapp shariff-nocustomcolor\" style=\"background-color:#5cbe4a\"><a href=\"https:\/\/api.whatsapp.com\/send?text=https%3A%2F%2Fwww.immobil-niederkofler.it%2Fen%2Fdetail%2F51465%2F%20Moderne%20Praxis%20im%20Zentrum%20von%20Sand%20in%20Taufers%20%E2%80%93%20hochwertig%20ausgestattet%2C%20barrierefrei%2C%20zentral\" title=\"Bei Whatsapp teilen\" aria-label=\"Bei Whatsapp teilen\" role=\"button\" rel=\"noopener nofollow\" class=\"shariff-link\" style=\"; background-color:#34af23; color:#fff\" target=\"_blank\"><span class=\"shariff-icon\" style=\"\"><svg width=\"32px\" height=\"20px\" xmlns=\"http:\/\/www.w3.org\/2000\/svg\" viewBox=\"0 0 32 32\"><path fill=\"#34af23\" d=\"M17.6 17.4q0.2 0 1.7 0.8t1.6 0.9q0 0.1 0 0.3 0 0.6-0.3 1.4-0.3 0.7-1.3 1.2t-1.8 0.5q-1 0-3.4-1.1-1.7-0.8-3-2.1t-2.6-3.3q-1.3-1.9-1.3-3.5v-0.1q0.1-1.6 1.3-2.8 0.4-0.4 0.9-0.4 0.1 0 0.3 0t0.3 0q0.3 0 0.5 0.1t0.3 0.5q0.1 0.4 0.6 1.6t0.4 1.3q0 0.4-0.6 1t-0.6 0.8q0 0.1 0.1 0.3 0.6 1.3 1.8 2.4 1 0.9 2.7 1.8 0.2 0.1 0.4 0.1 0.3 0 1-0.9t0.9-0.9zM14 26.9q2.3 0 4.3-0.9t3.6-2.4 2.4-3.6 0.9-4.3-0.9-4.3-2.4-3.6-3.6-2.4-4.3-0.9-4.3 0.9-3.6 2.4-2.4 3.6-0.9 4.3q0 3.6 2.1 6.6l-1.4 4.2 4.3-1.4q2.8 1.9 6.2 1.9zM14 2.2q2.7 0 5.2 1.1t4.3 2.9 2.9 4.3 1.1 5.2-1.1 5.2-2.9 4.3-4.3 2.9-5.2 1.1q-3.5 0-6.5-1.7l-7.4 2.4 2.4-7.2q-1.9-3.2-1.9-6.9 0-2.7 1.1-5.2t2.9-4.3 4.3-2.9 5.2-1.1z\"\/><\/svg><\/span><\/a><\/li><li class=\"shariff-button mailto shariff-nocustomcolor\" style=\"background-color:#a8a8a8\"><a href=\"mailto:?body=https%3A%2F%2Fwww.immobil-niederkofler.it%2Fen%2Fdetail%2F51465%2F&subject=Moderne%20Praxis%20im%20Zentrum%20von%20Sand%20in%20Taufers%20%E2%80%93%20hochwertig%20ausgestattet%2C%20barrierefrei%2C%20zentral\" title=\"Per E-Mail versenden\" aria-label=\"Per E-Mail versenden\" role=\"button\" rel=\"noopener nofollow\" class=\"shariff-link\" style=\"; background-color:#999; color:#fff\"><span class=\"shariff-icon\" style=\"\"><svg width=\"32px\" height=\"20px\" xmlns=\"http:\/\/www.w3.org\/2000\/svg\" viewBox=\"0 0 32 32\"><path fill=\"#999\" d=\"M32 12.7v14.2q0 1.2-0.8 2t-2 0.9h-26.3q-1.2 0-2-0.9t-0.8-2v-14.2q0.8 0.9 1.8 1.6 6.5 4.4 8.9 6.1 1 0.8 1.6 1.2t1.7 0.9 2 0.4h0.1q0.9 0 2-0.4t1.7-0.9 1.6-1.2q3-2.2 8.9-6.1 1-0.7 1.8-1.6zM32 7.4q0 1.4-0.9 2.7t-2.2 2.2q-6.7 4.7-8.4 5.8-0.2 0.1-0.7 0.5t-1 0.7-0.9 0.6-1.1 0.5-0.9 0.2h-0.1q-0.4 0-0.9-0.2t-1.1-0.5-0.9-0.6-1-0.7-0.7-0.5q-1.6-1.1-4.7-3.2t-3.6-2.6q-1.1-0.7-2.1-2t-1-2.5q0-1.4 0.7-2.3t2.1-0.9h26.3q1.2 0 2 0.8t0.9 2z\"\/><\/svg><\/span><\/a><\/li><\/ul><\/div>                        <\/div>\n                                                <i class=\"heart fa fa-heart-o onoffice favorize\" aria-hidden=\"true\" data-onoffice-estateid=\"51465\"><\/i>\n\t                                        <\/div>\n                <\/div>\n                <div class=\"card-list__content\">\n                    <div class=\"location\">\n                        <p><i class=\"fa fa-map-marker\" aria-hidden=\"true\"><\/i>Sand in Taufers - Sand i.T. <\/p>\n                    <\/div>\n                    <div class=\"title-ellipsis\">\n                        <p>\n                            <a href=\"https:\/\/www.immobil-niederkofler.it\/en\/detail\/51465\/\" class=\"estate-status\">\n                                Moderne Praxis im Zentrum von Sand in Taufers \u2013 hochwertig ausgestattet, barrierefrei, zentral                            <\/a>\n\t\t\t\t\t\t\t<script>\n\t\t\t\t\t\t\t\tconsole.log(\"immo: ge\u00e4ndert:\");\n\t\t\t\t\t\t\t<\/script>\n                        <\/p>\n                    <\/div>\n                    <div class=\"description\">\n                        \n                        \n                        \n                                                                            <div class=\"description__icon\">\n                                <img decoding=\"async\" src=\"https:\/\/www.immobil-niederkofler.it\/wp-content\/themes\/niederkofler\/assets\/img\/immo_list\/square-metre.png\" alt=\"Nutzfl\u00e4che\" title=\"Nutzfl\u00e4che\" \/>\n                                <p>93 m\u00b2<\/p>\n                            <\/div>\n                                                                        <div class=\"description__icon\">\n                                                        <img decoding=\"async\" src=\"https:\/\/www.immobil-niederkofler.it\/wp-content\/themes\/niederkofler\/assets\/img\/immo_list\/8.png\" alt=\"Zimmer\" title=\"Zimmer\"\/>\n                                                        <p>4<\/p>\n                        <\/div>\n                                                \n                                                    <div class=\"description__icon\">\n                            <img decoding=\"async\" src=\"https:\/\/www.immobil-niederkofler.it\/wp-content\/themes\/niederkofler\/assets\/img\/immo_list\/bath.png\" alt=\"WC's\" title=\"WC's\" \/>\n                         <p>2&nbsp;<\/p>\n                         <\/div>\n                         \n                                                <div class=\"description__icon\">\n                            <img decoding=\"async\" src=\"https:\/\/www.immobil-niederkofler.it\/wp-content\/themes\/niederkofler\/assets\/img\/immo_list\/euro.png\" alt=\"599.000 \" title=\"599.000 \"\/>\n                            <p>599.000 <\/p>\n                        <\/div>\n                        \t                                        <\/div>\n                <\/div>\n            <\/div>\n        <\/div>\n\n\t        <div class=\"col-12 col-md-6 col-xl-4 immobilien-list__cards_current\">\n            <div class=\"immobilien-list__card-list card-list\">\n                <div class=\"card-list__slider owl-carousel owl-theme\">\n\t                \t\t                <div class=\"item card-list__item\">\n\t\t                    <a href=\"https:\/\/www.immobil-niederkofler.it\/en\/detail\/42197\/\" class=\"estate-status\">\n\t\t                        <img decoding=\"async\" loading=\"lazy\" class=\"overview-img owl-lazy\" data-src=\"https:\/\/acnaayzuen.cloudimg.io\/crop\/450x337\/q70\/https:\/\/image.onoffice.de\/smart20\/Objekte\/ImmobilienNiederkofler\/42197\/52de4eec-7b11-43e7-9e03-6809f51de881.jpg@450x\" src=\"https:\/\/acnaayzuen.cloudimg.io\/crop\/450x337\/q90\/https:\/\/image.onoffice.de\/smart20\/Objekte\/ImmobilienNiederkofler\/42197\/52de4eec-7b11-43e7-9e03-6809f51de881.jpg@450x\" alt=\"\">\n\t\t                    <\/a>\n\t\t                <\/div>\n\t\t                \t                                <\/div>\n                <div class=\"card-list__info card-list__info_badge\">\n                    <span><\/span>                    <div class=\"wrap-icons wrap-icons_like\">\n                        <i class=\"icon-share\" aria-hidden=\"true\"><\/i>\n                        <div class=\"sharebuttons\">\n                            <div class=\"shariff shariff-align-left shariff-widget-align-left\"><ul class=\"shariff-buttons theme-round orientation-horizontal buttonsize-small\"><li class=\"shariff-button facebook shariff-nocustomcolor\" style=\"background-color:#4273c8\"><a href=\"https:\/\/www.facebook.com\/sharer\/sharer.php?u=https%3A%2F%2Fwww.immobil-niederkofler.it%2Fen%2Fdetail%2F42197%2F\" title=\"Bei Facebook teilen\" aria-label=\"Bei Facebook teilen\" role=\"button\" rel=\"nofollow\" class=\"shariff-link\" style=\"; background-color:#3b5998; color:#fff\" target=\"_blank\"><span class=\"shariff-icon\" style=\"\"><svg width=\"32px\" height=\"20px\" xmlns=\"http:\/\/www.w3.org\/2000\/svg\" viewBox=\"0 0 18 32\"><path fill=\"#3b5998\" d=\"M17.1 0.2v4.7h-2.8q-1.5 0-2.1 0.6t-0.5 1.9v3.4h5.2l-0.7 5.3h-4.5v13.6h-5.5v-13.6h-4.5v-5.3h4.5v-3.9q0-3.3 1.9-5.2t5-1.8q2.6 0 4.1 0.2z\"\/><\/svg><\/span><\/a><\/li><li class=\"shariff-button whatsapp shariff-nocustomcolor\" style=\"background-color:#5cbe4a\"><a href=\"https:\/\/api.whatsapp.com\/send?text=https%3A%2F%2Fwww.immobil-niederkofler.it%2Fen%2Fdetail%2F42197%2F%20Gesch%C3%A4ft%2FB%C3%BCro%20an%20der%20Hauptstra%C3%9Fe\" title=\"Bei Whatsapp teilen\" aria-label=\"Bei Whatsapp teilen\" role=\"button\" rel=\"noopener nofollow\" class=\"shariff-link\" style=\"; background-color:#34af23; color:#fff\" target=\"_blank\"><span class=\"shariff-icon\" style=\"\"><svg width=\"32px\" height=\"20px\" xmlns=\"http:\/\/www.w3.org\/2000\/svg\" viewBox=\"0 0 32 32\"><path fill=\"#34af23\" d=\"M17.6 17.4q0.2 0 1.7 0.8t1.6 0.9q0 0.1 0 0.3 0 0.6-0.3 1.4-0.3 0.7-1.3 1.2t-1.8 0.5q-1 0-3.4-1.1-1.7-0.8-3-2.1t-2.6-3.3q-1.3-1.9-1.3-3.5v-0.1q0.1-1.6 1.3-2.8 0.4-0.4 0.9-0.4 0.1 0 0.3 0t0.3 0q0.3 0 0.5 0.1t0.3 0.5q0.1 0.4 0.6 1.6t0.4 1.3q0 0.4-0.6 1t-0.6 0.8q0 0.1 0.1 0.3 0.6 1.3 1.8 2.4 1 0.9 2.7 1.8 0.2 0.1 0.4 0.1 0.3 0 1-0.9t0.9-0.9zM14 26.9q2.3 0 4.3-0.9t3.6-2.4 2.4-3.6 0.9-4.3-0.9-4.3-2.4-3.6-3.6-2.4-4.3-0.9-4.3 0.9-3.6 2.4-2.4 3.6-0.9 4.3q0 3.6 2.1 6.6l-1.4 4.2 4.3-1.4q2.8 1.9 6.2 1.9zM14 2.2q2.7 0 5.2 1.1t4.3 2.9 2.9 4.3 1.1 5.2-1.1 5.2-2.9 4.3-4.3 2.9-5.2 1.1q-3.5 0-6.5-1.7l-7.4 2.4 2.4-7.2q-1.9-3.2-1.9-6.9 0-2.7 1.1-5.2t2.9-4.3 4.3-2.9 5.2-1.1z\"\/><\/svg><\/span><\/a><\/li><li class=\"shariff-button mailto shariff-nocustomcolor\" style=\"background-color:#a8a8a8\"><a href=\"mailto:?body=https%3A%2F%2Fwww.immobil-niederkofler.it%2Fen%2Fdetail%2F42197%2F&subject=Gesch%C3%A4ft%2FB%C3%BCro%20an%20der%20Hauptstra%C3%9Fe\" title=\"Per E-Mail versenden\" aria-label=\"Per E-Mail versenden\" role=\"button\" rel=\"noopener nofollow\" class=\"shariff-link\" style=\"; background-color:#999; color:#fff\"><span class=\"shariff-icon\" style=\"\"><svg width=\"32px\" height=\"20px\" xmlns=\"http:\/\/www.w3.org\/2000\/svg\" viewBox=\"0 0 32 32\"><path fill=\"#999\" d=\"M32 12.7v14.2q0 1.2-0.8 2t-2 0.9h-26.3q-1.2 0-2-0.9t-0.8-2v-14.2q0.8 0.9 1.8 1.6 6.5 4.4 8.9 6.1 1 0.8 1.6 1.2t1.7 0.9 2 0.4h0.1q0.9 0 2-0.4t1.7-0.9 1.6-1.2q3-2.2 8.9-6.1 1-0.7 1.8-1.6zM32 7.4q0 1.4-0.9 2.7t-2.2 2.2q-6.7 4.7-8.4 5.8-0.2 0.1-0.7 0.5t-1 0.7-0.9 0.6-1.1 0.5-0.9 0.2h-0.1q-0.4 0-0.9-0.2t-1.1-0.5-0.9-0.6-1-0.7-0.7-0.5q-1.6-1.1-4.7-3.2t-3.6-2.6q-1.1-0.7-2.1-2t-1-2.5q0-1.4 0.7-2.3t2.1-0.9h26.3q1.2 0 2 0.8t0.9 2z\"\/><\/svg><\/span><\/a><\/li><\/ul><\/div>                        <\/div>\n                                                <i class=\"heart fa fa-heart-o onoffice favorize\" aria-hidden=\"true\" data-onoffice-estateid=\"42197\"><\/i>\n\t                                        <\/div>\n                <\/div>\n                <div class=\"card-list__content\">\n                    <div class=\"location\">\n                        <p><i class=\"fa fa-map-marker\" aria-hidden=\"true\"><\/i>Kiens - Dorfzentrum <\/p>\n                    <\/div>\n                    <div class=\"title-ellipsis\">\n                        <p>\n                            <a href=\"https:\/\/www.immobil-niederkofler.it\/en\/detail\/42197\/\" class=\"estate-status\">\n                                Gesch\u00e4ft\/B\u00fcro an der Hauptstra\u00dfe                            <\/a>\n\t\t\t\t\t\t\t<script>\n\t\t\t\t\t\t\t\tconsole.log(\"immo: ge\u00e4ndert:\");\n\t\t\t\t\t\t\t<\/script>\n                        <\/p>\n                    <\/div>\n                    <div class=\"description\">\n                        \n                        \n                        \n                                                                            <div class=\"description__icon\">\n                                <img decoding=\"async\" src=\"https:\/\/www.immobil-niederkofler.it\/wp-content\/themes\/niederkofler\/assets\/img\/immo_list\/square-metre.png\" alt=\"Nutzfl\u00e4che\" title=\"Nutzfl\u00e4che\" \/>\n                                <p>83 m\u00b2<\/p>\n                            <\/div>\n                                                                        \n                                                    <div class=\"description__icon\">\n                            <img decoding=\"async\" src=\"https:\/\/www.immobil-niederkofler.it\/wp-content\/themes\/niederkofler\/assets\/img\/immo_list\/bath.png\" alt=\"WC's\" title=\"WC's\" \/>\n                         <p>1&nbsp;<\/p>\n                         <\/div>\n                         \n                        \t                                                <div class=\"description__icon\">\n                                <img decoding=\"async\" src=\"https:\/\/www.immobil-niederkofler.it\/wp-content\/themes\/niederkofler\/assets\/img\/immo_list\/euro.png\" alt=\"1.000 \" title=\"1.000 \"\/>\n                                <p>1.000 <\/p>\n                            <\/div>\n\t                                        <\/div>\n                <\/div>\n            <\/div>\n        <\/div>\n\n\t        <div class=\"col-12 col-md-6 col-xl-4 immobilien-list__cards_current\">\n            <div class=\"immobilien-list__card-list card-list\">\n                <div class=\"card-list__slider owl-carousel owl-theme\">\n\t                \t\t                <div class=\"item card-list__item\">\n\t\t                    <a href=\"https:\/\/www.immobil-niederkofler.it\/en\/detail\/51547\/\" class=\"estate-status\">\n\t\t                        <img decoding=\"async\" loading=\"lazy\" class=\"overview-img owl-lazy\" data-src=\"https:\/\/acnaayzuen.cloudimg.io\/crop\/450x337\/q70\/https:\/\/image.onoffice.de\/smart20\/Objekte\/ImmobilienNiederkofler\/51547\/abbc096b-7824-4337-9736-cece6e2467f4.jpg@450x\" src=\"https:\/\/acnaayzuen.cloudimg.io\/crop\/450x337\/q90\/https:\/\/image.onoffice.de\/smart20\/Objekte\/ImmobilienNiederkofler\/51547\/abbc096b-7824-4337-9736-cece6e2467f4.jpg@450x\" alt=\"Gesch\u00e4ft in Bruneck zu verkaufen\">\n\t\t                    <\/a>\n\t\t                <\/div>\n\t\t                \t                                <\/div>\n                <div class=\"card-list__info card-list__info_badge\">\n                    <span><\/span>                    <div class=\"wrap-icons wrap-icons_like\">\n                        <i class=\"icon-share\" aria-hidden=\"true\"><\/i>\n                        <div class=\"sharebuttons\">\n                            <div class=\"shariff shariff-align-left shariff-widget-align-left\"><ul class=\"shariff-buttons theme-round orientation-horizontal buttonsize-small\"><li class=\"shariff-button facebook shariff-nocustomcolor\" style=\"background-color:#4273c8\"><a href=\"https:\/\/www.facebook.com\/sharer\/sharer.php?u=https%3A%2F%2Fwww.immobil-niederkofler.it%2Fen%2Fdetail%2F51547%2F\" title=\"Bei Facebook teilen\" aria-label=\"Bei Facebook teilen\" role=\"button\" rel=\"nofollow\" class=\"shariff-link\" style=\"; background-color:#3b5998; color:#fff\" target=\"_blank\"><span class=\"shariff-icon\" style=\"\"><svg width=\"32px\" height=\"20px\" xmlns=\"http:\/\/www.w3.org\/2000\/svg\" viewBox=\"0 0 18 32\"><path fill=\"#3b5998\" d=\"M17.1 0.2v4.7h-2.8q-1.5 0-2.1 0.6t-0.5 1.9v3.4h5.2l-0.7 5.3h-4.5v13.6h-5.5v-13.6h-4.5v-5.3h4.5v-3.9q0-3.3 1.9-5.2t5-1.8q2.6 0 4.1 0.2z\"\/><\/svg><\/span><\/a><\/li><li class=\"shariff-button whatsapp shariff-nocustomcolor\" style=\"background-color:#5cbe4a\"><a href=\"https:\/\/api.whatsapp.com\/send?text=https%3A%2F%2Fwww.immobil-niederkofler.it%2Fen%2Fdetail%2F51547%2F%20Zentrales%20Gesch%C3%A4ftslokal%20mit%20vielen%20Parkm%C3%B6glichkeiten\" title=\"Bei Whatsapp teilen\" aria-label=\"Bei Whatsapp teilen\" role=\"button\" rel=\"noopener nofollow\" class=\"shariff-link\" style=\"; background-color:#34af23; color:#fff\" target=\"_blank\"><span class=\"shariff-icon\" style=\"\"><svg width=\"32px\" height=\"20px\" xmlns=\"http:\/\/www.w3.org\/2000\/svg\" viewBox=\"0 0 32 32\"><path fill=\"#34af23\" d=\"M17.6 17.4q0.2 0 1.7 0.8t1.6 0.9q0 0.1 0 0.3 0 0.6-0.3 1.4-0.3 0.7-1.3 1.2t-1.8 0.5q-1 0-3.4-1.1-1.7-0.8-3-2.1t-2.6-3.3q-1.3-1.9-1.3-3.5v-0.1q0.1-1.6 1.3-2.8 0.4-0.4 0.9-0.4 0.1 0 0.3 0t0.3 0q0.3 0 0.5 0.1t0.3 0.5q0.1 0.4 0.6 1.6t0.4 1.3q0 0.4-0.6 1t-0.6 0.8q0 0.1 0.1 0.3 0.6 1.3 1.8 2.4 1 0.9 2.7 1.8 0.2 0.1 0.4 0.1 0.3 0 1-0.9t0.9-0.9zM14 26.9q2.3 0 4.3-0.9t3.6-2.4 2.4-3.6 0.9-4.3-0.9-4.3-2.4-3.6-3.6-2.4-4.3-0.9-4.3 0.9-3.6 2.4-2.4 3.6-0.9 4.3q0 3.6 2.1 6.6l-1.4 4.2 4.3-1.4q2.8 1.9 6.2 1.9zM14 2.2q2.7 0 5.2 1.1t4.3 2.9 2.9 4.3 1.1 5.2-1.1 5.2-2.9 4.3-4.3 2.9-5.2 1.1q-3.5 0-6.5-1.7l-7.4 2.4 2.4-7.2q-1.9-3.2-1.9-6.9 0-2.7 1.1-5.2t2.9-4.3 4.3-2.9 5.2-1.1z\"\/><\/svg><\/span><\/a><\/li><li class=\"shariff-button mailto shariff-nocustomcolor\" style=\"background-color:#a8a8a8\"><a href=\"mailto:?body=https%3A%2F%2Fwww.immobil-niederkofler.it%2Fen%2Fdetail%2F51547%2F&subject=Zentrales%20Gesch%C3%A4ftslokal%20mit%20vielen%20Parkm%C3%B6glichkeiten\" title=\"Per E-Mail versenden\" aria-label=\"Per E-Mail versenden\" role=\"button\" rel=\"noopener nofollow\" class=\"shariff-link\" style=\"; background-color:#999; color:#fff\"><span class=\"shariff-icon\" style=\"\"><svg width=\"32px\" height=\"20px\" xmlns=\"http:\/\/www.w3.org\/2000\/svg\" viewBox=\"0 0 32 32\"><path fill=\"#999\" d=\"M32 12.7v14.2q0 1.2-0.8 2t-2 0.9h-26.3q-1.2 0-2-0.9t-0.8-2v-14.2q0.8 0.9 1.8 1.6 6.5 4.4 8.9 6.1 1 0.8 1.6 1.2t1.7 0.9 2 0.4h0.1q0.9 0 2-0.4t1.7-0.9 1.6-1.2q3-2.2 8.9-6.1 1-0.7 1.8-1.6zM32 7.4q0 1.4-0.9 2.7t-2.2 2.2q-6.7 4.7-8.4 5.8-0.2 0.1-0.7 0.5t-1 0.7-0.9 0.6-1.1 0.5-0.9 0.2h-0.1q-0.4 0-0.9-0.2t-1.1-0.5-0.9-0.6-1-0.7-0.7-0.5q-1.6-1.1-4.7-3.2t-3.6-2.6q-1.1-0.7-2.1-2t-1-2.5q0-1.4 0.7-2.3t2.1-0.9h26.3q1.2 0 2 0.8t0.9 2z\"\/><\/svg><\/span><\/a><\/li><\/ul><\/div>                        <\/div>\n                                                <i class=\"heart fa fa-heart-o onoffice favorize\" aria-hidden=\"true\" data-onoffice-estateid=\"51547\"><\/i>\n\t                                        <\/div>\n                <\/div>\n                <div class=\"card-list__content\">\n                    <div class=\"location\">\n                        <p><i class=\"fa fa-map-marker\" aria-hidden=\"true\"><\/i>Bruneck - Zentrum <\/p>\n                    <\/div>\n                    <div class=\"title-ellipsis\">\n                        <p>\n                            <a href=\"https:\/\/www.immobil-niederkofler.it\/en\/detail\/51547\/\" class=\"estate-status\">\n                                Zentrales Gesch\u00e4ftslokal mit vielen Parkm\u00f6glichkeiten                            <\/a>\n\t\t\t\t\t\t\t<script>\n\t\t\t\t\t\t\t\tconsole.log(\"immo: ge\u00e4ndert:\");\n\t\t\t\t\t\t\t<\/script>\n                        <\/p>\n                    <\/div>\n                    <div class=\"description\">\n                        \n                        \n                        \n                                                                            <div class=\"description__icon\">\n                                <img decoding=\"async\" src=\"https:\/\/www.immobil-niederkofler.it\/wp-content\/themes\/niederkofler\/assets\/img\/immo_list\/square-metre.png\" alt=\"Nutzfl\u00e4che\" title=\"Nutzfl\u00e4che\" \/>\n                                <p>226 m\u00b2<\/p>\n                            <\/div>\n                                                                        <div class=\"description__icon\">\n                                                        <img decoding=\"async\" src=\"https:\/\/www.immobil-niederkofler.it\/wp-content\/themes\/niederkofler\/assets\/img\/immo_list\/8.png\" alt=\"Zimmer\" title=\"Zimmer\"\/>\n                                                        <p>2<\/p>\n                        <\/div>\n                                                \n                                                    <div class=\"description__icon\">\n                            <img decoding=\"async\" src=\"https:\/\/www.immobil-niederkofler.it\/wp-content\/themes\/niederkofler\/assets\/img\/immo_list\/bath.png\" alt=\"WC's\" title=\"WC's\" \/>\n                         <p>2&nbsp;<\/p>\n                         <\/div>\n                         \n                                                <div class=\"description__icon\">\n                            <img decoding=\"async\" src=\"https:\/\/www.immobil-niederkofler.it\/wp-content\/themes\/niederkofler\/assets\/img\/immo_list\/euro.png\" alt=\"Preis auf Anfrage\" title=\"Preis auf Anfrage\"\/>\n                            <p>Preis auf Anfrage<\/p>\n                        <\/div>\n                        \t                                        <\/div>\n                <\/div>\n            <\/div>\n        <\/div>\n\n\t        <div class=\"col-12 col-md-6 col-xl-4 immobilien-list__cards_current\">\n            <div class=\"immobilien-list__card-list card-list\">\n                <div class=\"card-list__slider owl-carousel owl-theme\">\n\t                \t\t                <div class=\"item card-list__item\">\n\t\t                    <a href=\"https:\/\/www.immobil-niederkofler.it\/en\/detail\/50797\/\" class=\"estate-status\">\n\t\t                        <img decoding=\"async\" loading=\"lazy\" class=\"overview-img owl-lazy\" data-src=\"https:\/\/acnaayzuen.cloudimg.io\/crop\/450x337\/q70\/https:\/\/image.onoffice.de\/smart20\/Objekte\/ImmobilienNiederkofler\/50797\/110add0c-925e-4e92-a906-9214d54918e9.jpg@450x\" src=\"https:\/\/acnaayzuen.cloudimg.io\/crop\/450x337\/q90\/https:\/\/image.onoffice.de\/smart20\/Objekte\/ImmobilienNiederkofler\/50797\/110add0c-925e-4e92-a906-9214d54918e9.jpg@450x\" alt=\"B\u00fcrogeb\u00e4ude Corones\">\n\t\t                    <\/a>\n\t\t                <\/div>\n\t\t                \t                                <\/div>\n                <div class=\"card-list__info card-list__info_badge\">\n                    <span><\/span>                    <div class=\"wrap-icons wrap-icons_like\">\n                        <i class=\"icon-share\" aria-hidden=\"true\"><\/i>\n                        <div class=\"sharebuttons\">\n                            <div class=\"shariff shariff-align-left shariff-widget-align-left\"><ul class=\"shariff-buttons theme-round orientation-horizontal buttonsize-small\"><li class=\"shariff-button facebook shariff-nocustomcolor\" style=\"background-color:#4273c8\"><a href=\"https:\/\/www.facebook.com\/sharer\/sharer.php?u=https%3A%2F%2Fwww.immobil-niederkofler.it%2Fen%2Fdetail%2F50797%2F\" title=\"Bei Facebook teilen\" aria-label=\"Bei Facebook teilen\" role=\"button\" rel=\"nofollow\" class=\"shariff-link\" style=\"; background-color:#3b5998; color:#fff\" target=\"_blank\"><span class=\"shariff-icon\" style=\"\"><svg width=\"32px\" height=\"20px\" xmlns=\"http:\/\/www.w3.org\/2000\/svg\" viewBox=\"0 0 18 32\"><path fill=\"#3b5998\" d=\"M17.1 0.2v4.7h-2.8q-1.5 0-2.1 0.6t-0.5 1.9v3.4h5.2l-0.7 5.3h-4.5v13.6h-5.5v-13.6h-4.5v-5.3h4.5v-3.9q0-3.3 1.9-5.2t5-1.8q2.6 0 4.1 0.2z\"\/><\/svg><\/span><\/a><\/li><li class=\"shariff-button whatsapp shariff-nocustomcolor\" style=\"background-color:#5cbe4a\"><a href=\"https:\/\/api.whatsapp.com\/send?text=https%3A%2F%2Fwww.immobil-niederkofler.it%2Fen%2Fdetail%2F50797%2F%20Neues%20B%C3%BCro%20mit%20Parkm%C3%B6glichkeiten\" title=\"Bei Whatsapp teilen\" aria-label=\"Bei Whatsapp teilen\" role=\"button\" rel=\"noopener nofollow\" class=\"shariff-link\" style=\"; background-color:#34af23; color:#fff\" target=\"_blank\"><span class=\"shariff-icon\" style=\"\"><svg width=\"32px\" height=\"20px\" xmlns=\"http:\/\/www.w3.org\/2000\/svg\" viewBox=\"0 0 32 32\"><path fill=\"#34af23\" d=\"M17.6 17.4q0.2 0 1.7 0.8t1.6 0.9q0 0.1 0 0.3 0 0.6-0.3 1.4-0.3 0.7-1.3 1.2t-1.8 0.5q-1 0-3.4-1.1-1.7-0.8-3-2.1t-2.6-3.3q-1.3-1.9-1.3-3.5v-0.1q0.1-1.6 1.3-2.8 0.4-0.4 0.9-0.4 0.1 0 0.3 0t0.3 0q0.3 0 0.5 0.1t0.3 0.5q0.1 0.4 0.6 1.6t0.4 1.3q0 0.4-0.6 1t-0.6 0.8q0 0.1 0.1 0.3 0.6 1.3 1.8 2.4 1 0.9 2.7 1.8 0.2 0.1 0.4 0.1 0.3 0 1-0.9t0.9-0.9zM14 26.9q2.3 0 4.3-0.9t3.6-2.4 2.4-3.6 0.9-4.3-0.9-4.3-2.4-3.6-3.6-2.4-4.3-0.9-4.3 0.9-3.6 2.4-2.4 3.6-0.9 4.3q0 3.6 2.1 6.6l-1.4 4.2 4.3-1.4q2.8 1.9 6.2 1.9zM14 2.2q2.7 0 5.2 1.1t4.3 2.9 2.9 4.3 1.1 5.2-1.1 5.2-2.9 4.3-4.3 2.9-5.2 1.1q-3.5 0-6.5-1.7l-7.4 2.4 2.4-7.2q-1.9-3.2-1.9-6.9 0-2.7 1.1-5.2t2.9-4.3 4.3-2.9 5.2-1.1z\"\/><\/svg><\/span><\/a><\/li><li class=\"shariff-button mailto shariff-nocustomcolor\" style=\"background-color:#a8a8a8\"><a href=\"mailto:?body=https%3A%2F%2Fwww.immobil-niederkofler.it%2Fen%2Fdetail%2F50797%2F&subject=Neues%20B%C3%BCro%20mit%20Parkm%C3%B6glichkeiten\" title=\"Per E-Mail versenden\" aria-label=\"Per E-Mail versenden\" role=\"button\" rel=\"noopener nofollow\" class=\"shariff-link\" style=\"; background-color:#999; color:#fff\"><span class=\"shariff-icon\" style=\"\"><svg width=\"32px\" height=\"20px\" xmlns=\"http:\/\/www.w3.org\/2000\/svg\" viewBox=\"0 0 32 32\"><path fill=\"#999\" d=\"M32 12.7v14.2q0 1.2-0.8 2t-2 0.9h-26.3q-1.2 0-2-0.9t-0.8-2v-14.2q0.8 0.9 1.8 1.6 6.5 4.4 8.9 6.1 1 0.8 1.6 1.2t1.7 0.9 2 0.4h0.1q0.9 0 2-0.4t1.7-0.9 1.6-1.2q3-2.2 8.9-6.1 1-0.7 1.8-1.6zM32 7.4q0 1.4-0.9 2.7t-2.2 2.2q-6.7 4.7-8.4 5.8-0.2 0.1-0.7 0.5t-1 0.7-0.9 0.6-1.1 0.5-0.9 0.2h-0.1q-0.4 0-0.9-0.2t-1.1-0.5-0.9-0.6-1-0.7-0.7-0.5q-1.6-1.1-4.7-3.2t-3.6-2.6q-1.1-0.7-2.1-2t-1-2.5q0-1.4 0.7-2.3t2.1-0.9h26.3q1.2 0 2 0.8t0.9 2z\"\/><\/svg><\/span><\/a><\/li><\/ul><\/div>                        <\/div>\n                                                <i class=\"heart fa fa-heart-o onoffice favorize\" aria-hidden=\"true\" data-onoffice-estateid=\"50797\"><\/i>\n\t                                        <\/div>\n                <\/div>\n                <div class=\"card-list__content\">\n                    <div class=\"location\">\n                        <p><i class=\"fa fa-map-marker\" aria-hidden=\"true\"><\/i>Sankt Lorenzen - Industriezone <\/p>\n                    <\/div>\n                    <div class=\"title-ellipsis\">\n                        <p>\n                            <a href=\"https:\/\/www.immobil-niederkofler.it\/en\/detail\/50797\/\" class=\"estate-status\">\n                                Neues B\u00fcro mit Parkm\u00f6glichkeiten                            <\/a>\n\t\t\t\t\t\t\t<script>\n\t\t\t\t\t\t\t\tconsole.log(\"immo: ge\u00e4ndert:\");\n\t\t\t\t\t\t\t<\/script>\n                        <\/p>\n                    <\/div>\n                    <div class=\"description\">\n                        \n                        \n                        \n                                                                            <div class=\"description__icon\">\n                                <img decoding=\"async\" src=\"https:\/\/www.immobil-niederkofler.it\/wp-content\/themes\/niederkofler\/assets\/img\/immo_list\/square-metre.png\" alt=\"Nutzfl\u00e4che\" title=\"Nutzfl\u00e4che\" \/>\n                                <p>118 m\u00b2<\/p>\n                            <\/div>\n                                                                        \n                                                    <div class=\"description__icon\">\n                            <img decoding=\"async\" src=\"https:\/\/www.immobil-niederkofler.it\/wp-content\/themes\/niederkofler\/assets\/img\/immo_list\/bath.png\" alt=\"WC's\" title=\"WC's\" \/>\n                         <p>2&nbsp;<\/p>\n                         <\/div>\n                         \n                                                <div class=\"description__icon\">\n                            <img decoding=\"async\" src=\"https:\/\/www.immobil-niederkofler.it\/wp-content\/themes\/niederkofler\/assets\/img\/immo_list\/euro.png\" alt=\"447.000 \" title=\"447.000 \"\/>\n                            <p>447.000 <\/p>\n                        <\/div>\n                        \t                                        <\/div>\n                <\/div>\n            <\/div>\n        <\/div>\n\n\t        <div class=\"col-12 col-md-6 col-xl-4 immobilien-list__cards_current\">\n            <div class=\"immobilien-list__card-list card-list\">\n                <div class=\"card-list__slider owl-carousel owl-theme\">\n\t                \t\t                <div class=\"item card-list__item\">\n\t\t                    <a href=\"https:\/\/www.immobil-niederkofler.it\/en\/detail\/50803\/\" class=\"estate-status\">\n\t\t                        <img decoding=\"async\" loading=\"lazy\" class=\"overview-img owl-lazy\" data-src=\"https:\/\/acnaayzuen.cloudimg.io\/crop\/450x337\/q70\/https:\/\/image.onoffice.de\/smart20\/Objekte\/ImmobilienNiederkofler\/50803\/_144419.jpg@450x\" src=\"https:\/\/acnaayzuen.cloudimg.io\/crop\/450x337\/q90\/https:\/\/image.onoffice.de\/smart20\/Objekte\/ImmobilienNiederkofler\/50803\/_144419.jpg@450x\" alt=\"B\u00fcrogeb\u00e4ude Corones\">\n\t\t                    <\/a>\n\t\t                <\/div>\n\t\t                \t                                <\/div>\n                <div class=\"card-list__info card-list__info_badge\">\n                    <span><\/span>                    <div class=\"wrap-icons wrap-icons_like\">\n                        <i class=\"icon-share\" aria-hidden=\"true\"><\/i>\n                        <div class=\"sharebuttons\">\n                            <div class=\"shariff shariff-align-left shariff-widget-align-left\"><ul class=\"shariff-buttons theme-round orientation-horizontal buttonsize-small\"><li class=\"shariff-button facebook shariff-nocustomcolor\" style=\"background-color:#4273c8\"><a href=\"https:\/\/www.facebook.com\/sharer\/sharer.php?u=https%3A%2F%2Fwww.immobil-niederkofler.it%2Fen%2Fdetail%2F50803%2F\" title=\"Bei Facebook teilen\" aria-label=\"Bei Facebook teilen\" role=\"button\" rel=\"nofollow\" class=\"shariff-link\" style=\"; background-color:#3b5998; color:#fff\" target=\"_blank\"><span class=\"shariff-icon\" style=\"\"><svg width=\"32px\" height=\"20px\" xmlns=\"http:\/\/www.w3.org\/2000\/svg\" viewBox=\"0 0 18 32\"><path fill=\"#3b5998\" d=\"M17.1 0.2v4.7h-2.8q-1.5 0-2.1 0.6t-0.5 1.9v3.4h5.2l-0.7 5.3h-4.5v13.6h-5.5v-13.6h-4.5v-5.3h4.5v-3.9q0-3.3 1.9-5.2t5-1.8q2.6 0 4.1 0.2z\"\/><\/svg><\/span><\/a><\/li><li class=\"shariff-button whatsapp shariff-nocustomcolor\" style=\"background-color:#5cbe4a\"><a href=\"https:\/\/api.whatsapp.com\/send?text=https%3A%2F%2Fwww.immobil-niederkofler.it%2Fen%2Fdetail%2F50803%2F%20Neues%20B%C3%BCro%20mit%20Parkm%C3%B6glichkeiten%20zur%20Miete\" title=\"Bei Whatsapp teilen\" aria-label=\"Bei Whatsapp teilen\" role=\"button\" rel=\"noopener nofollow\" class=\"shariff-link\" style=\"; background-color:#34af23; color:#fff\" target=\"_blank\"><span class=\"shariff-icon\" style=\"\"><svg width=\"32px\" height=\"20px\" xmlns=\"http:\/\/www.w3.org\/2000\/svg\" viewBox=\"0 0 32 32\"><path fill=\"#34af23\" d=\"M17.6 17.4q0.2 0 1.7 0.8t1.6 0.9q0 0.1 0 0.3 0 0.6-0.3 1.4-0.3 0.7-1.3 1.2t-1.8 0.5q-1 0-3.4-1.1-1.7-0.8-3-2.1t-2.6-3.3q-1.3-1.9-1.3-3.5v-0.1q0.1-1.6 1.3-2.8 0.4-0.4 0.9-0.4 0.1 0 0.3 0t0.3 0q0.3 0 0.5 0.1t0.3 0.5q0.1 0.4 0.6 1.6t0.4 1.3q0 0.4-0.6 1t-0.6 0.8q0 0.1 0.1 0.3 0.6 1.3 1.8 2.4 1 0.9 2.7 1.8 0.2 0.1 0.4 0.1 0.3 0 1-0.9t0.9-0.9zM14 26.9q2.3 0 4.3-0.9t3.6-2.4 2.4-3.6 0.9-4.3-0.9-4.3-2.4-3.6-3.6-2.4-4.3-0.9-4.3 0.9-3.6 2.4-2.4 3.6-0.9 4.3q0 3.6 2.1 6.6l-1.4 4.2 4.3-1.4q2.8 1.9 6.2 1.9zM14 2.2q2.7 0 5.2 1.1t4.3 2.9 2.9 4.3 1.1 5.2-1.1 5.2-2.9 4.3-4.3 2.9-5.2 1.1q-3.5 0-6.5-1.7l-7.4 2.4 2.4-7.2q-1.9-3.2-1.9-6.9 0-2.7 1.1-5.2t2.9-4.3 4.3-2.9 5.2-1.1z\"\/><\/svg><\/span><\/a><\/li><li class=\"shariff-button mailto shariff-nocustomcolor\" style=\"background-color:#a8a8a8\"><a href=\"mailto:?body=https%3A%2F%2Fwww.immobil-niederkofler.it%2Fen%2Fdetail%2F50803%2F&subject=Neues%20B%C3%BCro%20mit%20Parkm%C3%B6glichkeiten%20zur%20Miete\" title=\"Per E-Mail versenden\" aria-label=\"Per E-Mail versenden\" role=\"button\" rel=\"noopener nofollow\" class=\"shariff-link\" style=\"; background-color:#999; color:#fff\"><span class=\"shariff-icon\" style=\"\"><svg width=\"32px\" height=\"20px\" xmlns=\"http:\/\/www.w3.org\/2000\/svg\" viewBox=\"0 0 32 32\"><path fill=\"#999\" d=\"M32 12.7v14.2q0 1.2-0.8 2t-2 0.9h-26.3q-1.2 0-2-0.9t-0.8-2v-14.2q0.8 0.9 1.8 1.6 6.5 4.4 8.9 6.1 1 0.8 1.6 1.2t1.7 0.9 2 0.4h0.1q0.9 0 2-0.4t1.7-0.9 1.6-1.2q3-2.2 8.9-6.1 1-0.7 1.8-1.6zM32 7.4q0 1.4-0.9 2.7t-2.2 2.2q-6.7 4.7-8.4 5.8-0.2 0.1-0.7 0.5t-1 0.7-0.9 0.6-1.1 0.5-0.9 0.2h-0.1q-0.4 0-0.9-0.2t-1.1-0.5-0.9-0.6-1-0.7-0.7-0.5q-1.6-1.1-4.7-3.2t-3.6-2.6q-1.1-0.7-2.1-2t-1-2.5q0-1.4 0.7-2.3t2.1-0.9h26.3q1.2 0 2 0.8t0.9 2z\"\/><\/svg><\/span><\/a><\/li><\/ul><\/div>                        <\/div>\n                                                <i class=\"heart fa fa-heart-o onoffice favorize\" aria-hidden=\"true\" data-onoffice-estateid=\"50803\"><\/i>\n\t                                        <\/div>\n                <\/div>\n                <div class=\"card-list__content\">\n                    <div class=\"location\">\n                        <p><i class=\"fa fa-map-marker\" aria-hidden=\"true\"><\/i>Sankt Lorenzen - Industriezone <\/p>\n                    <\/div>\n                    <div class=\"title-ellipsis\">\n                        <p>\n                            <a href=\"https:\/\/www.immobil-niederkofler.it\/en\/detail\/50803\/\" class=\"estate-status\">\n                                Neues B\u00fcro mit Parkm\u00f6glichkeiten zur Miete                            <\/a>\n\t\t\t\t\t\t\t<script>\n\t\t\t\t\t\t\t\tconsole.log(\"immo: ge\u00e4ndert:\");\n\t\t\t\t\t\t\t<\/script>\n                        <\/p>\n                    <\/div>\n                    <div class=\"description\">\n                        \n                        \n                        \n                                                                            <div class=\"description__icon\">\n                                <img decoding=\"async\" src=\"https:\/\/www.immobil-niederkofler.it\/wp-content\/themes\/niederkofler\/assets\/img\/immo_list\/square-metre.png\" alt=\"Nutzfl\u00e4che\" title=\"Nutzfl\u00e4che\" \/>\n                                <p>118 m\u00b2<\/p>\n                            <\/div>\n                                                                        \n                                                    <div class=\"description__icon\">\n                            <img decoding=\"async\" src=\"https:\/\/www.immobil-niederkofler.it\/wp-content\/themes\/niederkofler\/assets\/img\/immo_list\/bath.png\" alt=\"WC's\" title=\"WC's\" \/>\n                         <p>2&nbsp;<\/p>\n                         <\/div>\n                         \n                        \t                                                <div class=\"description__icon\">\n                                <img decoding=\"async\" src=\"https:\/\/www.immobil-niederkofler.it\/wp-content\/themes\/niederkofler\/assets\/img\/immo_list\/euro.png\" alt=\"1.450 \" title=\"1.450 \"\/>\n                                <p>1.450 <\/p>\n                            <\/div>\n\t                                        <\/div>\n                <\/div>\n            <\/div>\n        <\/div>\n\n\t        <div class=\"col-12 col-md-6 col-xl-4 immobilien-list__cards_current\">\n            <div class=\"immobilien-list__card-list card-list\">\n                <div class=\"card-list__slider owl-carousel owl-theme\">\n\t                \t\t                <div class=\"item card-list__item\">\n\t\t                    <a href=\"https:\/\/www.immobil-niederkofler.it\/en\/detail\/47407\/\" class=\"estate-status\">\n\t\t                        <img decoding=\"async\" loading=\"lazy\" class=\"overview-img owl-lazy\" data-src=\"https:\/\/acnaayzuen.cloudimg.io\/crop\/450x337\/q70\/https:\/\/image.onoffice.de\/smart20\/Objekte\/ImmobilienNiederkofler\/47407\/87565f7a-6b8d-4aa2-8aa7-a162d674c30d.jpg@450x\" src=\"https:\/\/acnaayzuen.cloudimg.io\/crop\/450x337\/q90\/https:\/\/image.onoffice.de\/smart20\/Objekte\/ImmobilienNiederkofler\/47407\/87565f7a-6b8d-4aa2-8aa7-a162d674c30d.jpg@450x\" alt=\"Au\u00dfenansicht\">\n\t\t                    <\/a>\n\t\t                <\/div>\n\t\t                \t                                <\/div>\n                <div class=\"card-list__info card-list__info_badge\">\n                    <span><\/span>                    <div class=\"wrap-icons wrap-icons_like\">\n                        <i class=\"icon-share\" aria-hidden=\"true\"><\/i>\n                        <div class=\"sharebuttons\">\n                            <div class=\"shariff shariff-align-left shariff-widget-align-left\"><ul class=\"shariff-buttons theme-round orientation-horizontal buttonsize-small\"><li class=\"shariff-button facebook shariff-nocustomcolor\" style=\"background-color:#4273c8\"><a href=\"https:\/\/www.facebook.com\/sharer\/sharer.php?u=https%3A%2F%2Fwww.immobil-niederkofler.it%2Fen%2Fdetail%2F47407%2F\" title=\"Bei Facebook teilen\" aria-label=\"Bei Facebook teilen\" role=\"button\" rel=\"nofollow\" class=\"shariff-link\" style=\"; background-color:#3b5998; color:#fff\" target=\"_blank\"><span class=\"shariff-icon\" style=\"\"><svg width=\"32px\" height=\"20px\" xmlns=\"http:\/\/www.w3.org\/2000\/svg\" viewBox=\"0 0 18 32\"><path fill=\"#3b5998\" d=\"M17.1 0.2v4.7h-2.8q-1.5 0-2.1 0.6t-0.5 1.9v3.4h5.2l-0.7 5.3h-4.5v13.6h-5.5v-13.6h-4.5v-5.3h4.5v-3.9q0-3.3 1.9-5.2t5-1.8q2.6 0 4.1 0.2z\"\/><\/svg><\/span><\/a><\/li><li class=\"shariff-button whatsapp shariff-nocustomcolor\" style=\"background-color:#5cbe4a\"><a href=\"https:\/\/api.whatsapp.com\/send?text=https%3A%2F%2Fwww.immobil-niederkofler.it%2Fen%2Fdetail%2F47407%2F%20Gesch%C3%A4ftslokal%20mit%20Magazin%20und%20WC%20in%20Toblach%20zu%20vermieten\" title=\"Bei Whatsapp teilen\" aria-label=\"Bei Whatsapp teilen\" role=\"button\" rel=\"noopener nofollow\" class=\"shariff-link\" style=\"; background-color:#34af23; color:#fff\" target=\"_blank\"><span class=\"shariff-icon\" style=\"\"><svg width=\"32px\" height=\"20px\" xmlns=\"http:\/\/www.w3.org\/2000\/svg\" viewBox=\"0 0 32 32\"><path fill=\"#34af23\" d=\"M17.6 17.4q0.2 0 1.7 0.8t1.6 0.9q0 0.1 0 0.3 0 0.6-0.3 1.4-0.3 0.7-1.3 1.2t-1.8 0.5q-1 0-3.4-1.1-1.7-0.8-3-2.1t-2.6-3.3q-1.3-1.9-1.3-3.5v-0.1q0.1-1.6 1.3-2.8 0.4-0.4 0.9-0.4 0.1 0 0.3 0t0.3 0q0.3 0 0.5 0.1t0.3 0.5q0.1 0.4 0.6 1.6t0.4 1.3q0 0.4-0.6 1t-0.6 0.8q0 0.1 0.1 0.3 0.6 1.3 1.8 2.4 1 0.9 2.7 1.8 0.2 0.1 0.4 0.1 0.3 0 1-0.9t0.9-0.9zM14 26.9q2.3 0 4.3-0.9t3.6-2.4 2.4-3.6 0.9-4.3-0.9-4.3-2.4-3.6-3.6-2.4-4.3-0.9-4.3 0.9-3.6 2.4-2.4 3.6-0.9 4.3q0 3.6 2.1 6.6l-1.4 4.2 4.3-1.4q2.8 1.9 6.2 1.9zM14 2.2q2.7 0 5.2 1.1t4.3 2.9 2.9 4.3 1.1 5.2-1.1 5.2-2.9 4.3-4.3 2.9-5.2 1.1q-3.5 0-6.5-1.7l-7.4 2.4 2.4-7.2q-1.9-3.2-1.9-6.9 0-2.7 1.1-5.2t2.9-4.3 4.3-2.9 5.2-1.1z\"\/><\/svg><\/span><\/a><\/li><li class=\"shariff-button mailto shariff-nocustomcolor\" style=\"background-color:#a8a8a8\"><a href=\"mailto:?body=https%3A%2F%2Fwww.immobil-niederkofler.it%2Fen%2Fdetail%2F47407%2F&subject=Gesch%C3%A4ftslokal%20mit%20Magazin%20und%20WC%20in%20Toblach%20zu%20vermieten\" title=\"Per E-Mail versenden\" aria-label=\"Per E-Mail versenden\" role=\"button\" rel=\"noopener nofollow\" class=\"shariff-link\" style=\"; background-color:#999; color:#fff\"><span class=\"shariff-icon\" style=\"\"><svg width=\"32px\" height=\"20px\" xmlns=\"http:\/\/www.w3.org\/2000\/svg\" viewBox=\"0 0 32 32\"><path fill=\"#999\" d=\"M32 12.7v14.2q0 1.2-0.8 2t-2 0.9h-26.3q-1.2 0-2-0.9t-0.8-2v-14.2q0.8 0.9 1.8 1.6 6.5 4.4 8.9 6.1 1 0.8 1.6 1.2t1.7 0.9 2 0.4h0.1q0.9 0 2-0.4t1.7-0.9 1.6-1.2q3-2.2 8.9-6.1 1-0.7 1.8-1.6zM32 7.4q0 1.4-0.9 2.7t-2.2 2.2q-6.7 4.7-8.4 5.8-0.2 0.1-0.7 0.5t-1 0.7-0.9 0.6-1.1 0.5-0.9 0.2h-0.1q-0.4 0-0.9-0.2t-1.1-0.5-0.9-0.6-1-0.7-0.7-0.5q-1.6-1.1-4.7-3.2t-3.6-2.6q-1.1-0.7-2.1-2t-1-2.5q0-1.4 0.7-2.3t2.1-0.9h26.3q1.2 0 2 0.8t0.9 2z\"\/><\/svg><\/span><\/a><\/li><\/ul><\/div>                        <\/div>\n                                                <i class=\"heart fa fa-heart-o onoffice favorize\" aria-hidden=\"true\" data-onoffice-estateid=\"47407\"><\/i>\n\t                                        <\/div>\n                <\/div>\n                <div class=\"card-list__content\">\n                    <div class=\"location\">\n                        <p><i class=\"fa fa-map-marker\" aria-hidden=\"true\"><\/i>Toblach - Dorfzentrum <\/p>\n                    <\/div>\n                    <div class=\"title-ellipsis\">\n                        <p>\n                            <a href=\"https:\/\/www.immobil-niederkofler.it\/en\/detail\/47407\/\" class=\"estate-status\">\n                                Gesch\u00e4ftslokal mit Magazin und WC in Toblach zu vermieten                            <\/a>\n\t\t\t\t\t\t\t<script>\n\t\t\t\t\t\t\t\tconsole.log(\"immo: ge\u00e4ndert:\");\n\t\t\t\t\t\t\t<\/script>\n                        <\/p>\n                    <\/div>\n                    <div class=\"description\">\n                        \n                        \n                        \n                                                                            <div class=\"description__icon\">\n                                <img decoding=\"async\" src=\"https:\/\/www.immobil-niederkofler.it\/wp-content\/themes\/niederkofler\/assets\/img\/immo_list\/square-metre.png\" alt=\"Nutzfl\u00e4che\" title=\"Nutzfl\u00e4che\" \/>\n                                <p>75 m\u00b2<\/p>\n                            <\/div>\n                                                                        \n                                                    <div class=\"description__icon\">\n                            <img decoding=\"async\" src=\"https:\/\/www.immobil-niederkofler.it\/wp-content\/themes\/niederkofler\/assets\/img\/immo_list\/bath.png\" alt=\"WC's\" title=\"WC's\" \/>\n                         <p>1&nbsp;<\/p>\n                         <\/div>\n                         \n                        \t                                                <div class=\"description__icon\">\n                                <img decoding=\"async\" src=\"https:\/\/www.immobil-niederkofler.it\/wp-content\/themes\/niederkofler\/assets\/img\/immo_list\/euro.png\" alt=\"1.500 \" title=\"1.500 \"\/>\n                                <p>1.500 <\/p>\n                            <\/div>\n\t                                        <\/div>\n                <\/div>\n            <\/div>\n        <\/div>\n\n\t        <div class=\"col-12 col-md-6 col-xl-4 immobilien-list__cards_current\">\n            <div class=\"immobilien-list__card-list card-list\">\n                <div class=\"card-list__slider owl-carousel owl-theme\">\n\t                \t\t                <div class=\"item card-list__item\">\n\t\t                    <a href=\"https:\/\/www.immobil-niederkofler.it\/en\/detail\/48523\/\" class=\"estate-status\">\n\t\t                        <img decoding=\"async\" loading=\"lazy\" class=\"overview-img owl-lazy\" data-src=\"https:\/\/acnaayzuen.cloudimg.io\/crop\/450x337\/q70\/https:\/\/image.onoffice.de\/smart20\/Objekte\/ImmobilienNiederkofler\/48523\/06c006b2-7834-4e62-a0ae-62f8f1d6ebe0.jpg@450x\" src=\"https:\/\/acnaayzuen.cloudimg.io\/crop\/450x337\/q90\/https:\/\/image.onoffice.de\/smart20\/Objekte\/ImmobilienNiederkofler\/48523\/06c006b2-7834-4e62-a0ae-62f8f1d6ebe0.jpg@450x\" alt=\"Salon\">\n\t\t                    <\/a>\n\t\t                <\/div>\n\t\t                \t                                <\/div>\n                <div class=\"card-list__info card-list__info_badge\">\n                    <span><\/span>                    <div class=\"wrap-icons wrap-icons_like\">\n                        <i class=\"icon-share\" aria-hidden=\"true\"><\/i>\n                        <div class=\"sharebuttons\">\n                            <div class=\"shariff shariff-align-left shariff-widget-align-left\"><ul class=\"shariff-buttons theme-round orientation-horizontal buttonsize-small\"><li class=\"shariff-button facebook shariff-nocustomcolor\" style=\"background-color:#4273c8\"><a href=\"https:\/\/www.facebook.com\/sharer\/sharer.php?u=https%3A%2F%2Fwww.immobil-niederkofler.it%2Fen%2Fdetail%2F48523%2F\" title=\"Bei Facebook teilen\" aria-label=\"Bei Facebook teilen\" role=\"button\" rel=\"nofollow\" class=\"shariff-link\" style=\"; background-color:#3b5998; color:#fff\" target=\"_blank\"><span class=\"shariff-icon\" style=\"\"><svg width=\"32px\" height=\"20px\" xmlns=\"http:\/\/www.w3.org\/2000\/svg\" viewBox=\"0 0 18 32\"><path fill=\"#3b5998\" d=\"M17.1 0.2v4.7h-2.8q-1.5 0-2.1 0.6t-0.5 1.9v3.4h5.2l-0.7 5.3h-4.5v13.6h-5.5v-13.6h-4.5v-5.3h4.5v-3.9q0-3.3 1.9-5.2t5-1.8q2.6 0 4.1 0.2z\"\/><\/svg><\/span><\/a><\/li><li class=\"shariff-button whatsapp shariff-nocustomcolor\" style=\"background-color:#5cbe4a\"><a href=\"https:\/\/api.whatsapp.com\/send?text=https%3A%2F%2Fwww.immobil-niederkofler.it%2Fen%2Fdetail%2F48523%2F%20Komplett%20eingerichteter%20Friseursalon\" title=\"Bei Whatsapp teilen\" aria-label=\"Bei Whatsapp teilen\" role=\"button\" rel=\"noopener nofollow\" class=\"shariff-link\" style=\"; background-color:#34af23; color:#fff\" target=\"_blank\"><span class=\"shariff-icon\" style=\"\"><svg width=\"32px\" height=\"20px\" xmlns=\"http:\/\/www.w3.org\/2000\/svg\" viewBox=\"0 0 32 32\"><path fill=\"#34af23\" d=\"M17.6 17.4q0.2 0 1.7 0.8t1.6 0.9q0 0.1 0 0.3 0 0.6-0.3 1.4-0.3 0.7-1.3 1.2t-1.8 0.5q-1 0-3.4-1.1-1.7-0.8-3-2.1t-2.6-3.3q-1.3-1.9-1.3-3.5v-0.1q0.1-1.6 1.3-2.8 0.4-0.4 0.9-0.4 0.1 0 0.3 0t0.3 0q0.3 0 0.5 0.1t0.3 0.5q0.1 0.4 0.6 1.6t0.4 1.3q0 0.4-0.6 1t-0.6 0.8q0 0.1 0.1 0.3 0.6 1.3 1.8 2.4 1 0.9 2.7 1.8 0.2 0.1 0.4 0.1 0.3 0 1-0.9t0.9-0.9zM14 26.9q2.3 0 4.3-0.9t3.6-2.4 2.4-3.6 0.9-4.3-0.9-4.3-2.4-3.6-3.6-2.4-4.3-0.9-4.3 0.9-3.6 2.4-2.4 3.6-0.9 4.3q0 3.6 2.1 6.6l-1.4 4.2 4.3-1.4q2.8 1.9 6.2 1.9zM14 2.2q2.7 0 5.2 1.1t4.3 2.9 2.9 4.3 1.1 5.2-1.1 5.2-2.9 4.3-4.3 2.9-5.2 1.1q-3.5 0-6.5-1.7l-7.4 2.4 2.4-7.2q-1.9-3.2-1.9-6.9 0-2.7 1.1-5.2t2.9-4.3 4.3-2.9 5.2-1.1z\"\/><\/svg><\/span><\/a><\/li><li class=\"shariff-button mailto shariff-nocustomcolor\" style=\"background-color:#a8a8a8\"><a href=\"mailto:?body=https%3A%2F%2Fwww.immobil-niederkofler.it%2Fen%2Fdetail%2F48523%2F&subject=Komplett%20eingerichteter%20Friseursalon\" title=\"Per E-Mail versenden\" aria-label=\"Per E-Mail versenden\" role=\"button\" rel=\"noopener nofollow\" class=\"shariff-link\" style=\"; background-color:#999; color:#fff\"><span class=\"shariff-icon\" style=\"\"><svg width=\"32px\" height=\"20px\" xmlns=\"http:\/\/www.w3.org\/2000\/svg\" viewBox=\"0 0 32 32\"><path fill=\"#999\" d=\"M32 12.7v14.2q0 1.2-0.8 2t-2 0.9h-26.3q-1.2 0-2-0.9t-0.8-2v-14.2q0.8 0.9 1.8 1.6 6.5 4.4 8.9 6.1 1 0.8 1.6 1.2t1.7 0.9 2 0.4h0.1q0.9 0 2-0.4t1.7-0.9 1.6-1.2q3-2.2 8.9-6.1 1-0.7 1.8-1.6zM32 7.4q0 1.4-0.9 2.7t-2.2 2.2q-6.7 4.7-8.4 5.8-0.2 0.1-0.7 0.5t-1 0.7-0.9 0.6-1.1 0.5-0.9 0.2h-0.1q-0.4 0-0.9-0.2t-1.1-0.5-0.9-0.6-1-0.7-0.7-0.5q-1.6-1.1-4.7-3.2t-3.6-2.6q-1.1-0.7-2.1-2t-1-2.5q0-1.4 0.7-2.3t2.1-0.9h26.3q1.2 0 2 0.8t0.9 2z\"\/><\/svg><\/span><\/a><\/li><\/ul><\/div>                        <\/div>\n                                                <i class=\"heart fa fa-heart-o onoffice favorize\" aria-hidden=\"true\" data-onoffice-estateid=\"48523\"><\/i>\n\t                                        <\/div>\n                <\/div>\n                <div class=\"card-list__content\">\n                    <div class=\"location\">\n                        <p><i class=\"fa fa-map-marker\" aria-hidden=\"true\"><\/i>Olang - Mitterolang <\/p>\n                    <\/div>\n                    <div class=\"title-ellipsis\">\n                        <p>\n                            <a href=\"https:\/\/www.immobil-niederkofler.it\/en\/detail\/48523\/\" class=\"estate-status\">\n                                Komplett eingerichteter Friseursalon                            <\/a>\n\t\t\t\t\t\t\t<script>\n\t\t\t\t\t\t\t\tconsole.log(\"immo: ge\u00e4ndert:\");\n\t\t\t\t\t\t\t<\/script>\n                        <\/p>\n                    <\/div>\n                    <div class=\"description\">\n                        \n                        \n                        \n                                                                            <div class=\"description__icon\">\n                                <img decoding=\"async\" src=\"https:\/\/www.immobil-niederkofler.it\/wp-content\/themes\/niederkofler\/assets\/img\/immo_list\/square-metre.png\" alt=\"Nutzfl\u00e4che\" title=\"Nutzfl\u00e4che\" \/>\n                                <p>58 m\u00b2<\/p>\n                            <\/div>\n                                                                        <div class=\"description__icon\">\n                                                        <img decoding=\"async\" src=\"https:\/\/www.immobil-niederkofler.it\/wp-content\/themes\/niederkofler\/assets\/img\/immo_list\/8.png\" alt=\"Zimmer\" title=\"Zimmer\"\/>\n                                                        <p>1<\/p>\n                        <\/div>\n                                                \n                                                    <div class=\"description__icon\">\n                            <img decoding=\"async\" src=\"https:\/\/www.immobil-niederkofler.it\/wp-content\/themes\/niederkofler\/assets\/img\/immo_list\/bath.png\" alt=\"WC's\" title=\"WC's\" \/>\n                         <p>1&nbsp;<\/p>\n                         <\/div>\n                         \n                        \t                                        <\/div>\n                <\/div>\n            <\/div>\n        <\/div>\n\n\t            <div class=\"col-12 col-md-6 col-xl-4 immobilien-list__cards_current\">\n                <div class=\"immobilien-listcard-list card-list card-list_question pb-4\">\n                    <div class=\"item card-list__question\">\n                        <img decoding=\"async\" class=\"img-fluid\" src=\"https:\/\/www.immobil-niederkofler.it\/wp-content\/themes\/niederkofler\/assets\/img\/immo_list\/immo-list-9.jpg\">\n                    <\/div>\n                    <div class=\"card-list__content\">\n                        <div class=\"description__text\">\n                            <p>Nichts passendes f\u00fcr Sie dabei?<\/p>\n                        <\/div>\n                        <div class=\"description\">\n                            <div class=\"title-question\">\n                                <p>Klicken Sie hier:<br> Wir finden das Richtige!<\/p>\n                            <\/div>\n                        <\/div>\n                        <div class=\"button\">\n                            <a href=\"https:\/\/www.immobil-niederkofler.it\/de\/suchauftrag\/\">Suchauftrag<\/a>\n                        <\/div>\n                    <\/div>\n                <\/div>\n            <\/div>\n        <\/div>\n        <div class=\"immobilien-list__pagination row\">\n            <div class=\"wrap-pagination\">\n                <nav aria-label=\"Page navigation example\">\n\t                <ul class=\"pagination\"><li class=\"page-item active\"><span aria-current=\"page\" class=\"page-link current\">1<\/span><\/li><li class=\"page-item \"><a class=\"page-link\" href=\"https:\/\/www.immobil-niederkofler.it\/de\/immobiliensuche\/gewerbeimmobilien\/page\/2\/\">2<\/a><\/li><li class=\"page-item \"><a class=\"page-link\" href=\"https:\/\/www.immobil-niederkofler.it\/de\/immobiliensuche\/gewerbeimmobilien\/page\/3\/\">3<\/a><\/li><li class=\"page-item \"><a class=\"next page-link\" href=\"https:\/\/www.immobil-niederkofler.it\/de\/immobiliensuche\/gewerbeimmobilien\/page\/2\/\" rel=\"next\">\u00bb<\/a><\/li><\/ul>                <\/nav>\n            <\/div>\n        <\/div>\n    <\/section>\n<\/div>\n<\/div>\n\t\t\t\t\t\t<\/div>\n\t\t\t\t<\/div>\n\t\t\t\t\t<\/div>\n\t\t<\/div>\n\t\t\t\t\t<\/div>\n\t\t<\/section>\n\t\t\t\t<section class=\"elementor-section elementor-top-section elementor-element elementor-element-5861406 elementor-section-full_width elementor-section-height-default elementor-section-height-default\" data-id=\"5861406\" data-element_type=\"section\" data-e-type=\"section\">\n\t\t\t\t\t\t<div class=\"elementor-container elementor-column-gap-default\">\n\t\t\t\t\t<div class=\"elementor-column elementor-col-100 elementor-top-column elementor-element elementor-element-9d3cd11\" data-id=\"9d3cd11\" data-element_type=\"column\" data-e-type=\"column\">\n\t\t\t<div class=\"elementor-widget-wrap elementor-element-populated\">\n\t\t\t\t\t\t<div class=\"elementor-element elementor-element-22680b2 elementor-widget elementor-widget-h2-with-lines\" data-id=\"22680b2\" data-element_type=\"widget\" data-e-type=\"widget\" data-widget_type=\"h2-with-lines.default\">\n\t\t\t\t<div class=\"elementor-widget-container\">\n\t\t\t\t\t\t\t<h2 class=\"site-title no-lines center\">\n            <span>Profitieren Sie von unseren Leistungen<\/span>\n        <\/h2>\n        \t\t\t\t<\/div>\n\t\t\t\t<\/div>\n\t\t\t\t\t<\/div>\n\t\t<\/div>\n\t\t\t\t\t<\/div>\n\t\t<\/section>\n\t\t\t\t<section class=\"elementor-section elementor-top-section elementor-element elementor-element-ba0c2b3 elementor-section-boxed elementor-section-height-default elementor-section-height-default\" data-id=\"ba0c2b3\" data-element_type=\"section\" data-e-type=\"section\">\n\t\t\t\t\t\t<div class=\"elementor-container elementor-column-gap-default\">\n\t\t\t\t\t<div class=\"elementor-column elementor-col-100 elementor-top-column elementor-element elementor-element-9e70d0d\" data-id=\"9e70d0d\" data-element_type=\"column\" data-e-type=\"column\">\n\t\t\t<div class=\"elementor-widget-wrap elementor-element-populated\">\n\t\t\t\t\t\t<section class=\"elementor-section elementor-inner-section elementor-element elementor-element-435266c elementor-section-boxed elementor-section-height-default elementor-section-height-default\" data-id=\"435266c\" data-element_type=\"section\" data-e-type=\"section\">\n\t\t\t\t\t\t<div class=\"elementor-container elementor-column-gap-default\">\n\t\t\t\t\t<div class=\"elementor-column elementor-col-66 elementor-inner-column elementor-element elementor-element-95168c9\" data-id=\"95168c9\" data-element_type=\"column\" data-e-type=\"column\" data-settings=\"{&quot;background_background&quot;:&quot;classic&quot;}\">\n\t\t\t<div class=\"elementor-widget-wrap elementor-element-populated\">\n\t\t\t\t\t\t<div class=\"elementor-element elementor-element-08e71db elementor-widget elementor-widget-spacer\" data-id=\"08e71db\" data-element_type=\"widget\" data-e-type=\"widget\" data-widget_type=\"spacer.default\">\n\t\t\t\t<div class=\"elementor-widget-container\">\n\t\t\t\t\t\t\t<div class=\"elementor-spacer\">\n\t\t\t<div class=\"elementor-spacer-inner\"><\/div>\n\t\t<\/div>\n\t\t\t\t\t\t<\/div>\n\t\t\t\t<\/div>\n\t\t\t\t\t<\/div>\n\t\t<\/div>\n\t\t\t\t<div class=\"elementor-column elementor-col-33 elementor-inner-column elementor-element elementor-element-240f017\" data-id=\"240f017\" data-element_type=\"column\" data-e-type=\"column\">\n\t\t\t<div class=\"elementor-widget-wrap elementor-element-populated\">\n\t\t\t\t\t\t<div class=\"elementor-element elementor-element-35b3843 elementor-widget elementor-widget-text-editor\" data-id=\"35b3843\" data-element_type=\"widget\" data-e-type=\"widget\" data-widget_type=\"text-editor.default\">\n\t\t\t\t<div class=\"elementor-widget-container\">\n\t\t\t\t\t\t\t\t\t<h2 style=\"text-align: left;\">Ein weites Dienstleistungsspektrum<\/h2><p style=\"text-align: left;\">Unser Dienstleistungsspektrum umfasst den gesamten Immobilienzyklus einer Gewerbeimmobilie und richtet sich sowohl an die Eigent\u00fcmer als auch an deren Nutzer. Beginnend beim Ankauf von Gewerbegrundst\u00fccken oder Bestandsimmobilien, bis hin zur Vermietung, Anmietung oder den Verkauf der Liegenschaften stellen wir Ihnen unser <strong>kompetentes und erfahrenes Team zusammengesetzt aus Immobilienexperten, Juristen und Technikern<\/strong> zur Seite. Dabei stehen Professionalit\u00e4t und Diskretion immer im Vordergrund. Aufgrund unserer <strong>internationalen Vernetzung<\/strong> k\u00f6nnen wir Ihnen diese Dienstleistungen auch in Zusammenarbeit mit starken, lokalen Kooperationspartnern in ganz Italien, \u00d6sterreich, Deutschland und in der Schweiz anbieten.<\/p>\t\t\t\t\t\t\t\t<\/div>\n\t\t\t\t<\/div>\n\t\t\t\t<div class=\"elementor-element elementor-element-b28cad6 elementor-align-center elementor-widget elementor-widget-button\" data-id=\"b28cad6\" data-element_type=\"widget\" data-e-type=\"widget\" data-widget_type=\"button.default\">\n\t\t\t\t<div class=\"elementor-widget-container\">\n\t\t\t\t\t\t\t\t\t<div class=\"elementor-button-wrapper\">\n\t\t\t\t\t<a class=\"elementor-button elementor-button-link elementor-size-sm\" href=\"\">\n\t\t\t\t\t\t<span class=\"elementor-button-content-wrapper\">\n\t\t\t\t\t\t\t\t\t<span class=\"elementor-button-text\">Kontaktieren Sie uns<\/span>\n\t\t\t\t\t<\/span>\n\t\t\t\t\t<\/a>\n\t\t\t\t<\/div>\n\t\t\t\t\t\t\t\t<\/div>\n\t\t\t\t<\/div>\n\t\t\t\t\t<\/div>\n\t\t<\/div>\n\t\t\t\t\t<\/div>\n\t\t<\/section>\n\t\t\t\t<section class=\"elementor-section elementor-inner-section elementor-element elementor-element-c53109a elementor-reverse-mobile elementor-section-boxed elementor-section-height-default elementor-section-height-default\" data-id=\"c53109a\" data-element_type=\"section\" data-e-type=\"section\">\n\t\t\t\t\t\t<div class=\"elementor-container elementor-column-gap-default\">\n\t\t\t\t\t<div class=\"elementor-column elementor-col-33 elementor-inner-column elementor-element elementor-element-b1b2248\" data-id=\"b1b2248\" data-element_type=\"column\" data-e-type=\"column\">\n\t\t\t<div class=\"elementor-widget-wrap elementor-element-populated\">\n\t\t\t\t\t\t<div class=\"elementor-element elementor-element-e51b972 elementor-widget elementor-widget-text-editor\" data-id=\"e51b972\" data-element_type=\"widget\" data-e-type=\"widget\" data-widget_type=\"text-editor.default\">\n\t\t\t\t<div class=\"elementor-widget-container\">\n\t\t\t\t\t\t\t\t\t<h2 style=\"text-align: left;\">Wir bieten die Kompetenzen<\/h2><p style=\"text-align: left;\">Durch unser technisches B\u00fcro k\u00f6nnen wir nicht nur Marktwerteinsch\u00e4tzungen (Broker Opinion of Value), sondern auch <strong>vereidigte Sch\u00e4tzgutachten und Verkehrswertgutachten nach internationalen Bewertungsstandards<\/strong> (RICS, IVS etc.) abfassen.<\/p><p style=\"text-align: left;\">Egal ob Kauf, Verkauf, Miete oder Pacht, unsere Rechtsabteilung k\u00fcmmert sich mit<strong> juristischem Knowhow<\/strong> um die Vertragsgestaltung und unterst\u00fctzt Sie bei der Abfassung von gewerblichen Mietvertr\u00e4gen, Kauf- oder Pachtvertr\u00e4gen.<\/p>\t\t\t\t\t\t\t\t<\/div>\n\t\t\t\t<\/div>\n\t\t\t\t\t<\/div>\n\t\t<\/div>\n\t\t\t\t<div class=\"elementor-column elementor-col-66 elementor-inner-column elementor-element elementor-element-dd88091\" data-id=\"dd88091\" data-element_type=\"column\" data-e-type=\"column\" data-settings=\"{&quot;background_background&quot;:&quot;classic&quot;}\">\n\t\t\t<div class=\"elementor-widget-wrap elementor-element-populated\">\n\t\t\t\t\t\t<div class=\"elementor-element elementor-element-29e5002 elementor-widget elementor-widget-spacer\" data-id=\"29e5002\" data-element_type=\"widget\" data-e-type=\"widget\" data-widget_type=\"spacer.default\">\n\t\t\t\t<div class=\"elementor-widget-container\">\n\t\t\t\t\t\t\t<div class=\"elementor-spacer\">\n\t\t\t<div class=\"elementor-spacer-inner\"><\/div>\n\t\t<\/div>\n\t\t\t\t\t\t<\/div>\n\t\t\t\t<\/div>\n\t\t\t\t\t<\/div>\n\t\t<\/div>\n\t\t\t\t\t<\/div>\n\t\t<\/section>\n\t\t\t\t\t<\/div>\n\t\t<\/div>\n\t\t\t\t\t<\/div>\n\t\t<\/section>\n\t\t\t\t<section class=\"elementor-section elementor-top-section elementor-element elementor-element-1775fb37 elementor-section-boxed elementor-section-height-default elementor-section-height-default\" data-id=\"1775fb37\" data-element_type=\"section\" data-e-type=\"section\">\n\t\t\t\t\t\t<div class=\"elementor-container elementor-column-gap-default\">\n\t\t\t\t\t<div class=\"elementor-column elementor-col-100 elementor-top-column elementor-element elementor-element-b1b5515\" data-id=\"b1b5515\" data-element_type=\"column\" data-e-type=\"column\">\n\t\t\t<div class=\"elementor-widget-wrap elementor-element-populated\">\n\t\t\t\t\t\t<div class=\"elementor-element elementor-element-78ff94d0 elementor-widget elementor-widget-h2-with-lines\" data-id=\"78ff94d0\" data-element_type=\"widget\" data-e-type=\"widget\" data-widget_type=\"h2-with-lines.default\">\n\t\t\t\t<div class=\"elementor-widget-container\">\n\t\t\t\t\t\t\t<h2 class=\"site-title with-lines center\">\n            <span>Mehr als nur Gewerbeimmobilien<\/span>\n        <\/h2>\n        \t\t\t\t<\/div>\n\t\t\t\t<\/div>\n\t\t\t\t<section class=\"elementor-section elementor-inner-section elementor-element elementor-element-ed2e782 elementor-section-full_width elementor-section-height-default elementor-section-height-default\" data-id=\"ed2e782\" data-element_type=\"section\" data-e-type=\"section\">\n\t\t\t\t\t\t<div class=\"elementor-container elementor-column-gap-no\">\n\t\t\t\t\t<div class=\"elementor-column elementor-col-33 elementor-inner-column elementor-element elementor-element-48e77bd7\" data-id=\"48e77bd7\" data-element_type=\"column\" data-e-type=\"column\">\n\t\t\t<div class=\"elementor-widget-wrap elementor-element-populated\">\n\t\t\t\t\t\t<div class=\"elementor-element elementor-element-e938734 elementor-widget elementor-widget-image-with-headline\" data-id=\"e938734\" data-element_type=\"widget\" data-e-type=\"widget\" data-widget_type=\"image-with-headline.default\">\n\t\t\t\t<div class=\"elementor-widget-container\">\n\t\t\t\t\t<div class=\"service__card-project card-project\"><a href=\"https:\/\/www.immobil-niederkofler.it\/de\/immobiliensuche\/wohnimmobilien\/?nutzungsart=wohnen\" class=\"card-project__link tile-link\"><h2 class=\"card-project__content\">H\u00e4user & Wohnungen<\/h2><picture class=\"card-project__picture\">\n                <source media=\"(max-width: 575px)\" srcset=\"\n                    https:\/\/acnaayzuen.cloudimg.io\/v7\/https:\/\/www.immobil-niederkofler.it\/wp-content\/uploads\/2019\/10\/service-1.jpg?force_format=webp&amp;q=70&amp;w=576&amp;h=200 1x,\n                    https:\/\/acnaayzuen.cloudimg.io\/v7\/https:\/\/www.immobil-niederkofler.it\/wp-content\/uploads\/2019\/10\/service-1.jpg?force_format=webp&amp;q=70&amp;w=864&amp;h=300 1.5x,\n                    https:\/\/acnaayzuen.cloudimg.io\/v7\/https:\/\/www.immobil-niederkofler.it\/wp-content\/uploads\/2019\/10\/service-1.jpg?force_format=webp&amp;q=70&amp;w=1152&amp;h=400 2x,\n                    https:\/\/acnaayzuen.cloudimg.io\/v7\/https:\/\/www.immobil-niederkofler.it\/wp-content\/uploads\/2019\/10\/service-1.jpg?force_format=webp&amp;q=70&amp;w=1728&amp;h=600 3x\">\n                <source media=\"(min-width: 1400px)\" srcset=\"\n                    https:\/\/acnaayzuen.cloudimg.io\/v7\/https:\/\/www.immobil-niederkofler.it\/wp-content\/uploads\/2019\/10\/service-1.jpg?force_format=webp&amp;q=70&amp;w=952&amp;h=532 1x,\n                    https:\/\/acnaayzuen.cloudimg.io\/v7\/https:\/\/www.immobil-niederkofler.it\/wp-content\/uploads\/2019\/10\/service-1.jpg?force_format=webp&amp;q=70&amp;w=1428&amp;h=798 1.5x,\n                    https:\/\/acnaayzuen.cloudimg.io\/v7\/https:\/\/www.immobil-niederkofler.it\/wp-content\/uploads\/2019\/10\/service-1.jpg?force_format=webp&amp;q=70&amp;w=1904&amp;h=1064 2x,\n                    https:\/\/acnaayzuen.cloudimg.io\/v7\/https:\/\/www.immobil-niederkofler.it\/wp-content\/uploads\/2019\/10\/service-1.jpg?force_format=webp&amp;q=70&amp;w=2856&amp;h=1596 3x\">\n                <source media=\"(min-width: 1200px)\" srcset=\"\n                    https:\/\/acnaayzuen.cloudimg.io\/v7\/https:\/\/www.immobil-niederkofler.it\/wp-content\/uploads\/2019\/10\/service-1.jpg?force_format=webp&amp;q=70&amp;w=700&amp;h=478 1x,\n                    https:\/\/acnaayzuen.cloudimg.io\/v7\/https:\/\/www.immobil-niederkofler.it\/wp-content\/uploads\/2019\/10\/service-1.jpg?force_format=webp&amp;q=70&amp;w=1050&amp;h=717 1.5x,\n                    https:\/\/acnaayzuen.cloudimg.io\/v7\/https:\/\/www.immobil-niederkofler.it\/wp-content\/uploads\/2019\/10\/service-1.jpg?force_format=webp&amp;q=70&amp;w=1400&amp;h=956 2x,\n                    https:\/\/acnaayzuen.cloudimg.io\/v7\/https:\/\/www.immobil-niederkofler.it\/wp-content\/uploads\/2019\/10\/service-1.jpg?force_format=webp&amp;q=70&amp;w=2100&amp;h=1434 3x\">\n                <source media=\"(min-width: 992px)\" srcset=\"\n                    https:\/\/acnaayzuen.cloudimg.io\/v7\/https:\/\/www.immobil-niederkofler.it\/wp-content\/uploads\/2019\/10\/service-1.jpg?force_format=webp&amp;q=70&amp;w=600&amp;h=478 1x,\n                    https:\/\/acnaayzuen.cloudimg.io\/v7\/https:\/\/www.immobil-niederkofler.it\/wp-content\/uploads\/2019\/10\/service-1.jpg?force_format=webp&amp;q=70&amp;w=900&amp;h=717 1.5x,\n                    https:\/\/acnaayzuen.cloudimg.io\/v7\/https:\/\/www.immobil-niederkofler.it\/wp-content\/uploads\/2019\/10\/service-1.jpg?force_format=webp&amp;q=70&amp;w=1200&amp;h=956 2x,\n                    https:\/\/acnaayzuen.cloudimg.io\/v7\/https:\/\/www.immobil-niederkofler.it\/wp-content\/uploads\/2019\/10\/service-1.jpg?force_format=webp&amp;q=70&amp;w=1800&amp;h=1434 3x\">\n                <source media=\"(min-width: 768px)\" srcset=\"\n                    https:\/\/acnaayzuen.cloudimg.io\/v7\/https:\/\/www.immobil-niederkofler.it\/wp-content\/uploads\/2019\/10\/service-1.jpg?force_format=webp&amp;q=70&amp;w=496&amp;h=478 1x,\n                    https:\/\/acnaayzuen.cloudimg.io\/v7\/https:\/\/www.immobil-niederkofler.it\/wp-content\/uploads\/2019\/10\/service-1.jpg?force_format=webp&amp;q=70&amp;w=744&amp;h=717 1.5x,\n                    https:\/\/acnaayzuen.cloudimg.io\/v7\/https:\/\/www.immobil-niederkofler.it\/wp-content\/uploads\/2019\/10\/service-1.jpg?force_format=webp&amp;q=70&amp;w=992&amp;h=956 2x,\n                    https:\/\/acnaayzuen.cloudimg.io\/v7\/https:\/\/www.immobil-niederkofler.it\/wp-content\/uploads\/2019\/10\/service-1.jpg?force_format=webp&amp;q=70&amp;w=1488&amp;h=1434 3x\">\n                <source media=\"(min-width: 576px)\" srcset=\"\n                    https:\/\/acnaayzuen.cloudimg.io\/v7\/https:\/\/www.immobil-niederkofler.it\/wp-content\/uploads\/2019\/10\/service-1.jpg?force_format=webp&amp;q=70&amp;w=384&amp;h=200 1x,\n                    https:\/\/acnaayzuen.cloudimg.io\/v7\/https:\/\/www.immobil-niederkofler.it\/wp-content\/uploads\/2019\/10\/service-1.jpg?force_format=webp&amp;q=70&amp;w=576&amp;h=300 1.5x,\n                    https:\/\/acnaayzuen.cloudimg.io\/v7\/https:\/\/www.immobil-niederkofler.it\/wp-content\/uploads\/2019\/10\/service-1.jpg?force_format=webp&amp;q=70&amp;w=768&amp;h=400 2x,\n                    https:\/\/acnaayzuen.cloudimg.io\/v7\/https:\/\/www.immobil-niederkofler.it\/wp-content\/uploads\/2019\/10\/service-1.jpg?force_format=webp&amp;q=70&amp;w=1152&amp;h=600 3x\">\n                <img loading=\"lazy\" decoding=\"async\" class=\"card-project__image\" loading=\"lazy\" width=\"952\" height=\"478\" src=\"https:\/\/acnaayzuen.cloudimg.io\/v7\/https:\/\/www.immobil-niederkofler.it\/wp-content\/uploads\/2019\/10\/service-1.jpg?force_format=webp&amp;q=70&amp;w=952&amp;h=478\" alt=\"\" \/>\n            <\/picture><\/a><\/div>\t\t\t\t<\/div>\n\t\t\t\t<\/div>\n\t\t\t\t\t<\/div>\n\t\t<\/div>\n\t\t\t\t<div class=\"elementor-column elementor-col-33 elementor-inner-column elementor-element elementor-element-56465bf7\" data-id=\"56465bf7\" data-element_type=\"column\" data-e-type=\"column\">\n\t\t\t<div class=\"elementor-widget-wrap elementor-element-populated\">\n\t\t\t\t\t\t<div class=\"elementor-element elementor-element-3363d142 elementor-widget elementor-widget-image-with-headline\" data-id=\"3363d142\" data-element_type=\"widget\" data-e-type=\"widget\" data-widget_type=\"image-with-headline.default\">\n\t\t\t\t<div class=\"elementor-widget-container\">\n\t\t\t\t\t<div class=\"service__card-project card-project\"><a href=\"https:\/\/www.immobil-niederkofler.it\/de\/immobiliensuche\/neubauprojekte\/\" class=\"card-project__link tile-link\"><h2 class=\"card-project__content\">Neubauobjekte<\/h2><picture class=\"card-project__picture\">\n                <source media=\"(max-width: 575px)\" srcset=\"\n                    https:\/\/acnaayzuen.cloudimg.io\/v7\/https:\/\/www.immobil-niederkofler.it\/wp-content\/uploads\/2020\/07\/modernes-haus.jpg?force_format=webp&amp;q=70&amp;w=576&amp;h=200 1x,\n                    https:\/\/acnaayzuen.cloudimg.io\/v7\/https:\/\/www.immobil-niederkofler.it\/wp-content\/uploads\/2020\/07\/modernes-haus.jpg?force_format=webp&amp;q=70&amp;w=864&amp;h=300 1.5x,\n                    https:\/\/acnaayzuen.cloudimg.io\/v7\/https:\/\/www.immobil-niederkofler.it\/wp-content\/uploads\/2020\/07\/modernes-haus.jpg?force_format=webp&amp;q=70&amp;w=1152&amp;h=400 2x,\n                    https:\/\/acnaayzuen.cloudimg.io\/v7\/https:\/\/www.immobil-niederkofler.it\/wp-content\/uploads\/2020\/07\/modernes-haus.jpg?force_format=webp&amp;q=70&amp;w=1728&amp;h=600 3x\">\n                <source media=\"(min-width: 1400px)\" srcset=\"\n                    https:\/\/acnaayzuen.cloudimg.io\/v7\/https:\/\/www.immobil-niederkofler.it\/wp-content\/uploads\/2020\/07\/modernes-haus.jpg?force_format=webp&amp;q=70&amp;w=952&amp;h=532 1x,\n                    https:\/\/acnaayzuen.cloudimg.io\/v7\/https:\/\/www.immobil-niederkofler.it\/wp-content\/uploads\/2020\/07\/modernes-haus.jpg?force_format=webp&amp;q=70&amp;w=1428&amp;h=798 1.5x,\n                    https:\/\/acnaayzuen.cloudimg.io\/v7\/https:\/\/www.immobil-niederkofler.it\/wp-content\/uploads\/2020\/07\/modernes-haus.jpg?force_format=webp&amp;q=70&amp;w=1904&amp;h=1064 2x,\n                    https:\/\/acnaayzuen.cloudimg.io\/v7\/https:\/\/www.immobil-niederkofler.it\/wp-content\/uploads\/2020\/07\/modernes-haus.jpg?force_format=webp&amp;q=70&amp;w=2856&amp;h=1596 3x\">\n                <source media=\"(min-width: 1200px)\" srcset=\"\n                    https:\/\/acnaayzuen.cloudimg.io\/v7\/https:\/\/www.immobil-niederkofler.it\/wp-content\/uploads\/2020\/07\/modernes-haus.jpg?force_format=webp&amp;q=70&amp;w=700&amp;h=478 1x,\n                    https:\/\/acnaayzuen.cloudimg.io\/v7\/https:\/\/www.immobil-niederkofler.it\/wp-content\/uploads\/2020\/07\/modernes-haus.jpg?force_format=webp&amp;q=70&amp;w=1050&amp;h=717 1.5x,\n                    https:\/\/acnaayzuen.cloudimg.io\/v7\/https:\/\/www.immobil-niederkofler.it\/wp-content\/uploads\/2020\/07\/modernes-haus.jpg?force_format=webp&amp;q=70&amp;w=1400&amp;h=956 2x,\n                    https:\/\/acnaayzuen.cloudimg.io\/v7\/https:\/\/www.immobil-niederkofler.it\/wp-content\/uploads\/2020\/07\/modernes-haus.jpg?force_format=webp&amp;q=70&amp;w=2100&amp;h=1434 3x\">\n                <source media=\"(min-width: 992px)\" srcset=\"\n                    https:\/\/acnaayzuen.cloudimg.io\/v7\/https:\/\/www.immobil-niederkofler.it\/wp-content\/uploads\/2020\/07\/modernes-haus.jpg?force_format=webp&amp;q=70&amp;w=600&amp;h=478 1x,\n                    https:\/\/acnaayzuen.cloudimg.io\/v7\/https:\/\/www.immobil-niederkofler.it\/wp-content\/uploads\/2020\/07\/modernes-haus.jpg?force_format=webp&amp;q=70&amp;w=900&amp;h=717 1.5x,\n                    https:\/\/acnaayzuen.cloudimg.io\/v7\/https:\/\/www.immobil-niederkofler.it\/wp-content\/uploads\/2020\/07\/modernes-haus.jpg?force_format=webp&amp;q=70&amp;w=1200&amp;h=956 2x,\n                    https:\/\/acnaayzuen.cloudimg.io\/v7\/https:\/\/www.immobil-niederkofler.it\/wp-content\/uploads\/2020\/07\/modernes-haus.jpg?force_format=webp&amp;q=70&amp;w=1800&amp;h=1434 3x\">\n                <source media=\"(min-width: 768px)\" srcset=\"\n                    https:\/\/acnaayzuen.cloudimg.io\/v7\/https:\/\/www.immobil-niederkofler.it\/wp-content\/uploads\/2020\/07\/modernes-haus.jpg?force_format=webp&amp;q=70&amp;w=496&amp;h=478 1x,\n                    https:\/\/acnaayzuen.cloudimg.io\/v7\/https:\/\/www.immobil-niederkofler.it\/wp-content\/uploads\/2020\/07\/modernes-haus.jpg?force_format=webp&amp;q=70&amp;w=744&amp;h=717 1.5x,\n                    https:\/\/acnaayzuen.cloudimg.io\/v7\/https:\/\/www.immobil-niederkofler.it\/wp-content\/uploads\/2020\/07\/modernes-haus.jpg?force_format=webp&amp;q=70&amp;w=992&amp;h=956 2x,\n                    https:\/\/acnaayzuen.cloudimg.io\/v7\/https:\/\/www.immobil-niederkofler.it\/wp-content\/uploads\/2020\/07\/modernes-haus.jpg?force_format=webp&amp;q=70&amp;w=1488&amp;h=1434 3x\">\n                <source media=\"(min-width: 576px)\" srcset=\"\n                    https:\/\/acnaayzuen.cloudimg.io\/v7\/https:\/\/www.immobil-niederkofler.it\/wp-content\/uploads\/2020\/07\/modernes-haus.jpg?force_format=webp&amp;q=70&amp;w=384&amp;h=200 1x,\n                    https:\/\/acnaayzuen.cloudimg.io\/v7\/https:\/\/www.immobil-niederkofler.it\/wp-content\/uploads\/2020\/07\/modernes-haus.jpg?force_format=webp&amp;q=70&amp;w=576&amp;h=300 1.5x,\n                    https:\/\/acnaayzuen.cloudimg.io\/v7\/https:\/\/www.immobil-niederkofler.it\/wp-content\/uploads\/2020\/07\/modernes-haus.jpg?force_format=webp&amp;q=70&amp;w=768&amp;h=400 2x,\n                    https:\/\/acnaayzuen.cloudimg.io\/v7\/https:\/\/www.immobil-niederkofler.it\/wp-content\/uploads\/2020\/07\/modernes-haus.jpg?force_format=webp&amp;q=70&amp;w=1152&amp;h=600 3x\">\n                <img loading=\"lazy\" decoding=\"async\" class=\"card-project__image\" loading=\"lazy\" width=\"952\" height=\"478\" src=\"https:\/\/acnaayzuen.cloudimg.io\/v7\/https:\/\/www.immobil-niederkofler.it\/wp-content\/uploads\/2020\/07\/modernes-haus.jpg?force_format=webp&amp;q=70&amp;w=952&amp;h=478\" alt=\"\" \/>\n            <\/picture><\/a><\/div>\t\t\t\t<\/div>\n\t\t\t\t<\/div>\n\t\t\t\t\t<\/div>\n\t\t<\/div>\n\t\t\t\t<div class=\"elementor-column elementor-col-33 elementor-inner-column elementor-element elementor-element-2e7bed8d\" data-id=\"2e7bed8d\" data-element_type=\"column\" data-e-type=\"column\">\n\t\t\t<div class=\"elementor-widget-wrap elementor-element-populated\">\n\t\t\t\t\t\t<div class=\"elementor-element elementor-element-ffe222c elementor-widget elementor-widget-image-with-headline\" data-id=\"ffe222c\" data-element_type=\"widget\" data-e-type=\"widget\" data-widget_type=\"image-with-headline.default\">\n\t\t\t\t<div class=\"elementor-widget-container\">\n\t\t\t\t\t<div class=\"service__card-project card-project\"><a href=\"https:\/\/www.immobil-niederkofler.it\/de\/suchauftrag\/\" class=\"card-project__link tile-link\"><h2 class=\"card-project__content\">Zum Suchauftrag<\/h2><picture class=\"card-project__picture\">\n                <source media=\"(max-width: 575px)\" srcset=\"\n                    https:\/\/acnaayzuen.cloudimg.io\/v7\/https:\/\/www.immobil-niederkofler.it\/wp-content\/uploads\/2024\/12\/paar-laptop-768x512-1.jpg?force_format=webp&amp;q=70&amp;w=576&amp;h=200 1x,\n                    https:\/\/acnaayzuen.cloudimg.io\/v7\/https:\/\/www.immobil-niederkofler.it\/wp-content\/uploads\/2024\/12\/paar-laptop-768x512-1.jpg?force_format=webp&amp;q=70&amp;w=864&amp;h=300 1.5x,\n                    https:\/\/acnaayzuen.cloudimg.io\/v7\/https:\/\/www.immobil-niederkofler.it\/wp-content\/uploads\/2024\/12\/paar-laptop-768x512-1.jpg?force_format=webp&amp;q=70&amp;w=1152&amp;h=400 2x,\n                    https:\/\/acnaayzuen.cloudimg.io\/v7\/https:\/\/www.immobil-niederkofler.it\/wp-content\/uploads\/2024\/12\/paar-laptop-768x512-1.jpg?force_format=webp&amp;q=70&amp;w=1728&amp;h=600 3x\">\n                <source media=\"(min-width: 1400px)\" srcset=\"\n                    https:\/\/acnaayzuen.cloudimg.io\/v7\/https:\/\/www.immobil-niederkofler.it\/wp-content\/uploads\/2024\/12\/paar-laptop-768x512-1.jpg?force_format=webp&amp;q=70&amp;w=952&amp;h=532 1x,\n                    https:\/\/acnaayzuen.cloudimg.io\/v7\/https:\/\/www.immobil-niederkofler.it\/wp-content\/uploads\/2024\/12\/paar-laptop-768x512-1.jpg?force_format=webp&amp;q=70&amp;w=1428&amp;h=798 1.5x,\n                    https:\/\/acnaayzuen.cloudimg.io\/v7\/https:\/\/www.immobil-niederkofler.it\/wp-content\/uploads\/2024\/12\/paar-laptop-768x512-1.jpg?force_format=webp&amp;q=70&amp;w=1904&amp;h=1064 2x,\n                    https:\/\/acnaayzuen.cloudimg.io\/v7\/https:\/\/www.immobil-niederkofler.it\/wp-content\/uploads\/2024\/12\/paar-laptop-768x512-1.jpg?force_format=webp&amp;q=70&amp;w=2856&amp;h=1596 3x\">\n                <source media=\"(min-width: 1200px)\" srcset=\"\n                    https:\/\/acnaayzuen.cloudimg.io\/v7\/https:\/\/www.immobil-niederkofler.it\/wp-content\/uploads\/2024\/12\/paar-laptop-768x512-1.jpg?force_format=webp&amp;q=70&amp;w=700&amp;h=478 1x,\n                    https:\/\/acnaayzuen.cloudimg.io\/v7\/https:\/\/www.immobil-niederkofler.it\/wp-content\/uploads\/2024\/12\/paar-laptop-768x512-1.jpg?force_format=webp&amp;q=70&amp;w=1050&amp;h=717 1.5x,\n                    https:\/\/acnaayzuen.cloudimg.io\/v7\/https:\/\/www.immobil-niederkofler.it\/wp-content\/uploads\/2024\/12\/paar-laptop-768x512-1.jpg?force_format=webp&amp;q=70&amp;w=1400&amp;h=956 2x,\n                    https:\/\/acnaayzuen.cloudimg.io\/v7\/https:\/\/www.immobil-niederkofler.it\/wp-content\/uploads\/2024\/12\/paar-laptop-768x512-1.jpg?force_format=webp&amp;q=70&amp;w=2100&amp;h=1434 3x\">\n                <source media=\"(min-width: 992px)\" srcset=\"\n                    https:\/\/acnaayzuen.cloudimg.io\/v7\/https:\/\/www.immobil-niederkofler.it\/wp-content\/uploads\/2024\/12\/paar-laptop-768x512-1.jpg?force_format=webp&amp;q=70&amp;w=600&amp;h=478 1x,\n                    https:\/\/acnaayzuen.cloudimg.io\/v7\/https:\/\/www.immobil-niederkofler.it\/wp-content\/uploads\/2024\/12\/paar-laptop-768x512-1.jpg?force_format=webp&amp;q=70&amp;w=900&amp;h=717 1.5x,\n                    https:\/\/acnaayzuen.cloudimg.io\/v7\/https:\/\/www.immobil-niederkofler.it\/wp-content\/uploads\/2024\/12\/paar-laptop-768x512-1.jpg?force_format=webp&amp;q=70&amp;w=1200&amp;h=956 2x,\n                    https:\/\/acnaayzuen.cloudimg.io\/v7\/https:\/\/www.immobil-niederkofler.it\/wp-content\/uploads\/2024\/12\/paar-laptop-768x512-1.jpg?force_format=webp&amp;q=70&amp;w=1800&amp;h=1434 3x\">\n                <source media=\"(min-width: 768px)\" srcset=\"\n                    https:\/\/acnaayzuen.cloudimg.io\/v7\/https:\/\/www.immobil-niederkofler.it\/wp-content\/uploads\/2024\/12\/paar-laptop-768x512-1.jpg?force_format=webp&amp;q=70&amp;w=496&amp;h=478 1x,\n                    https:\/\/acnaayzuen.cloudimg.io\/v7\/https:\/\/www.immobil-niederkofler.it\/wp-content\/uploads\/2024\/12\/paar-laptop-768x512-1.jpg?force_format=webp&amp;q=70&amp;w=744&amp;h=717 1.5x,\n                    https:\/\/acnaayzuen.cloudimg.io\/v7\/https:\/\/www.immobil-niederkofler.it\/wp-content\/uploads\/2024\/12\/paar-laptop-768x512-1.jpg?force_format=webp&amp;q=70&amp;w=992&amp;h=956 2x,\n                    https:\/\/acnaayzuen.cloudimg.io\/v7\/https:\/\/www.immobil-niederkofler.it\/wp-content\/uploads\/2024\/12\/paar-laptop-768x512-1.jpg?force_format=webp&amp;q=70&amp;w=1488&amp;h=1434 3x\">\n                <source media=\"(min-width: 576px)\" srcset=\"\n                    https:\/\/acnaayzuen.cloudimg.io\/v7\/https:\/\/www.immobil-niederkofler.it\/wp-content\/uploads\/2024\/12\/paar-laptop-768x512-1.jpg?force_format=webp&amp;q=70&amp;w=384&amp;h=200 1x,\n                    https:\/\/acnaayzuen.cloudimg.io\/v7\/https:\/\/www.immobil-niederkofler.it\/wp-content\/uploads\/2024\/12\/paar-laptop-768x512-1.jpg?force_format=webp&amp;q=70&amp;w=576&amp;h=300 1.5x,\n                    https:\/\/acnaayzuen.cloudimg.io\/v7\/https:\/\/www.immobil-niederkofler.it\/wp-content\/uploads\/2024\/12\/paar-laptop-768x512-1.jpg?force_format=webp&amp;q=70&amp;w=768&amp;h=400 2x,\n                    https:\/\/acnaayzuen.cloudimg.io\/v7\/https:\/\/www.immobil-niederkofler.it\/wp-content\/uploads\/2024\/12\/paar-laptop-768x512-1.jpg?force_format=webp&amp;q=70&amp;w=1152&amp;h=600 3x\">\n                <img loading=\"lazy\" decoding=\"async\" class=\"card-project__image\" loading=\"lazy\" width=\"952\" height=\"478\" src=\"https:\/\/acnaayzuen.cloudimg.io\/v7\/https:\/\/www.immobil-niederkofler.it\/wp-content\/uploads\/2024\/12\/paar-laptop-768x512-1.jpg?force_format=webp&amp;q=70&amp;w=952&amp;h=478\" alt=\"\" \/>\n            <\/picture><\/a><\/div>\t\t\t\t<\/div>\n\t\t\t\t<\/div>\n\t\t\t\t\t<\/div>\n\t\t<\/div>\n\t\t\t\t\t<\/div>\n\t\t<\/section>\n\t\t\t\t<section class=\"elementor-section elementor-inner-section elementor-element elementor-element-7939d9ba elementor-section-full_width elementor-section-height-default elementor-section-height-default\" data-id=\"7939d9ba\" data-element_type=\"section\" data-e-type=\"section\">\n\t\t\t\t\t\t<div class=\"elementor-container elementor-column-gap-no\">\n\t\t\t\t\t<div class=\"elementor-column elementor-col-33 elementor-inner-column elementor-element elementor-element-2b59bfac\" data-id=\"2b59bfac\" data-element_type=\"column\" data-e-type=\"column\">\n\t\t\t<div class=\"elementor-widget-wrap elementor-element-populated\">\n\t\t\t\t\t\t<div class=\"elementor-element elementor-element-6fac08a7 elementor-widget elementor-widget-image-with-headline\" data-id=\"6fac08a7\" data-element_type=\"widget\" data-e-type=\"widget\" data-widget_type=\"image-with-headline.default\">\n\t\t\t\t<div class=\"elementor-widget-container\">\n\t\t\t\t\t<div class=\"service__card-project card-project\"><a href=\"https:\/\/www.immobil-niederkofler.it\/de\/immobiliensuche\/ferienimmobilien\/\" class=\"card-project__link tile-link\"><h2 class=\"card-project__content\">Ferienimmobilien<\/h2><picture class=\"card-project__picture\">\n                <source media=\"(max-width: 575px)\" srcset=\"\n                    https:\/\/acnaayzuen.cloudimg.io\/v7\/https:\/\/www.immobil-niederkofler.it\/wp-content\/uploads\/2020\/07\/balkon-mit-alpenblick.jpg?force_format=webp&amp;q=70&amp;w=576&amp;h=200 1x,\n                    https:\/\/acnaayzuen.cloudimg.io\/v7\/https:\/\/www.immobil-niederkofler.it\/wp-content\/uploads\/2020\/07\/balkon-mit-alpenblick.jpg?force_format=webp&amp;q=70&amp;w=864&amp;h=300 1.5x,\n                    https:\/\/acnaayzuen.cloudimg.io\/v7\/https:\/\/www.immobil-niederkofler.it\/wp-content\/uploads\/2020\/07\/balkon-mit-alpenblick.jpg?force_format=webp&amp;q=70&amp;w=1152&amp;h=400 2x,\n                    https:\/\/acnaayzuen.cloudimg.io\/v7\/https:\/\/www.immobil-niederkofler.it\/wp-content\/uploads\/2020\/07\/balkon-mit-alpenblick.jpg?force_format=webp&amp;q=70&amp;w=1728&amp;h=600 3x\">\n                <source media=\"(min-width: 1400px)\" srcset=\"\n                    https:\/\/acnaayzuen.cloudimg.io\/v7\/https:\/\/www.immobil-niederkofler.it\/wp-content\/uploads\/2020\/07\/balkon-mit-alpenblick.jpg?force_format=webp&amp;q=70&amp;w=952&amp;h=532 1x,\n                    https:\/\/acnaayzuen.cloudimg.io\/v7\/https:\/\/www.immobil-niederkofler.it\/wp-content\/uploads\/2020\/07\/balkon-mit-alpenblick.jpg?force_format=webp&amp;q=70&amp;w=1428&amp;h=798 1.5x,\n                    https:\/\/acnaayzuen.cloudimg.io\/v7\/https:\/\/www.immobil-niederkofler.it\/wp-content\/uploads\/2020\/07\/balkon-mit-alpenblick.jpg?force_format=webp&amp;q=70&amp;w=1904&amp;h=1064 2x,\n                    https:\/\/acnaayzuen.cloudimg.io\/v7\/https:\/\/www.immobil-niederkofler.it\/wp-content\/uploads\/2020\/07\/balkon-mit-alpenblick.jpg?force_format=webp&amp;q=70&amp;w=2856&amp;h=1596 3x\">\n                <source media=\"(min-width: 1200px)\" srcset=\"\n                    https:\/\/acnaayzuen.cloudimg.io\/v7\/https:\/\/www.immobil-niederkofler.it\/wp-content\/uploads\/2020\/07\/balkon-mit-alpenblick.jpg?force_format=webp&amp;q=70&amp;w=700&amp;h=478 1x,\n                    https:\/\/acnaayzuen.cloudimg.io\/v7\/https:\/\/www.immobil-niederkofler.it\/wp-content\/uploads\/2020\/07\/balkon-mit-alpenblick.jpg?force_format=webp&amp;q=70&amp;w=1050&amp;h=717 1.5x,\n                    https:\/\/acnaayzuen.cloudimg.io\/v7\/https:\/\/www.immobil-niederkofler.it\/wp-content\/uploads\/2020\/07\/balkon-mit-alpenblick.jpg?force_format=webp&amp;q=70&amp;w=1400&amp;h=956 2x,\n                    https:\/\/acnaayzuen.cloudimg.io\/v7\/https:\/\/www.immobil-niederkofler.it\/wp-content\/uploads\/2020\/07\/balkon-mit-alpenblick.jpg?force_format=webp&amp;q=70&amp;w=2100&amp;h=1434 3x\">\n                <source media=\"(min-width: 992px)\" srcset=\"\n                    https:\/\/acnaayzuen.cloudimg.io\/v7\/https:\/\/www.immobil-niederkofler.it\/wp-content\/uploads\/2020\/07\/balkon-mit-alpenblick.jpg?force_format=webp&amp;q=70&amp;w=600&amp;h=478 1x,\n                    https:\/\/acnaayzuen.cloudimg.io\/v7\/https:\/\/www.immobil-niederkofler.it\/wp-content\/uploads\/2020\/07\/balkon-mit-alpenblick.jpg?force_format=webp&amp;q=70&amp;w=900&amp;h=717 1.5x,\n                    https:\/\/acnaayzuen.cloudimg.io\/v7\/https:\/\/www.immobil-niederkofler.it\/wp-content\/uploads\/2020\/07\/balkon-mit-alpenblick.jpg?force_format=webp&amp;q=70&amp;w=1200&amp;h=956 2x,\n                    https:\/\/acnaayzuen.cloudimg.io\/v7\/https:\/\/www.immobil-niederkofler.it\/wp-content\/uploads\/2020\/07\/balkon-mit-alpenblick.jpg?force_format=webp&amp;q=70&amp;w=1800&amp;h=1434 3x\">\n                <source media=\"(min-width: 768px)\" srcset=\"\n                    https:\/\/acnaayzuen.cloudimg.io\/v7\/https:\/\/www.immobil-niederkofler.it\/wp-content\/uploads\/2020\/07\/balkon-mit-alpenblick.jpg?force_format=webp&amp;q=70&amp;w=496&amp;h=478 1x,\n                    https:\/\/acnaayzuen.cloudimg.io\/v7\/https:\/\/www.immobil-niederkofler.it\/wp-content\/uploads\/2020\/07\/balkon-mit-alpenblick.jpg?force_format=webp&amp;q=70&amp;w=744&amp;h=717 1.5x,\n                    https:\/\/acnaayzuen.cloudimg.io\/v7\/https:\/\/www.immobil-niederkofler.it\/wp-content\/uploads\/2020\/07\/balkon-mit-alpenblick.jpg?force_format=webp&amp;q=70&amp;w=992&amp;h=956 2x,\n                    https:\/\/acnaayzuen.cloudimg.io\/v7\/https:\/\/www.immobil-niederkofler.it\/wp-content\/uploads\/2020\/07\/balkon-mit-alpenblick.jpg?force_format=webp&amp;q=70&amp;w=1488&amp;h=1434 3x\">\n                <source media=\"(min-width: 576px)\" srcset=\"\n                    https:\/\/acnaayzuen.cloudimg.io\/v7\/https:\/\/www.immobil-niederkofler.it\/wp-content\/uploads\/2020\/07\/balkon-mit-alpenblick.jpg?force_format=webp&amp;q=70&amp;w=384&amp;h=200 1x,\n                    https:\/\/acnaayzuen.cloudimg.io\/v7\/https:\/\/www.immobil-niederkofler.it\/wp-content\/uploads\/2020\/07\/balkon-mit-alpenblick.jpg?force_format=webp&amp;q=70&amp;w=576&amp;h=300 1.5x,\n                    https:\/\/acnaayzuen.cloudimg.io\/v7\/https:\/\/www.immobil-niederkofler.it\/wp-content\/uploads\/2020\/07\/balkon-mit-alpenblick.jpg?force_format=webp&amp;q=70&amp;w=768&amp;h=400 2x,\n                    https:\/\/acnaayzuen.cloudimg.io\/v7\/https:\/\/www.immobil-niederkofler.it\/wp-content\/uploads\/2020\/07\/balkon-mit-alpenblick.jpg?force_format=webp&amp;q=70&amp;w=1152&amp;h=600 3x\">\n                <img loading=\"lazy\" decoding=\"async\" class=\"card-project__image\" loading=\"lazy\" width=\"952\" height=\"478\" src=\"https:\/\/acnaayzuen.cloudimg.io\/v7\/https:\/\/www.immobil-niederkofler.it\/wp-content\/uploads\/2020\/07\/balkon-mit-alpenblick.jpg?force_format=webp&amp;q=70&amp;w=952&amp;h=478\" alt=\"\" \/>\n            <\/picture><\/a><\/div>\t\t\t\t<\/div>\n\t\t\t\t<\/div>\n\t\t\t\t\t<\/div>\n\t\t<\/div>\n\t\t\t\t<div class=\"elementor-column elementor-col-33 elementor-inner-column elementor-element elementor-element-4f32ae6e\" data-id=\"4f32ae6e\" data-element_type=\"column\" data-e-type=\"column\">\n\t\t\t<div class=\"elementor-widget-wrap elementor-element-populated\">\n\t\t\t\t\t\t<div class=\"elementor-element elementor-element-7a766bcf elementor-widget elementor-widget-image-with-headline\" data-id=\"7a766bcf\" data-element_type=\"widget\" data-e-type=\"widget\" data-widget_type=\"image-with-headline.default\">\n\t\t\t\t<div class=\"elementor-widget-container\">\n\t\t\t\t\t<div class=\"service__card-project card-project\"><a href=\"https:\/\/www.immobil-niederkofler.it\/de\/immobiliensuche\/land-forstwirtschaft\/?nutzungsart=waz\" class=\"card-project__link tile-link\"><h2 class=\"card-project__content\">Land-\/Forstwirtschaft<\/h2><picture class=\"card-project__picture\">\n                <source media=\"(max-width: 575px)\" srcset=\"\n                    https:\/\/acnaayzuen.cloudimg.io\/v7\/http:\/\/15789.onofficeweb.com\/wp-content\/uploads\/2020\/07\/wald-sonnenaufgang.jpg?force_format=webp&amp;q=70&amp;w=576&amp;h=200 1x,\n                    https:\/\/acnaayzuen.cloudimg.io\/v7\/http:\/\/15789.onofficeweb.com\/wp-content\/uploads\/2020\/07\/wald-sonnenaufgang.jpg?force_format=webp&amp;q=70&amp;w=864&amp;h=300 1.5x,\n                    https:\/\/acnaayzuen.cloudimg.io\/v7\/http:\/\/15789.onofficeweb.com\/wp-content\/uploads\/2020\/07\/wald-sonnenaufgang.jpg?force_format=webp&amp;q=70&amp;w=1152&amp;h=400 2x,\n                    https:\/\/acnaayzuen.cloudimg.io\/v7\/http:\/\/15789.onofficeweb.com\/wp-content\/uploads\/2020\/07\/wald-sonnenaufgang.jpg?force_format=webp&amp;q=70&amp;w=1728&amp;h=600 3x\">\n                <source media=\"(min-width: 1400px)\" srcset=\"\n                    https:\/\/acnaayzuen.cloudimg.io\/v7\/http:\/\/15789.onofficeweb.com\/wp-content\/uploads\/2020\/07\/wald-sonnenaufgang.jpg?force_format=webp&amp;q=70&amp;w=952&amp;h=532 1x,\n                    https:\/\/acnaayzuen.cloudimg.io\/v7\/http:\/\/15789.onofficeweb.com\/wp-content\/uploads\/2020\/07\/wald-sonnenaufgang.jpg?force_format=webp&amp;q=70&amp;w=1428&amp;h=798 1.5x,\n                    https:\/\/acnaayzuen.cloudimg.io\/v7\/http:\/\/15789.onofficeweb.com\/wp-content\/uploads\/2020\/07\/wald-sonnenaufgang.jpg?force_format=webp&amp;q=70&amp;w=1904&amp;h=1064 2x,\n                    https:\/\/acnaayzuen.cloudimg.io\/v7\/http:\/\/15789.onofficeweb.com\/wp-content\/uploads\/2020\/07\/wald-sonnenaufgang.jpg?force_format=webp&amp;q=70&amp;w=2856&amp;h=1596 3x\">\n                <source media=\"(min-width: 1200px)\" srcset=\"\n                    https:\/\/acnaayzuen.cloudimg.io\/v7\/http:\/\/15789.onofficeweb.com\/wp-content\/uploads\/2020\/07\/wald-sonnenaufgang.jpg?force_format=webp&amp;q=70&amp;w=700&amp;h=478 1x,\n                    https:\/\/acnaayzuen.cloudimg.io\/v7\/http:\/\/15789.onofficeweb.com\/wp-content\/uploads\/2020\/07\/wald-sonnenaufgang.jpg?force_format=webp&amp;q=70&amp;w=1050&amp;h=717 1.5x,\n                    https:\/\/acnaayzuen.cloudimg.io\/v7\/http:\/\/15789.onofficeweb.com\/wp-content\/uploads\/2020\/07\/wald-sonnenaufgang.jpg?force_format=webp&amp;q=70&amp;w=1400&amp;h=956 2x,\n                    https:\/\/acnaayzuen.cloudimg.io\/v7\/http:\/\/15789.onofficeweb.com\/wp-content\/uploads\/2020\/07\/wald-sonnenaufgang.jpg?force_format=webp&amp;q=70&amp;w=2100&amp;h=1434 3x\">\n                <source media=\"(min-width: 992px)\" srcset=\"\n                    https:\/\/acnaayzuen.cloudimg.io\/v7\/http:\/\/15789.onofficeweb.com\/wp-content\/uploads\/2020\/07\/wald-sonnenaufgang.jpg?force_format=webp&amp;q=70&amp;w=600&amp;h=478 1x,\n                    https:\/\/acnaayzuen.cloudimg.io\/v7\/http:\/\/15789.onofficeweb.com\/wp-content\/uploads\/2020\/07\/wald-sonnenaufgang.jpg?force_format=webp&amp;q=70&amp;w=900&amp;h=717 1.5x,\n                    https:\/\/acnaayzuen.cloudimg.io\/v7\/http:\/\/15789.onofficeweb.com\/wp-content\/uploads\/2020\/07\/wald-sonnenaufgang.jpg?force_format=webp&amp;q=70&amp;w=1200&amp;h=956 2x,\n                    https:\/\/acnaayzuen.cloudimg.io\/v7\/http:\/\/15789.onofficeweb.com\/wp-content\/uploads\/2020\/07\/wald-sonnenaufgang.jpg?force_format=webp&amp;q=70&amp;w=1800&amp;h=1434 3x\">\n                <source media=\"(min-width: 768px)\" srcset=\"\n                    https:\/\/acnaayzuen.cloudimg.io\/v7\/http:\/\/15789.onofficeweb.com\/wp-content\/uploads\/2020\/07\/wald-sonnenaufgang.jpg?force_format=webp&amp;q=70&amp;w=496&amp;h=478 1x,\n                    https:\/\/acnaayzuen.cloudimg.io\/v7\/http:\/\/15789.onofficeweb.com\/wp-content\/uploads\/2020\/07\/wald-sonnenaufgang.jpg?force_format=webp&amp;q=70&amp;w=744&amp;h=717 1.5x,\n                    https:\/\/acnaayzuen.cloudimg.io\/v7\/http:\/\/15789.onofficeweb.com\/wp-content\/uploads\/2020\/07\/wald-sonnenaufgang.jpg?force_format=webp&amp;q=70&amp;w=992&amp;h=956 2x,\n                    https:\/\/acnaayzuen.cloudimg.io\/v7\/http:\/\/15789.onofficeweb.com\/wp-content\/uploads\/2020\/07\/wald-sonnenaufgang.jpg?force_format=webp&amp;q=70&amp;w=1488&amp;h=1434 3x\">\n                <source media=\"(min-width: 576px)\" srcset=\"\n                    https:\/\/acnaayzuen.cloudimg.io\/v7\/http:\/\/15789.onofficeweb.com\/wp-content\/uploads\/2020\/07\/wald-sonnenaufgang.jpg?force_format=webp&amp;q=70&amp;w=384&amp;h=200 1x,\n                    https:\/\/acnaayzuen.cloudimg.io\/v7\/http:\/\/15789.onofficeweb.com\/wp-content\/uploads\/2020\/07\/wald-sonnenaufgang.jpg?force_format=webp&amp;q=70&amp;w=576&amp;h=300 1.5x,\n                    https:\/\/acnaayzuen.cloudimg.io\/v7\/http:\/\/15789.onofficeweb.com\/wp-content\/uploads\/2020\/07\/wald-sonnenaufgang.jpg?force_format=webp&amp;q=70&amp;w=768&amp;h=400 2x,\n                    https:\/\/acnaayzuen.cloudimg.io\/v7\/http:\/\/15789.onofficeweb.com\/wp-content\/uploads\/2020\/07\/wald-sonnenaufgang.jpg?force_format=webp&amp;q=70&amp;w=1152&amp;h=600 3x\">\n                <img loading=\"lazy\" decoding=\"async\" class=\"card-project__image\" loading=\"lazy\" width=\"952\" height=\"478\" src=\"https:\/\/acnaayzuen.cloudimg.io\/v7\/http:\/\/15789.onofficeweb.com\/wp-content\/uploads\/2020\/07\/wald-sonnenaufgang.jpg?force_format=webp&amp;q=70&amp;w=952&amp;h=478\" alt=\"\" \/>\n            <\/picture><\/a><\/div>\t\t\t\t<\/div>\n\t\t\t\t<\/div>\n\t\t\t\t\t<\/div>\n\t\t<\/div>\n\t\t\t\t<div class=\"elementor-column elementor-col-33 elementor-inner-column elementor-element elementor-element-26fa963\" data-id=\"26fa963\" data-element_type=\"column\" data-e-type=\"column\">\n\t\t\t<div class=\"elementor-widget-wrap elementor-element-populated\">\n\t\t\t\t\t\t<div class=\"elementor-element elementor-element-5f96b21a elementor-widget elementor-widget-image-with-headline\" data-id=\"5f96b21a\" data-element_type=\"widget\" data-e-type=\"widget\" data-widget_type=\"image-with-headline.default\">\n\t\t\t\t<div class=\"elementor-widget-container\">\n\t\t\t\t\t<div class=\"service__card-project card-project\"><a href=\"https:\/\/www.immobil-niederkofler.it\/de\/immobiliensuche\/parken\/?objektart=parken\" class=\"card-project__link tile-link\"><h2 class=\"card-project__content\">Parken \/ Stellpl\u00e4tze<\/h2><picture class=\"card-project__picture\">\n                <source media=\"(max-width: 575px)\" srcset=\"\n                    https:\/\/acnaayzuen.cloudimg.io\/v7\/https:\/\/www.immobil-niederkofler.it\/wp-content\/uploads\/2025\/01\/Posto-auto-scaled.jpeg?force_format=webp&amp;q=70&amp;w=576&amp;h=200 1x,\n                    https:\/\/acnaayzuen.cloudimg.io\/v7\/https:\/\/www.immobil-niederkofler.it\/wp-content\/uploads\/2025\/01\/Posto-auto-scaled.jpeg?force_format=webp&amp;q=70&amp;w=864&amp;h=300 1.5x,\n                    https:\/\/acnaayzuen.cloudimg.io\/v7\/https:\/\/www.immobil-niederkofler.it\/wp-content\/uploads\/2025\/01\/Posto-auto-scaled.jpeg?force_format=webp&amp;q=70&amp;w=1152&amp;h=400 2x,\n                    https:\/\/acnaayzuen.cloudimg.io\/v7\/https:\/\/www.immobil-niederkofler.it\/wp-content\/uploads\/2025\/01\/Posto-auto-scaled.jpeg?force_format=webp&amp;q=70&amp;w=1728&amp;h=600 3x\">\n                <source media=\"(min-width: 1400px)\" srcset=\"\n                    https:\/\/acnaayzuen.cloudimg.io\/v7\/https:\/\/www.immobil-niederkofler.it\/wp-content\/uploads\/2025\/01\/Posto-auto-scaled.jpeg?force_format=webp&amp;q=70&amp;w=952&amp;h=532 1x,\n                    https:\/\/acnaayzuen.cloudimg.io\/v7\/https:\/\/www.immobil-niederkofler.it\/wp-content\/uploads\/2025\/01\/Posto-auto-scaled.jpeg?force_format=webp&amp;q=70&amp;w=1428&amp;h=798 1.5x,\n                    https:\/\/acnaayzuen.cloudimg.io\/v7\/https:\/\/www.immobil-niederkofler.it\/wp-content\/uploads\/2025\/01\/Posto-auto-scaled.jpeg?force_format=webp&amp;q=70&amp;w=1904&amp;h=1064 2x,\n                    https:\/\/acnaayzuen.cloudimg.io\/v7\/https:\/\/www.immobil-niederkofler.it\/wp-content\/uploads\/2025\/01\/Posto-auto-scaled.jpeg?force_format=webp&amp;q=70&amp;w=2856&amp;h=1596 3x\">\n                <source media=\"(min-width: 1200px)\" srcset=\"\n                    https:\/\/acnaayzuen.cloudimg.io\/v7\/https:\/\/www.immobil-niederkofler.it\/wp-content\/uploads\/2025\/01\/Posto-auto-scaled.jpeg?force_format=webp&amp;q=70&amp;w=700&amp;h=478 1x,\n                    https:\/\/acnaayzuen.cloudimg.io\/v7\/https:\/\/www.immobil-niederkofler.it\/wp-content\/uploads\/2025\/01\/Posto-auto-scaled.jpeg?force_format=webp&amp;q=70&amp;w=1050&amp;h=717 1.5x,\n                    https:\/\/acnaayzuen.cloudimg.io\/v7\/https:\/\/www.immobil-niederkofler.it\/wp-content\/uploads\/2025\/01\/Posto-auto-scaled.jpeg?force_format=webp&amp;q=70&amp;w=1400&amp;h=956 2x,\n                    https:\/\/acnaayzuen.cloudimg.io\/v7\/https:\/\/www.immobil-niederkofler.it\/wp-content\/uploads\/2025\/01\/Posto-auto-scaled.jpeg?force_format=webp&amp;q=70&amp;w=2100&amp;h=1434 3x\">\n                <source media=\"(min-width: 992px)\" srcset=\"\n                    https:\/\/acnaayzuen.cloudimg.io\/v7\/https:\/\/www.immobil-niederkofler.it\/wp-content\/uploads\/2025\/01\/Posto-auto-scaled.jpeg?force_format=webp&amp;q=70&amp;w=600&amp;h=478 1x,\n                    https:\/\/acnaayzuen.cloudimg.io\/v7\/https:\/\/www.immobil-niederkofler.it\/wp-content\/uploads\/2025\/01\/Posto-auto-scaled.jpeg?force_format=webp&amp;q=70&amp;w=900&amp;h=717 1.5x,\n                    https:\/\/acnaayzuen.cloudimg.io\/v7\/https:\/\/www.immobil-niederkofler.it\/wp-content\/uploads\/2025\/01\/Posto-auto-scaled.jpeg?force_format=webp&amp;q=70&amp;w=1200&amp;h=956 2x,\n                    https:\/\/acnaayzuen.cloudimg.io\/v7\/https:\/\/www.immobil-niederkofler.it\/wp-content\/uploads\/2025\/01\/Posto-auto-scaled.jpeg?force_format=webp&amp;q=70&amp;w=1800&amp;h=1434 3x\">\n                <source media=\"(min-width: 768px)\" srcset=\"\n                    https:\/\/acnaayzuen.cloudimg.io\/v7\/https:\/\/www.immobil-niederkofler.it\/wp-content\/uploads\/2025\/01\/Posto-auto-scaled.jpeg?force_format=webp&amp;q=70&amp;w=496&amp;h=478 1x,\n                    https:\/\/acnaayzuen.cloudimg.io\/v7\/https:\/\/www.immobil-niederkofler.it\/wp-content\/uploads\/2025\/01\/Posto-auto-scaled.jpeg?force_format=webp&amp;q=70&amp;w=744&amp;h=717 1.5x,\n                    https:\/\/acnaayzuen.cloudimg.io\/v7\/https:\/\/www.immobil-niederkofler.it\/wp-content\/uploads\/2025\/01\/Posto-auto-scaled.jpeg?force_format=webp&amp;q=70&amp;w=992&amp;h=956 2x,\n                    https:\/\/acnaayzuen.cloudimg.io\/v7\/https:\/\/www.immobil-niederkofler.it\/wp-content\/uploads\/2025\/01\/Posto-auto-scaled.jpeg?force_format=webp&amp;q=70&amp;w=1488&amp;h=1434 3x\">\n                <source media=\"(min-width: 576px)\" srcset=\"\n                    https:\/\/acnaayzuen.cloudimg.io\/v7\/https:\/\/www.immobil-niederkofler.it\/wp-content\/uploads\/2025\/01\/Posto-auto-scaled.jpeg?force_format=webp&amp;q=70&amp;w=384&amp;h=200 1x,\n                    https:\/\/acnaayzuen.cloudimg.io\/v7\/https:\/\/www.immobil-niederkofler.it\/wp-content\/uploads\/2025\/01\/Posto-auto-scaled.jpeg?force_format=webp&amp;q=70&amp;w=576&amp;h=300 1.5x,\n                    https:\/\/acnaayzuen.cloudimg.io\/v7\/https:\/\/www.immobil-niederkofler.it\/wp-content\/uploads\/2025\/01\/Posto-auto-scaled.jpeg?force_format=webp&amp;q=70&amp;w=768&amp;h=400 2x,\n                    https:\/\/acnaayzuen.cloudimg.io\/v7\/https:\/\/www.immobil-niederkofler.it\/wp-content\/uploads\/2025\/01\/Posto-auto-scaled.jpeg?force_format=webp&amp;q=70&amp;w=1152&amp;h=600 3x\">\n                <img loading=\"lazy\" decoding=\"async\" class=\"card-project__image\" loading=\"lazy\" width=\"952\" height=\"478\" src=\"https:\/\/acnaayzuen.cloudimg.io\/v7\/https:\/\/www.immobil-niederkofler.it\/wp-content\/uploads\/2025\/01\/Posto-auto-scaled.jpeg?force_format=webp&amp;q=70&amp;w=952&amp;h=478\" alt=\"\" \/>\n            <\/picture><\/a><\/div>\t\t\t\t<\/div>\n\t\t\t\t<\/div>\n\t\t\t\t\t<\/div>\n\t\t<\/div>\n\t\t\t\t\t<\/div>\n\t\t<\/section>\n\t\t\t\t<div class=\"elementor-element elementor-element-17ebb8fb elementor-widget elementor-widget-spacer\" data-id=\"17ebb8fb\" data-element_type=\"widget\" data-e-type=\"widget\" data-widget_type=\"spacer.default\">\n\t\t\t\t<div class=\"elementor-widget-container\">\n\t\t\t\t\t\t\t<div class=\"elementor-spacer\">\n\t\t\t<div class=\"elementor-spacer-inner\"><\/div>\n\t\t<\/div>\n\t\t\t\t\t\t<\/div>\n\t\t\t\t<\/div>\n\t\t\t\t\t<\/div>\n\t\t<\/div>\n\t\t\t\t\t<\/div>\n\t\t<\/section>\n\t\t\t\t<\/div>\n\t\t","protected":false},"excerpt":{"rendered":"<p>Gewerbeimmobilien in S\u00fcdtirol kaufen Sie suchen einen kompetenten Partner f\u00fcr Ihre Anliegen zum Thema Gewerbeimmobilien im Pustertal, in Bozen oder einem anderen Ort S\u00fcdtirols? Dann sind Sie bei uns genau richtig. Ob Lagerhallen, B\u00fcrofl\u00e4chen, Arztpraxen, Gesch\u00e4fte, Einzelhandelsfl\u00e4chen, Gewerbegrundst\u00fccke, Restaurants, Hotels oder Pensionen \u2013 jede Immobilienart hat ihre Eigenheiten. Diesen speziellen Anforderungen werden wir mit unserem [&hellip;]<\/p>\n","protected":false},"author":4,"featured_media":0,"parent":32,"menu_order":0,"comment_status":"closed","ping_status":"closed","template":"","meta":{"_acf_changed":false,"_monsterinsights_skip_tracking":false,"_monsterinsights_sitenote_active":false,"_monsterinsights_sitenote_note":"","_monsterinsights_sitenote_category":0,"footnotes":""},"class_list":["post-42","page","type-page","status-publish","hentry"],"acf":[],"yoast_head":"<!-- This site is optimized with the Yoast SEO plugin v27.4 - https:\/\/yoast.com\/product\/yoast-seo-wordpress\/ -->\n<title>Gewerbeimmobilien in S\u00fcdtirol | Immobilien Niederkofler<\/title>\n<meta name=\"description\" content=\"Wir finden das passende Gewerbeobjekt f\u00fcr Sie. Wir stehen an Ihrer Seite bei allen Fragen rund um Immobilien.\" \/>\n<meta name=\"robots\" content=\"index, follow, max-snippet:-1, max-image-preview:large, max-video-preview:-1\" \/>\n<link rel=\"canonical\" href=\"https:\/\/www.immobil-niederkofler.it\/de\/immobiliensuche\/gewerbeimmobilien\/\" \/>\n<meta property=\"og:locale\" content=\"de_DE\" \/>\n<meta property=\"og:type\" content=\"article\" \/>\n<meta property=\"og:title\" content=\"Gewerbeimmobilien in S\u00fcdtirol | Immobilien Niederkofler\" \/>\n<meta property=\"og:description\" content=\"Wir finden das passende Gewerbeobjekt f\u00fcr Sie. Wir stehen an Ihrer Seite bei allen Fragen rund um Immobilien.\" \/>\n<meta property=\"og:url\" content=\"https:\/\/www.immobil-niederkofler.it\/de\/immobiliensuche\/gewerbeimmobilien\/\" \/>\n<meta property=\"og:site_name\" content=\"Immobilien Niederkofler\" \/>\n<meta property=\"article:publisher\" content=\"https:\/\/de-de.facebook.com\/ImmobilienNiederkofler\/\" \/>\n<meta property=\"article:modified_time\" content=\"2026-04-22T14:05:02+00:00\" \/>\n<meta property=\"og:image\" content=\"https:\/\/acnaayzuen.cloudimg.io\/v7\/https:\/\/www.immobil-niederkofler.it\/wp-content\/uploads\/2019\/10\/service-1.jpg?force_format=webp&amp;q=70&amp;w=952&amp;h=478\" \/>\n<meta name=\"twitter:card\" content=\"summary_large_image\" \/>\n<meta name=\"twitter:label1\" content=\"Gesch\u00e4tzte Lesezeit\" \/>\n\t<meta name=\"twitter:data1\" content=\"29\u00a0Minuten\" \/>\n<script type=\"application\/ld+json\" class=\"yoast-schema-graph\">{\"@context\":\"https:\\\/\\\/schema.org\",\"@graph\":[{\"@type\":\"WebPage\",\"@id\":\"https:\\\/\\\/www.immobil-niederkofler.it\\\/de\\\/immobiliensuche\\\/gewerbeimmobilien\\\/\",\"url\":\"https:\\\/\\\/www.immobil-niederkofler.it\\\/de\\\/immobiliensuche\\\/gewerbeimmobilien\\\/\",\"name\":\"Gewerbeimmobilien in S\u00fcdtirol | Immobilien Niederkofler\",\"isPartOf\":{\"@id\":\"https:\\\/\\\/www.immobil-niederkofler.it\\\/de\\\/#website\"},\"primaryImageOfPage\":{\"@id\":\"https:\\\/\\\/www.immobil-niederkofler.it\\\/de\\\/immobiliensuche\\\/gewerbeimmobilien\\\/#primaryimage\"},\"image\":{\"@id\":\"https:\\\/\\\/www.immobil-niederkofler.it\\\/de\\\/immobiliensuche\\\/gewerbeimmobilien\\\/#primaryimage\"},\"thumbnailUrl\":\"https:\\\/\\\/acnaayzuen.cloudimg.io\\\/v7\\\/https:\\\/\\\/www.immobil-niederkofler.it\\\/wp-content\\\/uploads\\\/2019\\\/10\\\/service-1.jpg?force_format=webp&amp;q=70&amp;w=952&amp;h=478\",\"datePublished\":\"2019-10-09T08:04:16+00:00\",\"dateModified\":\"2026-04-22T14:05:02+00:00\",\"description\":\"Wir finden das passende Gewerbeobjekt f\u00fcr Sie. Wir stehen an Ihrer Seite bei allen Fragen rund um Immobilien.\",\"breadcrumb\":{\"@id\":\"https:\\\/\\\/www.immobil-niederkofler.it\\\/de\\\/immobiliensuche\\\/gewerbeimmobilien\\\/#breadcrumb\"},\"inLanguage\":\"de\",\"potentialAction\":[{\"@type\":\"ReadAction\",\"target\":[\"https:\\\/\\\/www.immobil-niederkofler.it\\\/de\\\/immobiliensuche\\\/gewerbeimmobilien\\\/\"]}]},{\"@type\":\"ImageObject\",\"inLanguage\":\"de\",\"@id\":\"https:\\\/\\\/www.immobil-niederkofler.it\\\/de\\\/immobiliensuche\\\/gewerbeimmobilien\\\/#primaryimage\",\"url\":\"https:\\\/\\\/acnaayzuen.cloudimg.io\\\/v7\\\/https:\\\/\\\/www.immobil-niederkofler.it\\\/wp-content\\\/uploads\\\/2019\\\/10\\\/service-1.jpg?force_format=webp&amp;q=70&amp;w=952&amp;h=478\",\"contentUrl\":\"https:\\\/\\\/acnaayzuen.cloudimg.io\\\/v7\\\/https:\\\/\\\/www.immobil-niederkofler.it\\\/wp-content\\\/uploads\\\/2019\\\/10\\\/service-1.jpg?force_format=webp&amp;q=70&amp;w=952&amp;h=478\"},{\"@type\":\"BreadcrumbList\",\"@id\":\"https:\\\/\\\/www.immobil-niederkofler.it\\\/de\\\/immobiliensuche\\\/gewerbeimmobilien\\\/#breadcrumb\",\"itemListElement\":[{\"@type\":\"ListItem\",\"position\":1,\"name\":\"Immobiliensuche\",\"item\":\"https:\\\/\\\/www.immobil-niederkofler.it\\\/de\\\/immobiliensuche\\\/\"},{\"@type\":\"ListItem\",\"position\":2,\"name\":\"Gewerbeimmobilien\"}]},{\"@type\":\"WebSite\",\"@id\":\"https:\\\/\\\/www.immobil-niederkofler.it\\\/de\\\/#website\",\"url\":\"https:\\\/\\\/www.immobil-niederkofler.it\\\/de\\\/\",\"name\":\"Immobilien Niederkofler\",\"description\":\"Willkommen bei Immobilien Niederkofler, Ihrem zuverl\u00e4ssigen und kompetenten Immobilienmakler im sch\u00f6nen S\u00fcdtirol\",\"potentialAction\":[{\"@type\":\"SearchAction\",\"target\":{\"@type\":\"EntryPoint\",\"urlTemplate\":\"https:\\\/\\\/www.immobil-niederkofler.it\\\/de\\\/?s={search_term_string}\"},\"query-input\":{\"@type\":\"PropertyValueSpecification\",\"valueRequired\":true,\"valueName\":\"search_term_string\"}}],\"inLanguage\":\"de\"}]}<\/script>\n<!-- \/ Yoast SEO plugin. -->","yoast_head_json":{"title":"Gewerbeimmobilien in S\u00fcdtirol | Immobilien Niederkofler","description":"Wir finden das passende Gewerbeobjekt f\u00fcr Sie. Wir stehen an Ihrer Seite bei allen Fragen rund um Immobilien.","robots":{"index":"index","follow":"follow","max-snippet":"max-snippet:-1","max-image-preview":"max-image-preview:large","max-video-preview":"max-video-preview:-1"},"canonical":"https:\/\/www.immobil-niederkofler.it\/de\/immobiliensuche\/gewerbeimmobilien\/","og_locale":"de_DE","og_type":"article","og_title":"Gewerbeimmobilien in S\u00fcdtirol | Immobilien Niederkofler","og_description":"Wir finden das passende Gewerbeobjekt f\u00fcr Sie. Wir stehen an Ihrer Seite bei allen Fragen rund um Immobilien.","og_url":"https:\/\/www.immobil-niederkofler.it\/de\/immobiliensuche\/gewerbeimmobilien\/","og_site_name":"Immobilien Niederkofler","article_publisher":"https:\/\/de-de.facebook.com\/ImmobilienNiederkofler\/","article_modified_time":"2026-04-22T14:05:02+00:00","og_image":[{"url":"https:\/\/acnaayzuen.cloudimg.io\/v7\/https:\/\/www.immobil-niederkofler.it\/wp-content\/uploads\/2019\/10\/service-1.jpg?force_format=webp&amp;q=70&amp;w=952&amp;h=478","type":"","width":"","height":""}],"twitter_card":"summary_large_image","twitter_misc":{"Gesch\u00e4tzte Lesezeit":"29\u00a0Minuten"},"schema":{"@context":"https:\/\/schema.org","@graph":[{"@type":"WebPage","@id":"https:\/\/www.immobil-niederkofler.it\/de\/immobiliensuche\/gewerbeimmobilien\/","url":"https:\/\/www.immobil-niederkofler.it\/de\/immobiliensuche\/gewerbeimmobilien\/","name":"Gewerbeimmobilien in S\u00fcdtirol | Immobilien Niederkofler","isPartOf":{"@id":"https:\/\/www.immobil-niederkofler.it\/de\/#website"},"primaryImageOfPage":{"@id":"https:\/\/www.immobil-niederkofler.it\/de\/immobiliensuche\/gewerbeimmobilien\/#primaryimage"},"image":{"@id":"https:\/\/www.immobil-niederkofler.it\/de\/immobiliensuche\/gewerbeimmobilien\/#primaryimage"},"thumbnailUrl":"https:\/\/acnaayzuen.cloudimg.io\/v7\/https:\/\/www.immobil-niederkofler.it\/wp-content\/uploads\/2019\/10\/service-1.jpg?force_format=webp&amp;q=70&amp;w=952&amp;h=478","datePublished":"2019-10-09T08:04:16+00:00","dateModified":"2026-04-22T14:05:02+00:00","description":"Wir finden das passende Gewerbeobjekt f\u00fcr Sie. Wir stehen an Ihrer Seite bei allen Fragen rund um Immobilien.","breadcrumb":{"@id":"https:\/\/www.immobil-niederkofler.it\/de\/immobiliensuche\/gewerbeimmobilien\/#breadcrumb"},"inLanguage":"de","potentialAction":[{"@type":"ReadAction","target":["https:\/\/www.immobil-niederkofler.it\/de\/immobiliensuche\/gewerbeimmobilien\/"]}]},{"@type":"ImageObject","inLanguage":"de","@id":"https:\/\/www.immobil-niederkofler.it\/de\/immobiliensuche\/gewerbeimmobilien\/#primaryimage","url":"https:\/\/acnaayzuen.cloudimg.io\/v7\/https:\/\/www.immobil-niederkofler.it\/wp-content\/uploads\/2019\/10\/service-1.jpg?force_format=webp&amp;q=70&amp;w=952&amp;h=478","contentUrl":"https:\/\/acnaayzuen.cloudimg.io\/v7\/https:\/\/www.immobil-niederkofler.it\/wp-content\/uploads\/2019\/10\/service-1.jpg?force_format=webp&amp;q=70&amp;w=952&amp;h=478"},{"@type":"BreadcrumbList","@id":"https:\/\/www.immobil-niederkofler.it\/de\/immobiliensuche\/gewerbeimmobilien\/#breadcrumb","itemListElement":[{"@type":"ListItem","position":1,"name":"Immobiliensuche","item":"https:\/\/www.immobil-niederkofler.it\/de\/immobiliensuche\/"},{"@type":"ListItem","position":2,"name":"Gewerbeimmobilien"}]},{"@type":"WebSite","@id":"https:\/\/www.immobil-niederkofler.it\/de\/#website","url":"https:\/\/www.immobil-niederkofler.it\/de\/","name":"Immobilien Niederkofler","description":"Willkommen bei Immobilien Niederkofler, Ihrem zuverl\u00e4ssigen und kompetenten Immobilienmakler im sch\u00f6nen S\u00fcdtirol","potentialAction":[{"@type":"SearchAction","target":{"@type":"EntryPoint","urlTemplate":"https:\/\/www.immobil-niederkofler.it\/de\/?s={search_term_string}"},"query-input":{"@type":"PropertyValueSpecification","valueRequired":true,"valueName":"search_term_string"}}],"inLanguage":"de"}]}},"_links":{"self":[{"href":"https:\/\/www.immobil-niederkofler.it\/de\/wp-json\/wp\/v2\/pages\/42","targetHints":{"allow":["GET"]}}],"collection":[{"href":"https:\/\/www.immobil-niederkofler.it\/de\/wp-json\/wp\/v2\/pages"}],"about":[{"href":"https:\/\/www.immobil-niederkofler.it\/de\/wp-json\/wp\/v2\/types\/page"}],"author":[{"embeddable":true,"href":"https:\/\/www.immobil-niederkofler.it\/de\/wp-json\/wp\/v2\/users\/4"}],"replies":[{"embeddable":true,"href":"https:\/\/www.immobil-niederkofler.it\/de\/wp-json\/wp\/v2\/comments?post=42"}],"version-history":[{"count":15,"href":"https:\/\/www.immobil-niederkofler.it\/de\/wp-json\/wp\/v2\/pages\/42\/revisions"}],"predecessor-version":[{"id":10481,"href":"https:\/\/www.immobil-niederkofler.it\/de\/wp-json\/wp\/v2\/pages\/42\/revisions\/10481"}],"up":[{"embeddable":true,"href":"https:\/\/www.immobil-niederkofler.it\/de\/wp-json\/wp\/v2\/pages\/32"}],"wp:attachment":[{"href":"https:\/\/www.immobil-niederkofler.it\/de\/wp-json\/wp\/v2\/media?parent=42"}],"curies":[{"name":"wp","href":"https:\/\/api.w.org\/{rel}","templated":true}]}}