{"id":36,"date":"2019-10-09T10:03:25","date_gmt":"2019-10-09T08:03:25","guid":{"rendered":"http:\/\/15789.onofficeweb.com\/?page_id=36"},"modified":"2026-04-22T16:09:36","modified_gmt":"2026-04-22T14:09:36","slug":"wohnimmobilien","status":"publish","type":"page","link":"https:\/\/www.immobil-niederkofler.it\/de\/immobiliensuche\/wohnimmobilien\/","title":{"rendered":"Wohnimmobilien"},"content":{"rendered":"\t\t<div data-elementor-type=\"wp-page\" data-elementor-id=\"36\" class=\"elementor elementor-36\" data-elementor-post-type=\"page\">\n\t\t\t\t\t\t<section class=\"elementor-section elementor-top-section elementor-element elementor-element-6c5da9b elementor-section-full_width elementor-section-height-default elementor-section-height-default\" data-id=\"6c5da9b\" data-element_type=\"section\" data-e-type=\"section\">\n\t\t\t\t\t\t<div class=\"elementor-container elementor-column-gap-no\">\n\t\t\t\t\t<div class=\"elementor-column elementor-col-100 elementor-top-column elementor-element elementor-element-845c00f\" data-id=\"845c00f\" data-element_type=\"column\" data-e-type=\"column\">\n\t\t\t<div class=\"elementor-widget-wrap elementor-element-populated\">\n\t\t\t\t\t\t<div class=\"elementor-element elementor-element-1c9099e elementor-widget elementor-widget-shortcode\" data-id=\"1c9099e\" data-element_type=\"widget\" data-e-type=\"widget\" data-widget_type=\"shortcode.default\">\n\t\t\t\t<div class=\"elementor-widget-container\">\n\t\t\t\t\t\t\t<div class=\"elementor-shortcode\">\r\n<script type=\"text\/javascript\">\r\n\r\n    function setGetParam(key,value) {\r\n        if (history.pushState) {\r\n            var params = new URLSearchParams(window.location.search);\r\n            params.set(key, value);\r\n            var newUrl = window.location.protocol + \"\/\/\" + window.location.host + window.location.pathname + '?' + params.toString();\r\n            window.history.pushState({path:newUrl},'',newUrl);\r\n        }\r\n    }\r\n\r\n    function getUrlParameter(sParam) {\r\n        var sPageURL = window.location.search.substring(1),\r\n            sURLVariables = sPageURL.split('&'),\r\n            sParameterName,\r\n            i;\r\n\r\n        for (i = 0; i < sURLVariables.length; i++) {\r\n            sParameterName = sURLVariables[i].split('=');\r\n            if (sParameterName[0] === sParam) {\r\n                return sParameterName[1] === undefined ? true : decodeURIComponent(sParameterName[1]);\r\n            }\r\n        }\r\n    }\r\n\r\n    function resetForm($form){\r\n        $form.find('.form-field input').val('');\r\n        $('.select2-selection__choice__remove').trigger('click');\r\n        $form.find('input:radio, input:checkbox').removeAttr('checked').removeAttr('selected');\r\n        $('#menuOption').val('').trigger('change');\r\n        $('#menuOption5').val('all').trigger('change');\r\n        if (window.location.href.indexOf(\"\/?nutzungsart\") > -1) {\r\n            let nutzungsartParam= new URLSearchParams(window.location.search).get('nutzungsart');\r\n            $('#menuOption1').val(nutzungsartParam).trigger('change');\r\n        } else {\r\n            $('#menuOption1').val('wohnen').trigger('change');\r\n        }\r\n        if (window.location.href.indexOf(\"\/?\") > -1) {\r\n            $form.submit();\r\n        }\r\n    }\r\n\r\n\r\n    jQuery(document).ready(function($) {\r\n        $('.close-filter, .close-filter-mobile').on('click', function () {\r\n            resetForm($('#filterForm'))\r\n        });\r\n    });\r\n<\/script>\r\n<div class=\"xrow selects nav-down\">\r\n    <div class=\"hiddenfields\">\r\n\t\t<p>\u00dcberlassung: <br><div data-name=\"vermarktungsart\" class=\"multiselect\" data-values=\"{&quot;kauf&quot;:&quot;Kauf&quot;,&quot;miete&quot;:&quot;Miete&quot;,&quot;pacht&quot;:&quot;Pacht&quot;}\" data-selected=\"null\">\r\n\t\t\t\t<input type=\"button\" class=\"onoffice-multiselect-edit\" value=\"Bitte ausw\u00e4hlen\">\r\n\t\t\t<\/div>\r\n\t\t\t<\/p><p>Nutzungsart: <br><div data-name=\"nutzungsart\" class=\"multiselect\" data-values=\"{&quot;gewerbe&quot;:&quot;Gewerbe&quot;,&quot;wohnen&quot;:&quot;Wohnen&quot;,&quot;waz&quot;:&quot;Land-\\\/Forstwirtschaft&quot;}\" data-selected=\"null\">\r\n\t\t\t\t<input type=\"button\" class=\"onoffice-multiselect-edit\" value=\"Bitte ausw\u00e4hlen\">\r\n\t\t\t<\/div>\r\n\t\t\t<\/p><p>Objektart: <br><div data-name=\"objektart\" class=\"multiselect\" data-values=\"{&quot;buero_praxen&quot;:&quot;B\\u00fcro \\\/ Praxis&quot;,&quot;wohnung&quot;:&quot;Wohnung&quot;,&quot;parken&quot;:&quot;Parken&quot;,&quot;hallen_lager_prod&quot;:&quot;Hallen \\\/ Lager \\\/ Produktion&quot;,&quot;einzelhandel&quot;:&quot;Gesch\\u00e4ftslokal&quot;,&quot;haus&quot;:&quot;Villa \\\/ Haus \\\/ Bauernhof&quot;,&quot;grundstueck&quot;:&quot;Grundst\\u00fcck&quot;,&quot;gastgewerbe&quot;:&quot;Gastgewerbe&quot;}\" data-selected=\"null\">\r\n\t\t\t\t<input type=\"button\" class=\"onoffice-multiselect-edit\" value=\"Bitte ausw\u00e4hlen\">\r\n\t\t\t<\/div>\r\n\t\t\t<\/p><p>Gemeinde: <br><input name=\"ort\" type=\"text\" value=\"\" maxlength=\"50\"><br><\/p><p>Kaltmiete: <br>Von: Bis: Von: <input name=\"kaltmiete__von\" type=\"number\" step=\"0.1\" min=\"0\" value=\"\"><br>Bis: <input name=\"kaltmiete__bis\" type=\"number\" step=\"0.1\" min=\"0\" value=\"\"><br><\/p><p>Kaufpreis: <br>Von: Bis: Von: <input name=\"kaufpreis__von\" type=\"number\" step=\"0.1\" min=\"0\" value=\"\"><br>Bis: <input name=\"kaufpreis__bis\" type=\"number\" step=\"0.1\" min=\"0\" value=\"\"><br><\/p><p>Nettofl\u00e4che: <br>Von: Von: <input name=\"nutzflaeche__von\" type=\"number\" step=\"0.1\" min=\"0\" value=\"\"><br>Bis: <input name=\"nutzflaeche__bis\" type=\"number\" step=\"0.1\" min=\"0\" value=\"\"><br><\/p><p>Objektzustand: <br><div data-name=\"zustand\" class=\"multiselect\" data-values=\"{&quot;erstbezug&quot;:&quot;Erstbezug&quot;,&quot;neuwertig&quot;:&quot;neuwertig&quot;,&quot;renovierungsbeduerftig&quot;:&quot;renovierungsbed\\u00fcrftig&quot;,&quot;ind_Schl_2783&quot;:&quot;gebraucht&quot;,&quot;zustandSehrGutModernisiert&quot;:&quot;sehr gut \\\/ modernisiert&quot;,&quot;zustandGutAusreichend&quot;:&quot;gut \\\/ ausreichend&quot;,&quot;zustandNeuImBau&quot;:&quot;neu \\\/ im Bau&quot;}\" data-selected=\"null\">\r\n\t\t\t\t<input type=\"button\" class=\"onoffice-multiselect-edit\" value=\"Bitte ausw\u00e4hlen\">\r\n\t\t\t<\/div>\r\n\t\t\t<\/p><p>Zimmer: <br>Von: Bis: Von: <input name=\"anzahl_zimmer__von\" type=\"number\" step=\"0.1\" min=\"0\" value=\"\"><br>Bis: <input name=\"anzahl_zimmer__bis\" type=\"number\" step=\"0.1\" min=\"0\" value=\"\"><br><\/p><p>Aufzug: <br><div data-name=\"fahrstuhl\" class=\"multiselect\" data-values=\"{&quot;personen&quot;:&quot;Ja&quot;,&quot;lasten&quot;:&quot;Lastenfahrstuhl&quot;,&quot;kein_fahrstuhl&quot;:&quot;Nein&quot;}\" data-selected=\"null\">\r\n\t\t\t\t<input type=\"button\" class=\"onoffice-multiselect-edit\" value=\"Bitte ausw\u00e4hlen\">\r\n\t\t\t<\/div>\r\n\t\t\t<\/p><p>Balkon: <br><br><fieldset>\r\n\t\t<input type=\"radio\" id=\"balkon_u\" name=\"balkon\" value=\"u\"\r\n\t\t\t checked>\r\n\t\t<label for=\"balkon_u\">Keine Angabe<\/label>\r\n\t\t<input type=\"radio\" id=\"balkon_y\" name=\"balkon\" value=\"y\"\r\n\t\t\t>\r\n\t\t<label for=\"balkon_y\">Ja<\/label>\r\n\t\t<input type=\"radio\" id=\"balkon_n\" name=\"balkon\" value=\"n\"\r\n\t\t\t>\r\n\t\t<label for=\"balkon_n\">Nein<\/label>\r\n\t  <\/fieldset><\/p><p>Dachboden: <br><br><fieldset>\r\n\t\t<input type=\"radio\" id=\"dachboden_u\" name=\"dachboden\" value=\"u\"\r\n\t\t\t checked>\r\n\t\t<label for=\"dachboden_u\">Keine Angabe<\/label>\r\n\t\t<input type=\"radio\" id=\"dachboden_y\" name=\"dachboden\" value=\"y\"\r\n\t\t\t>\r\n\t\t<label for=\"dachboden_y\">Ja<\/label>\r\n\t\t<input type=\"radio\" id=\"dachboden_n\" name=\"dachboden\" value=\"n\"\r\n\t\t\t>\r\n\t\t<label for=\"dachboden_n\">Nein<\/label>\r\n\t  <\/fieldset><\/p><p>Terrasse: <br><br><fieldset>\r\n\t\t<input type=\"radio\" id=\"terrasse_u\" name=\"terrasse\" value=\"u\"\r\n\t\t\t checked>\r\n\t\t<label for=\"terrasse_u\">Keine Angabe<\/label>\r\n\t\t<input type=\"radio\" id=\"terrasse_y\" name=\"terrasse\" value=\"y\"\r\n\t\t\t>\r\n\t\t<label for=\"terrasse_y\">Ja<\/label>\r\n\t\t<input type=\"radio\" id=\"terrasse_n\" name=\"terrasse\" value=\"n\"\r\n\t\t\t>\r\n\t\t<label for=\"terrasse_n\">Nein<\/label>\r\n\t  <\/fieldset><\/p><p>Balkon-\/ Terrassenfl\u00e4che: <br>Von: <input name=\"balkon_terrasse_flaeche__von\" type=\"number\" step=\"0.1\" min=\"0\" value=\"\"><br>Bis: <input name=\"balkon_terrasse_flaeche__bis\" type=\"number\" step=\"0.1\" min=\"0\" value=\"\"><br><\/p><p>Immobilien Nr.: <br><input name=\"objektnr_extern\" type=\"text\" value=\"\" maxlength=\"20\"><br><\/p><p>Konventioniert: <br><br><fieldset>\r\n\t\t<input type=\"radio\" id=\"konventioniert_u\" name=\"konventioniert\" value=\"u\"\r\n\t\t\t checked>\r\n\t\t<label for=\"konventioniert_u\">Keine Angabe<\/label>\r\n\t\t<input type=\"radio\" id=\"konventioniert_y\" name=\"konventioniert\" value=\"y\"\r\n\t\t\t>\r\n\t\t<label for=\"konventioniert_y\">Ja<\/label>\r\n\t\t<input type=\"radio\" id=\"konventioniert_n\" name=\"konventioniert\" value=\"n\"\r\n\t\t\t>\r\n\t\t<label for=\"konventioniert_n\">Nein<\/label>\r\n\t  <\/fieldset><\/p>    <\/div>\r\n    <script type=\"text\/javascript\">\r\n\r\n    <\/script>\r\n    <section class=\"section\" id=\"immosearch\">\r\n        <div class=\"wrap-form\">\r\n            <form class=\"wrap-form__form\" method=\"get\" id=\"filterForm\" action=\"https:\/\/www.immobil-niederkofler.it\/de\/immobiliensuche\/\">\r\n                <div class=\"first-select row\">\r\n                    <div class=\"col-12 col-xl-2\">\r\n                        <div class=\" first-select__form-field form-field\">\r\n                            <label>Vermarktungsart<\/label>\r\n                            <select id=\"menuOption\" class=\"main-select-search vermarktungsart\" data-width=\"fit\" data-oofield=\"vermarktungsart\" data-ootype=\"onoffice-multiselect-edit\" name=\"vermarktungsart\">\r\n                                <option value=\"\">Alle<\/option>\r\n\t                            <option value=\"kauf\" label=\"Kauf\" >Kauf<\/option><option value=\"miete\" label=\"Miete\" >Miete<\/option><option value=\"pacht\" label=\"Pacht\" >Pacht<\/option>                            <\/select>\r\n                        <\/div>\r\n                    <\/div>\r\n                    <div class=\"col-12 col-xl-2\">\r\n                        <div class=\"form-field\">\r\n                            <label>NUTZUNGSART<\/label>\r\n                            <select id=\"menuOption1\" class=\"main-select-search\" data-width=\"fit\" data-oofield=\"nutzungsart\" data-ootype=\"onoffice-multiselect-edit\" name=\"nutzungsart\">\r\n\t                            <option value=\"wohnen\" label=\"Wohnen\" >Wohnen<\/option><option value=\"gewerbe\" label=\"Gewerbe\" >Gewerbe<\/option><option value=\"waz\" label=\"Land-\/Forstwirtschaft\" >Land-\/Forstwirtschaft<\/option>                            <\/select>\r\n                        <\/div>\r\n                    <\/div>\r\n                    <div class=\"col-12 col-xl-2\">\r\n                        <style>\r\n                            .select2-search__field.testoss::-webkit-input-placeholder,\r\n                            .select2-search__field.testoss:placeholder-shown,\r\n                            .select2-search__field.testoss::placeholder {\r\n                                color: red !important;\r\n                            }\r\n                            ::-webkit-input-placeholder {\r\n                                color: #7b7a7b !important;\r\n                            }\r\n                            ::-moz-placeholder {\r\n                                color: #7b7a7b !important;\r\n                            }\r\n                            :-ms-input-placeholder {\r\n                                color: #7b7a7b !important;\r\n                            }\r\n                            :-moz-placeholder {\r\n                                color: #7b7a7b !important;\r\n                            }\r\n                        <\/style>\r\n                        <script type=\"text\/javascript\">\r\n                            var $ = jQuery;\r\n                            $(function () {\r\n                                let getUrlParameter = function getUrlParameter(sParam) {\r\n                                    let sPageURL = window.location.search.substring(1);\r\n                                    let sURLVariables = sPageURL.split('&');\r\n                                    for (let i = 0; i < sURLVariables.length; i++)\r\n                                    {\r\n                                        let sParameterName = sURLVariables[i].split('=');\r\n                                        if (sParameterName[0] === sParam)\r\n                                        {\r\n                                            return sParameterName[1];\r\n                                        }\r\n                                    }\r\n                                };\r\n                                let objekartSelect = $('#objektart');\r\n                                let nutzungsartSelect = $('#menuOption1');\r\n                                let $floorSpaceInput = $('#floorSpace').find('input');\r\n\r\n                                if (getUrlParameter('nutzungsart') === 'anlage') {\r\n                                    clearOptions(objekartSelect);\r\n                                    objekartSelect.append(\"<option value='buero_praxen' label='B\u00fcro \/ Praxis' >B\u00fcro \/ Praxis<\/option><option value='wohnung' label='Wohnung' >Wohnung<\/option><option value='parken' label='Parken' >Parken<\/option><option value='hallen_lager_prod' label='Hallen \/ Lager \/ Produktion' >Hallen \/ Lager \/ Produktion<\/option><option value='einzelhandel' label='Gesch\u00e4ftslokal' >Gesch\u00e4ftslokal<\/option><option value='haus' label='Villa \/ Haus \/ Bauernhof' >Villa \/ Haus \/ Bauernhof<\/option><option value='grundstueck' label='Grundst\u00fcck' >Grundst\u00fcck<\/option><option value='gastgewerbe' label='Gastgewerbe' >Gastgewerbe<\/option>\").trigger('change');\r\n                                }\r\n                                if (nutzungsartSelect.val() === 'wohnen') {\r\n                                    let optionListLiving = '<option value=\"wohnung\" label=\"Wohnung\" >Wohnung<\/option>' +\r\n                                        '<option value=\"grundstueck\" label=\"Grundst\u00fcck\" >Grundst\u00fcck<\/option>' +\r\n                                        '<option value=\"parken\" label=\"Parken\" >Parken<\/option>' +\r\n                                        '<option value=\"haus\" label=\"Villa \/ Haus \/ Bauernhof\" >Villa \/ Haus \/ Bauernhof<\/option>';\r\n                                    clearOptions(objekartSelect);\r\n                                    objekartSelect.append(optionListLiving).trigger('change');\r\n                                    $floorSpaceInput.attr('name', 'wohnflaeche__von');\r\n                                }\r\n                                if (nutzungsartSelect.val() === 'gewerbe') {\r\n                                    let optionListCommercial = '<option value=\"einzelhandel\" label=\"Gesch\u00e4ftslokal\" >Gesch\u00e4ftslokal<\/option>' +\r\n                                        '<option value=\"buero_praxen\" label=\"B\u00fcro \/ Praxis\" >B\u00fcro \/ Praxis<\/option>' +\r\n                                        '<option value=\"parken\" label=\"Parken\" >Parken<\/option>' +\r\n                                        '<option value=\"gastgewerbe\" label=\"Gastgewerbe\" >Gastgewerbe<\/option>' +\r\n                                        '<option value=\"hallen_lager_prod\" label=\"Hallen \/ Lager \/ Produktion\" >Hallen \/ Lager \/ Produktion<\/option>';\r\n                                    clearOptions(objekartSelect);\r\n                                    objekartSelect.append(optionListCommercial).trigger('change');\r\n                                    $floorSpaceInput.attr('name', 'nutzflaeche__von');\r\n                                }\r\n                                if (nutzungsartSelect.val() === 'waz') {\r\n                                    let optionListWaz = '<option value=\"haus\" label=\"Villa \/ Haus \/ Bauernhof\" >Villa \/ Haus \/ Bauernhof<\/option>';\r\n                                    clearOptions(objekartSelect);\r\n                                    objekartSelect.append(optionListWaz).trigger('change');\r\n                                    $floorSpaceInput.attr('name', 'grundstuecksflaeche__von');\r\n                                }\r\n                                nutzungsartSelect.on('change', function (e) {\r\n                                    \/\/ e.stopPropagation();\r\n                                    objekartSelect.val(null).trigger('change');\r\n                                    if ($(this).val() === '' || $(this).val() === 'anlage') {\r\n                                        clearOptions(objekartSelect);\r\n                                        objekartSelect.append(\"<option value='buero_praxen' label='B\u00fcro \/ Praxis' >B\u00fcro \/ Praxis<\/option><option value='wohnung' label='Wohnung' >Wohnung<\/option><option value='parken' label='Parken' >Parken<\/option><option value='hallen_lager_prod' label='Hallen \/ Lager \/ Produktion' >Hallen \/ Lager \/ Produktion<\/option><option value='einzelhandel' label='Gesch\u00e4ftslokal' >Gesch\u00e4ftslokal<\/option><option value='haus' label='Villa \/ Haus \/ Bauernhof' >Villa \/ Haus \/ Bauernhof<\/option><option value='grundstueck' label='Grundst\u00fcck' >Grundst\u00fcck<\/option><option value='gastgewerbe' label='Gastgewerbe' >Gastgewerbe<\/option>\").trigger('change');\r\n                                    }\r\n                                    if ($(this).val() === 'wohnen') {\r\n                                        let optionListLiving = '<option value=\"wohnung\" label=\"Wohnung\">Wohnung<\/option>' +\r\n                                            '<option value=\"grundstueck\" label=\"Grundst\u00fcck\">Grundst\u00fcck<\/option>' +\r\n                                            '<option value=\"parken\" label=\"Parken\">Parken<\/option>' +\r\n                                            '<option value=\"haus\" label=\"Villa \/ Haus \/ Bauernhof\">Villa \/ Haus \/ Bauernhof<\/option>';\r\n                                        clearOptions(objekartSelect);\r\n                                        objekartSelect.append(optionListLiving).trigger('change');\r\n                                        $floorSpaceInput.attr('name', 'wohnflaeche__von');\r\n                                    }\r\n                                    if ($(this).val() === 'gewerbe') {\r\n                                        let optionListCommercial = '<option value=\"einzelhandel\" label=\"Gesch\u00e4ftslokal\">Gesch\u00e4ftslokal<\/option>' +\r\n                                            '<option value=\"buero_praxen\" label=\"B\u00fcro \/ Praxis\">B\u00fcro \/ Praxis<\/option>' +\r\n                                            '<option value=\"parken\" label=\"Parken\">Parken<\/option>' +\r\n                                            '<option value=\"gastgewerbe\" label=\"Gastgewerbe\">Gastgewerbe<\/option>' +\r\n                                            '<option value=\"hallen_lager_prod\" label=\"Hallen \/ Lager \/ Produktion\">Hallen \/ Lager \/ Produktion<\/option>';                                        clearOptions(objekartSelect);\r\n                                        objekartSelect.append(optionListCommercial).trigger('change');\r\n                                        $floorSpaceInput.attr('name', 'nutzflaeche__von');\r\n                                    }\r\n                                    if ($(this).val() === 'waz') {\r\n                                        let optionListWaz = '<option value=\"haus\" label=\"Villa \/ Haus \/ Bauernhof\">Villa \/ Haus \/ Bauernhof<\/option>';\r\n                                        clearOptions(objekartSelect);\r\n                                        objekartSelect.append(optionListWaz).trigger('change');\r\n                                        $floorSpaceInput.attr('name', 'grundstuecksflaeche__von');\r\n                                    }\r\n                                });\r\n\r\n                                function clearOptions(select)\r\n                                {\r\n                                    select.html('');\r\n                                }\r\n                            })\r\n                        <\/script>\r\n                        <div class=\"form-field\">\r\n                            <label>Objektart<\/label>\r\n                            <select id=\"objektart\" data-attribute=\"de\" class=\"main-select select2\" name=\"objektart[]\" multiple>\r\n                                <option value=\"buero_praxen\" label=\"B\u00fcro \/ Praxis\" >B\u00fcro \/ Praxis<\/option><option value=\"wohnung\" label=\"Wohnung\" >Wohnung<\/option><option value=\"parken\" label=\"Parken\" >Parken<\/option><option value=\"hallen_lager_prod\" label=\"Hallen \/ Lager \/ Produktion\" >Hallen \/ Lager \/ Produktion<\/option><option value=\"einzelhandel\" label=\"Gesch\u00e4ftslokal\" >Gesch\u00e4ftslokal<\/option><option value=\"haus\" label=\"Villa \/ Haus \/ Bauernhof\" >Villa \/ Haus \/ Bauernhof<\/option><option value=\"grundstueck\" label=\"Grundst\u00fcck\" >Grundst\u00fcck<\/option><option value=\"gastgewerbe\" label=\"Gastgewerbe\" >Gastgewerbe<\/option>                            <\/select>\r\n                        <\/div>\r\n                    <\/div>\r\n                    <div class=\"col-12 col-xl-2\">\r\n                        <div class=\"form-field form-field--dark\">\r\n                            <label>Ort<\/label>\r\n                                    <script>\n            $(function () {\n                const $ortAutofill = $('#ortAutofill');\n                const $ortParam = $('#ortParam');\n                const ortParamValue = $ortParam.val();\n                const data = [{\"name\":\"Eppan\",\"translation\":\"Eppan\"},{\"name\":\"Bardolino\",\"translation\":\"Bardolino\"},{\"name\":\"Bozen\",\"translation\":\"Bozen\"},{\"name\":\"Bruneck\",\"translation\":\"Bruneck\"},{\"name\":\"Kaltern\",\"translation\":\"Kaltern\"},{\"name\":\"Sand in Taufers\",\"translation\":\"Sand in Taufers\"},{\"name\":\"Kiens\",\"translation\":\"Kiens\"},{\"name\":\"Toblach\",\"translation\":\"Toblach\"},{\"name\":\"Pfalzen\",\"translation\":\"Pfalzen\"},{\"name\":\"Gais\",\"translation\":\"Gais\"},{\"name\":\"Gardone Riviera\",\"translation\":\"Gardone Riviera\"},{\"name\":\"Lazise\",\"translation\":\"Lazise\"},{\"name\":\"Welsberg-Taisten\",\"translation\":\"Welsberg-Taisten\"},{\"name\":\"Montan\",\"translation\":\"Montan\"},{\"name\":\"Natz-Schabs\",\"translation\":\"Natz-Schabs\"},{\"name\":\"Deutschnofen\",\"translation\":\"Deutschnofen\"},{\"name\":\"Percha\",\"translation\":\"Percha\"},{\"name\":\"Rasen-Antholz\",\"translation\":\"Rasen-Antholz\"},{\"name\":\"Ritten\",\"translation\":\"Ritten\"},{\"name\":\"Innichen\",\"translation\":\"Innichen\"},{\"name\":\"Jenesien\",\"translation\":\"Jenesien\"},{\"name\":\"Sankt Lorenzen\",\"translation\":\"Sankt Lorenzen\"},{\"name\":\"St. Martin in Thurn\",\"translation\":\"St. Martin in Thurn\"},{\"name\":\"M\\u00fchlwald\",\"translation\":\"M\\u00fchlwald\"},{\"name\":\"Bozen\",\"translation\":\"Bozen\"},{\"name\":\"Torri del Benaco\",\"translation\":\"Torri del Benaco\"},{\"name\":\"Toscolano-Maderno\",\"translation\":\"Toscolano-Maderno\"},{\"name\":\"Olang\",\"translation\":\"Olang\"},{\"name\":\"Ahrntal\",\"translation\":\"Ahrntal\"},{\"name\":\"Vintl\",\"translation\":\"Vintl\"},{\"name\":\"Niederdorf\",\"translation\":\"Niederdorf\"}];\n\n                if (ortParamValue) {\n                    const location = data.find(ort => ort.translation === ortParamValue);\n                    if (location) {\n                        $ortAutofill.val(location.name);\n                    } else {\n                        $ortAutofill.val(ortParamValue);\n                    }\n                }\n                \n                const options = {\n                    data: data,\n                    getValue: 'name',\n                    placeholder: 'Ort',\n                    list: {\n                        maxNumberOfElements: 10,\n                        match: {\n                            enabled: true\n                        }\n                    }\n                };\n                $ortAutofill.easyAutocomplete(options);\n                $ortAutofill.on('change', function () {\n                    const location = $ortAutofill.getSelectedItemData().translation;\n                    if (location) {\n                        $ortParam.val(location);\n                    } else {\n                        \/\/For using enter or entering values which are not part of cities in list\n                        let $ortValue = $ortAutofill.val().toLowerCase();\n                        let $ortData = data.find(x => x.name.toLowerCase() === $ortValue);\n                        $ortParam.val($ortData ? $ortData.translation : $ortValue);\n                    }\n                })\n            });\n        <\/script>\n        <input type=\"text\" class=\"text-uppercase\" name=\"ort_auto\" id=\"ortAutofill\" value=\"\"><input type=\"hidden\" name=\"ort\" id=\"ortParam\" value=\"\"\/>                        <\/div>\r\n                    <\/div>\r\n                    <div class=\"search-btns col-12 col-xl-4 align-self-end\">\r\n                        <div class=\"row d-flex\">\r\n                            <div class=\"col-12 col-xl-6 order-12 align-self-end\">\r\n                                <div class=\"button yellow\" style=\"width: 100%;\">\r\n                                    <button type=\"submit\" class=\"btn\">Immobilie finden<\/button>\r\n                                <\/div>\r\n                            <\/div>\r\n                            <div class=\"col-12 col-xl-6 order-0 align-self-end\">\r\n                                <div class=\"button button__search\" style=\"margin-bottom: 0; width: 100%;\">\r\n                                    <button type=\"button\" class=\"btn ghost\">Erweiterte Suche &nbsp;<i class=\"search fa fa-plus\" aria-hidden=\"true\" ><\/i><\/button>\r\n                                <\/div>\r\n                            <\/div>\r\n                        <\/div>\r\n                    <\/div>\r\n                <\/div>\r\n                <div class=\"second-select hide row\">\r\n                    <div class=\"col-12 col-xl-2\">\r\n                        <div class=\"form-field purchase-price\">\r\n                            <label>PREIS IN \u20ac<\/label>\r\n                                                        <div class=\"form-field form-field--dark\">\r\n                                <input class=\"group-item single price text-uppercase\" type=\"currency\" step=\"10000\" name=\"kaufpreis__bis\" placeholder=\"BIS...\" value=\"\">\r\n                            <\/div>\r\n                        <\/div>\r\n                        <div class=\"form-field hidden-field cold-rent\">\r\n                            <label>KALTMIETE BIS (IN \u20ac)<\/label>\r\n                            <div class=\"form-field form-field--dark form-field_group\">\r\n                                <input class=\"group-item single price\" type=\"currency\" step=\"100\" name=\"kaltmiete__bis\" placeholder=\"BIS...\" value=\"\">\r\n                            <\/div>\r\n                        <\/div>\r\n                        <div class=\"form-field hidden-field lease\">\r\n                            <label>PACHT BIS (IN \u20ac)<\/label>\r\n                            <div class=\"form-field form-field--dark form-field_group\">\r\n                                <input class=\"group-item single price\" type=\"currency\" step=\"100\" name=\"pacht__bis\" placeholder=\"BIS...\" value=\"\">\r\n                            <\/div>\r\n                        <\/div>\r\n                    <\/div>\r\n                    <div class=\"col-12 col-xl-2\">\r\n                        <div class=\"form-field\">\r\n                            <label>Nettofl\u00e4che in m&sup2;<\/label>\r\n                            <div id=\"floorSpace\" class=\"form-field form-field--dark\">\r\n                                <input class=\"group-item full-width text-uppercase\" placeholder=\"Ab...\" name=\"wohnflaeche__von\" type=\"number\" step=\"5\" min=\"0\" value=\"\">                            <\/div>\r\n                        <\/div>\r\n                    <\/div>\r\n                    <div class=\"col-12 col-xl-2\">\r\n                        <div class=\"form-field\">\r\n                            <label>Zimmer<\/label>\r\n                            <div class=\"form-field form-field--dark\">\r\n                                <input class=\"group-item full-width text-uppercase\" placeholder=\"Von...\" name=\"anzahl_zimmer__von\" type=\"number\" step=\"1\" min=\"0\" value=\"\">                            <\/div>\r\n                        <\/div>\r\n                    <\/div>\r\n                    <div class=\"col-12 col-xl-2\">\r\n                        <div class=\"first-select__form-field form-field\">\r\n                            <label>\r\n                                Zustand                            <\/label>\r\n                            <select id=\"menuOption5\" class=\"main-select-search\" data-width=\"fit\" name=\"\">\r\n                                <option value=\"all\" >                                    Alle                                <\/option>                                <option value=\"new\" >                                    Neu                                <\/option>                                <option value=\"used\" >                                    Gebraucht                                <\/option>                                <option value=\"renovation_required\" >                                    Renovierungsbed\u00fcrftig                                <\/option>                            <\/select>\r\n                            <div class=\"hidden-state\"><\/div>\r\n                        <\/div>\r\n                    <\/div>\r\n                    <div class=\"col-12 col-xl-2\">\r\n                        <div class=\"form-field\">\r\n                            <label>Ausstattung<\/label>\r\n                            <select id=\"ausstattung\" data-attribute=\"de\" class=\"main-select select2\" multiple>\r\n                                <option value=\"gartennutzung\" label=\"gartennutzung\" >Garten<\/option><option value=\"balkonTerrasse\" label=\"balkonTerrasse\" >Balkon oder Terrasse<\/option><option value=\"fahrstuhl\" label=\"fahrstuhl\" >Aufzug<\/option><option value=\"dachboden\" label=\"dachboden\" >Dachgeschoss<\/option><option value=\"ind_1474_Feld_ObjZustand4\" label=\"ind_1474_Feld_ObjZustand4\" >Nicht konventioniert<\/option>                            <\/select>\r\n                            <input type=\"hidden\"  id=\"gartennutzungHidden\" value=y \/>\r\n                            <input type=\"hidden\"  id=\"balkonTerrasseHidden\" value=1 \/>\r\n                            <input type=\"hidden\" class=\"jsFahrstuhlFields\"  value=\"personen\" \/>\r\n                            <input type=\"hidden\" class=\"jsFahrstuhlFields\"  value=\"lasten\" \/>\r\n                            <input type=\"hidden\"  class=\"jsDachbodenFields\" value=\"dachgeschoss\" \/>\r\n                            <input type=\"hidden\"  class=\"jsDachbodenFields\" value=\"penthouse\" \/>\r\n                            <input type=\"hidden\"  class=\"jsDachbodenFields\" value=\"rohdachboden\" \/>\r\n                            <input type=\"hidden\"  id=\"ind_1474_Feld_ObjZustand4Hidden\" value=Ja \/>\r\n                        <\/div>\r\n                        <script>\r\n                            $(document).ready(function () {\r\n                                let html = '';\r\n                                const $menuOption5 = $('select#menuOption5');\r\n\r\n                                if($menuOption5.val() !== 'all') {\r\n                                    addHiddenZustandParameters($menuOption5.val());\r\n                                }\r\n                                $menuOption5.on('change', function (e) {\r\n                                    addHiddenZustandParameters($menuOption5.val());\r\n                                });\r\n                                function addHiddenZustandParameters(zustandValue) {\r\n                                    if(zustandValue === 'all') {\r\n                                        html = '';\r\n                                    }\r\n                                    if(zustandValue === 'new') {\r\n                                        html = '<input type=\"hidden\" name=\"zustand[]\" value=\"erstbezug\">';\r\n                                        html += '<input type=\"hidden\" name=\"zustand[]\" value=\"vollstaendig_renoviert\">';\r\n                                        html += '<input type=\"hidden\" name=\"zustand[]\" value=\"neuwertig\">';\r\n                                    }\r\n\r\n                                    if(zustandValue === 'used') {\r\n                                        html = '<input type=\"hidden\" name=\"zustand[]\" value=\"ind_Schl_2783\">';\r\n                                        html += '<input type=\"hidden\" name=\"zustand[]\" value=\"saniert\">';\r\n                                    }\r\n                                    if(zustandValue === 'renovation_required') {\r\n                                        html = '<input type=\"hidden\" name=\"zustand[]\" value=\"renovierungsbeduerftig\">';\r\n                                        html += '<input type=\"hidden\" name=\"zustand[]\" value=\"baufaellig\">';\r\n                                        html += '<input type=\"hidden\" name=\"zustand[]\" value=\"rohbau\">';\r\n                                    }\r\n                                    $('.hidden-state').html(html);\r\n                                }\r\n                            });\r\n                        <\/script>\r\n                    <\/div>\r\n                    <div class=\"col-12 col-xl-2\">\r\n                        <div class=\"form-field\">\r\n                            <label>Immobilien Nr.<\/label>\r\n                                                        <div class=\"form-field form-field--dark\">\r\n                                <input class=\"group-item single text-uppercase\" name=\"objektnr_extern\" type=\"text\"  placeholder=\"Immobilien Nr.\" value=\"\">\r\n                            <\/div>\r\n                       \r\n                        <\/div>\r\n                    <\/div>\r\n                    <div class=\"col-12 col-xl-2 xlast-element mt-1\">\r\n                        <div class=\"first-select__form-field form-field reset-filter\">\r\n                            <div class=\"close-filter\">\r\n                                <p><i class=\"fa fa-times-circle-o\" aria-hidden=\"true\"><\/i>zur\u00fccksetzen<\/p>\r\n                            <\/div>\r\n                        <\/div>\r\n                    <\/div>\r\n                <\/div>\r\n            <\/form>\r\n        <\/div>\r\n    <\/section>\r\n<\/div>\r\n\r\n<script type=\"text\/javascript\">\r\n    var $ = jQuery;\r\n    $(function () {\r\n        let $price = $('.price');\r\n\r\n        $price.formatCurrency({ region: 'de-DE' });\r\n\r\n        $price.on('blur focus', function (e) {\r\n           $(this).formatCurrency({ region: 'de-DE' });\r\n        });\r\n\r\n        $('input[name=\"anzahl_zimmer__bis\"]').on('change', function () {\r\n            $('input[name=\"anzahl_zimmer__von\"]').attr('max', $(this).val() - 1);\r\n        });\r\n        $('input[name=\"anzahl_zimmer__von\"]').on('change', function () {\r\n            $('input[name=\"anzahl_zimmer__bis\"]').attr('min', parseInt($(this).val()) + 1);\r\n        });\r\n    });\r\n<\/script><\/div>\n\t\t\t\t\t\t<\/div>\n\t\t\t\t<\/div>\n\t\t\t\t\t<\/div>\n\t\t<\/div>\n\t\t\t\t\t<\/div>\n\t\t<\/section>\n\t\t\t\t<section class=\"elementor-section elementor-top-section elementor-element elementor-element-0cba1de elementor-section-full_width elementor-section-height-default elementor-section-height-default\" data-id=\"0cba1de\" data-element_type=\"section\" data-e-type=\"section\">\n\t\t\t\t\t\t<div class=\"elementor-container elementor-column-gap-default\">\n\t\t\t\t\t<div class=\"elementor-column elementor-col-100 elementor-top-column elementor-element elementor-element-e756804\" data-id=\"e756804\" data-element_type=\"column\" data-e-type=\"column\">\n\t\t\t<div class=\"elementor-widget-wrap elementor-element-populated\">\n\t\t\t\t\t\t<div class=\"elementor-element elementor-element-fe93b97 elementor-widget elementor-widget-h1-with-lines\" data-id=\"fe93b97\" data-element_type=\"widget\" data-e-type=\"widget\" data-widget_type=\"h1-with-lines.default\">\n\t\t\t\t<div class=\"elementor-widget-container\">\n\t\t\t\t\t\t\t<h1 class=\"site-title with-lines center\">\n            <span>Immobilien Niederkofler - finden Sie Ihre Wohnimmobilie in S\u00fcdtirol<\/span>\n        <\/h1>\n        \t\t\t\t<\/div>\n\t\t\t\t<\/div>\n\t\t\t\t\t<\/div>\n\t\t<\/div>\n\t\t\t\t\t<\/div>\n\t\t<\/section>\n\t\t\t\t<section class=\"elementor-section elementor-top-section elementor-element elementor-element-49b4f47 elementor-section-boxed elementor-section-height-default elementor-section-height-default\" data-id=\"49b4f47\" data-element_type=\"section\" data-e-type=\"section\">\n\t\t\t\t\t\t<div class=\"elementor-container elementor-column-gap-default\">\n\t\t\t\t\t<div class=\"elementor-column elementor-col-100 elementor-top-column elementor-element elementor-element-12e2773\" data-id=\"12e2773\" data-element_type=\"column\" data-e-type=\"column\">\n\t\t\t<div class=\"elementor-widget-wrap elementor-element-populated\">\n\t\t\t\t\t\t<div class=\"elementor-element elementor-element-cf0a832 elementor-widget elementor-widget-text-editor\" data-id=\"cf0a832\" data-element_type=\"widget\" data-e-type=\"widget\" data-widget_type=\"text-editor.default\">\n\t\t\t\t<div class=\"elementor-widget-container\">\n\t\t\t\t\t\t\t\t\t<p style=\"text-align: left;\"><span style=\"font-weight: 400;\">Sie suchen eine Wohnimmobilie zum Kauf oder zur Miete in Bruneck, Bozen, Toblach, Corvara und Umgebung? <a href=\"https:\/\/www.immobil-niederkofler.it\/de\/ueber-uns\/\">Immobilien Niederkofler<\/a> unterst\u00fctzt sie dabei! Wir bieten Ihnen ein breites Spektrum an Immobilien in S\u00fcdtirol, um Ihren W\u00fcnschen und Bed\u00fcrfnissen gerecht zu werden. Durchsuchen Sie unser Portfolio, um Ihrer Traumimmobilie n\u00e4her zu kommen!<\/span><\/p>\t\t\t\t\t\t\t\t<\/div>\n\t\t\t\t<\/div>\n\t\t\t\t\t<\/div>\n\t\t<\/div>\n\t\t\t\t\t<\/div>\n\t\t<\/section>\n\t\t\t\t<section class=\"elementor-section elementor-top-section elementor-element elementor-element-8ecfba5 elementor-section-boxed elementor-section-height-default elementor-section-height-default\" data-id=\"8ecfba5\" data-element_type=\"section\" data-e-type=\"section\">\n\t\t\t\t\t\t<div class=\"elementor-container elementor-column-gap-default\">\n\t\t\t\t\t<div class=\"elementor-column elementor-col-100 elementor-top-column elementor-element elementor-element-01c05dc\" data-id=\"01c05dc\" data-element_type=\"column\" data-e-type=\"column\">\n\t\t\t<div class=\"elementor-widget-wrap elementor-element-populated\">\n\t\t\t\t\t\t<div class=\"elementor-element elementor-element-9298c4d elementor-widget elementor-widget-shortcode\" data-id=\"9298c4d\" data-element_type=\"widget\" data-e-type=\"widget\" data-widget_type=\"shortcode.default\">\n\t\t\t\t<div class=\"elementor-widget-container\">\n\t\t\t\t\t\t\t<div class=\"elementor-shortcode\">\n<div class=\"xrow immobilien-list \">\n    <section>\n        <div class=\"immobilien-list__title\">\n            <div class=\"wrap-select\">\n                <div class=\"form-field\">\n                    <select name=\"userDefinedSelection\" data-sort-listviewid=\"10\" class=\"onofficeSortListSelector\"><option value=\"kaufpreis#ASC\" >Kaufpreis (aufsteigend)<\/option><option value=\"kaufpreis#DESC\" >Kaufpreis (absteigend)<\/option><option value=\"kaltmiete#ASC\" >Kaltmiete (aufsteigend)<\/option><option value=\"kaltmiete#DESC\" >Kaltmiete (absteigend)<\/option><option value=\"ort#ASC\" >Gemeinde (aufsteigend)<\/option><option value=\"ort#DESC\" >Gemeinde (absteigend)<\/option><option value=\"geaendert_am#ASC\" >Letzte \u00c4nderung (aufsteigend)<\/option><option value=\"geaendert_am#DESC\"  selected>Letzte \u00c4nderung (absteigend)<\/option><\/select>                <\/div>\n            <\/div>\n            <h2>\n                85 Immobilien            <\/h2>\n        <\/div>\n        <div class=\"immobilien-list__cards row\">\n\t        <div class=\"col-12 col-md-6 col-xl-4 immobilien-list__cards_current\">\n            <div class=\"immobilien-list__card-list card-list\">\n                <div class=\"card-list__slider owl-carousel owl-theme\">\n\t                \t\t                <div class=\"item card-list__item\">\n\t\t                    <a href=\"https:\/\/www.immobil-niederkofler.it\/en\/detail\/50385\/\" class=\"estate-status\">\n\t\t                        <img decoding=\"async\" loading=\"lazy\" class=\"overview-img owl-lazy\" data-src=\"https:\/\/acnaayzuen.cloudimg.io\/crop\/450x337\/q70\/https:\/\/image.onoffice.de\/smart20\/Objekte\/ImmobilienNiederkofler\/50385\/17f45878-3f2a-4ca9-8d95-1e448ef032f4.jpg@450x\" src=\"https:\/\/acnaayzuen.cloudimg.io\/crop\/450x337\/q90\/https:\/\/image.onoffice.de\/smart20\/Objekte\/ImmobilienNiederkofler\/50385\/17f45878-3f2a-4ca9-8d95-1e448ef032f4.jpg@450x\" alt=\"Ansicht\">\n\t\t                    <\/a>\n\t\t                <\/div>\n\t\t                \t                                <\/div>\n                <div class=\"card-list__info card-list__info_badge\">\n                    <span><\/span>                    <div class=\"wrap-icons wrap-icons_like\">\n                        <i class=\"icon-share\" aria-hidden=\"true\"><\/i>\n                        <div class=\"sharebuttons\">\n                            <div class=\"shariff shariff-align-left shariff-widget-align-left\"><ul class=\"shariff-buttons theme-round orientation-horizontal buttonsize-small\"><li class=\"shariff-button facebook shariff-nocustomcolor\" style=\"background-color:#4273c8\"><a href=\"https:\/\/www.facebook.com\/sharer\/sharer.php?u=https%3A%2F%2Fwww.immobil-niederkofler.it%2Fen%2Fdetail%2F50385%2F\" title=\"Bei Facebook teilen\" aria-label=\"Bei Facebook teilen\" role=\"button\" rel=\"nofollow\" class=\"shariff-link\" style=\"; background-color:#3b5998; color:#fff\" target=\"_blank\"><span class=\"shariff-icon\" style=\"\"><svg width=\"32px\" height=\"20px\" xmlns=\"http:\/\/www.w3.org\/2000\/svg\" viewBox=\"0 0 18 32\"><path fill=\"#3b5998\" d=\"M17.1 0.2v4.7h-2.8q-1.5 0-2.1 0.6t-0.5 1.9v3.4h5.2l-0.7 5.3h-4.5v13.6h-5.5v-13.6h-4.5v-5.3h4.5v-3.9q0-3.3 1.9-5.2t5-1.8q2.6 0 4.1 0.2z\"\/><\/svg><\/span><\/a><\/li><li class=\"shariff-button whatsapp shariff-nocustomcolor\" style=\"background-color:#5cbe4a\"><a href=\"https:\/\/api.whatsapp.com\/send?text=https%3A%2F%2Fwww.immobil-niederkofler.it%2Fen%2Fdetail%2F50385%2F%20Alleinstehendes%20Haus%20mit%20Erweiterungsm%C3%B6glichkeit\" title=\"Bei Whatsapp teilen\" aria-label=\"Bei Whatsapp teilen\" role=\"button\" rel=\"noopener nofollow\" class=\"shariff-link\" style=\"; background-color:#34af23; color:#fff\" target=\"_blank\"><span class=\"shariff-icon\" style=\"\"><svg width=\"32px\" height=\"20px\" xmlns=\"http:\/\/www.w3.org\/2000\/svg\" viewBox=\"0 0 32 32\"><path fill=\"#34af23\" d=\"M17.6 17.4q0.2 0 1.7 0.8t1.6 0.9q0 0.1 0 0.3 0 0.6-0.3 1.4-0.3 0.7-1.3 1.2t-1.8 0.5q-1 0-3.4-1.1-1.7-0.8-3-2.1t-2.6-3.3q-1.3-1.9-1.3-3.5v-0.1q0.1-1.6 1.3-2.8 0.4-0.4 0.9-0.4 0.1 0 0.3 0t0.3 0q0.3 0 0.5 0.1t0.3 0.5q0.1 0.4 0.6 1.6t0.4 1.3q0 0.4-0.6 1t-0.6 0.8q0 0.1 0.1 0.3 0.6 1.3 1.8 2.4 1 0.9 2.7 1.8 0.2 0.1 0.4 0.1 0.3 0 1-0.9t0.9-0.9zM14 26.9q2.3 0 4.3-0.9t3.6-2.4 2.4-3.6 0.9-4.3-0.9-4.3-2.4-3.6-3.6-2.4-4.3-0.9-4.3 0.9-3.6 2.4-2.4 3.6-0.9 4.3q0 3.6 2.1 6.6l-1.4 4.2 4.3-1.4q2.8 1.9 6.2 1.9zM14 2.2q2.7 0 5.2 1.1t4.3 2.9 2.9 4.3 1.1 5.2-1.1 5.2-2.9 4.3-4.3 2.9-5.2 1.1q-3.5 0-6.5-1.7l-7.4 2.4 2.4-7.2q-1.9-3.2-1.9-6.9 0-2.7 1.1-5.2t2.9-4.3 4.3-2.9 5.2-1.1z\"\/><\/svg><\/span><\/a><\/li><li class=\"shariff-button mailto shariff-nocustomcolor\" style=\"background-color:#a8a8a8\"><a href=\"mailto:?body=https%3A%2F%2Fwww.immobil-niederkofler.it%2Fen%2Fdetail%2F50385%2F&subject=Alleinstehendes%20Haus%20mit%20Erweiterungsm%C3%B6glichkeit\" title=\"Per E-Mail versenden\" aria-label=\"Per E-Mail versenden\" role=\"button\" rel=\"noopener nofollow\" class=\"shariff-link\" style=\"; background-color:#999; color:#fff\"><span class=\"shariff-icon\" style=\"\"><svg width=\"32px\" height=\"20px\" xmlns=\"http:\/\/www.w3.org\/2000\/svg\" viewBox=\"0 0 32 32\"><path fill=\"#999\" d=\"M32 12.7v14.2q0 1.2-0.8 2t-2 0.9h-26.3q-1.2 0-2-0.9t-0.8-2v-14.2q0.8 0.9 1.8 1.6 6.5 4.4 8.9 6.1 1 0.8 1.6 1.2t1.7 0.9 2 0.4h0.1q0.9 0 2-0.4t1.7-0.9 1.6-1.2q3-2.2 8.9-6.1 1-0.7 1.8-1.6zM32 7.4q0 1.4-0.9 2.7t-2.2 2.2q-6.7 4.7-8.4 5.8-0.2 0.1-0.7 0.5t-1 0.7-0.9 0.6-1.1 0.5-0.9 0.2h-0.1q-0.4 0-0.9-0.2t-1.1-0.5-0.9-0.6-1-0.7-0.7-0.5q-1.6-1.1-4.7-3.2t-3.6-2.6q-1.1-0.7-2.1-2t-1-2.5q0-1.4 0.7-2.3t2.1-0.9h26.3q1.2 0 2 0.8t0.9 2z\"\/><\/svg><\/span><\/a><\/li><\/ul><\/div>                        <\/div>\n                                                <i class=\"heart fa fa-heart-o onoffice favorize\" aria-hidden=\"true\" data-onoffice-estateid=\"50385\"><\/i>\n\t                                        <\/div>\n                <\/div>\n                <div class=\"card-list__content\">\n                    <div class=\"location\">\n                        <p><i class=\"fa fa-map-marker\" aria-hidden=\"true\"><\/i>Olang - Niederolang <\/p>\n                    <\/div>\n                    <div class=\"title-ellipsis\">\n                        <p>\n                            <a href=\"https:\/\/www.immobil-niederkofler.it\/en\/detail\/50385\/\" class=\"estate-status\">\n                                Alleinstehendes Haus mit Erweiterungsm\u00f6glichkeit                            <\/a>\n\t\t\t\t\t\t\t<script>\n\t\t\t\t\t\t\t\tconsole.log(\"immo:660 m\u00b2 ge\u00e4ndert:28.04.2026 12:26:42\");\n\t\t\t\t\t\t\t<\/script>\n                        <\/p>\n                    <\/div>\n                    <div class=\"description\">\n                                                <div class=\"description__icon\">\n                            <img decoding=\"async\" src=\"https:\/\/www.immobil-niederkofler.it\/wp-content\/themes\/niederkofler\/assets\/img\/immo_list\/square-metre.png\" alt=\"Wohnfl\u00e4che\" title=\"Wohnfl\u00e4che\"\/>\n                            <p>140 m\u00b2<\/p>\n                        <\/div>\n                        \n                        \n                        \n                                                                                                <div class=\"description__icon\">\n                                                        <img decoding=\"async\" src=\"https:\/\/www.immobil-niederkofler.it\/wp-content\/themes\/niederkofler\/assets\/img\/immo_list\/8.png\" alt=\"Zimmer\" title=\"Zimmer\"\/>\n                                                        <p>6<\/p>\n                        <\/div>\n                                                                        <div class=\"description__icon\">\n                            <img decoding=\"async\" src=\"https:\/\/www.immobil-niederkofler.it\/wp-content\/themes\/niederkofler\/assets\/img\/immo_list\/bath.png\" alt=\"Badezimmer\" title=\"Badezimmer\"\/>\n                            <p>5<\/p>\n                        <\/div>\n                        \n                        \n                                                <div class=\"description__icon\">\n                            <img decoding=\"async\" src=\"https:\/\/www.immobil-niederkofler.it\/wp-content\/themes\/niederkofler\/assets\/img\/immo_list\/euro.png\" alt=\"1.050.000 \" title=\"1.050.000 \"\/>\n                            <p>1.050.000 <\/p>\n                        <\/div>\n                        \t                                        <\/div>\n                <\/div>\n            <\/div>\n        <\/div>\n\n\t        <div class=\"col-12 col-md-6 col-xl-4 immobilien-list__cards_current\">\n            <div class=\"immobilien-list__card-list card-list\">\n                <div class=\"card-list__slider owl-carousel owl-theme\">\n\t                \t\t                <div class=\"item card-list__item\">\n\t\t                    <a href=\"https:\/\/www.immobil-niederkofler.it\/en\/detail\/51523\/\" class=\"estate-status\">\n\t\t                        <img decoding=\"async\" loading=\"lazy\" class=\"overview-img owl-lazy\" data-src=\"https:\/\/acnaayzuen.cloudimg.io\/crop\/450x337\/q70\/https:\/\/image.onoffice.de\/smart20\/Objekte\/ImmobilienNiederkofler\/51523\/be4a852a-3860-4d09-b23f-4ba60baa405f.jpg@450x\" src=\"https:\/\/acnaayzuen.cloudimg.io\/crop\/450x337\/q90\/https:\/\/image.onoffice.de\/smart20\/Objekte\/ImmobilienNiederkofler\/51523\/be4a852a-3860-4d09-b23f-4ba60baa405f.jpg@450x\" alt=\"A4\">\n\t\t                    <\/a>\n\t\t                <\/div>\n\t\t                \t                                <\/div>\n                <div class=\"card-list__info card-list__info_badge\">\n                    <span><\/span>                    <div class=\"wrap-icons wrap-icons_like\">\n                        <i class=\"icon-share\" aria-hidden=\"true\"><\/i>\n                        <div class=\"sharebuttons\">\n                            <div class=\"shariff shariff-align-left shariff-widget-align-left\"><ul class=\"shariff-buttons theme-round orientation-horizontal buttonsize-small\"><li class=\"shariff-button facebook shariff-nocustomcolor\" style=\"background-color:#4273c8\"><a href=\"https:\/\/www.facebook.com\/sharer\/sharer.php?u=https%3A%2F%2Fwww.immobil-niederkofler.it%2Fen%2Fdetail%2F51523%2F\" title=\"Bei Facebook teilen\" aria-label=\"Bei Facebook teilen\" role=\"button\" rel=\"nofollow\" class=\"shariff-link\" style=\"; background-color:#3b5998; color:#fff\" target=\"_blank\"><span class=\"shariff-icon\" style=\"\"><svg width=\"32px\" height=\"20px\" xmlns=\"http:\/\/www.w3.org\/2000\/svg\" viewBox=\"0 0 18 32\"><path fill=\"#3b5998\" d=\"M17.1 0.2v4.7h-2.8q-1.5 0-2.1 0.6t-0.5 1.9v3.4h5.2l-0.7 5.3h-4.5v13.6h-5.5v-13.6h-4.5v-5.3h4.5v-3.9q0-3.3 1.9-5.2t5-1.8q2.6 0 4.1 0.2z\"\/><\/svg><\/span><\/a><\/li><li class=\"shariff-button whatsapp shariff-nocustomcolor\" style=\"background-color:#5cbe4a\"><a href=\"https:\/\/api.whatsapp.com\/send?text=https%3A%2F%2Fwww.immobil-niederkofler.it%2Fen%2Fdetail%2F51523%2F%204-Zimmerwohnung%20f%C3%BCr%20Ans%C3%A4ssige%20-%20A4\" title=\"Bei Whatsapp teilen\" aria-label=\"Bei Whatsapp teilen\" role=\"button\" rel=\"noopener nofollow\" class=\"shariff-link\" style=\"; background-color:#34af23; color:#fff\" target=\"_blank\"><span class=\"shariff-icon\" style=\"\"><svg width=\"32px\" height=\"20px\" xmlns=\"http:\/\/www.w3.org\/2000\/svg\" viewBox=\"0 0 32 32\"><path fill=\"#34af23\" d=\"M17.6 17.4q0.2 0 1.7 0.8t1.6 0.9q0 0.1 0 0.3 0 0.6-0.3 1.4-0.3 0.7-1.3 1.2t-1.8 0.5q-1 0-3.4-1.1-1.7-0.8-3-2.1t-2.6-3.3q-1.3-1.9-1.3-3.5v-0.1q0.1-1.6 1.3-2.8 0.4-0.4 0.9-0.4 0.1 0 0.3 0t0.3 0q0.3 0 0.5 0.1t0.3 0.5q0.1 0.4 0.6 1.6t0.4 1.3q0 0.4-0.6 1t-0.6 0.8q0 0.1 0.1 0.3 0.6 1.3 1.8 2.4 1 0.9 2.7 1.8 0.2 0.1 0.4 0.1 0.3 0 1-0.9t0.9-0.9zM14 26.9q2.3 0 4.3-0.9t3.6-2.4 2.4-3.6 0.9-4.3-0.9-4.3-2.4-3.6-3.6-2.4-4.3-0.9-4.3 0.9-3.6 2.4-2.4 3.6-0.9 4.3q0 3.6 2.1 6.6l-1.4 4.2 4.3-1.4q2.8 1.9 6.2 1.9zM14 2.2q2.7 0 5.2 1.1t4.3 2.9 2.9 4.3 1.1 5.2-1.1 5.2-2.9 4.3-4.3 2.9-5.2 1.1q-3.5 0-6.5-1.7l-7.4 2.4 2.4-7.2q-1.9-3.2-1.9-6.9 0-2.7 1.1-5.2t2.9-4.3 4.3-2.9 5.2-1.1z\"\/><\/svg><\/span><\/a><\/li><li class=\"shariff-button mailto shariff-nocustomcolor\" style=\"background-color:#a8a8a8\"><a href=\"mailto:?body=https%3A%2F%2Fwww.immobil-niederkofler.it%2Fen%2Fdetail%2F51523%2F&subject=4-Zimmerwohnung%20f%C3%BCr%20Ans%C3%A4ssige%20-%20A4\" title=\"Per E-Mail versenden\" aria-label=\"Per E-Mail versenden\" role=\"button\" rel=\"noopener nofollow\" class=\"shariff-link\" style=\"; background-color:#999; color:#fff\"><span class=\"shariff-icon\" style=\"\"><svg width=\"32px\" height=\"20px\" xmlns=\"http:\/\/www.w3.org\/2000\/svg\" viewBox=\"0 0 32 32\"><path fill=\"#999\" d=\"M32 12.7v14.2q0 1.2-0.8 2t-2 0.9h-26.3q-1.2 0-2-0.9t-0.8-2v-14.2q0.8 0.9 1.8 1.6 6.5 4.4 8.9 6.1 1 0.8 1.6 1.2t1.7 0.9 2 0.4h0.1q0.9 0 2-0.4t1.7-0.9 1.6-1.2q3-2.2 8.9-6.1 1-0.7 1.8-1.6zM32 7.4q0 1.4-0.9 2.7t-2.2 2.2q-6.7 4.7-8.4 5.8-0.2 0.1-0.7 0.5t-1 0.7-0.9 0.6-1.1 0.5-0.9 0.2h-0.1q-0.4 0-0.9-0.2t-1.1-0.5-0.9-0.6-1-0.7-0.7-0.5q-1.6-1.1-4.7-3.2t-3.6-2.6q-1.1-0.7-2.1-2t-1-2.5q0-1.4 0.7-2.3t2.1-0.9h26.3q1.2 0 2 0.8t0.9 2z\"\/><\/svg><\/span><\/a><\/li><\/ul><\/div>                        <\/div>\n                                                <i class=\"heart fa fa-heart-o onoffice favorize\" aria-hidden=\"true\" data-onoffice-estateid=\"51523\"><\/i>\n\t                                        <\/div>\n                <\/div>\n                <div class=\"card-list__content\">\n                    <div class=\"location\">\n                        <p><i class=\"fa fa-map-marker\" aria-hidden=\"true\"><\/i>Pfalzen - Dorfzentrum <\/p>\n                    <\/div>\n                    <div class=\"title-ellipsis\">\n                        <p>\n                            <a href=\"https:\/\/www.immobil-niederkofler.it\/en\/detail\/51523\/\" class=\"estate-status\">\n                                4-Zimmerwohnung f\u00fcr Ans\u00e4ssige - A4                            <\/a>\n\t\t\t\t\t\t\t<script>\n\t\t\t\t\t\t\t\tconsole.log(\"immo: ge\u00e4ndert:24.04.2026 10:11:30\");\n\t\t\t\t\t\t\t<\/script>\n                        <\/p>\n                    <\/div>\n                    <div class=\"description\">\n                                                <div class=\"description__icon\">\n                            <img decoding=\"async\" src=\"https:\/\/www.immobil-niederkofler.it\/wp-content\/themes\/niederkofler\/assets\/img\/immo_list\/square-metre.png\" alt=\"Wohnfl\u00e4che\" title=\"Wohnfl\u00e4che\"\/>\n                            <p>88 m\u00b2<\/p>\n                        <\/div>\n                        \n                        \n                        \n                                                                                                <div class=\"description__icon\">\n                                                        <img decoding=\"async\" src=\"https:\/\/www.immobil-niederkofler.it\/wp-content\/themes\/niederkofler\/assets\/img\/immo_list\/8.png\" alt=\"Zimmer\" title=\"Zimmer\"\/>\n                                                        <p>4<\/p>\n                        <\/div>\n                                                                        <div class=\"description__icon\">\n                            <img decoding=\"async\" src=\"https:\/\/www.immobil-niederkofler.it\/wp-content\/themes\/niederkofler\/assets\/img\/immo_list\/bath.png\" alt=\"Badezimmer\" title=\"Badezimmer\"\/>\n                            <p>2<\/p>\n                        <\/div>\n                        \n                        \n                        \t                                                <div class=\"description__icon\">\n                                <img decoding=\"async\" src=\"https:\/\/www.immobil-niederkofler.it\/wp-content\/themes\/niederkofler\/assets\/img\/immo_list\/euro.png\" alt=\"1.500 \" title=\"1.500 \"\/>\n                                <p>1.500 <\/p>\n                            <\/div>\n\t                                        <\/div>\n                <\/div>\n            <\/div>\n        <\/div>\n\n\t        <div class=\"col-12 col-md-6 col-xl-4 immobilien-list__cards_current\">\n            <div class=\"immobilien-list__card-list card-list\">\n                <div class=\"card-list__slider owl-carousel owl-theme\">\n\t                \t\t                <div class=\"item card-list__item\">\n\t\t                    <a href=\"https:\/\/www.immobil-niederkofler.it\/en\/detail\/49891\/\" class=\"estate-status\">\n\t\t                        <img decoding=\"async\" loading=\"lazy\" class=\"overview-img owl-lazy\" data-src=\"https:\/\/acnaayzuen.cloudimg.io\/crop\/450x337\/q70\/https:\/\/image.onoffice.de\/smart20\/Objekte\/ImmobilienNiederkofler\/49891\/d279fbf5-f874-4c0e-9520-ca6a1cb53409.jpg@450x\" src=\"https:\/\/acnaayzuen.cloudimg.io\/crop\/450x337\/q90\/https:\/\/image.onoffice.de\/smart20\/Objekte\/ImmobilienNiederkofler\/49891\/d279fbf5-f874-4c0e-9520-ca6a1cb53409.jpg@450x\" alt=\"Living Ahr - Aussenansicht 12.2025\">\n\t\t                    <\/a>\n\t\t                <\/div>\n\t\t                \t                                <\/div>\n                <div class=\"card-list__info card-list__info_badge\">\n                    <span><\/span>                    <div class=\"wrap-icons wrap-icons_like\">\n                        <i class=\"icon-share\" aria-hidden=\"true\"><\/i>\n                        <div class=\"sharebuttons\">\n                            <div class=\"shariff shariff-align-left shariff-widget-align-left\"><ul class=\"shariff-buttons theme-round orientation-horizontal buttonsize-small\"><li class=\"shariff-button facebook shariff-nocustomcolor\" style=\"background-color:#4273c8\"><a href=\"https:\/\/www.facebook.com\/sharer\/sharer.php?u=https%3A%2F%2Fwww.immobil-niederkofler.it%2Fen%2Fdetail%2F49891%2F\" title=\"Bei Facebook teilen\" aria-label=\"Bei Facebook teilen\" role=\"button\" rel=\"nofollow\" class=\"shariff-link\" style=\"; background-color:#3b5998; color:#fff\" target=\"_blank\"><span class=\"shariff-icon\" style=\"\"><svg width=\"32px\" height=\"20px\" xmlns=\"http:\/\/www.w3.org\/2000\/svg\" viewBox=\"0 0 18 32\"><path fill=\"#3b5998\" d=\"M17.1 0.2v4.7h-2.8q-1.5 0-2.1 0.6t-0.5 1.9v3.4h5.2l-0.7 5.3h-4.5v13.6h-5.5v-13.6h-4.5v-5.3h4.5v-3.9q0-3.3 1.9-5.2t5-1.8q2.6 0 4.1 0.2z\"\/><\/svg><\/span><\/a><\/li><li class=\"shariff-button whatsapp shariff-nocustomcolor\" style=\"background-color:#5cbe4a\"><a href=\"https:\/\/api.whatsapp.com\/send?text=https%3A%2F%2Fwww.immobil-niederkofler.it%2Fen%2Fdetail%2F49891%2F%203-Zimmerwohnung%20mit%20%C3%BCberdachtem%20Balkon%20-%20W8\" title=\"Bei Whatsapp teilen\" aria-label=\"Bei Whatsapp teilen\" role=\"button\" rel=\"noopener nofollow\" class=\"shariff-link\" style=\"; background-color:#34af23; color:#fff\" target=\"_blank\"><span class=\"shariff-icon\" style=\"\"><svg width=\"32px\" height=\"20px\" xmlns=\"http:\/\/www.w3.org\/2000\/svg\" viewBox=\"0 0 32 32\"><path fill=\"#34af23\" d=\"M17.6 17.4q0.2 0 1.7 0.8t1.6 0.9q0 0.1 0 0.3 0 0.6-0.3 1.4-0.3 0.7-1.3 1.2t-1.8 0.5q-1 0-3.4-1.1-1.7-0.8-3-2.1t-2.6-3.3q-1.3-1.9-1.3-3.5v-0.1q0.1-1.6 1.3-2.8 0.4-0.4 0.9-0.4 0.1 0 0.3 0t0.3 0q0.3 0 0.5 0.1t0.3 0.5q0.1 0.4 0.6 1.6t0.4 1.3q0 0.4-0.6 1t-0.6 0.8q0 0.1 0.1 0.3 0.6 1.3 1.8 2.4 1 0.9 2.7 1.8 0.2 0.1 0.4 0.1 0.3 0 1-0.9t0.9-0.9zM14 26.9q2.3 0 4.3-0.9t3.6-2.4 2.4-3.6 0.9-4.3-0.9-4.3-2.4-3.6-3.6-2.4-4.3-0.9-4.3 0.9-3.6 2.4-2.4 3.6-0.9 4.3q0 3.6 2.1 6.6l-1.4 4.2 4.3-1.4q2.8 1.9 6.2 1.9zM14 2.2q2.7 0 5.2 1.1t4.3 2.9 2.9 4.3 1.1 5.2-1.1 5.2-2.9 4.3-4.3 2.9-5.2 1.1q-3.5 0-6.5-1.7l-7.4 2.4 2.4-7.2q-1.9-3.2-1.9-6.9 0-2.7 1.1-5.2t2.9-4.3 4.3-2.9 5.2-1.1z\"\/><\/svg><\/span><\/a><\/li><li class=\"shariff-button mailto shariff-nocustomcolor\" style=\"background-color:#a8a8a8\"><a href=\"mailto:?body=https%3A%2F%2Fwww.immobil-niederkofler.it%2Fen%2Fdetail%2F49891%2F&subject=3-Zimmerwohnung%20mit%20%C3%BCberdachtem%20Balkon%20-%20W8\" title=\"Per E-Mail versenden\" aria-label=\"Per E-Mail versenden\" role=\"button\" rel=\"noopener nofollow\" class=\"shariff-link\" style=\"; background-color:#999; color:#fff\"><span class=\"shariff-icon\" style=\"\"><svg width=\"32px\" height=\"20px\" xmlns=\"http:\/\/www.w3.org\/2000\/svg\" viewBox=\"0 0 32 32\"><path fill=\"#999\" d=\"M32 12.7v14.2q0 1.2-0.8 2t-2 0.9h-26.3q-1.2 0-2-0.9t-0.8-2v-14.2q0.8 0.9 1.8 1.6 6.5 4.4 8.9 6.1 1 0.8 1.6 1.2t1.7 0.9 2 0.4h0.1q0.9 0 2-0.4t1.7-0.9 1.6-1.2q3-2.2 8.9-6.1 1-0.7 1.8-1.6zM32 7.4q0 1.4-0.9 2.7t-2.2 2.2q-6.7 4.7-8.4 5.8-0.2 0.1-0.7 0.5t-1 0.7-0.9 0.6-1.1 0.5-0.9 0.2h-0.1q-0.4 0-0.9-0.2t-1.1-0.5-0.9-0.6-1-0.7-0.7-0.5q-1.6-1.1-4.7-3.2t-3.6-2.6q-1.1-0.7-2.1-2t-1-2.5q0-1.4 0.7-2.3t2.1-0.9h26.3q1.2 0 2 0.8t0.9 2z\"\/><\/svg><\/span><\/a><\/li><\/ul><\/div>                        <\/div>\n                                                <i class=\"heart fa fa-heart-o onoffice favorize\" aria-hidden=\"true\" data-onoffice-estateid=\"49891\"><\/i>\n\t                                        <\/div>\n                <\/div>\n                <div class=\"card-list__content\">\n                    <div class=\"location\">\n                        <p><i class=\"fa fa-map-marker\" aria-hidden=\"true\"><\/i>Gais - Dorfzentrum <\/p>\n                    <\/div>\n                    <div class=\"title-ellipsis\">\n                        <p>\n                            <a href=\"https:\/\/www.immobil-niederkofler.it\/en\/detail\/49891\/\" class=\"estate-status\">\n                                3-Zimmerwohnung mit \u00fcberdachtem Balkon - W8                            <\/a>\n\t\t\t\t\t\t\t<script>\n\t\t\t\t\t\t\t\tconsole.log(\"immo: ge\u00e4ndert:21.04.2026 09:03:58\");\n\t\t\t\t\t\t\t<\/script>\n                        <\/p>\n                    <\/div>\n                    <div class=\"description\">\n                                                <div class=\"description__icon\">\n                            <img decoding=\"async\" src=\"https:\/\/www.immobil-niederkofler.it\/wp-content\/themes\/niederkofler\/assets\/img\/immo_list\/square-metre.png\" alt=\"Wohnfl\u00e4che\" title=\"Wohnfl\u00e4che\"\/>\n                            <p>70 m\u00b2<\/p>\n                        <\/div>\n                        \n                        \n                        \n                                                                                                <div class=\"description__icon\">\n                                                        <img decoding=\"async\" src=\"https:\/\/www.immobil-niederkofler.it\/wp-content\/themes\/niederkofler\/assets\/img\/immo_list\/8.png\" alt=\"Zimmer\" title=\"Zimmer\"\/>\n                                                        <p>3<\/p>\n                        <\/div>\n                                                                        <div class=\"description__icon\">\n                            <img decoding=\"async\" src=\"https:\/\/www.immobil-niederkofler.it\/wp-content\/themes\/niederkofler\/assets\/img\/immo_list\/bath.png\" alt=\"Badezimmer\" title=\"Badezimmer\"\/>\n                            <p>1<\/p>\n                        <\/div>\n                        \n                        \n                                                <div class=\"description__icon\">\n                            <img decoding=\"async\" src=\"https:\/\/www.immobil-niederkofler.it\/wp-content\/themes\/niederkofler\/assets\/img\/immo_list\/euro.png\" alt=\"465.000 \" title=\"465.000 \"\/>\n                            <p>465.000 <\/p>\n                        <\/div>\n                        \t                                        <\/div>\n                <\/div>\n            <\/div>\n        <\/div>\n\n\t        <div class=\"col-12 col-md-6 col-xl-4 immobilien-list__cards_current\">\n            <div class=\"immobilien-list__card-list card-list\">\n                <div class=\"card-list__slider owl-carousel owl-theme\">\n\t                \t\t                <div class=\"item card-list__item\">\n\t\t                    <a href=\"https:\/\/www.immobil-niederkofler.it\/en\/detail\/51255\/\" class=\"estate-status\">\n\t\t                        <img decoding=\"async\" loading=\"lazy\" class=\"overview-img owl-lazy\" data-src=\"https:\/\/acnaayzuen.cloudimg.io\/crop\/450x337\/q70\/https:\/\/image.onoffice.de\/smart20\/Objekte\/ImmobilienNiederkofler\/51255\/bc52a989-1672-4643-95f3-bacc0e582a53.jpg@450x\" src=\"https:\/\/acnaayzuen.cloudimg.io\/crop\/450x337\/q90\/https:\/\/image.onoffice.de\/smart20\/Objekte\/ImmobilienNiederkofler\/51255\/bc52a989-1672-4643-95f3-bacc0e582a53.jpg@450x\" alt=\"Innenrendering\">\n\t\t                    <\/a>\n\t\t                <\/div>\n\t\t                \t                                <\/div>\n                <div class=\"card-list__info card-list__info_badge\">\n                    <span><\/span>                    <div class=\"wrap-icons wrap-icons_like\">\n                        <i class=\"icon-share\" aria-hidden=\"true\"><\/i>\n                        <div class=\"sharebuttons\">\n                            <div class=\"shariff shariff-align-left shariff-widget-align-left\"><ul class=\"shariff-buttons theme-round orientation-horizontal buttonsize-small\"><li class=\"shariff-button facebook shariff-nocustomcolor\" style=\"background-color:#4273c8\"><a href=\"https:\/\/www.facebook.com\/sharer\/sharer.php?u=https%3A%2F%2Fwww.immobil-niederkofler.it%2Fen%2Fdetail%2F51255%2F\" title=\"Bei Facebook teilen\" aria-label=\"Bei Facebook teilen\" role=\"button\" rel=\"nofollow\" class=\"shariff-link\" style=\"; background-color:#3b5998; color:#fff\" target=\"_blank\"><span class=\"shariff-icon\" style=\"\"><svg width=\"32px\" height=\"20px\" xmlns=\"http:\/\/www.w3.org\/2000\/svg\" viewBox=\"0 0 18 32\"><path fill=\"#3b5998\" d=\"M17.1 0.2v4.7h-2.8q-1.5 0-2.1 0.6t-0.5 1.9v3.4h5.2l-0.7 5.3h-4.5v13.6h-5.5v-13.6h-4.5v-5.3h4.5v-3.9q0-3.3 1.9-5.2t5-1.8q2.6 0 4.1 0.2z\"\/><\/svg><\/span><\/a><\/li><li class=\"shariff-button whatsapp shariff-nocustomcolor\" style=\"background-color:#5cbe4a\"><a href=\"https:\/\/api.whatsapp.com\/send?text=https%3A%2F%2Fwww.immobil-niederkofler.it%2Fen%2Fdetail%2F51255%2F%20Gut%20eingeteilte%203-Zimmerwohnung%20%20%28W39%29\" title=\"Bei Whatsapp teilen\" aria-label=\"Bei Whatsapp teilen\" role=\"button\" rel=\"noopener nofollow\" class=\"shariff-link\" style=\"; background-color:#34af23; color:#fff\" target=\"_blank\"><span class=\"shariff-icon\" style=\"\"><svg width=\"32px\" height=\"20px\" xmlns=\"http:\/\/www.w3.org\/2000\/svg\" viewBox=\"0 0 32 32\"><path fill=\"#34af23\" d=\"M17.6 17.4q0.2 0 1.7 0.8t1.6 0.9q0 0.1 0 0.3 0 0.6-0.3 1.4-0.3 0.7-1.3 1.2t-1.8 0.5q-1 0-3.4-1.1-1.7-0.8-3-2.1t-2.6-3.3q-1.3-1.9-1.3-3.5v-0.1q0.1-1.6 1.3-2.8 0.4-0.4 0.9-0.4 0.1 0 0.3 0t0.3 0q0.3 0 0.5 0.1t0.3 0.5q0.1 0.4 0.6 1.6t0.4 1.3q0 0.4-0.6 1t-0.6 0.8q0 0.1 0.1 0.3 0.6 1.3 1.8 2.4 1 0.9 2.7 1.8 0.2 0.1 0.4 0.1 0.3 0 1-0.9t0.9-0.9zM14 26.9q2.3 0 4.3-0.9t3.6-2.4 2.4-3.6 0.9-4.3-0.9-4.3-2.4-3.6-3.6-2.4-4.3-0.9-4.3 0.9-3.6 2.4-2.4 3.6-0.9 4.3q0 3.6 2.1 6.6l-1.4 4.2 4.3-1.4q2.8 1.9 6.2 1.9zM14 2.2q2.7 0 5.2 1.1t4.3 2.9 2.9 4.3 1.1 5.2-1.1 5.2-2.9 4.3-4.3 2.9-5.2 1.1q-3.5 0-6.5-1.7l-7.4 2.4 2.4-7.2q-1.9-3.2-1.9-6.9 0-2.7 1.1-5.2t2.9-4.3 4.3-2.9 5.2-1.1z\"\/><\/svg><\/span><\/a><\/li><li class=\"shariff-button mailto shariff-nocustomcolor\" style=\"background-color:#a8a8a8\"><a href=\"mailto:?body=https%3A%2F%2Fwww.immobil-niederkofler.it%2Fen%2Fdetail%2F51255%2F&subject=Gut%20eingeteilte%203-Zimmerwohnung%20%20%28W39%29\" title=\"Per E-Mail versenden\" aria-label=\"Per E-Mail versenden\" role=\"button\" rel=\"noopener nofollow\" class=\"shariff-link\" style=\"; background-color:#999; color:#fff\"><span class=\"shariff-icon\" style=\"\"><svg width=\"32px\" height=\"20px\" xmlns=\"http:\/\/www.w3.org\/2000\/svg\" viewBox=\"0 0 32 32\"><path fill=\"#999\" d=\"M32 12.7v14.2q0 1.2-0.8 2t-2 0.9h-26.3q-1.2 0-2-0.9t-0.8-2v-14.2q0.8 0.9 1.8 1.6 6.5 4.4 8.9 6.1 1 0.8 1.6 1.2t1.7 0.9 2 0.4h0.1q0.9 0 2-0.4t1.7-0.9 1.6-1.2q3-2.2 8.9-6.1 1-0.7 1.8-1.6zM32 7.4q0 1.4-0.9 2.7t-2.2 2.2q-6.7 4.7-8.4 5.8-0.2 0.1-0.7 0.5t-1 0.7-0.9 0.6-1.1 0.5-0.9 0.2h-0.1q-0.4 0-0.9-0.2t-1.1-0.5-0.9-0.6-1-0.7-0.7-0.5q-1.6-1.1-4.7-3.2t-3.6-2.6q-1.1-0.7-2.1-2t-1-2.5q0-1.4 0.7-2.3t2.1-0.9h26.3q1.2 0 2 0.8t0.9 2z\"\/><\/svg><\/span><\/a><\/li><\/ul><\/div>                        <\/div>\n                                                <i class=\"heart fa fa-heart-o onoffice favorize\" aria-hidden=\"true\" data-onoffice-estateid=\"51255\"><\/i>\n\t                                        <\/div>\n                <\/div>\n                <div class=\"card-list__content\">\n                    <div class=\"location\">\n                        <p><i class=\"fa fa-map-marker\" aria-hidden=\"true\"><\/i>Pfalzen - Dorfzentrum <\/p>\n                    <\/div>\n                    <div class=\"title-ellipsis\">\n                        <p>\n                            <a href=\"https:\/\/www.immobil-niederkofler.it\/en\/detail\/51255\/\" class=\"estate-status\">\n                                Gut eingeteilte 3-Zimmerwohnung  (W39)                            <\/a>\n\t\t\t\t\t\t\t<script>\n\t\t\t\t\t\t\t\tconsole.log(\"immo: ge\u00e4ndert:17.04.2026 14:02:03\");\n\t\t\t\t\t\t\t<\/script>\n                        <\/p>\n                    <\/div>\n                    <div class=\"description\">\n                                                <div class=\"description__icon\">\n                            <img decoding=\"async\" src=\"https:\/\/www.immobil-niederkofler.it\/wp-content\/themes\/niederkofler\/assets\/img\/immo_list\/square-metre.png\" alt=\"Wohnfl\u00e4che\" title=\"Wohnfl\u00e4che\"\/>\n                            <p>55 m\u00b2<\/p>\n                        <\/div>\n                        \n                        \n                        \n                                                                                                <div class=\"description__icon\">\n                                                        <img decoding=\"async\" src=\"https:\/\/www.immobil-niederkofler.it\/wp-content\/themes\/niederkofler\/assets\/img\/immo_list\/8.png\" alt=\"Zimmer\" title=\"Zimmer\"\/>\n                                                        <p>3<\/p>\n                        <\/div>\n                                                                        <div class=\"description__icon\">\n                            <img decoding=\"async\" src=\"https:\/\/www.immobil-niederkofler.it\/wp-content\/themes\/niederkofler\/assets\/img\/immo_list\/bath.png\" alt=\"Badezimmer\" title=\"Badezimmer\"\/>\n                            <p>1<\/p>\n                        <\/div>\n                        \n                        \n                                                <div class=\"description__icon\">\n                            <img decoding=\"async\" src=\"https:\/\/www.immobil-niederkofler.it\/wp-content\/themes\/niederkofler\/assets\/img\/immo_list\/euro.png\" alt=\"501.000 \" title=\"501.000 \"\/>\n                            <p>501.000 <\/p>\n                        <\/div>\n                        \t                                        <\/div>\n                <\/div>\n            <\/div>\n        <\/div>\n\n\t        <div class=\"col-12 col-md-6 col-xl-4 immobilien-list__cards_current\">\n            <div class=\"immobilien-list__card-list card-list\">\n                <div class=\"card-list__slider owl-carousel owl-theme\">\n\t                \t\t                <div class=\"item card-list__item\">\n\t\t                    <a href=\"https:\/\/www.immobil-niederkofler.it\/en\/detail\/51733\/\" class=\"estate-status\">\n\t\t                        <img decoding=\"async\" loading=\"lazy\" class=\"overview-img owl-lazy\" data-src=\"https:\/\/acnaayzuen.cloudimg.io\/crop\/450x337\/q70\/https:\/\/image.onoffice.de\/smart20\/Objekte\/ImmobilienNiederkofler\/51733\/6f8ae395-9cbd-4ae0-8ab0-bb34edb45d87.jpg@450x\" src=\"https:\/\/acnaayzuen.cloudimg.io\/crop\/450x337\/q90\/https:\/\/image.onoffice.de\/smart20\/Objekte\/ImmobilienNiederkofler\/51733\/6f8ae395-9cbd-4ae0-8ab0-bb34edb45d87.jpg@450x\" alt=\"\">\n\t\t                    <\/a>\n\t\t                <\/div>\n\t\t                \t                                <\/div>\n                <div class=\"card-list__info card-list__info_badge\">\n                    <span><\/span>                    <div class=\"wrap-icons wrap-icons_like\">\n                        <i class=\"icon-share\" aria-hidden=\"true\"><\/i>\n                        <div class=\"sharebuttons\">\n                            <div class=\"shariff shariff-align-left shariff-widget-align-left\"><ul class=\"shariff-buttons theme-round orientation-horizontal buttonsize-small\"><li class=\"shariff-button facebook shariff-nocustomcolor\" style=\"background-color:#4273c8\"><a href=\"https:\/\/www.facebook.com\/sharer\/sharer.php?u=https%3A%2F%2Fwww.immobil-niederkofler.it%2Fen%2Fdetail%2F51733%2F\" title=\"Bei Facebook teilen\" aria-label=\"Bei Facebook teilen\" role=\"button\" rel=\"nofollow\" class=\"shariff-link\" style=\"; background-color:#3b5998; color:#fff\" target=\"_blank\"><span class=\"shariff-icon\" style=\"\"><svg width=\"32px\" height=\"20px\" xmlns=\"http:\/\/www.w3.org\/2000\/svg\" viewBox=\"0 0 18 32\"><path fill=\"#3b5998\" d=\"M17.1 0.2v4.7h-2.8q-1.5 0-2.1 0.6t-0.5 1.9v3.4h5.2l-0.7 5.3h-4.5v13.6h-5.5v-13.6h-4.5v-5.3h4.5v-3.9q0-3.3 1.9-5.2t5-1.8q2.6 0 4.1 0.2z\"\/><\/svg><\/span><\/a><\/li><li class=\"shariff-button whatsapp shariff-nocustomcolor\" style=\"background-color:#5cbe4a\"><a href=\"https:\/\/api.whatsapp.com\/send?text=https%3A%2F%2Fwww.immobil-niederkofler.it%2Fen%2Fdetail%2F51733%2F%20Helle%204-Zimmerwohnung%20mit%20Balkon%20und%20Garage\" title=\"Bei Whatsapp teilen\" aria-label=\"Bei Whatsapp teilen\" role=\"button\" rel=\"noopener nofollow\" class=\"shariff-link\" style=\"; background-color:#34af23; color:#fff\" target=\"_blank\"><span class=\"shariff-icon\" style=\"\"><svg width=\"32px\" height=\"20px\" xmlns=\"http:\/\/www.w3.org\/2000\/svg\" viewBox=\"0 0 32 32\"><path fill=\"#34af23\" d=\"M17.6 17.4q0.2 0 1.7 0.8t1.6 0.9q0 0.1 0 0.3 0 0.6-0.3 1.4-0.3 0.7-1.3 1.2t-1.8 0.5q-1 0-3.4-1.1-1.7-0.8-3-2.1t-2.6-3.3q-1.3-1.9-1.3-3.5v-0.1q0.1-1.6 1.3-2.8 0.4-0.4 0.9-0.4 0.1 0 0.3 0t0.3 0q0.3 0 0.5 0.1t0.3 0.5q0.1 0.4 0.6 1.6t0.4 1.3q0 0.4-0.6 1t-0.6 0.8q0 0.1 0.1 0.3 0.6 1.3 1.8 2.4 1 0.9 2.7 1.8 0.2 0.1 0.4 0.1 0.3 0 1-0.9t0.9-0.9zM14 26.9q2.3 0 4.3-0.9t3.6-2.4 2.4-3.6 0.9-4.3-0.9-4.3-2.4-3.6-3.6-2.4-4.3-0.9-4.3 0.9-3.6 2.4-2.4 3.6-0.9 4.3q0 3.6 2.1 6.6l-1.4 4.2 4.3-1.4q2.8 1.9 6.2 1.9zM14 2.2q2.7 0 5.2 1.1t4.3 2.9 2.9 4.3 1.1 5.2-1.1 5.2-2.9 4.3-4.3 2.9-5.2 1.1q-3.5 0-6.5-1.7l-7.4 2.4 2.4-7.2q-1.9-3.2-1.9-6.9 0-2.7 1.1-5.2t2.9-4.3 4.3-2.9 5.2-1.1z\"\/><\/svg><\/span><\/a><\/li><li class=\"shariff-button mailto shariff-nocustomcolor\" style=\"background-color:#a8a8a8\"><a href=\"mailto:?body=https%3A%2F%2Fwww.immobil-niederkofler.it%2Fen%2Fdetail%2F51733%2F&subject=Helle%204-Zimmerwohnung%20mit%20Balkon%20und%20Garage\" title=\"Per E-Mail versenden\" aria-label=\"Per E-Mail versenden\" role=\"button\" rel=\"noopener nofollow\" class=\"shariff-link\" style=\"; background-color:#999; color:#fff\"><span class=\"shariff-icon\" style=\"\"><svg width=\"32px\" height=\"20px\" xmlns=\"http:\/\/www.w3.org\/2000\/svg\" viewBox=\"0 0 32 32\"><path fill=\"#999\" d=\"M32 12.7v14.2q0 1.2-0.8 2t-2 0.9h-26.3q-1.2 0-2-0.9t-0.8-2v-14.2q0.8 0.9 1.8 1.6 6.5 4.4 8.9 6.1 1 0.8 1.6 1.2t1.7 0.9 2 0.4h0.1q0.9 0 2-0.4t1.7-0.9 1.6-1.2q3-2.2 8.9-6.1 1-0.7 1.8-1.6zM32 7.4q0 1.4-0.9 2.7t-2.2 2.2q-6.7 4.7-8.4 5.8-0.2 0.1-0.7 0.5t-1 0.7-0.9 0.6-1.1 0.5-0.9 0.2h-0.1q-0.4 0-0.9-0.2t-1.1-0.5-0.9-0.6-1-0.7-0.7-0.5q-1.6-1.1-4.7-3.2t-3.6-2.6q-1.1-0.7-2.1-2t-1-2.5q0-1.4 0.7-2.3t2.1-0.9h26.3q1.2 0 2 0.8t0.9 2z\"\/><\/svg><\/span><\/a><\/li><\/ul><\/div>                        <\/div>\n                                                <i class=\"heart fa fa-heart-o onoffice favorize\" aria-hidden=\"true\" data-onoffice-estateid=\"51733\"><\/i>\n\t                                        <\/div>\n                <\/div>\n                <div class=\"card-list__content\">\n                    <div class=\"location\">\n                        <p><i class=\"fa fa-map-marker\" aria-hidden=\"true\"><\/i>Deutschnofen - Dorfzentrum <\/p>\n                    <\/div>\n                    <div class=\"title-ellipsis\">\n                        <p>\n                            <a href=\"https:\/\/www.immobil-niederkofler.it\/en\/detail\/51733\/\" class=\"estate-status\">\n                                Helle 4-Zimmerwohnung mit Balkon und Garage                            <\/a>\n\t\t\t\t\t\t\t<script>\n\t\t\t\t\t\t\t\tconsole.log(\"immo: ge\u00e4ndert:16.04.2026 06:41:13\");\n\t\t\t\t\t\t\t<\/script>\n                        <\/p>\n                    <\/div>\n                    <div class=\"description\">\n                                                <div class=\"description__icon\">\n                            <img decoding=\"async\" src=\"https:\/\/www.immobil-niederkofler.it\/wp-content\/themes\/niederkofler\/assets\/img\/immo_list\/square-metre.png\" alt=\"Wohnfl\u00e4che\" title=\"Wohnfl\u00e4che\"\/>\n                            <p>62 m\u00b2<\/p>\n                        <\/div>\n                        \n                        \n                        \n                                                                                                <div class=\"description__icon\">\n                                                        <img decoding=\"async\" src=\"https:\/\/www.immobil-niederkofler.it\/wp-content\/themes\/niederkofler\/assets\/img\/immo_list\/8.png\" alt=\"Zimmer\" title=\"Zimmer\"\/>\n                                                        <p>4<\/p>\n                        <\/div>\n                                                                        <div class=\"description__icon\">\n                            <img decoding=\"async\" src=\"https:\/\/www.immobil-niederkofler.it\/wp-content\/themes\/niederkofler\/assets\/img\/immo_list\/bath.png\" alt=\"Badezimmer\" title=\"Badezimmer\"\/>\n                            <p>1<\/p>\n                        <\/div>\n                        \n                        \n                                                <div class=\"description__icon\">\n                            <img decoding=\"async\" src=\"https:\/\/www.immobil-niederkofler.it\/wp-content\/themes\/niederkofler\/assets\/img\/immo_list\/euro.png\" alt=\"320.000 \" title=\"320.000 \"\/>\n                            <p>320.000 <\/p>\n                        <\/div>\n                        \t                                        <\/div>\n                <\/div>\n            <\/div>\n        <\/div>\n\n\t        <div class=\"col-12 col-md-6 col-xl-4 immobilien-list__cards_current\">\n            <div class=\"immobilien-list__card-list card-list\">\n                <div class=\"card-list__slider owl-carousel owl-theme\">\n\t                \t\t                <div class=\"item card-list__item\">\n\t\t                    <a href=\"https:\/\/www.immobil-niederkofler.it\/en\/detail\/49193\/\" class=\"estate-status\">\n\t\t                        <img decoding=\"async\" loading=\"lazy\" class=\"overview-img owl-lazy\" data-src=\"https:\/\/acnaayzuen.cloudimg.io\/crop\/450x337\/q70\/https:\/\/image.onoffice.de\/smart20\/Objekte\/ImmobilienNiederkofler\/49193\/f5e96f82-e852-41f4-9440-0a15a8471d9c.jpg@450x\" src=\"https:\/\/acnaayzuen.cloudimg.io\/crop\/450x337\/q90\/https:\/\/image.onoffice.de\/smart20\/Objekte\/ImmobilienNiederkofler\/49193\/f5e96f82-e852-41f4-9440-0a15a8471d9c.jpg@450x\" alt=\"\">\n\t\t                    <\/a>\n\t\t                <\/div>\n\t\t                \t                                <\/div>\n                <div class=\"card-list__info card-list__info_badge\">\n                    <span><\/span>                    <div class=\"wrap-icons wrap-icons_like\">\n                        <i class=\"icon-share\" aria-hidden=\"true\"><\/i>\n                        <div class=\"sharebuttons\">\n                            <div class=\"shariff shariff-align-left shariff-widget-align-left\"><ul class=\"shariff-buttons theme-round orientation-horizontal buttonsize-small\"><li class=\"shariff-button facebook shariff-nocustomcolor\" style=\"background-color:#4273c8\"><a href=\"https:\/\/www.facebook.com\/sharer\/sharer.php?u=https%3A%2F%2Fwww.immobil-niederkofler.it%2Fen%2Fdetail%2F49193%2F\" title=\"Bei Facebook teilen\" aria-label=\"Bei Facebook teilen\" role=\"button\" rel=\"nofollow\" class=\"shariff-link\" style=\"; background-color:#3b5998; color:#fff\" target=\"_blank\"><span class=\"shariff-icon\" style=\"\"><svg width=\"32px\" height=\"20px\" xmlns=\"http:\/\/www.w3.org\/2000\/svg\" viewBox=\"0 0 18 32\"><path fill=\"#3b5998\" d=\"M17.1 0.2v4.7h-2.8q-1.5 0-2.1 0.6t-0.5 1.9v3.4h5.2l-0.7 5.3h-4.5v13.6h-5.5v-13.6h-4.5v-5.3h4.5v-3.9q0-3.3 1.9-5.2t5-1.8q2.6 0 4.1 0.2z\"\/><\/svg><\/span><\/a><\/li><li class=\"shariff-button whatsapp shariff-nocustomcolor\" style=\"background-color:#5cbe4a\"><a href=\"https:\/\/api.whatsapp.com\/send?text=https%3A%2F%2Fwww.immobil-niederkofler.it%2Fen%2Fdetail%2F49193%2F%20Exklusive%20Neubauwohnung%20mit%20gemeinschaftlichem%20Schwimmbad%20-%20W2\" title=\"Bei Whatsapp teilen\" aria-label=\"Bei Whatsapp teilen\" role=\"button\" rel=\"noopener nofollow\" class=\"shariff-link\" style=\"; background-color:#34af23; color:#fff\" target=\"_blank\"><span class=\"shariff-icon\" style=\"\"><svg width=\"32px\" height=\"20px\" xmlns=\"http:\/\/www.w3.org\/2000\/svg\" viewBox=\"0 0 32 32\"><path fill=\"#34af23\" d=\"M17.6 17.4q0.2 0 1.7 0.8t1.6 0.9q0 0.1 0 0.3 0 0.6-0.3 1.4-0.3 0.7-1.3 1.2t-1.8 0.5q-1 0-3.4-1.1-1.7-0.8-3-2.1t-2.6-3.3q-1.3-1.9-1.3-3.5v-0.1q0.1-1.6 1.3-2.8 0.4-0.4 0.9-0.4 0.1 0 0.3 0t0.3 0q0.3 0 0.5 0.1t0.3 0.5q0.1 0.4 0.6 1.6t0.4 1.3q0 0.4-0.6 1t-0.6 0.8q0 0.1 0.1 0.3 0.6 1.3 1.8 2.4 1 0.9 2.7 1.8 0.2 0.1 0.4 0.1 0.3 0 1-0.9t0.9-0.9zM14 26.9q2.3 0 4.3-0.9t3.6-2.4 2.4-3.6 0.9-4.3-0.9-4.3-2.4-3.6-3.6-2.4-4.3-0.9-4.3 0.9-3.6 2.4-2.4 3.6-0.9 4.3q0 3.6 2.1 6.6l-1.4 4.2 4.3-1.4q2.8 1.9 6.2 1.9zM14 2.2q2.7 0 5.2 1.1t4.3 2.9 2.9 4.3 1.1 5.2-1.1 5.2-2.9 4.3-4.3 2.9-5.2 1.1q-3.5 0-6.5-1.7l-7.4 2.4 2.4-7.2q-1.9-3.2-1.9-6.9 0-2.7 1.1-5.2t2.9-4.3 4.3-2.9 5.2-1.1z\"\/><\/svg><\/span><\/a><\/li><li class=\"shariff-button mailto shariff-nocustomcolor\" style=\"background-color:#a8a8a8\"><a href=\"mailto:?body=https%3A%2F%2Fwww.immobil-niederkofler.it%2Fen%2Fdetail%2F49193%2F&subject=Exklusive%20Neubauwohnung%20mit%20gemeinschaftlichem%20Schwimmbad%20-%20W2\" title=\"Per E-Mail versenden\" aria-label=\"Per E-Mail versenden\" role=\"button\" rel=\"noopener nofollow\" class=\"shariff-link\" style=\"; background-color:#999; color:#fff\"><span class=\"shariff-icon\" style=\"\"><svg width=\"32px\" height=\"20px\" xmlns=\"http:\/\/www.w3.org\/2000\/svg\" viewBox=\"0 0 32 32\"><path fill=\"#999\" d=\"M32 12.7v14.2q0 1.2-0.8 2t-2 0.9h-26.3q-1.2 0-2-0.9t-0.8-2v-14.2q0.8 0.9 1.8 1.6 6.5 4.4 8.9 6.1 1 0.8 1.6 1.2t1.7 0.9 2 0.4h0.1q0.9 0 2-0.4t1.7-0.9 1.6-1.2q3-2.2 8.9-6.1 1-0.7 1.8-1.6zM32 7.4q0 1.4-0.9 2.7t-2.2 2.2q-6.7 4.7-8.4 5.8-0.2 0.1-0.7 0.5t-1 0.7-0.9 0.6-1.1 0.5-0.9 0.2h-0.1q-0.4 0-0.9-0.2t-1.1-0.5-0.9-0.6-1-0.7-0.7-0.5q-1.6-1.1-4.7-3.2t-3.6-2.6q-1.1-0.7-2.1-2t-1-2.5q0-1.4 0.7-2.3t2.1-0.9h26.3q1.2 0 2 0.8t0.9 2z\"\/><\/svg><\/span><\/a><\/li><\/ul><\/div>                        <\/div>\n                                                <i class=\"heart fa fa-heart-o onoffice favorize\" aria-hidden=\"true\" data-onoffice-estateid=\"49193\"><\/i>\n\t                                        <\/div>\n                <\/div>\n                <div class=\"card-list__content\">\n                    <div class=\"location\">\n                        <p><i class=\"fa fa-map-marker\" aria-hidden=\"true\"><\/i>Gardone Riviera - Gardone Riviera<\/p>\n                    <\/div>\n                    <div class=\"title-ellipsis\">\n                        <p>\n                            <a href=\"https:\/\/www.immobil-niederkofler.it\/en\/detail\/49193\/\" class=\"estate-status\">\n                                Exklusive Neubauwohnung mit gemeinschaftlichem Schwimmbad - W2                            <\/a>\n\t\t\t\t\t\t\t<script>\n\t\t\t\t\t\t\t\tconsole.log(\"immo: ge\u00e4ndert:16.04.2026 06:25:02\");\n\t\t\t\t\t\t\t<\/script>\n                        <\/p>\n                    <\/div>\n                    <div class=\"description\">\n                                                <div class=\"description__icon\">\n                            <img decoding=\"async\" src=\"https:\/\/www.immobil-niederkofler.it\/wp-content\/themes\/niederkofler\/assets\/img\/immo_list\/square-metre.png\" alt=\"Wohnfl\u00e4che\" title=\"Wohnfl\u00e4che\"\/>\n                            <p>79 m\u00b2<\/p>\n                        <\/div>\n                        \n                        \n                        \n                                                                                                <div class=\"description__icon\">\n                                                        <img decoding=\"async\" src=\"https:\/\/www.immobil-niederkofler.it\/wp-content\/themes\/niederkofler\/assets\/img\/immo_list\/8.png\" alt=\"Zimmer\" title=\"Zimmer\"\/>\n                                                        <p>3<\/p>\n                        <\/div>\n                                                                        <div class=\"description__icon\">\n                            <img decoding=\"async\" src=\"https:\/\/www.immobil-niederkofler.it\/wp-content\/themes\/niederkofler\/assets\/img\/immo_list\/bath.png\" alt=\"Badezimmer\" title=\"Badezimmer\"\/>\n                            <p>2<\/p>\n                        <\/div>\n                        \n                        \n                                                <div class=\"description__icon\">\n                            <img decoding=\"async\" src=\"https:\/\/www.immobil-niederkofler.it\/wp-content\/themes\/niederkofler\/assets\/img\/immo_list\/euro.png\" alt=\"910.000 \" title=\"910.000 \"\/>\n                            <p>910.000 <\/p>\n                        <\/div>\n                        \t                                        <\/div>\n                <\/div>\n            <\/div>\n        <\/div>\n\n\t        <div class=\"col-12 col-md-6 col-xl-4 immobilien-list__cards_current\">\n            <div class=\"immobilien-list__card-list card-list\">\n                <div class=\"card-list__slider owl-carousel owl-theme\">\n\t                \t\t                <div class=\"item card-list__item\">\n\t\t                    <a href=\"https:\/\/www.immobil-niederkofler.it\/en\/detail\/50881\/\" class=\"estate-status\">\n\t\t                        <img decoding=\"async\" loading=\"lazy\" class=\"overview-img owl-lazy\" data-src=\"https:\/\/acnaayzuen.cloudimg.io\/crop\/450x337\/q70\/https:\/\/image.onoffice.de\/smart20\/Objekte\/ImmobilienNiederkofler\/50881\/e97f2d2e-7140-4d0e-b80c-d978bdd031b9.jpg@450x\" src=\"https:\/\/acnaayzuen.cloudimg.io\/crop\/450x337\/q90\/https:\/\/image.onoffice.de\/smart20\/Objekte\/ImmobilienNiederkofler\/50881\/e97f2d2e-7140-4d0e-b80c-d978bdd031b9.jpg@450x\" alt=\"\">\n\t\t                    <\/a>\n\t\t                <\/div>\n\t\t                \t                                <\/div>\n                <div class=\"card-list__info card-list__info_badge\">\n                    <span><\/span>                    <div class=\"wrap-icons wrap-icons_like\">\n                        <i class=\"icon-share\" aria-hidden=\"true\"><\/i>\n                        <div class=\"sharebuttons\">\n                            <div class=\"shariff shariff-align-left shariff-widget-align-left\"><ul class=\"shariff-buttons theme-round orientation-horizontal buttonsize-small\"><li class=\"shariff-button facebook shariff-nocustomcolor\" style=\"background-color:#4273c8\"><a href=\"https:\/\/www.facebook.com\/sharer\/sharer.php?u=https%3A%2F%2Fwww.immobil-niederkofler.it%2Fen%2Fdetail%2F50881%2F\" title=\"Bei Facebook teilen\" aria-label=\"Bei Facebook teilen\" role=\"button\" rel=\"nofollow\" class=\"shariff-link\" style=\"; background-color:#3b5998; color:#fff\" target=\"_blank\"><span class=\"shariff-icon\" style=\"\"><svg width=\"32px\" height=\"20px\" xmlns=\"http:\/\/www.w3.org\/2000\/svg\" viewBox=\"0 0 18 32\"><path fill=\"#3b5998\" d=\"M17.1 0.2v4.7h-2.8q-1.5 0-2.1 0.6t-0.5 1.9v3.4h5.2l-0.7 5.3h-4.5v13.6h-5.5v-13.6h-4.5v-5.3h4.5v-3.9q0-3.3 1.9-5.2t5-1.8q2.6 0 4.1 0.2z\"\/><\/svg><\/span><\/a><\/li><li class=\"shariff-button whatsapp shariff-nocustomcolor\" style=\"background-color:#5cbe4a\"><a href=\"https:\/\/api.whatsapp.com\/send?text=https%3A%2F%2Fwww.immobil-niederkofler.it%2Fen%2Fdetail%2F50881%2F%202-Zimmerneubauwohnung%20f%C3%BCr%20Ans%C3%A4ssige%20-%20W4\" title=\"Bei Whatsapp teilen\" aria-label=\"Bei Whatsapp teilen\" role=\"button\" rel=\"noopener nofollow\" class=\"shariff-link\" style=\"; background-color:#34af23; color:#fff\" target=\"_blank\"><span class=\"shariff-icon\" style=\"\"><svg width=\"32px\" height=\"20px\" xmlns=\"http:\/\/www.w3.org\/2000\/svg\" viewBox=\"0 0 32 32\"><path fill=\"#34af23\" d=\"M17.6 17.4q0.2 0 1.7 0.8t1.6 0.9q0 0.1 0 0.3 0 0.6-0.3 1.4-0.3 0.7-1.3 1.2t-1.8 0.5q-1 0-3.4-1.1-1.7-0.8-3-2.1t-2.6-3.3q-1.3-1.9-1.3-3.5v-0.1q0.1-1.6 1.3-2.8 0.4-0.4 0.9-0.4 0.1 0 0.3 0t0.3 0q0.3 0 0.5 0.1t0.3 0.5q0.1 0.4 0.6 1.6t0.4 1.3q0 0.4-0.6 1t-0.6 0.8q0 0.1 0.1 0.3 0.6 1.3 1.8 2.4 1 0.9 2.7 1.8 0.2 0.1 0.4 0.1 0.3 0 1-0.9t0.9-0.9zM14 26.9q2.3 0 4.3-0.9t3.6-2.4 2.4-3.6 0.9-4.3-0.9-4.3-2.4-3.6-3.6-2.4-4.3-0.9-4.3 0.9-3.6 2.4-2.4 3.6-0.9 4.3q0 3.6 2.1 6.6l-1.4 4.2 4.3-1.4q2.8 1.9 6.2 1.9zM14 2.2q2.7 0 5.2 1.1t4.3 2.9 2.9 4.3 1.1 5.2-1.1 5.2-2.9 4.3-4.3 2.9-5.2 1.1q-3.5 0-6.5-1.7l-7.4 2.4 2.4-7.2q-1.9-3.2-1.9-6.9 0-2.7 1.1-5.2t2.9-4.3 4.3-2.9 5.2-1.1z\"\/><\/svg><\/span><\/a><\/li><li class=\"shariff-button mailto shariff-nocustomcolor\" style=\"background-color:#a8a8a8\"><a href=\"mailto:?body=https%3A%2F%2Fwww.immobil-niederkofler.it%2Fen%2Fdetail%2F50881%2F&subject=2-Zimmerneubauwohnung%20f%C3%BCr%20Ans%C3%A4ssige%20-%20W4\" title=\"Per E-Mail versenden\" aria-label=\"Per E-Mail versenden\" role=\"button\" rel=\"noopener nofollow\" class=\"shariff-link\" style=\"; background-color:#999; color:#fff\"><span class=\"shariff-icon\" style=\"\"><svg width=\"32px\" height=\"20px\" xmlns=\"http:\/\/www.w3.org\/2000\/svg\" viewBox=\"0 0 32 32\"><path fill=\"#999\" d=\"M32 12.7v14.2q0 1.2-0.8 2t-2 0.9h-26.3q-1.2 0-2-0.9t-0.8-2v-14.2q0.8 0.9 1.8 1.6 6.5 4.4 8.9 6.1 1 0.8 1.6 1.2t1.7 0.9 2 0.4h0.1q0.9 0 2-0.4t1.7-0.9 1.6-1.2q3-2.2 8.9-6.1 1-0.7 1.8-1.6zM32 7.4q0 1.4-0.9 2.7t-2.2 2.2q-6.7 4.7-8.4 5.8-0.2 0.1-0.7 0.5t-1 0.7-0.9 0.6-1.1 0.5-0.9 0.2h-0.1q-0.4 0-0.9-0.2t-1.1-0.5-0.9-0.6-1-0.7-0.7-0.5q-1.6-1.1-4.7-3.2t-3.6-2.6q-1.1-0.7-2.1-2t-1-2.5q0-1.4 0.7-2.3t2.1-0.9h26.3q1.2 0 2 0.8t0.9 2z\"\/><\/svg><\/span><\/a><\/li><\/ul><\/div>                        <\/div>\n                                                <i class=\"heart fa fa-heart-o onoffice favorize\" aria-hidden=\"true\" data-onoffice-estateid=\"50881\"><\/i>\n\t                                        <\/div>\n                <\/div>\n                <div class=\"card-list__content\">\n                    <div class=\"location\">\n                        <p><i class=\"fa fa-map-marker\" aria-hidden=\"true\"><\/i>Rasen-Antholz - Antholz-Mittertal <\/p>\n                    <\/div>\n                    <div class=\"title-ellipsis\">\n                        <p>\n                            <a href=\"https:\/\/www.immobil-niederkofler.it\/en\/detail\/50881\/\" class=\"estate-status\">\n                                2-Zimmerneubauwohnung f\u00fcr Ans\u00e4ssige - W4                            <\/a>\n\t\t\t\t\t\t\t<script>\n\t\t\t\t\t\t\t\tconsole.log(\"immo: ge\u00e4ndert:15.04.2026 08:25:08\");\n\t\t\t\t\t\t\t<\/script>\n                        <\/p>\n                    <\/div>\n                    <div class=\"description\">\n                                                <div class=\"description__icon\">\n                            <img decoding=\"async\" src=\"https:\/\/www.immobil-niederkofler.it\/wp-content\/themes\/niederkofler\/assets\/img\/immo_list\/square-metre.png\" alt=\"Wohnfl\u00e4che\" title=\"Wohnfl\u00e4che\"\/>\n                            <p>46 m\u00b2<\/p>\n                        <\/div>\n                        \n                        \n                        \n                                                                                                <div class=\"description__icon\">\n                                                        <img decoding=\"async\" src=\"https:\/\/www.immobil-niederkofler.it\/wp-content\/themes\/niederkofler\/assets\/img\/immo_list\/8.png\" alt=\"Zimmer\" title=\"Zimmer\"\/>\n                                                        <p>2<\/p>\n                        <\/div>\n                                                                        <div class=\"description__icon\">\n                            <img decoding=\"async\" src=\"https:\/\/www.immobil-niederkofler.it\/wp-content\/themes\/niederkofler\/assets\/img\/immo_list\/bath.png\" alt=\"Badezimmer\" title=\"Badezimmer\"\/>\n                            <p>1<\/p>\n                        <\/div>\n                        \n                        \n                                                <div class=\"description__icon\">\n                            <img decoding=\"async\" src=\"https:\/\/www.immobil-niederkofler.it\/wp-content\/themes\/niederkofler\/assets\/img\/immo_list\/euro.png\" alt=\"259.000 \" title=\"259.000 \"\/>\n                            <p>259.000 <\/p>\n                        <\/div>\n                        \t                                        <\/div>\n                <\/div>\n            <\/div>\n        <\/div>\n\n\t        <div class=\"col-12 col-md-6 col-xl-4 immobilien-list__cards_current\">\n            <div class=\"immobilien-list__card-list card-list\">\n                <div class=\"card-list__slider owl-carousel owl-theme\">\n\t                \t\t                <div class=\"item card-list__item\">\n\t\t                    <a href=\"https:\/\/www.immobil-niederkofler.it\/en\/detail\/51813\/\" class=\"estate-status\">\n\t\t                        <img decoding=\"async\" loading=\"lazy\" class=\"overview-img owl-lazy\" data-src=\"https:\/\/acnaayzuen.cloudimg.io\/crop\/450x337\/q70\/https:\/\/image.onoffice.de\/smart20\/Objekte\/ImmobilienNiederkofler\/51813\/0be97501-9d23-4bb4-9bf2-175074c4adbc.jpg@450x\" src=\"https:\/\/acnaayzuen.cloudimg.io\/crop\/450x337\/q90\/https:\/\/image.onoffice.de\/smart20\/Objekte\/ImmobilienNiederkofler\/51813\/0be97501-9d23-4bb4-9bf2-175074c4adbc.jpg@450x\" alt=\"Wohnzimmer\">\n\t\t                    <\/a>\n\t\t                <\/div>\n\t\t                \t                                <\/div>\n                <div class=\"card-list__info card-list__info_badge\">\n                    <span><\/span>                    <div class=\"wrap-icons wrap-icons_like\">\n                        <i class=\"icon-share\" aria-hidden=\"true\"><\/i>\n                        <div class=\"sharebuttons\">\n                            <div class=\"shariff shariff-align-left shariff-widget-align-left\"><ul class=\"shariff-buttons theme-round orientation-horizontal buttonsize-small\"><li class=\"shariff-button facebook shariff-nocustomcolor\" style=\"background-color:#4273c8\"><a href=\"https:\/\/www.facebook.com\/sharer\/sharer.php?u=https%3A%2F%2Fwww.immobil-niederkofler.it%2Fen%2Fdetail%2F51813%2F\" title=\"Bei Facebook teilen\" aria-label=\"Bei Facebook teilen\" role=\"button\" rel=\"nofollow\" class=\"shariff-link\" style=\"; background-color:#3b5998; color:#fff\" target=\"_blank\"><span class=\"shariff-icon\" style=\"\"><svg width=\"32px\" height=\"20px\" xmlns=\"http:\/\/www.w3.org\/2000\/svg\" viewBox=\"0 0 18 32\"><path fill=\"#3b5998\" d=\"M17.1 0.2v4.7h-2.8q-1.5 0-2.1 0.6t-0.5 1.9v3.4h5.2l-0.7 5.3h-4.5v13.6h-5.5v-13.6h-4.5v-5.3h4.5v-3.9q0-3.3 1.9-5.2t5-1.8q2.6 0 4.1 0.2z\"\/><\/svg><\/span><\/a><\/li><li class=\"shariff-button whatsapp shariff-nocustomcolor\" style=\"background-color:#5cbe4a\"><a href=\"https:\/\/api.whatsapp.com\/send?text=https%3A%2F%2Fwww.immobil-niederkofler.it%2Fen%2Fdetail%2F51813%2F%20Charmantes%20Reihenhaus%20mit%20Garten%20in%20sonniger%20Lage%20von%20Oberrasen\" title=\"Bei Whatsapp teilen\" aria-label=\"Bei Whatsapp teilen\" role=\"button\" rel=\"noopener nofollow\" class=\"shariff-link\" style=\"; background-color:#34af23; color:#fff\" target=\"_blank\"><span class=\"shariff-icon\" style=\"\"><svg width=\"32px\" height=\"20px\" xmlns=\"http:\/\/www.w3.org\/2000\/svg\" viewBox=\"0 0 32 32\"><path fill=\"#34af23\" d=\"M17.6 17.4q0.2 0 1.7 0.8t1.6 0.9q0 0.1 0 0.3 0 0.6-0.3 1.4-0.3 0.7-1.3 1.2t-1.8 0.5q-1 0-3.4-1.1-1.7-0.8-3-2.1t-2.6-3.3q-1.3-1.9-1.3-3.5v-0.1q0.1-1.6 1.3-2.8 0.4-0.4 0.9-0.4 0.1 0 0.3 0t0.3 0q0.3 0 0.5 0.1t0.3 0.5q0.1 0.4 0.6 1.6t0.4 1.3q0 0.4-0.6 1t-0.6 0.8q0 0.1 0.1 0.3 0.6 1.3 1.8 2.4 1 0.9 2.7 1.8 0.2 0.1 0.4 0.1 0.3 0 1-0.9t0.9-0.9zM14 26.9q2.3 0 4.3-0.9t3.6-2.4 2.4-3.6 0.9-4.3-0.9-4.3-2.4-3.6-3.6-2.4-4.3-0.9-4.3 0.9-3.6 2.4-2.4 3.6-0.9 4.3q0 3.6 2.1 6.6l-1.4 4.2 4.3-1.4q2.8 1.9 6.2 1.9zM14 2.2q2.7 0 5.2 1.1t4.3 2.9 2.9 4.3 1.1 5.2-1.1 5.2-2.9 4.3-4.3 2.9-5.2 1.1q-3.5 0-6.5-1.7l-7.4 2.4 2.4-7.2q-1.9-3.2-1.9-6.9 0-2.7 1.1-5.2t2.9-4.3 4.3-2.9 5.2-1.1z\"\/><\/svg><\/span><\/a><\/li><li class=\"shariff-button mailto shariff-nocustomcolor\" style=\"background-color:#a8a8a8\"><a href=\"mailto:?body=https%3A%2F%2Fwww.immobil-niederkofler.it%2Fen%2Fdetail%2F51813%2F&subject=Charmantes%20Reihenhaus%20mit%20Garten%20in%20sonniger%20Lage%20von%20Oberrasen\" title=\"Per E-Mail versenden\" aria-label=\"Per E-Mail versenden\" role=\"button\" rel=\"noopener nofollow\" class=\"shariff-link\" style=\"; background-color:#999; color:#fff\"><span class=\"shariff-icon\" style=\"\"><svg width=\"32px\" height=\"20px\" xmlns=\"http:\/\/www.w3.org\/2000\/svg\" viewBox=\"0 0 32 32\"><path fill=\"#999\" d=\"M32 12.7v14.2q0 1.2-0.8 2t-2 0.9h-26.3q-1.2 0-2-0.9t-0.8-2v-14.2q0.8 0.9 1.8 1.6 6.5 4.4 8.9 6.1 1 0.8 1.6 1.2t1.7 0.9 2 0.4h0.1q0.9 0 2-0.4t1.7-0.9 1.6-1.2q3-2.2 8.9-6.1 1-0.7 1.8-1.6zM32 7.4q0 1.4-0.9 2.7t-2.2 2.2q-6.7 4.7-8.4 5.8-0.2 0.1-0.7 0.5t-1 0.7-0.9 0.6-1.1 0.5-0.9 0.2h-0.1q-0.4 0-0.9-0.2t-1.1-0.5-0.9-0.6-1-0.7-0.7-0.5q-1.6-1.1-4.7-3.2t-3.6-2.6q-1.1-0.7-2.1-2t-1-2.5q0-1.4 0.7-2.3t2.1-0.9h26.3q1.2 0 2 0.8t0.9 2z\"\/><\/svg><\/span><\/a><\/li><\/ul><\/div>                        <\/div>\n                                                <i class=\"heart fa fa-heart-o onoffice favorize\" aria-hidden=\"true\" data-onoffice-estateid=\"51813\"><\/i>\n\t                                        <\/div>\n                <\/div>\n                <div class=\"card-list__content\">\n                    <div class=\"location\">\n                        <p><i class=\"fa fa-map-marker\" aria-hidden=\"true\"><\/i>Rasen-Antholz - Oberrasen <\/p>\n                    <\/div>\n                    <div class=\"title-ellipsis\">\n                        <p>\n                            <a href=\"https:\/\/www.immobil-niederkofler.it\/en\/detail\/51813\/\" class=\"estate-status\">\n                                Charmantes Reihenhaus mit Garten in sonniger Lage von Oberrasen                            <\/a>\n\t\t\t\t\t\t\t<script>\n\t\t\t\t\t\t\t\tconsole.log(\"immo:192 m\u00b2 ge\u00e4ndert:13.04.2026 07:09:24\");\n\t\t\t\t\t\t\t<\/script>\n                        <\/p>\n                    <\/div>\n                    <div class=\"description\">\n                                                <div class=\"description__icon\">\n                            <img decoding=\"async\" src=\"https:\/\/www.immobil-niederkofler.it\/wp-content\/themes\/niederkofler\/assets\/img\/immo_list\/square-metre.png\" alt=\"Wohnfl\u00e4che\" title=\"Wohnfl\u00e4che\"\/>\n                            <p>113 m\u00b2<\/p>\n                        <\/div>\n                        \n                        \n                        \n                                                                                                <div class=\"description__icon\">\n                                                        <img decoding=\"async\" src=\"https:\/\/www.immobil-niederkofler.it\/wp-content\/themes\/niederkofler\/assets\/img\/immo_list\/8.png\" alt=\"Zimmer\" title=\"Zimmer\"\/>\n                                                        <p>4<\/p>\n                        <\/div>\n                                                                        <div class=\"description__icon\">\n                            <img decoding=\"async\" src=\"https:\/\/www.immobil-niederkofler.it\/wp-content\/themes\/niederkofler\/assets\/img\/immo_list\/bath.png\" alt=\"Badezimmer\" title=\"Badezimmer\"\/>\n                            <p>2<\/p>\n                        <\/div>\n                        \n                        \n                                                <div class=\"description__icon\">\n                            <img decoding=\"async\" src=\"https:\/\/www.immobil-niederkofler.it\/wp-content\/themes\/niederkofler\/assets\/img\/immo_list\/euro.png\" alt=\"875.000 \" title=\"875.000 \"\/>\n                            <p>875.000 <\/p>\n                        <\/div>\n                        \t                                        <\/div>\n                <\/div>\n            <\/div>\n        <\/div>\n\n\t        <div class=\"col-12 col-md-6 col-xl-4 immobilien-list__cards_current\">\n            <div class=\"immobilien-list__card-list card-list\">\n                <div class=\"card-list__slider owl-carousel owl-theme\">\n\t                \t\t                <div class=\"item card-list__item\">\n\t\t                    <a href=\"https:\/\/www.immobil-niederkofler.it\/en\/detail\/50671\/\" class=\"estate-status\">\n\t\t                        <img decoding=\"async\" loading=\"lazy\" class=\"overview-img owl-lazy\" data-src=\"https:\/\/acnaayzuen.cloudimg.io\/crop\/450x337\/q70\/https:\/\/image.onoffice.de\/smart20\/Objekte\/ImmobilienNiederkofler\/50671\/03311881-21f7-4c25-9290-7560f43276ff.jpg@450x\" src=\"https:\/\/acnaayzuen.cloudimg.io\/crop\/450x337\/q90\/https:\/\/image.onoffice.de\/smart20\/Objekte\/ImmobilienNiederkofler\/50671\/03311881-21f7-4c25-9290-7560f43276ff.jpg@450x\" alt=\"\">\n\t\t                    <\/a>\n\t\t                <\/div>\n\t\t                \t                                <\/div>\n                <div class=\"card-list__info card-list__info_badge\">\n                    <span><\/span>                    <div class=\"wrap-icons wrap-icons_like\">\n                        <i class=\"icon-share\" aria-hidden=\"true\"><\/i>\n                        <div class=\"sharebuttons\">\n                            <div class=\"shariff shariff-align-left shariff-widget-align-left\"><ul class=\"shariff-buttons theme-round orientation-horizontal buttonsize-small\"><li class=\"shariff-button facebook shariff-nocustomcolor\" style=\"background-color:#4273c8\"><a href=\"https:\/\/www.facebook.com\/sharer\/sharer.php?u=https%3A%2F%2Fwww.immobil-niederkofler.it%2Fen%2Fdetail%2F50671%2F\" title=\"Bei Facebook teilen\" aria-label=\"Bei Facebook teilen\" role=\"button\" rel=\"nofollow\" class=\"shariff-link\" style=\"; background-color:#3b5998; color:#fff\" target=\"_blank\"><span class=\"shariff-icon\" style=\"\"><svg width=\"32px\" height=\"20px\" xmlns=\"http:\/\/www.w3.org\/2000\/svg\" viewBox=\"0 0 18 32\"><path fill=\"#3b5998\" d=\"M17.1 0.2v4.7h-2.8q-1.5 0-2.1 0.6t-0.5 1.9v3.4h5.2l-0.7 5.3h-4.5v13.6h-5.5v-13.6h-4.5v-5.3h4.5v-3.9q0-3.3 1.9-5.2t5-1.8q2.6 0 4.1 0.2z\"\/><\/svg><\/span><\/a><\/li><li class=\"shariff-button whatsapp shariff-nocustomcolor\" style=\"background-color:#5cbe4a\"><a href=\"https:\/\/api.whatsapp.com\/send?text=https%3A%2F%2Fwww.immobil-niederkofler.it%2Fen%2Fdetail%2F50671%2F%20Neue%20Zweizimmerwohnung%20mit%20Garten%20-%20W03\" title=\"Bei Whatsapp teilen\" aria-label=\"Bei Whatsapp teilen\" role=\"button\" rel=\"noopener nofollow\" class=\"shariff-link\" style=\"; background-color:#34af23; color:#fff\" target=\"_blank\"><span class=\"shariff-icon\" style=\"\"><svg width=\"32px\" height=\"20px\" xmlns=\"http:\/\/www.w3.org\/2000\/svg\" viewBox=\"0 0 32 32\"><path fill=\"#34af23\" d=\"M17.6 17.4q0.2 0 1.7 0.8t1.6 0.9q0 0.1 0 0.3 0 0.6-0.3 1.4-0.3 0.7-1.3 1.2t-1.8 0.5q-1 0-3.4-1.1-1.7-0.8-3-2.1t-2.6-3.3q-1.3-1.9-1.3-3.5v-0.1q0.1-1.6 1.3-2.8 0.4-0.4 0.9-0.4 0.1 0 0.3 0t0.3 0q0.3 0 0.5 0.1t0.3 0.5q0.1 0.4 0.6 1.6t0.4 1.3q0 0.4-0.6 1t-0.6 0.8q0 0.1 0.1 0.3 0.6 1.3 1.8 2.4 1 0.9 2.7 1.8 0.2 0.1 0.4 0.1 0.3 0 1-0.9t0.9-0.9zM14 26.9q2.3 0 4.3-0.9t3.6-2.4 2.4-3.6 0.9-4.3-0.9-4.3-2.4-3.6-3.6-2.4-4.3-0.9-4.3 0.9-3.6 2.4-2.4 3.6-0.9 4.3q0 3.6 2.1 6.6l-1.4 4.2 4.3-1.4q2.8 1.9 6.2 1.9zM14 2.2q2.7 0 5.2 1.1t4.3 2.9 2.9 4.3 1.1 5.2-1.1 5.2-2.9 4.3-4.3 2.9-5.2 1.1q-3.5 0-6.5-1.7l-7.4 2.4 2.4-7.2q-1.9-3.2-1.9-6.9 0-2.7 1.1-5.2t2.9-4.3 4.3-2.9 5.2-1.1z\"\/><\/svg><\/span><\/a><\/li><li class=\"shariff-button mailto shariff-nocustomcolor\" style=\"background-color:#a8a8a8\"><a href=\"mailto:?body=https%3A%2F%2Fwww.immobil-niederkofler.it%2Fen%2Fdetail%2F50671%2F&subject=Neue%20Zweizimmerwohnung%20mit%20Garten%20-%20W03\" title=\"Per E-Mail versenden\" aria-label=\"Per E-Mail versenden\" role=\"button\" rel=\"noopener nofollow\" class=\"shariff-link\" style=\"; background-color:#999; color:#fff\"><span class=\"shariff-icon\" style=\"\"><svg width=\"32px\" height=\"20px\" xmlns=\"http:\/\/www.w3.org\/2000\/svg\" viewBox=\"0 0 32 32\"><path fill=\"#999\" d=\"M32 12.7v14.2q0 1.2-0.8 2t-2 0.9h-26.3q-1.2 0-2-0.9t-0.8-2v-14.2q0.8 0.9 1.8 1.6 6.5 4.4 8.9 6.1 1 0.8 1.6 1.2t1.7 0.9 2 0.4h0.1q0.9 0 2-0.4t1.7-0.9 1.6-1.2q3-2.2 8.9-6.1 1-0.7 1.8-1.6zM32 7.4q0 1.4-0.9 2.7t-2.2 2.2q-6.7 4.7-8.4 5.8-0.2 0.1-0.7 0.5t-1 0.7-0.9 0.6-1.1 0.5-0.9 0.2h-0.1q-0.4 0-0.9-0.2t-1.1-0.5-0.9-0.6-1-0.7-0.7-0.5q-1.6-1.1-4.7-3.2t-3.6-2.6q-1.1-0.7-2.1-2t-1-2.5q0-1.4 0.7-2.3t2.1-0.9h26.3q1.2 0 2 0.8t0.9 2z\"\/><\/svg><\/span><\/a><\/li><\/ul><\/div>                        <\/div>\n                                                <i class=\"heart fa fa-heart-o onoffice favorize\" aria-hidden=\"true\" data-onoffice-estateid=\"50671\"><\/i>\n\t                                        <\/div>\n                <\/div>\n                <div class=\"card-list__content\">\n                    <div class=\"location\">\n                        <p><i class=\"fa fa-map-marker\" aria-hidden=\"true\"><\/i>Bardolino - Bardolino<\/p>\n                    <\/div>\n                    <div class=\"title-ellipsis\">\n                        <p>\n                            <a href=\"https:\/\/www.immobil-niederkofler.it\/en\/detail\/50671\/\" class=\"estate-status\">\n                                Neue Zweizimmerwohnung mit Garten - W03                            <\/a>\n\t\t\t\t\t\t\t<script>\n\t\t\t\t\t\t\t\tconsole.log(\"immo: ge\u00e4ndert:13.04.2026 06:30:40\");\n\t\t\t\t\t\t\t<\/script>\n                        <\/p>\n                    <\/div>\n                    <div class=\"description\">\n                                                <div class=\"description__icon\">\n                            <img decoding=\"async\" src=\"https:\/\/www.immobil-niederkofler.it\/wp-content\/themes\/niederkofler\/assets\/img\/immo_list\/square-metre.png\" alt=\"Wohnfl\u00e4che\" title=\"Wohnfl\u00e4che\"\/>\n                            <p>49 m\u00b2<\/p>\n                        <\/div>\n                        \n                        \n                        \n                                                                                                <div class=\"description__icon\">\n                                                        <img decoding=\"async\" src=\"https:\/\/www.immobil-niederkofler.it\/wp-content\/themes\/niederkofler\/assets\/img\/immo_list\/8.png\" alt=\"Zimmer\" title=\"Zimmer\"\/>\n                                                        <p>2<\/p>\n                        <\/div>\n                                                                        <div class=\"description__icon\">\n                            <img decoding=\"async\" src=\"https:\/\/www.immobil-niederkofler.it\/wp-content\/themes\/niederkofler\/assets\/img\/immo_list\/bath.png\" alt=\"Badezimmer\" title=\"Badezimmer\"\/>\n                            <p>1<\/p>\n                        <\/div>\n                        \n                        \n                                                <div class=\"description__icon\">\n                            <img decoding=\"async\" src=\"https:\/\/www.immobil-niederkofler.it\/wp-content\/themes\/niederkofler\/assets\/img\/immo_list\/euro.png\" alt=\"600.000 \" title=\"600.000 \"\/>\n                            <p>600.000 <\/p>\n                        <\/div>\n                        \t                                        <\/div>\n                <\/div>\n            <\/div>\n        <\/div>\n\n\t        <div class=\"col-12 col-md-6 col-xl-4 immobilien-list__cards_current\">\n            <div class=\"immobilien-list__card-list card-list\">\n                <div class=\"card-list__slider owl-carousel owl-theme\">\n\t                \t\t                <div class=\"item card-list__item\">\n\t\t                    <a href=\"https:\/\/www.immobil-niederkofler.it\/en\/detail\/51605\/\" class=\"estate-status\">\n\t\t                        <img decoding=\"async\" loading=\"lazy\" class=\"overview-img owl-lazy\" data-src=\"https:\/\/acnaayzuen.cloudimg.io\/crop\/450x337\/q70\/https:\/\/image.onoffice.de\/smart20\/Objekte\/ImmobilienNiederkofler\/51605\/ef027d3e-e2ad-44d0-b093-cd33dc6f1139.jpg@450x\" src=\"https:\/\/acnaayzuen.cloudimg.io\/crop\/450x337\/q90\/https:\/\/image.onoffice.de\/smart20\/Objekte\/ImmobilienNiederkofler\/51605\/ef027d3e-e2ad-44d0-b093-cd33dc6f1139.jpg@450x\" alt=\"Essbereich\">\n\t\t                    <\/a>\n\t\t                <\/div>\n\t\t                \t                                <\/div>\n                <div class=\"card-list__info card-list__info_badge\">\n                    <span><\/span>                    <div class=\"wrap-icons wrap-icons_like\">\n                        <i class=\"icon-share\" aria-hidden=\"true\"><\/i>\n                        <div class=\"sharebuttons\">\n                            <div class=\"shariff shariff-align-left shariff-widget-align-left\"><ul class=\"shariff-buttons theme-round orientation-horizontal buttonsize-small\"><li class=\"shariff-button facebook shariff-nocustomcolor\" style=\"background-color:#4273c8\"><a href=\"https:\/\/www.facebook.com\/sharer\/sharer.php?u=https%3A%2F%2Fwww.immobil-niederkofler.it%2Fen%2Fdetail%2F51605%2F\" title=\"Bei Facebook teilen\" aria-label=\"Bei Facebook teilen\" role=\"button\" rel=\"nofollow\" class=\"shariff-link\" style=\"; background-color:#3b5998; color:#fff\" target=\"_blank\"><span class=\"shariff-icon\" style=\"\"><svg width=\"32px\" height=\"20px\" xmlns=\"http:\/\/www.w3.org\/2000\/svg\" viewBox=\"0 0 18 32\"><path fill=\"#3b5998\" d=\"M17.1 0.2v4.7h-2.8q-1.5 0-2.1 0.6t-0.5 1.9v3.4h5.2l-0.7 5.3h-4.5v13.6h-5.5v-13.6h-4.5v-5.3h4.5v-3.9q0-3.3 1.9-5.2t5-1.8q2.6 0 4.1 0.2z\"\/><\/svg><\/span><\/a><\/li><li class=\"shariff-button whatsapp shariff-nocustomcolor\" style=\"background-color:#5cbe4a\"><a href=\"https:\/\/api.whatsapp.com\/send?text=https%3A%2F%2Fwww.immobil-niederkofler.it%2Fen%2Fdetail%2F51605%2F%20Gro%C3%9Fe%20m%C3%B6blierte%20Wohnung%20in%20Klobenstein%20am%20Ritten\" title=\"Bei Whatsapp teilen\" aria-label=\"Bei Whatsapp teilen\" role=\"button\" rel=\"noopener nofollow\" class=\"shariff-link\" style=\"; background-color:#34af23; color:#fff\" target=\"_blank\"><span class=\"shariff-icon\" style=\"\"><svg width=\"32px\" height=\"20px\" xmlns=\"http:\/\/www.w3.org\/2000\/svg\" viewBox=\"0 0 32 32\"><path fill=\"#34af23\" d=\"M17.6 17.4q0.2 0 1.7 0.8t1.6 0.9q0 0.1 0 0.3 0 0.6-0.3 1.4-0.3 0.7-1.3 1.2t-1.8 0.5q-1 0-3.4-1.1-1.7-0.8-3-2.1t-2.6-3.3q-1.3-1.9-1.3-3.5v-0.1q0.1-1.6 1.3-2.8 0.4-0.4 0.9-0.4 0.1 0 0.3 0t0.3 0q0.3 0 0.5 0.1t0.3 0.5q0.1 0.4 0.6 1.6t0.4 1.3q0 0.4-0.6 1t-0.6 0.8q0 0.1 0.1 0.3 0.6 1.3 1.8 2.4 1 0.9 2.7 1.8 0.2 0.1 0.4 0.1 0.3 0 1-0.9t0.9-0.9zM14 26.9q2.3 0 4.3-0.9t3.6-2.4 2.4-3.6 0.9-4.3-0.9-4.3-2.4-3.6-3.6-2.4-4.3-0.9-4.3 0.9-3.6 2.4-2.4 3.6-0.9 4.3q0 3.6 2.1 6.6l-1.4 4.2 4.3-1.4q2.8 1.9 6.2 1.9zM14 2.2q2.7 0 5.2 1.1t4.3 2.9 2.9 4.3 1.1 5.2-1.1 5.2-2.9 4.3-4.3 2.9-5.2 1.1q-3.5 0-6.5-1.7l-7.4 2.4 2.4-7.2q-1.9-3.2-1.9-6.9 0-2.7 1.1-5.2t2.9-4.3 4.3-2.9 5.2-1.1z\"\/><\/svg><\/span><\/a><\/li><li class=\"shariff-button mailto shariff-nocustomcolor\" style=\"background-color:#a8a8a8\"><a href=\"mailto:?body=https%3A%2F%2Fwww.immobil-niederkofler.it%2Fen%2Fdetail%2F51605%2F&subject=Gro%C3%9Fe%20m%C3%B6blierte%20Wohnung%20in%20Klobenstein%20am%20Ritten\" title=\"Per E-Mail versenden\" aria-label=\"Per E-Mail versenden\" role=\"button\" rel=\"noopener nofollow\" class=\"shariff-link\" style=\"; background-color:#999; color:#fff\"><span class=\"shariff-icon\" style=\"\"><svg width=\"32px\" height=\"20px\" xmlns=\"http:\/\/www.w3.org\/2000\/svg\" viewBox=\"0 0 32 32\"><path fill=\"#999\" d=\"M32 12.7v14.2q0 1.2-0.8 2t-2 0.9h-26.3q-1.2 0-2-0.9t-0.8-2v-14.2q0.8 0.9 1.8 1.6 6.5 4.4 8.9 6.1 1 0.8 1.6 1.2t1.7 0.9 2 0.4h0.1q0.9 0 2-0.4t1.7-0.9 1.6-1.2q3-2.2 8.9-6.1 1-0.7 1.8-1.6zM32 7.4q0 1.4-0.9 2.7t-2.2 2.2q-6.7 4.7-8.4 5.8-0.2 0.1-0.7 0.5t-1 0.7-0.9 0.6-1.1 0.5-0.9 0.2h-0.1q-0.4 0-0.9-0.2t-1.1-0.5-0.9-0.6-1-0.7-0.7-0.5q-1.6-1.1-4.7-3.2t-3.6-2.6q-1.1-0.7-2.1-2t-1-2.5q0-1.4 0.7-2.3t2.1-0.9h26.3q1.2 0 2 0.8t0.9 2z\"\/><\/svg><\/span><\/a><\/li><\/ul><\/div>                        <\/div>\n                                                <i class=\"heart fa fa-heart-o onoffice favorize\" aria-hidden=\"true\" data-onoffice-estateid=\"51605\"><\/i>\n\t                                        <\/div>\n                <\/div>\n                <div class=\"card-list__content\">\n                    <div class=\"location\">\n                        <p><i class=\"fa fa-map-marker\" aria-hidden=\"true\"><\/i>Ritten - Klobenstein <\/p>\n                    <\/div>\n                    <div class=\"title-ellipsis\">\n                        <p>\n                            <a href=\"https:\/\/www.immobil-niederkofler.it\/en\/detail\/51605\/\" class=\"estate-status\">\n                                Gro\u00dfe m\u00f6blierte Wohnung in Klobenstein am Ritten                            <\/a>\n\t\t\t\t\t\t\t<script>\n\t\t\t\t\t\t\t\tconsole.log(\"immo: ge\u00e4ndert:12.04.2026 10:37:57\");\n\t\t\t\t\t\t\t<\/script>\n                        <\/p>\n                    <\/div>\n                    <div class=\"description\">\n                                                <div class=\"description__icon\">\n                            <img decoding=\"async\" src=\"https:\/\/www.immobil-niederkofler.it\/wp-content\/themes\/niederkofler\/assets\/img\/immo_list\/square-metre.png\" alt=\"Wohnfl\u00e4che\" title=\"Wohnfl\u00e4che\"\/>\n                            <p>94 m\u00b2<\/p>\n                        <\/div>\n                        \n                        \n                        \n                                                                                                <div class=\"description__icon\">\n                                                        <img decoding=\"async\" src=\"https:\/\/www.immobil-niederkofler.it\/wp-content\/themes\/niederkofler\/assets\/img\/immo_list\/8.png\" alt=\"Zimmer\" title=\"Zimmer\"\/>\n                                                        <p>3<\/p>\n                        <\/div>\n                                                                        <div class=\"description__icon\">\n                            <img decoding=\"async\" src=\"https:\/\/www.immobil-niederkofler.it\/wp-content\/themes\/niederkofler\/assets\/img\/immo_list\/bath.png\" alt=\"Badezimmer\" title=\"Badezimmer\"\/>\n                            <p>2<\/p>\n                        <\/div>\n                        \n                        \n                                                <div class=\"description__icon\">\n                            <img decoding=\"async\" src=\"https:\/\/www.immobil-niederkofler.it\/wp-content\/themes\/niederkofler\/assets\/img\/immo_list\/euro.png\" alt=\"Preis auf Anfrage\" title=\"Preis auf Anfrage\"\/>\n                            <p>Preis auf Anfrage<\/p>\n                        <\/div>\n                        \t                                        <\/div>\n                <\/div>\n            <\/div>\n        <\/div>\n\n\t        <div class=\"col-12 col-md-6 col-xl-4 immobilien-list__cards_current\">\n            <div class=\"immobilien-list__card-list card-list\">\n                <div class=\"card-list__slider owl-carousel owl-theme\">\n\t                \t\t                <div class=\"item card-list__item\">\n\t\t                    <a href=\"https:\/\/www.immobil-niederkofler.it\/en\/detail\/51883\/\" class=\"estate-status\">\n\t\t                        <img decoding=\"async\" loading=\"lazy\" class=\"overview-img owl-lazy\" data-src=\"https:\/\/acnaayzuen.cloudimg.io\/crop\/450x337\/q70\/https:\/\/image.onoffice.de\/smart20\/Objekte\/ImmobilienNiederkofler\/51883\/de717984-4ae5-48b5-b4b0-096bd1d0b206.jpg@450x\" src=\"https:\/\/acnaayzuen.cloudimg.io\/crop\/450x337\/q90\/https:\/\/image.onoffice.de\/smart20\/Objekte\/ImmobilienNiederkofler\/51883\/de717984-4ae5-48b5-b4b0-096bd1d0b206.jpg@450x\" alt=\"Villa in Niederdorf zu verkaufen\">\n\t\t                    <\/a>\n\t\t                <\/div>\n\t\t                \t                                <\/div>\n                <div class=\"card-list__info card-list__info_badge\">\n                    <span><\/span>                    <div class=\"wrap-icons wrap-icons_like\">\n                        <i class=\"icon-share\" aria-hidden=\"true\"><\/i>\n                        <div class=\"sharebuttons\">\n                            <div class=\"shariff shariff-align-left shariff-widget-align-left\"><ul class=\"shariff-buttons theme-round orientation-horizontal buttonsize-small\"><li class=\"shariff-button facebook shariff-nocustomcolor\" style=\"background-color:#4273c8\"><a href=\"https:\/\/www.facebook.com\/sharer\/sharer.php?u=https%3A%2F%2Fwww.immobil-niederkofler.it%2Fen%2Fdetail%2F51883%2F\" title=\"Bei Facebook teilen\" aria-label=\"Bei Facebook teilen\" role=\"button\" rel=\"nofollow\" class=\"shariff-link\" style=\"; background-color:#3b5998; color:#fff\" target=\"_blank\"><span class=\"shariff-icon\" style=\"\"><svg width=\"32px\" height=\"20px\" xmlns=\"http:\/\/www.w3.org\/2000\/svg\" viewBox=\"0 0 18 32\"><path fill=\"#3b5998\" d=\"M17.1 0.2v4.7h-2.8q-1.5 0-2.1 0.6t-0.5 1.9v3.4h5.2l-0.7 5.3h-4.5v13.6h-5.5v-13.6h-4.5v-5.3h4.5v-3.9q0-3.3 1.9-5.2t5-1.8q2.6 0 4.1 0.2z\"\/><\/svg><\/span><\/a><\/li><li class=\"shariff-button whatsapp shariff-nocustomcolor\" style=\"background-color:#5cbe4a\"><a href=\"https:\/\/api.whatsapp.com\/send?text=https%3A%2F%2Fwww.immobil-niederkofler.it%2Fen%2Fdetail%2F51883%2F%20Alleinstehendes%20Einfamilienvilla%20%E2%80%93%20Ruhe%2C%20Raum%20und%20Lebensqualit%C3%A4t\" title=\"Bei Whatsapp teilen\" aria-label=\"Bei Whatsapp teilen\" role=\"button\" rel=\"noopener nofollow\" class=\"shariff-link\" style=\"; background-color:#34af23; color:#fff\" target=\"_blank\"><span class=\"shariff-icon\" style=\"\"><svg width=\"32px\" height=\"20px\" xmlns=\"http:\/\/www.w3.org\/2000\/svg\" viewBox=\"0 0 32 32\"><path fill=\"#34af23\" d=\"M17.6 17.4q0.2 0 1.7 0.8t1.6 0.9q0 0.1 0 0.3 0 0.6-0.3 1.4-0.3 0.7-1.3 1.2t-1.8 0.5q-1 0-3.4-1.1-1.7-0.8-3-2.1t-2.6-3.3q-1.3-1.9-1.3-3.5v-0.1q0.1-1.6 1.3-2.8 0.4-0.4 0.9-0.4 0.1 0 0.3 0t0.3 0q0.3 0 0.5 0.1t0.3 0.5q0.1 0.4 0.6 1.6t0.4 1.3q0 0.4-0.6 1t-0.6 0.8q0 0.1 0.1 0.3 0.6 1.3 1.8 2.4 1 0.9 2.7 1.8 0.2 0.1 0.4 0.1 0.3 0 1-0.9t0.9-0.9zM14 26.9q2.3 0 4.3-0.9t3.6-2.4 2.4-3.6 0.9-4.3-0.9-4.3-2.4-3.6-3.6-2.4-4.3-0.9-4.3 0.9-3.6 2.4-2.4 3.6-0.9 4.3q0 3.6 2.1 6.6l-1.4 4.2 4.3-1.4q2.8 1.9 6.2 1.9zM14 2.2q2.7 0 5.2 1.1t4.3 2.9 2.9 4.3 1.1 5.2-1.1 5.2-2.9 4.3-4.3 2.9-5.2 1.1q-3.5 0-6.5-1.7l-7.4 2.4 2.4-7.2q-1.9-3.2-1.9-6.9 0-2.7 1.1-5.2t2.9-4.3 4.3-2.9 5.2-1.1z\"\/><\/svg><\/span><\/a><\/li><li class=\"shariff-button mailto shariff-nocustomcolor\" style=\"background-color:#a8a8a8\"><a href=\"mailto:?body=https%3A%2F%2Fwww.immobil-niederkofler.it%2Fen%2Fdetail%2F51883%2F&subject=Alleinstehendes%20Einfamilienvilla%20%E2%80%93%20Ruhe%2C%20Raum%20und%20Lebensqualit%C3%A4t\" title=\"Per E-Mail versenden\" aria-label=\"Per E-Mail versenden\" role=\"button\" rel=\"noopener nofollow\" class=\"shariff-link\" style=\"; background-color:#999; color:#fff\"><span class=\"shariff-icon\" style=\"\"><svg width=\"32px\" height=\"20px\" xmlns=\"http:\/\/www.w3.org\/2000\/svg\" viewBox=\"0 0 32 32\"><path fill=\"#999\" d=\"M32 12.7v14.2q0 1.2-0.8 2t-2 0.9h-26.3q-1.2 0-2-0.9t-0.8-2v-14.2q0.8 0.9 1.8 1.6 6.5 4.4 8.9 6.1 1 0.8 1.6 1.2t1.7 0.9 2 0.4h0.1q0.9 0 2-0.4t1.7-0.9 1.6-1.2q3-2.2 8.9-6.1 1-0.7 1.8-1.6zM32 7.4q0 1.4-0.9 2.7t-2.2 2.2q-6.7 4.7-8.4 5.8-0.2 0.1-0.7 0.5t-1 0.7-0.9 0.6-1.1 0.5-0.9 0.2h-0.1q-0.4 0-0.9-0.2t-1.1-0.5-0.9-0.6-1-0.7-0.7-0.5q-1.6-1.1-4.7-3.2t-3.6-2.6q-1.1-0.7-2.1-2t-1-2.5q0-1.4 0.7-2.3t2.1-0.9h26.3q1.2 0 2 0.8t0.9 2z\"\/><\/svg><\/span><\/a><\/li><\/ul><\/div>                        <\/div>\n                                                <i class=\"heart fa fa-heart-o onoffice favorize\" aria-hidden=\"true\" data-onoffice-estateid=\"51883\"><\/i>\n\t                                        <\/div>\n                <\/div>\n                <div class=\"card-list__content\">\n                    <div class=\"location\">\n                        <p><i class=\"fa fa-map-marker\" aria-hidden=\"true\"><\/i>Niederdorf - Niederdorf <\/p>\n                    <\/div>\n                    <div class=\"title-ellipsis\">\n                        <p>\n                            <a href=\"https:\/\/www.immobil-niederkofler.it\/en\/detail\/51883\/\" class=\"estate-status\">\n                                Alleinstehendes Einfamilienvilla \u2013 Ruhe, Raum und Lebensqualit\u00e4t                            <\/a>\n\t\t\t\t\t\t\t<script>\n\t\t\t\t\t\t\t\tconsole.log(\"immo:360 m\u00b2 ge\u00e4ndert:11.04.2026 13:35:12\");\n\t\t\t\t\t\t\t<\/script>\n                        <\/p>\n                    <\/div>\n                    <div class=\"description\">\n                                                <div class=\"description__icon\">\n                            <img decoding=\"async\" src=\"https:\/\/www.immobil-niederkofler.it\/wp-content\/themes\/niederkofler\/assets\/img\/immo_list\/square-metre.png\" alt=\"Wohnfl\u00e4che\" title=\"Wohnfl\u00e4che\"\/>\n                            <p>112 m\u00b2<\/p>\n                        <\/div>\n                        \n                        \n                        \n                                                                                                <div class=\"description__icon\">\n                                                        <img decoding=\"async\" src=\"https:\/\/www.immobil-niederkofler.it\/wp-content\/themes\/niederkofler\/assets\/img\/immo_list\/8.png\" alt=\"Zimmer\" title=\"Zimmer\"\/>\n                                                        <p>4<\/p>\n                        <\/div>\n                                                                        <div class=\"description__icon\">\n                            <img decoding=\"async\" src=\"https:\/\/www.immobil-niederkofler.it\/wp-content\/themes\/niederkofler\/assets\/img\/immo_list\/bath.png\" alt=\"Badezimmer\" title=\"Badezimmer\"\/>\n                            <p>3<\/p>\n                        <\/div>\n                        \n                        \n                                                <div class=\"description__icon\">\n                            <img decoding=\"async\" src=\"https:\/\/www.immobil-niederkofler.it\/wp-content\/themes\/niederkofler\/assets\/img\/immo_list\/euro.png\" alt=\"Preis auf Anfrage\" title=\"Preis auf Anfrage\"\/>\n                            <p>Preis auf Anfrage<\/p>\n                        <\/div>\n                        \t                                        <\/div>\n                <\/div>\n            <\/div>\n        <\/div>\n\n\t        <div class=\"col-12 col-md-6 col-xl-4 immobilien-list__cards_current\">\n            <div class=\"immobilien-list__card-list card-list\">\n                <div class=\"card-list__slider owl-carousel owl-theme\">\n\t                \t\t                <div class=\"item card-list__item\">\n\t\t                    <a href=\"https:\/\/www.immobil-niederkofler.it\/en\/detail\/48955\/\" class=\"estate-status\">\n\t\t                        <img decoding=\"async\" loading=\"lazy\" class=\"overview-img owl-lazy\" data-src=\"https:\/\/acnaayzuen.cloudimg.io\/crop\/450x337\/q70\/https:\/\/image.onoffice.de\/smart20\/Objekte\/ImmobilienNiederkofler\/48955\/eebc070a-55c4-42b3-964e-d7528e755634.jpg@450x\" src=\"https:\/\/acnaayzuen.cloudimg.io\/crop\/450x337\/q90\/https:\/\/image.onoffice.de\/smart20\/Objekte\/ImmobilienNiederkofler\/48955\/eebc070a-55c4-42b3-964e-d7528e755634.jpg@450x\" alt=\"Penthousewohnung\">\n\t\t                    <\/a>\n\t\t                <\/div>\n\t\t                \t                                <\/div>\n                <div class=\"card-list__info card-list__info_badge\">\n                    <span><\/span>                    <div class=\"wrap-icons wrap-icons_like\">\n                        <i class=\"icon-share\" aria-hidden=\"true\"><\/i>\n                        <div class=\"sharebuttons\">\n                            <div class=\"shariff shariff-align-left shariff-widget-align-left\"><ul class=\"shariff-buttons theme-round orientation-horizontal buttonsize-small\"><li class=\"shariff-button facebook shariff-nocustomcolor\" style=\"background-color:#4273c8\"><a href=\"https:\/\/www.facebook.com\/sharer\/sharer.php?u=https%3A%2F%2Fwww.immobil-niederkofler.it%2Fen%2Fdetail%2F48955%2F\" title=\"Bei Facebook teilen\" aria-label=\"Bei Facebook teilen\" role=\"button\" rel=\"nofollow\" class=\"shariff-link\" style=\"; background-color:#3b5998; color:#fff\" target=\"_blank\"><span class=\"shariff-icon\" style=\"\"><svg width=\"32px\" height=\"20px\" xmlns=\"http:\/\/www.w3.org\/2000\/svg\" viewBox=\"0 0 18 32\"><path fill=\"#3b5998\" d=\"M17.1 0.2v4.7h-2.8q-1.5 0-2.1 0.6t-0.5 1.9v3.4h5.2l-0.7 5.3h-4.5v13.6h-5.5v-13.6h-4.5v-5.3h4.5v-3.9q0-3.3 1.9-5.2t5-1.8q2.6 0 4.1 0.2z\"\/><\/svg><\/span><\/a><\/li><li class=\"shariff-button whatsapp shariff-nocustomcolor\" style=\"background-color:#5cbe4a\"><a href=\"https:\/\/api.whatsapp.com\/send?text=https%3A%2F%2Fwww.immobil-niederkofler.it%2Fen%2Fdetail%2F48955%2F%20Penthousewohnung%20mit%20gro%C3%9Fer%20Dachterrasse%20%20-%20A12\" title=\"Bei Whatsapp teilen\" aria-label=\"Bei Whatsapp teilen\" role=\"button\" rel=\"noopener nofollow\" class=\"shariff-link\" style=\"; background-color:#34af23; color:#fff\" target=\"_blank\"><span class=\"shariff-icon\" style=\"\"><svg width=\"32px\" height=\"20px\" xmlns=\"http:\/\/www.w3.org\/2000\/svg\" viewBox=\"0 0 32 32\"><path fill=\"#34af23\" d=\"M17.6 17.4q0.2 0 1.7 0.8t1.6 0.9q0 0.1 0 0.3 0 0.6-0.3 1.4-0.3 0.7-1.3 1.2t-1.8 0.5q-1 0-3.4-1.1-1.7-0.8-3-2.1t-2.6-3.3q-1.3-1.9-1.3-3.5v-0.1q0.1-1.6 1.3-2.8 0.4-0.4 0.9-0.4 0.1 0 0.3 0t0.3 0q0.3 0 0.5 0.1t0.3 0.5q0.1 0.4 0.6 1.6t0.4 1.3q0 0.4-0.6 1t-0.6 0.8q0 0.1 0.1 0.3 0.6 1.3 1.8 2.4 1 0.9 2.7 1.8 0.2 0.1 0.4 0.1 0.3 0 1-0.9t0.9-0.9zM14 26.9q2.3 0 4.3-0.9t3.6-2.4 2.4-3.6 0.9-4.3-0.9-4.3-2.4-3.6-3.6-2.4-4.3-0.9-4.3 0.9-3.6 2.4-2.4 3.6-0.9 4.3q0 3.6 2.1 6.6l-1.4 4.2 4.3-1.4q2.8 1.9 6.2 1.9zM14 2.2q2.7 0 5.2 1.1t4.3 2.9 2.9 4.3 1.1 5.2-1.1 5.2-2.9 4.3-4.3 2.9-5.2 1.1q-3.5 0-6.5-1.7l-7.4 2.4 2.4-7.2q-1.9-3.2-1.9-6.9 0-2.7 1.1-5.2t2.9-4.3 4.3-2.9 5.2-1.1z\"\/><\/svg><\/span><\/a><\/li><li class=\"shariff-button mailto shariff-nocustomcolor\" style=\"background-color:#a8a8a8\"><a href=\"mailto:?body=https%3A%2F%2Fwww.immobil-niederkofler.it%2Fen%2Fdetail%2F48955%2F&subject=Penthousewohnung%20mit%20gro%C3%9Fer%20Dachterrasse%20%20-%20A12\" title=\"Per E-Mail versenden\" aria-label=\"Per E-Mail versenden\" role=\"button\" rel=\"noopener nofollow\" class=\"shariff-link\" style=\"; background-color:#999; color:#fff\"><span class=\"shariff-icon\" style=\"\"><svg width=\"32px\" height=\"20px\" xmlns=\"http:\/\/www.w3.org\/2000\/svg\" viewBox=\"0 0 32 32\"><path fill=\"#999\" d=\"M32 12.7v14.2q0 1.2-0.8 2t-2 0.9h-26.3q-1.2 0-2-0.9t-0.8-2v-14.2q0.8 0.9 1.8 1.6 6.5 4.4 8.9 6.1 1 0.8 1.6 1.2t1.7 0.9 2 0.4h0.1q0.9 0 2-0.4t1.7-0.9 1.6-1.2q3-2.2 8.9-6.1 1-0.7 1.8-1.6zM32 7.4q0 1.4-0.9 2.7t-2.2 2.2q-6.7 4.7-8.4 5.8-0.2 0.1-0.7 0.5t-1 0.7-0.9 0.6-1.1 0.5-0.9 0.2h-0.1q-0.4 0-0.9-0.2t-1.1-0.5-0.9-0.6-1-0.7-0.7-0.5q-1.6-1.1-4.7-3.2t-3.6-2.6q-1.1-0.7-2.1-2t-1-2.5q0-1.4 0.7-2.3t2.1-0.9h26.3q1.2 0 2 0.8t0.9 2z\"\/><\/svg><\/span><\/a><\/li><\/ul><\/div>                        <\/div>\n                                                <i class=\"heart fa fa-heart-o onoffice favorize\" aria-hidden=\"true\" data-onoffice-estateid=\"48955\"><\/i>\n\t                                        <\/div>\n                <\/div>\n                <div class=\"card-list__content\">\n                    <div class=\"location\">\n                        <p><i class=\"fa fa-map-marker\" aria-hidden=\"true\"><\/i>Pfalzen - Dorfzentrum <\/p>\n                    <\/div>\n                    <div class=\"title-ellipsis\">\n                        <p>\n                            <a href=\"https:\/\/www.immobil-niederkofler.it\/en\/detail\/48955\/\" class=\"estate-status\">\n                                Penthousewohnung mit gro\u00dfer Dachterrasse  - A12                            <\/a>\n\t\t\t\t\t\t\t<script>\n\t\t\t\t\t\t\t\tconsole.log(\"immo: ge\u00e4ndert:10.04.2026 14:44:31\");\n\t\t\t\t\t\t\t<\/script>\n                        <\/p>\n                    <\/div>\n                    <div class=\"description\">\n                                                <div class=\"description__icon\">\n                            <img decoding=\"async\" src=\"https:\/\/www.immobil-niederkofler.it\/wp-content\/themes\/niederkofler\/assets\/img\/immo_list\/square-metre.png\" alt=\"Wohnfl\u00e4che\" title=\"Wohnfl\u00e4che\"\/>\n                            <p>71 m\u00b2<\/p>\n                        <\/div>\n                        \n                        \n                        \n                                                                                                <div class=\"description__icon\">\n                                                        <img decoding=\"async\" src=\"https:\/\/www.immobil-niederkofler.it\/wp-content\/themes\/niederkofler\/assets\/img\/immo_list\/8.png\" alt=\"Zimmer\" title=\"Zimmer\"\/>\n                                                        <p>3<\/p>\n                        <\/div>\n                                                                        <div class=\"description__icon\">\n                            <img decoding=\"async\" src=\"https:\/\/www.immobil-niederkofler.it\/wp-content\/themes\/niederkofler\/assets\/img\/immo_list\/bath.png\" alt=\"Badezimmer\" title=\"Badezimmer\"\/>\n                            <p>2<\/p>\n                        <\/div>\n                        \n                        \n                                                <div class=\"description__icon\">\n                            <img decoding=\"async\" src=\"https:\/\/www.immobil-niederkofler.it\/wp-content\/themes\/niederkofler\/assets\/img\/immo_list\/euro.png\" alt=\"Preis auf Anfrage\" title=\"Preis auf Anfrage\"\/>\n                            <p>Preis auf Anfrage<\/p>\n                        <\/div>\n                        \t                                        <\/div>\n                <\/div>\n            <\/div>\n        <\/div>\n\n\t        <div class=\"col-12 col-md-6 col-xl-4 immobilien-list__cards_current\">\n            <div class=\"immobilien-list__card-list card-list\">\n                <div class=\"card-list__slider owl-carousel owl-theme\">\n\t                \t\t                <div class=\"item card-list__item\">\n\t\t                    <a href=\"https:\/\/www.immobil-niederkofler.it\/en\/detail\/50463\/\" class=\"estate-status\">\n\t\t                        <img decoding=\"async\" loading=\"lazy\" class=\"overview-img owl-lazy\" data-src=\"https:\/\/acnaayzuen.cloudimg.io\/crop\/450x337\/q70\/https:\/\/image.onoffice.de\/smart20\/Objekte\/ImmobilienNiederkofler\/50463\/06976312-30d8-4141-b9d5-2fd853428c24.jpg@450x\" src=\"https:\/\/acnaayzuen.cloudimg.io\/crop\/450x337\/q90\/https:\/\/image.onoffice.de\/smart20\/Objekte\/ImmobilienNiederkofler\/50463\/06976312-30d8-4141-b9d5-2fd853428c24.jpg@450x\" alt=\"Wohnk\u00fcche\">\n\t\t                    <\/a>\n\t\t                <\/div>\n\t\t                \t                                <\/div>\n                <div class=\"card-list__info card-list__info_badge\">\n                    <span><\/span>                    <div class=\"wrap-icons wrap-icons_like\">\n                        <i class=\"icon-share\" aria-hidden=\"true\"><\/i>\n                        <div class=\"sharebuttons\">\n                            <div class=\"shariff shariff-align-left shariff-widget-align-left\"><ul class=\"shariff-buttons theme-round orientation-horizontal buttonsize-small\"><li class=\"shariff-button facebook shariff-nocustomcolor\" style=\"background-color:#4273c8\"><a href=\"https:\/\/www.facebook.com\/sharer\/sharer.php?u=https%3A%2F%2Fwww.immobil-niederkofler.it%2Fen%2Fdetail%2F50463%2F\" title=\"Bei Facebook teilen\" aria-label=\"Bei Facebook teilen\" role=\"button\" rel=\"nofollow\" class=\"shariff-link\" style=\"; background-color:#3b5998; color:#fff\" target=\"_blank\"><span class=\"shariff-icon\" style=\"\"><svg width=\"32px\" height=\"20px\" xmlns=\"http:\/\/www.w3.org\/2000\/svg\" viewBox=\"0 0 18 32\"><path fill=\"#3b5998\" d=\"M17.1 0.2v4.7h-2.8q-1.5 0-2.1 0.6t-0.5 1.9v3.4h5.2l-0.7 5.3h-4.5v13.6h-5.5v-13.6h-4.5v-5.3h4.5v-3.9q0-3.3 1.9-5.2t5-1.8q2.6 0 4.1 0.2z\"\/><\/svg><\/span><\/a><\/li><li class=\"shariff-button whatsapp shariff-nocustomcolor\" style=\"background-color:#5cbe4a\"><a href=\"https:\/\/api.whatsapp.com\/send?text=https%3A%2F%2Fwww.immobil-niederkofler.it%2Fen%2Fdetail%2F50463%2F%20Helle%202-Zimmerwohnung%20mit%20Keller%20und%20Autoabstellplatz\" title=\"Bei Whatsapp teilen\" aria-label=\"Bei Whatsapp teilen\" role=\"button\" rel=\"noopener nofollow\" class=\"shariff-link\" style=\"; background-color:#34af23; color:#fff\" target=\"_blank\"><span class=\"shariff-icon\" style=\"\"><svg width=\"32px\" height=\"20px\" xmlns=\"http:\/\/www.w3.org\/2000\/svg\" viewBox=\"0 0 32 32\"><path fill=\"#34af23\" d=\"M17.6 17.4q0.2 0 1.7 0.8t1.6 0.9q0 0.1 0 0.3 0 0.6-0.3 1.4-0.3 0.7-1.3 1.2t-1.8 0.5q-1 0-3.4-1.1-1.7-0.8-3-2.1t-2.6-3.3q-1.3-1.9-1.3-3.5v-0.1q0.1-1.6 1.3-2.8 0.4-0.4 0.9-0.4 0.1 0 0.3 0t0.3 0q0.3 0 0.5 0.1t0.3 0.5q0.1 0.4 0.6 1.6t0.4 1.3q0 0.4-0.6 1t-0.6 0.8q0 0.1 0.1 0.3 0.6 1.3 1.8 2.4 1 0.9 2.7 1.8 0.2 0.1 0.4 0.1 0.3 0 1-0.9t0.9-0.9zM14 26.9q2.3 0 4.3-0.9t3.6-2.4 2.4-3.6 0.9-4.3-0.9-4.3-2.4-3.6-3.6-2.4-4.3-0.9-4.3 0.9-3.6 2.4-2.4 3.6-0.9 4.3q0 3.6 2.1 6.6l-1.4 4.2 4.3-1.4q2.8 1.9 6.2 1.9zM14 2.2q2.7 0 5.2 1.1t4.3 2.9 2.9 4.3 1.1 5.2-1.1 5.2-2.9 4.3-4.3 2.9-5.2 1.1q-3.5 0-6.5-1.7l-7.4 2.4 2.4-7.2q-1.9-3.2-1.9-6.9 0-2.7 1.1-5.2t2.9-4.3 4.3-2.9 5.2-1.1z\"\/><\/svg><\/span><\/a><\/li><li class=\"shariff-button mailto shariff-nocustomcolor\" style=\"background-color:#a8a8a8\"><a href=\"mailto:?body=https%3A%2F%2Fwww.immobil-niederkofler.it%2Fen%2Fdetail%2F50463%2F&subject=Helle%202-Zimmerwohnung%20mit%20Keller%20und%20Autoabstellplatz\" title=\"Per E-Mail versenden\" aria-label=\"Per E-Mail versenden\" role=\"button\" rel=\"noopener nofollow\" class=\"shariff-link\" style=\"; background-color:#999; color:#fff\"><span class=\"shariff-icon\" style=\"\"><svg width=\"32px\" height=\"20px\" xmlns=\"http:\/\/www.w3.org\/2000\/svg\" viewBox=\"0 0 32 32\"><path fill=\"#999\" d=\"M32 12.7v14.2q0 1.2-0.8 2t-2 0.9h-26.3q-1.2 0-2-0.9t-0.8-2v-14.2q0.8 0.9 1.8 1.6 6.5 4.4 8.9 6.1 1 0.8 1.6 1.2t1.7 0.9 2 0.4h0.1q0.9 0 2-0.4t1.7-0.9 1.6-1.2q3-2.2 8.9-6.1 1-0.7 1.8-1.6zM32 7.4q0 1.4-0.9 2.7t-2.2 2.2q-6.7 4.7-8.4 5.8-0.2 0.1-0.7 0.5t-1 0.7-0.9 0.6-1.1 0.5-0.9 0.2h-0.1q-0.4 0-0.9-0.2t-1.1-0.5-0.9-0.6-1-0.7-0.7-0.5q-1.6-1.1-4.7-3.2t-3.6-2.6q-1.1-0.7-2.1-2t-1-2.5q0-1.4 0.7-2.3t2.1-0.9h26.3q1.2 0 2 0.8t0.9 2z\"\/><\/svg><\/span><\/a><\/li><\/ul><\/div>                        <\/div>\n                                                <i class=\"heart fa fa-heart-o onoffice favorize\" aria-hidden=\"true\" data-onoffice-estateid=\"50463\"><\/i>\n\t                                        <\/div>\n                <\/div>\n                <div class=\"card-list__content\">\n                    <div class=\"location\">\n                        <p><i class=\"fa fa-map-marker\" aria-hidden=\"true\"><\/i>Sand in Taufers - M\u00fchlen <\/p>\n                    <\/div>\n                    <div class=\"title-ellipsis\">\n                        <p>\n                            <a href=\"https:\/\/www.immobil-niederkofler.it\/en\/detail\/50463\/\" class=\"estate-status\">\n                                Helle 2-Zimmerwohnung mit Keller und Autoabstellplatz                            <\/a>\n\t\t\t\t\t\t\t<script>\n\t\t\t\t\t\t\t\tconsole.log(\"immo: ge\u00e4ndert:07.04.2026 07:00:12\");\n\t\t\t\t\t\t\t<\/script>\n                        <\/p>\n                    <\/div>\n                    <div class=\"description\">\n                                                <div class=\"description__icon\">\n                            <img decoding=\"async\" src=\"https:\/\/www.immobil-niederkofler.it\/wp-content\/themes\/niederkofler\/assets\/img\/immo_list\/square-metre.png\" alt=\"Wohnfl\u00e4che\" title=\"Wohnfl\u00e4che\"\/>\n                            <p>46 m\u00b2<\/p>\n                        <\/div>\n                        \n                        \n                        \n                                                                                                <div class=\"description__icon\">\n                                                        <img decoding=\"async\" src=\"https:\/\/www.immobil-niederkofler.it\/wp-content\/themes\/niederkofler\/assets\/img\/immo_list\/8.png\" alt=\"Zimmer\" title=\"Zimmer\"\/>\n                                                        <p>2<\/p>\n                        <\/div>\n                                                                        <div class=\"description__icon\">\n                            <img decoding=\"async\" src=\"https:\/\/www.immobil-niederkofler.it\/wp-content\/themes\/niederkofler\/assets\/img\/immo_list\/bath.png\" alt=\"Badezimmer\" title=\"Badezimmer\"\/>\n                            <p>1<\/p>\n                        <\/div>\n                        \n                        \n                                                <div class=\"description__icon\">\n                            <img decoding=\"async\" src=\"https:\/\/www.immobil-niederkofler.it\/wp-content\/themes\/niederkofler\/assets\/img\/immo_list\/euro.png\" alt=\"299.000 \" title=\"299.000 \"\/>\n                            <p>299.000 <\/p>\n                        <\/div>\n                        \t                                        <\/div>\n                <\/div>\n            <\/div>\n        <\/div>\n\n\t        <div class=\"col-12 col-md-6 col-xl-4 immobilien-list__cards_current\">\n            <div class=\"immobilien-list__card-list card-list\">\n                <div class=\"card-list__slider owl-carousel owl-theme\">\n\t                \t\t                <div class=\"item card-list__item\">\n\t\t                    <a href=\"https:\/\/www.immobil-niederkofler.it\/en\/detail\/51819\/\" class=\"estate-status\">\n\t\t                        <img decoding=\"async\" loading=\"lazy\" class=\"overview-img owl-lazy\" data-src=\"https:\/\/acnaayzuen.cloudimg.io\/crop\/450x337\/q70\/https:\/\/image.onoffice.de\/smart20\/Objekte\/ImmobilienNiederkofler\/51819\/29ea5b76-b2b2-467f-8936-52216b91204a.jpg@450x\" src=\"https:\/\/acnaayzuen.cloudimg.io\/crop\/450x337\/q90\/https:\/\/image.onoffice.de\/smart20\/Objekte\/ImmobilienNiederkofler\/51819\/29ea5b76-b2b2-467f-8936-52216b91204a.jpg@450x\" alt=\"Wohnzimmer\">\n\t\t                    <\/a>\n\t\t                <\/div>\n\t\t                \t                                <\/div>\n                <div class=\"card-list__info card-list__info_badge\">\n                    <span><\/span>                    <div class=\"wrap-icons wrap-icons_like\">\n                        <i class=\"icon-share\" aria-hidden=\"true\"><\/i>\n                        <div class=\"sharebuttons\">\n                            <div class=\"shariff shariff-align-left shariff-widget-align-left\"><ul class=\"shariff-buttons theme-round orientation-horizontal buttonsize-small\"><li class=\"shariff-button facebook shariff-nocustomcolor\" style=\"background-color:#4273c8\"><a href=\"https:\/\/www.facebook.com\/sharer\/sharer.php?u=https%3A%2F%2Fwww.immobil-niederkofler.it%2Fen%2Fdetail%2F51819%2F\" title=\"Bei Facebook teilen\" aria-label=\"Bei Facebook teilen\" role=\"button\" rel=\"nofollow\" class=\"shariff-link\" style=\"; background-color:#3b5998; color:#fff\" target=\"_blank\"><span class=\"shariff-icon\" style=\"\"><svg width=\"32px\" height=\"20px\" xmlns=\"http:\/\/www.w3.org\/2000\/svg\" viewBox=\"0 0 18 32\"><path fill=\"#3b5998\" d=\"M17.1 0.2v4.7h-2.8q-1.5 0-2.1 0.6t-0.5 1.9v3.4h5.2l-0.7 5.3h-4.5v13.6h-5.5v-13.6h-4.5v-5.3h4.5v-3.9q0-3.3 1.9-5.2t5-1.8q2.6 0 4.1 0.2z\"\/><\/svg><\/span><\/a><\/li><li class=\"shariff-button whatsapp shariff-nocustomcolor\" style=\"background-color:#5cbe4a\"><a href=\"https:\/\/api.whatsapp.com\/send?text=https%3A%2F%2Fwww.immobil-niederkofler.it%2Fen%2Fdetail%2F51819%2F%20Helle%202-Zimmerwohnung%20in%20ruhiger%20Lage%20von%20Bruneck\" title=\"Bei Whatsapp teilen\" aria-label=\"Bei Whatsapp teilen\" role=\"button\" rel=\"noopener nofollow\" class=\"shariff-link\" style=\"; background-color:#34af23; color:#fff\" target=\"_blank\"><span class=\"shariff-icon\" style=\"\"><svg width=\"32px\" height=\"20px\" xmlns=\"http:\/\/www.w3.org\/2000\/svg\" viewBox=\"0 0 32 32\"><path fill=\"#34af23\" d=\"M17.6 17.4q0.2 0 1.7 0.8t1.6 0.9q0 0.1 0 0.3 0 0.6-0.3 1.4-0.3 0.7-1.3 1.2t-1.8 0.5q-1 0-3.4-1.1-1.7-0.8-3-2.1t-2.6-3.3q-1.3-1.9-1.3-3.5v-0.1q0.1-1.6 1.3-2.8 0.4-0.4 0.9-0.4 0.1 0 0.3 0t0.3 0q0.3 0 0.5 0.1t0.3 0.5q0.1 0.4 0.6 1.6t0.4 1.3q0 0.4-0.6 1t-0.6 0.8q0 0.1 0.1 0.3 0.6 1.3 1.8 2.4 1 0.9 2.7 1.8 0.2 0.1 0.4 0.1 0.3 0 1-0.9t0.9-0.9zM14 26.9q2.3 0 4.3-0.9t3.6-2.4 2.4-3.6 0.9-4.3-0.9-4.3-2.4-3.6-3.6-2.4-4.3-0.9-4.3 0.9-3.6 2.4-2.4 3.6-0.9 4.3q0 3.6 2.1 6.6l-1.4 4.2 4.3-1.4q2.8 1.9 6.2 1.9zM14 2.2q2.7 0 5.2 1.1t4.3 2.9 2.9 4.3 1.1 5.2-1.1 5.2-2.9 4.3-4.3 2.9-5.2 1.1q-3.5 0-6.5-1.7l-7.4 2.4 2.4-7.2q-1.9-3.2-1.9-6.9 0-2.7 1.1-5.2t2.9-4.3 4.3-2.9 5.2-1.1z\"\/><\/svg><\/span><\/a><\/li><li class=\"shariff-button mailto shariff-nocustomcolor\" style=\"background-color:#a8a8a8\"><a href=\"mailto:?body=https%3A%2F%2Fwww.immobil-niederkofler.it%2Fen%2Fdetail%2F51819%2F&subject=Helle%202-Zimmerwohnung%20in%20ruhiger%20Lage%20von%20Bruneck\" title=\"Per E-Mail versenden\" aria-label=\"Per E-Mail versenden\" role=\"button\" rel=\"noopener nofollow\" class=\"shariff-link\" style=\"; background-color:#999; color:#fff\"><span class=\"shariff-icon\" style=\"\"><svg width=\"32px\" height=\"20px\" xmlns=\"http:\/\/www.w3.org\/2000\/svg\" viewBox=\"0 0 32 32\"><path fill=\"#999\" d=\"M32 12.7v14.2q0 1.2-0.8 2t-2 0.9h-26.3q-1.2 0-2-0.9t-0.8-2v-14.2q0.8 0.9 1.8 1.6 6.5 4.4 8.9 6.1 1 0.8 1.6 1.2t1.7 0.9 2 0.4h0.1q0.9 0 2-0.4t1.7-0.9 1.6-1.2q3-2.2 8.9-6.1 1-0.7 1.8-1.6zM32 7.4q0 1.4-0.9 2.7t-2.2 2.2q-6.7 4.7-8.4 5.8-0.2 0.1-0.7 0.5t-1 0.7-0.9 0.6-1.1 0.5-0.9 0.2h-0.1q-0.4 0-0.9-0.2t-1.1-0.5-0.9-0.6-1-0.7-0.7-0.5q-1.6-1.1-4.7-3.2t-3.6-2.6q-1.1-0.7-2.1-2t-1-2.5q0-1.4 0.7-2.3t2.1-0.9h26.3q1.2 0 2 0.8t0.9 2z\"\/><\/svg><\/span><\/a><\/li><\/ul><\/div>                        <\/div>\n                                                <i class=\"heart fa fa-heart-o onoffice favorize\" aria-hidden=\"true\" data-onoffice-estateid=\"51819\"><\/i>\n\t                                        <\/div>\n                <\/div>\n                <div class=\"card-list__content\">\n                    <div class=\"location\">\n                        <p><i class=\"fa fa-map-marker\" aria-hidden=\"true\"><\/i>Bruneck - Zentrum <\/p>\n                    <\/div>\n                    <div class=\"title-ellipsis\">\n                        <p>\n                            <a href=\"https:\/\/www.immobil-niederkofler.it\/en\/detail\/51819\/\" class=\"estate-status\">\n                                Helle 2-Zimmerwohnung in ruhiger Lage von Bruneck                            <\/a>\n\t\t\t\t\t\t\t<script>\n\t\t\t\t\t\t\t\tconsole.log(\"immo: ge\u00e4ndert:07.04.2026 06:59:19\");\n\t\t\t\t\t\t\t<\/script>\n                        <\/p>\n                    <\/div>\n                    <div class=\"description\">\n                                                <div class=\"description__icon\">\n                            <img decoding=\"async\" src=\"https:\/\/www.immobil-niederkofler.it\/wp-content\/themes\/niederkofler\/assets\/img\/immo_list\/square-metre.png\" alt=\"Wohnfl\u00e4che\" title=\"Wohnfl\u00e4che\"\/>\n                            <p>45 m\u00b2<\/p>\n                        <\/div>\n                        \n                        \n                        \n                                                                                                <div class=\"description__icon\">\n                                                        <img decoding=\"async\" src=\"https:\/\/www.immobil-niederkofler.it\/wp-content\/themes\/niederkofler\/assets\/img\/immo_list\/8.png\" alt=\"Zimmer\" title=\"Zimmer\"\/>\n                                                        <p>2<\/p>\n                        <\/div>\n                                                                        <div class=\"description__icon\">\n                            <img decoding=\"async\" src=\"https:\/\/www.immobil-niederkofler.it\/wp-content\/themes\/niederkofler\/assets\/img\/immo_list\/bath.png\" alt=\"Badezimmer\" title=\"Badezimmer\"\/>\n                            <p>1<\/p>\n                        <\/div>\n                        \n                        \n                                                <div class=\"description__icon\">\n                            <img decoding=\"async\" src=\"https:\/\/www.immobil-niederkofler.it\/wp-content\/themes\/niederkofler\/assets\/img\/immo_list\/euro.png\" alt=\"340.000 \" title=\"340.000 \"\/>\n                            <p>340.000 <\/p>\n                        <\/div>\n                        \t                                        <\/div>\n                <\/div>\n            <\/div>\n        <\/div>\n\n\t            <div class=\"col-12 col-md-6 col-xl-4 immobilien-list__cards_current\">\n                <div class=\"immobilien-listcard-list card-list card-list_question pb-4\">\n                    <div class=\"item card-list__question\">\n                        <img decoding=\"async\" class=\"img-fluid\" src=\"https:\/\/www.immobil-niederkofler.it\/wp-content\/themes\/niederkofler\/assets\/img\/immo_list\/immo-list-9.jpg\">\n                    <\/div>\n                    <div class=\"card-list__content\">\n                        <div class=\"description__text\">\n                            <p>Nichts passendes f\u00fcr Sie dabei?<\/p>\n                        <\/div>\n                        <div class=\"description\">\n                            <div class=\"title-question\">\n                                <p>Klicken Sie hier:<br> Wir finden das Richtige!<\/p>\n                            <\/div>\n                        <\/div>\n                        <div class=\"button\">\n                            <a href=\"https:\/\/www.immobil-niederkofler.it\/de\/suchauftrag\/\">Suchauftrag<\/a>\n                        <\/div>\n                    <\/div>\n                <\/div>\n            <\/div>\n        <\/div>\n        <div class=\"immobilien-list__pagination row\">\n            <div class=\"wrap-pagination\">\n                <nav aria-label=\"Page navigation example\">\n\t                <ul class=\"pagination\"><li class=\"page-item active\"><span aria-current=\"page\" class=\"page-link current\">1<\/span><\/li><li class=\"page-item \"><a class=\"page-link\" href=\"https:\/\/www.immobil-niederkofler.it\/de\/immobiliensuche\/wohnimmobilien\/page\/2\/\">2<\/a><\/li><li class=\"page-item \"><a class=\"page-link\" href=\"https:\/\/www.immobil-niederkofler.it\/de\/immobiliensuche\/wohnimmobilien\/page\/3\/\">3<\/a><\/li><li class=\"page-item \"><span class=\"page-link dots\">&hellip;<\/span><\/li><li class=\"page-item \"><a class=\"page-link\" href=\"https:\/\/www.immobil-niederkofler.it\/de\/immobiliensuche\/wohnimmobilien\/page\/7\/\">7<\/a><\/li><li class=\"page-item \"><a class=\"next page-link\" href=\"https:\/\/www.immobil-niederkofler.it\/de\/immobiliensuche\/wohnimmobilien\/page\/2\/\" rel=\"next\">\u00bb<\/a><\/li><\/ul>                <\/nav>\n            <\/div>\n        <\/div>\n    <\/section>\n<\/div>\n<\/div>\n\t\t\t\t\t\t<\/div>\n\t\t\t\t<\/div>\n\t\t\t\t\t<\/div>\n\t\t<\/div>\n\t\t\t\t\t<\/div>\n\t\t<\/section>\n\t\t\t\t<section class=\"elementor-section elementor-top-section elementor-element elementor-element-dc4e8db elementor-section-boxed elementor-section-height-default elementor-section-height-default\" data-id=\"dc4e8db\" data-element_type=\"section\" data-e-type=\"section\" data-settings=\"{&quot;background_background&quot;:&quot;classic&quot;}\">\n\t\t\t\t\t\t<div class=\"elementor-container elementor-column-gap-default\">\n\t\t\t\t\t<div class=\"elementor-column elementor-col-33 elementor-top-column elementor-element elementor-element-268f483\" data-id=\"268f483\" data-element_type=\"column\" data-e-type=\"column\">\n\t\t\t<div class=\"elementor-widget-wrap elementor-element-populated\">\n\t\t\t\t\t\t<div class=\"elementor-element elementor-element-3b65598 elementor-widget elementor-widget-h2-with-lines\" data-id=\"3b65598\" data-element_type=\"widget\" data-e-type=\"widget\" data-widget_type=\"h2-with-lines.default\">\n\t\t\t\t<div class=\"elementor-widget-container\">\n\t\t\t\t\t\t\t<h2 class=\"site-title no-lines left\">\n            <span>Immobilien Niederkofler - unser breites Portfolio<\/span>\n        <\/h2>\n        \t\t\t\t<\/div>\n\t\t\t\t<\/div>\n\t\t\t\t\t<\/div>\n\t\t<\/div>\n\t\t\t\t<div class=\"elementor-column elementor-col-66 elementor-top-column elementor-element elementor-element-0d9c682\" data-id=\"0d9c682\" data-element_type=\"column\" data-e-type=\"column\">\n\t\t\t<div class=\"elementor-widget-wrap elementor-element-populated\">\n\t\t\t\t\t\t<div class=\"elementor-element elementor-element-55bd06c elementor-widget elementor-widget-text-editor\" data-id=\"55bd06c\" data-element_type=\"widget\" data-e-type=\"widget\" data-widget_type=\"text-editor.default\">\n\t\t\t\t<div class=\"elementor-widget-container\">\n\t\t\t\t\t\t\t\t\t<h3>So finden Sie die passende Wohnimmobilie bei Immobilien Niederkofler<\/h3>\n<p style=\"text-align: left;\">Mit unserem umfangreichen Online-Service haben Sie die M\u00f6glichkeit, schnell und unkompliziert in unsere aktuellen Immobilienangebote einzusehen.<\/p>\t\t\t\t\t\t\t\t<\/div>\n\t\t\t\t<\/div>\n\t\t\t\t\t<\/div>\n\t\t<\/div>\n\t\t\t\t\t<\/div>\n\t\t<\/section>\n\t\t\t\t<section class=\"elementor-section elementor-top-section elementor-element elementor-element-573c798 elementor-section-boxed elementor-section-height-default elementor-section-height-default\" data-id=\"573c798\" data-element_type=\"section\" data-e-type=\"section\">\n\t\t\t\t\t\t<div class=\"elementor-container elementor-column-gap-default\">\n\t\t\t\t\t<div class=\"elementor-column elementor-col-100 elementor-top-column elementor-element elementor-element-3222b5d\" data-id=\"3222b5d\" data-element_type=\"column\" data-e-type=\"column\">\n\t\t\t<div class=\"elementor-widget-wrap elementor-element-populated\">\n\t\t\t\t\t\t<section class=\"elementor-section elementor-inner-section elementor-element elementor-element-4024d04 elementor-section-boxed elementor-section-height-default elementor-section-height-default\" data-id=\"4024d04\" data-element_type=\"section\" data-e-type=\"section\">\n\t\t\t\t\t\t<div class=\"elementor-container elementor-column-gap-default\">\n\t\t\t\t\t<div class=\"elementor-column elementor-col-33 elementor-inner-column elementor-element elementor-element-bd95039\" data-id=\"bd95039\" data-element_type=\"column\" data-e-type=\"column\" data-settings=\"{&quot;background_background&quot;:&quot;classic&quot;}\">\n\t\t\t<div class=\"elementor-widget-wrap elementor-element-populated\">\n\t\t\t\t\t\t<div class=\"elementor-element elementor-element-cb03b46 elementor-widget elementor-widget-spacer\" data-id=\"cb03b46\" data-element_type=\"widget\" data-e-type=\"widget\" data-widget_type=\"spacer.default\">\n\t\t\t\t<div class=\"elementor-widget-container\">\n\t\t\t\t\t\t\t<div class=\"elementor-spacer\">\n\t\t\t<div class=\"elementor-spacer-inner\"><\/div>\n\t\t<\/div>\n\t\t\t\t\t\t<\/div>\n\t\t\t\t<\/div>\n\t\t\t\t\t<\/div>\n\t\t<\/div>\n\t\t\t\t<div class=\"elementor-column elementor-col-66 elementor-inner-column elementor-element elementor-element-21fd9ea\" data-id=\"21fd9ea\" data-element_type=\"column\" data-e-type=\"column\">\n\t\t\t<div class=\"elementor-widget-wrap elementor-element-populated\">\n\t\t\t\t\t\t<div class=\"elementor-element elementor-element-f37c8a3 elementor-widget elementor-widget-text-editor\" data-id=\"f37c8a3\" data-element_type=\"widget\" data-e-type=\"widget\" data-widget_type=\"text-editor.default\">\n\t\t\t\t<div class=\"elementor-widget-container\">\n\t\t\t\t\t\t\t\t\t<h2 style=\"text-align: left;\">Unsere Wohnimmobilien<\/h2><p style=\"text-align: left;\">Der Fokus unserer Arbeit liegt auf neuen und gebrauchten Wohnimmobilien in ganz S\u00fcdtirol. Dazu z\u00e4hlen neben <strong>Erdgeschoss- und Etagenwohnungen<\/strong> zum Beispiel auch <strong>Einfamilien- und Mehrfamilienh\u00e4user, stattliche Villen oder geschlossene H\u00f6fe<\/strong>.<\/p><p style=\"text-align: left;\">Die angebotenen Wohnimmobilien werden vorab von uns gepr\u00fcft, damit einer problemlosen <a href=\"https:\/\/www.immobil-niederkofler.it\/de\/services\/fuer-kaeufer\/\">Kaufabwicklung<\/a> nichts mehr im Weg steht. Unser Kerngebiet erstreckt sich \u00fcber die St\u00e4dte <strong><a href=\"https:\/\/www.immobil-niederkofler.it\/de\/standorte\/bruneck\/\">Bruneck<\/a><\/strong> und <strong><a href=\"https:\/\/www.immobil-niederkofler.it\/de\/standorte\/bozen\/\">Bozen<\/a><\/strong> sowie \u00fcber die angrenzenden Bezirke, wozu <strong>das Hochpustertal, das Tauferer-Ahrntal, das Gadertal, Salten Schlern und das \u00dcberetsch-Unterland<\/strong> z\u00e4hlen. Wir unterst\u00fctzen unsere Kunden auch beim Ankauf und Verkauf von Objekten am <strong>Gardasee<\/strong>.<\/p>\t\t\t\t\t\t\t\t<\/div>\n\t\t\t\t<\/div>\n\t\t\t\t<div class=\"elementor-element elementor-element-bec98e1 elementor-align-center elementor-widget elementor-widget-button\" data-id=\"bec98e1\" data-element_type=\"widget\" data-e-type=\"widget\" data-widget_type=\"button.default\">\n\t\t\t\t<div class=\"elementor-widget-container\">\n\t\t\t\t\t\t\t\t\t<div class=\"elementor-button-wrapper\">\n\t\t\t\t\t<a class=\"elementor-button elementor-button-link elementor-size-sm\" href=\"\">\n\t\t\t\t\t\t<span class=\"elementor-button-content-wrapper\">\n\t\t\t\t\t\t\t\t\t<span class=\"elementor-button-text\">Kontaktieren Sie uns<\/span>\n\t\t\t\t\t<\/span>\n\t\t\t\t\t<\/a>\n\t\t\t\t<\/div>\n\t\t\t\t\t\t\t\t<\/div>\n\t\t\t\t<\/div>\n\t\t\t\t\t<\/div>\n\t\t<\/div>\n\t\t\t\t\t<\/div>\n\t\t<\/section>\n\t\t\t\t<section class=\"elementor-section elementor-inner-section elementor-element elementor-element-6659136 elementor-reverse-mobile elementor-section-boxed elementor-section-height-default elementor-section-height-default\" data-id=\"6659136\" data-element_type=\"section\" data-e-type=\"section\">\n\t\t\t\t\t\t<div class=\"elementor-container elementor-column-gap-default\">\n\t\t\t\t\t<div class=\"elementor-column elementor-col-66 elementor-inner-column elementor-element elementor-element-f5f23ec\" data-id=\"f5f23ec\" data-element_type=\"column\" data-e-type=\"column\">\n\t\t\t<div class=\"elementor-widget-wrap elementor-element-populated\">\n\t\t\t\t\t\t<div class=\"elementor-element elementor-element-89dfb03 elementor-widget elementor-widget-text-editor\" data-id=\"89dfb03\" data-element_type=\"widget\" data-e-type=\"widget\" data-widget_type=\"text-editor.default\">\n\t\t\t\t<div class=\"elementor-widget-container\">\n\t\t\t\t\t\t\t\t\t<h2><span style=\"font-weight: 400;\">Wohnungen f\u00fcr jeden Geschmack<\/span><\/h2><p style=\"text-align: left;\"><span style=\"font-weight: 400;\">Unsere Auswahl an Immobilien ist so vielf\u00e4ltig, wie die Bed\u00fcrfnisse unserer Kunden. Egal ob Sie eine <strong>Eigentumswohnung<\/strong> suchen oder eine <strong>Mietwohnung in S\u00fcdtirol<\/strong> bevorzugen, ob Sie Single sind oder gemeinsam mit Ihrem Partner oder Familie ein neues Zuhause finden m\u00f6chten, bei uns ist f\u00fcr Jeden das Richtige dabei. Von modernen Stadtwohnungen mit stilvollem Design bis hin zu gem\u00fctlichen Apartments im Gr\u00fcnen.\u00a0<\/span><\/p>\t\t\t\t\t\t\t\t<\/div>\n\t\t\t\t<\/div>\n\t\t\t\t\t<\/div>\n\t\t<\/div>\n\t\t\t\t<div class=\"elementor-column elementor-col-33 elementor-inner-column elementor-element elementor-element-90868fd\" data-id=\"90868fd\" data-element_type=\"column\" data-e-type=\"column\" data-settings=\"{&quot;background_background&quot;:&quot;classic&quot;}\">\n\t\t\t<div class=\"elementor-widget-wrap elementor-element-populated\">\n\t\t\t\t\t\t<div class=\"elementor-element elementor-element-40f490b elementor-widget elementor-widget-spacer\" data-id=\"40f490b\" data-element_type=\"widget\" data-e-type=\"widget\" data-widget_type=\"spacer.default\">\n\t\t\t\t<div class=\"elementor-widget-container\">\n\t\t\t\t\t\t\t<div class=\"elementor-spacer\">\n\t\t\t<div class=\"elementor-spacer-inner\"><\/div>\n\t\t<\/div>\n\t\t\t\t\t\t<\/div>\n\t\t\t\t<\/div>\n\t\t\t\t\t<\/div>\n\t\t<\/div>\n\t\t\t\t\t<\/div>\n\t\t<\/section>\n\t\t\t\t<section class=\"elementor-section elementor-inner-section elementor-element elementor-element-6b14e5b elementor-section-boxed elementor-section-height-default elementor-section-height-default\" data-id=\"6b14e5b\" data-element_type=\"section\" data-e-type=\"section\">\n\t\t\t\t\t\t<div class=\"elementor-container elementor-column-gap-default\">\n\t\t\t\t\t<div class=\"elementor-column elementor-col-33 elementor-inner-column elementor-element elementor-element-ebbfe6c\" data-id=\"ebbfe6c\" data-element_type=\"column\" data-e-type=\"column\" data-settings=\"{&quot;background_background&quot;:&quot;classic&quot;}\">\n\t\t\t<div class=\"elementor-widget-wrap elementor-element-populated\">\n\t\t\t\t\t\t<div class=\"elementor-element elementor-element-2abddd5 elementor-widget elementor-widget-spacer\" data-id=\"2abddd5\" data-element_type=\"widget\" data-e-type=\"widget\" data-widget_type=\"spacer.default\">\n\t\t\t\t<div class=\"elementor-widget-container\">\n\t\t\t\t\t\t\t<div class=\"elementor-spacer\">\n\t\t\t<div class=\"elementor-spacer-inner\"><\/div>\n\t\t<\/div>\n\t\t\t\t\t\t<\/div>\n\t\t\t\t<\/div>\n\t\t\t\t\t<\/div>\n\t\t<\/div>\n\t\t\t\t<div class=\"elementor-column elementor-col-66 elementor-inner-column elementor-element elementor-element-8c0e9c9\" data-id=\"8c0e9c9\" data-element_type=\"column\" data-e-type=\"column\">\n\t\t\t<div class=\"elementor-widget-wrap elementor-element-populated\">\n\t\t\t\t\t\t<div class=\"elementor-element elementor-element-40f2f5c elementor-widget elementor-widget-text-editor\" data-id=\"40f2f5c\" data-element_type=\"widget\" data-e-type=\"widget\" data-widget_type=\"text-editor.default\">\n\t\t\t\t<div class=\"elementor-widget-container\">\n\t\t\t\t\t\t\t\t\t<h2 style=\"text-align: left;\"><span style=\"font-weight: 400;\">Raum zum Wachsen: Vielf\u00e4ltige Auswahl an H\u00e4user<\/span><\/h2>\n<p style=\"text-align: left;\"><span style=\"font-weight: 400;\">Sie m\u00f6chten ein Haus in Bruneck und Umgebung kaufen? F\u00fcr Familien, die mehr Platz ben\u00f6tigen, bieten wir <strong>Ein- und Mehrfamilienh\u00e4usern<\/strong> an. Vom charmanten Einfamilienhaus mit Garten bis hin zum gro\u00dfz\u00fcgigen Mehrfamilienhaus f\u00fcr generations\u00fcbergreifendes Wohnen. <strong>Reihenh\u00e4user<\/strong> bieten eine perfekte Kombination aus Privatsph\u00e4re und Gemeinschaft. Unsere Auswahl umfasst moderne Reihenh\u00e4user in familienfreundlichen Siedlungen sowie historische Geb\u00e4ude in reizvollen Altstadtvierteln \u2013 die ideale Wahl f\u00fcr alle, die das Gef\u00fchl von Nachbarschaft sch\u00e4tzen. Wir unterst\u00fctzen Sie bei der Suche nach dem idealen Zuhause f\u00fcr Ihre Familie.<\/span><\/p>\t\t\t\t\t\t\t\t<\/div>\n\t\t\t\t<\/div>\n\t\t\t\t\t<\/div>\n\t\t<\/div>\n\t\t\t\t\t<\/div>\n\t\t<\/section>\n\t\t\t\t<section class=\"elementor-section elementor-inner-section elementor-element elementor-element-a18508c elementor-reverse-mobile elementor-section-boxed elementor-section-height-default elementor-section-height-default\" data-id=\"a18508c\" data-element_type=\"section\" data-e-type=\"section\">\n\t\t\t\t\t\t<div class=\"elementor-container elementor-column-gap-default\">\n\t\t\t\t\t<div class=\"elementor-column elementor-col-66 elementor-inner-column elementor-element elementor-element-8453919\" data-id=\"8453919\" data-element_type=\"column\" data-e-type=\"column\">\n\t\t\t<div class=\"elementor-widget-wrap elementor-element-populated\">\n\t\t\t\t\t\t<div class=\"elementor-element elementor-element-8334394 elementor-widget elementor-widget-text-editor\" data-id=\"8334394\" data-element_type=\"widget\" data-e-type=\"widget\" data-widget_type=\"text-editor.default\">\n\t\t\t\t<div class=\"elementor-widget-container\">\n\t\t\t\t\t\t\t\t\t<h2 style=\"text-align: left;\"><span style=\"font-weight: 400;\">Erstklassige Villen in begehrten Lagen<\/span><\/h2><p style=\"text-align: left;\"><span style=\"font-weight: 400;\">Luxusliebhaber werden von unseren exklusiven Villen begeistert sein. Entdecken Sie erstklassige Immobilien mit <strong>hochwertiger Ausstattung, gro\u00dfz\u00fcgigen Grundst\u00fccken<\/strong> und atemberaubendem Blick \u2013 perfekt f\u00fcr anspruchsvolle K\u00e4ufer, die das Besondere suchen.<\/span><\/p>\t\t\t\t\t\t\t\t<\/div>\n\t\t\t\t<\/div>\n\t\t\t\t\t<\/div>\n\t\t<\/div>\n\t\t\t\t<div class=\"elementor-column elementor-col-33 elementor-inner-column elementor-element elementor-element-2e80d05\" data-id=\"2e80d05\" data-element_type=\"column\" data-e-type=\"column\" data-settings=\"{&quot;background_background&quot;:&quot;classic&quot;}\">\n\t\t\t<div class=\"elementor-widget-wrap elementor-element-populated\">\n\t\t\t\t\t\t<div class=\"elementor-element elementor-element-5360dff elementor-widget elementor-widget-spacer\" data-id=\"5360dff\" data-element_type=\"widget\" data-e-type=\"widget\" data-widget_type=\"spacer.default\">\n\t\t\t\t<div class=\"elementor-widget-container\">\n\t\t\t\t\t\t\t<div class=\"elementor-spacer\">\n\t\t\t<div class=\"elementor-spacer-inner\"><\/div>\n\t\t<\/div>\n\t\t\t\t\t\t<\/div>\n\t\t\t\t<\/div>\n\t\t\t\t\t<\/div>\n\t\t<\/div>\n\t\t\t\t\t<\/div>\n\t\t<\/section>\n\t\t\t\t<section class=\"elementor-section elementor-inner-section elementor-element elementor-element-7cc4295 elementor-section-boxed elementor-section-height-default elementor-section-height-default\" data-id=\"7cc4295\" data-element_type=\"section\" data-e-type=\"section\">\n\t\t\t\t\t\t<div class=\"elementor-container elementor-column-gap-default\">\n\t\t\t\t\t<div class=\"elementor-column elementor-col-33 elementor-inner-column elementor-element elementor-element-13b1e45\" data-id=\"13b1e45\" data-element_type=\"column\" data-e-type=\"column\" data-settings=\"{&quot;background_background&quot;:&quot;classic&quot;}\">\n\t\t\t<div class=\"elementor-widget-wrap elementor-element-populated\">\n\t\t\t\t\t\t<div class=\"elementor-element elementor-element-ad41f58 elementor-widget elementor-widget-spacer\" data-id=\"ad41f58\" data-element_type=\"widget\" data-e-type=\"widget\" data-widget_type=\"spacer.default\">\n\t\t\t\t<div class=\"elementor-widget-container\">\n\t\t\t\t\t\t\t<div class=\"elementor-spacer\">\n\t\t\t<div class=\"elementor-spacer-inner\"><\/div>\n\t\t<\/div>\n\t\t\t\t\t\t<\/div>\n\t\t\t\t<\/div>\n\t\t\t\t\t<\/div>\n\t\t<\/div>\n\t\t\t\t<div class=\"elementor-column elementor-col-66 elementor-inner-column elementor-element elementor-element-e62c5eb\" data-id=\"e62c5eb\" data-element_type=\"column\" data-e-type=\"column\">\n\t\t\t<div class=\"elementor-widget-wrap elementor-element-populated\">\n\t\t\t\t\t\t<div class=\"elementor-element elementor-element-2c6ff4c elementor-widget elementor-widget-text-editor\" data-id=\"2c6ff4c\" data-element_type=\"widget\" data-e-type=\"widget\" data-widget_type=\"text-editor.default\">\n\t\t\t\t<div class=\"elementor-widget-container\">\n\t\t\t\t\t\t\t\t\t<h2><span style=\"font-weight: 400;\">Ruheoasen der Vergangenheit: Unsere geschlossenen H\u00f6fe<\/span><\/h2><p style=\"text-align: left;\"><span style=\"font-weight: 400;\">Sie suchen einen Bauernhof in S\u00fcdtirol? Geschlossene H\u00f6fe verspr\u00fchen den Charme vergangener Zeiten und bieten ein <strong>ruhiges Wohnambiente<\/strong> fernab vom Trubel der Stadt. Entdecken Sie unsere H\u00f6fe, die Tradition und Moderne harmonisch vereinen \u2013 ein einzigartiges Wohnerlebnis.<\/span><\/p>\t\t\t\t\t\t\t\t<\/div>\n\t\t\t\t<\/div>\n\t\t\t\t\t<\/div>\n\t\t<\/div>\n\t\t\t\t\t<\/div>\n\t\t<\/section>\n\t\t\t\t<section class=\"elementor-section elementor-inner-section elementor-element elementor-element-40321de elementor-reverse-mobile elementor-section-boxed elementor-section-height-default elementor-section-height-default\" data-id=\"40321de\" data-element_type=\"section\" data-e-type=\"section\">\n\t\t\t\t\t\t<div class=\"elementor-container elementor-column-gap-default\">\n\t\t\t\t\t<div class=\"elementor-column elementor-col-66 elementor-inner-column elementor-element elementor-element-abd65b1\" data-id=\"abd65b1\" data-element_type=\"column\" data-e-type=\"column\">\n\t\t\t<div class=\"elementor-widget-wrap elementor-element-populated\">\n\t\t\t\t\t\t<div class=\"elementor-element elementor-element-a498709 elementor-widget elementor-widget-text-editor\" data-id=\"a498709\" data-element_type=\"widget\" data-e-type=\"widget\" data-widget_type=\"text-editor.default\">\n\t\t\t\t<div class=\"elementor-widget-container\">\n\t\t\t\t\t\t\t\t\t<h2><span style=\"font-weight: 400;\">Gemeinsam zu Ihrem Wohntraum<\/span><\/h2><p style=\"text-align: left;\"><span style=\"font-weight: 400;\">Egal f\u00fcr welchen Immobilientyp Sie sich interessieren, wir stehen Ihnen mit Fachwissen und Engagement zur Seite, um Ihnen bei der Suche nach Ihrer optimalen Wohnimmobilie zu helfen. <a href=\"https:\/\/www.immobil-niederkofler.it\/de\/kontakt\/\">Kontaktieren<\/a> Sie uns noch heute und lassen Sie uns gemeinsam Ihren Wohntraum verwirklichen!<\/span><\/p>\t\t\t\t\t\t\t\t<\/div>\n\t\t\t\t<\/div>\n\t\t\t\t\t<\/div>\n\t\t<\/div>\n\t\t\t\t<div class=\"elementor-column elementor-col-33 elementor-inner-column elementor-element elementor-element-4152d29\" data-id=\"4152d29\" data-element_type=\"column\" data-e-type=\"column\" data-settings=\"{&quot;background_background&quot;:&quot;classic&quot;}\">\n\t\t\t<div class=\"elementor-widget-wrap elementor-element-populated\">\n\t\t\t\t\t\t<div class=\"elementor-element elementor-element-da048a7 elementor-widget elementor-widget-spacer\" data-id=\"da048a7\" data-element_type=\"widget\" data-e-type=\"widget\" data-widget_type=\"spacer.default\">\n\t\t\t\t<div class=\"elementor-widget-container\">\n\t\t\t\t\t\t\t<div class=\"elementor-spacer\">\n\t\t\t<div class=\"elementor-spacer-inner\"><\/div>\n\t\t<\/div>\n\t\t\t\t\t\t<\/div>\n\t\t\t\t<\/div>\n\t\t\t\t\t<\/div>\n\t\t<\/div>\n\t\t\t\t\t<\/div>\n\t\t<\/section>\n\t\t\t\t\t<\/div>\n\t\t<\/div>\n\t\t\t\t\t<\/div>\n\t\t<\/section>\n\t\t\t\t<section class=\"elementor-section elementor-top-section elementor-element elementor-element-6d7ef6d9 elementor-section-boxed elementor-section-height-default elementor-section-height-default\" data-id=\"6d7ef6d9\" data-element_type=\"section\" data-e-type=\"section\">\n\t\t\t\t\t\t<div class=\"elementor-container elementor-column-gap-default\">\n\t\t\t\t\t<div class=\"elementor-column elementor-col-100 elementor-top-column elementor-element elementor-element-215bbe18\" data-id=\"215bbe18\" data-element_type=\"column\" data-e-type=\"column\">\n\t\t\t<div class=\"elementor-widget-wrap elementor-element-populated\">\n\t\t\t\t\t\t<div class=\"elementor-element elementor-element-133a1fea elementor-widget elementor-widget-h2-with-lines\" data-id=\"133a1fea\" data-element_type=\"widget\" data-e-type=\"widget\" data-widget_type=\"h2-with-lines.default\">\n\t\t\t\t<div class=\"elementor-widget-container\">\n\t\t\t\t\t\t\t<h2 class=\"site-title with-lines center\">\n            <span>Neben Wohnimmobilien bieten wir Ihnen auch dies<\/span>\n        <\/h2>\n        \t\t\t\t<\/div>\n\t\t\t\t<\/div>\n\t\t\t\t<section class=\"elementor-section elementor-inner-section elementor-element elementor-element-5521f8c2 elementor-section-full_width elementor-section-height-default elementor-section-height-default\" data-id=\"5521f8c2\" data-element_type=\"section\" data-e-type=\"section\">\n\t\t\t\t\t\t<div class=\"elementor-container elementor-column-gap-no\">\n\t\t\t\t\t<div class=\"elementor-column elementor-col-33 elementor-inner-column elementor-element elementor-element-6eac60c3\" data-id=\"6eac60c3\" data-element_type=\"column\" data-e-type=\"column\">\n\t\t\t<div class=\"elementor-widget-wrap elementor-element-populated\">\n\t\t\t\t\t\t<div class=\"elementor-element elementor-element-4eab006c elementor-widget elementor-widget-image-with-headline\" data-id=\"4eab006c\" data-element_type=\"widget\" data-e-type=\"widget\" data-widget_type=\"image-with-headline.default\">\n\t\t\t\t<div class=\"elementor-widget-container\">\n\t\t\t\t\t<div class=\"service__card-project card-project\"><a href=\"https:\/\/www.immobil-niederkofler.it\/de\/suchauftrag\/\" class=\"card-project__link tile-link\"><h2 class=\"card-project__content\">Zum Suchauftrag<\/h2><picture class=\"card-project__picture\">\n                <source media=\"(max-width: 575px)\" srcset=\"\n                    https:\/\/acnaayzuen.cloudimg.io\/v7\/https:\/\/www.immobil-niederkofler.it\/wp-content\/uploads\/2024\/12\/paar-laptop-768x512-1.jpg?force_format=webp&amp;q=70&amp;w=576&amp;h=200 1x,\n                    https:\/\/acnaayzuen.cloudimg.io\/v7\/https:\/\/www.immobil-niederkofler.it\/wp-content\/uploads\/2024\/12\/paar-laptop-768x512-1.jpg?force_format=webp&amp;q=70&amp;w=864&amp;h=300 1.5x,\n                    https:\/\/acnaayzuen.cloudimg.io\/v7\/https:\/\/www.immobil-niederkofler.it\/wp-content\/uploads\/2024\/12\/paar-laptop-768x512-1.jpg?force_format=webp&amp;q=70&amp;w=1152&amp;h=400 2x,\n                    https:\/\/acnaayzuen.cloudimg.io\/v7\/https:\/\/www.immobil-niederkofler.it\/wp-content\/uploads\/2024\/12\/paar-laptop-768x512-1.jpg?force_format=webp&amp;q=70&amp;w=1728&amp;h=600 3x\">\n                <source media=\"(min-width: 1400px)\" srcset=\"\n                    https:\/\/acnaayzuen.cloudimg.io\/v7\/https:\/\/www.immobil-niederkofler.it\/wp-content\/uploads\/2024\/12\/paar-laptop-768x512-1.jpg?force_format=webp&amp;q=70&amp;w=952&amp;h=532 1x,\n                    https:\/\/acnaayzuen.cloudimg.io\/v7\/https:\/\/www.immobil-niederkofler.it\/wp-content\/uploads\/2024\/12\/paar-laptop-768x512-1.jpg?force_format=webp&amp;q=70&amp;w=1428&amp;h=798 1.5x,\n                    https:\/\/acnaayzuen.cloudimg.io\/v7\/https:\/\/www.immobil-niederkofler.it\/wp-content\/uploads\/2024\/12\/paar-laptop-768x512-1.jpg?force_format=webp&amp;q=70&amp;w=1904&amp;h=1064 2x,\n                    https:\/\/acnaayzuen.cloudimg.io\/v7\/https:\/\/www.immobil-niederkofler.it\/wp-content\/uploads\/2024\/12\/paar-laptop-768x512-1.jpg?force_format=webp&amp;q=70&amp;w=2856&amp;h=1596 3x\">\n                <source media=\"(min-width: 1200px)\" srcset=\"\n                    https:\/\/acnaayzuen.cloudimg.io\/v7\/https:\/\/www.immobil-niederkofler.it\/wp-content\/uploads\/2024\/12\/paar-laptop-768x512-1.jpg?force_format=webp&amp;q=70&amp;w=700&amp;h=478 1x,\n                    https:\/\/acnaayzuen.cloudimg.io\/v7\/https:\/\/www.immobil-niederkofler.it\/wp-content\/uploads\/2024\/12\/paar-laptop-768x512-1.jpg?force_format=webp&amp;q=70&amp;w=1050&amp;h=717 1.5x,\n                    https:\/\/acnaayzuen.cloudimg.io\/v7\/https:\/\/www.immobil-niederkofler.it\/wp-content\/uploads\/2024\/12\/paar-laptop-768x512-1.jpg?force_format=webp&amp;q=70&amp;w=1400&amp;h=956 2x,\n                    https:\/\/acnaayzuen.cloudimg.io\/v7\/https:\/\/www.immobil-niederkofler.it\/wp-content\/uploads\/2024\/12\/paar-laptop-768x512-1.jpg?force_format=webp&amp;q=70&amp;w=2100&amp;h=1434 3x\">\n                <source media=\"(min-width: 992px)\" srcset=\"\n                    https:\/\/acnaayzuen.cloudimg.io\/v7\/https:\/\/www.immobil-niederkofler.it\/wp-content\/uploads\/2024\/12\/paar-laptop-768x512-1.jpg?force_format=webp&amp;q=70&amp;w=600&amp;h=478 1x,\n                    https:\/\/acnaayzuen.cloudimg.io\/v7\/https:\/\/www.immobil-niederkofler.it\/wp-content\/uploads\/2024\/12\/paar-laptop-768x512-1.jpg?force_format=webp&amp;q=70&amp;w=900&amp;h=717 1.5x,\n                    https:\/\/acnaayzuen.cloudimg.io\/v7\/https:\/\/www.immobil-niederkofler.it\/wp-content\/uploads\/2024\/12\/paar-laptop-768x512-1.jpg?force_format=webp&amp;q=70&amp;w=1200&amp;h=956 2x,\n                    https:\/\/acnaayzuen.cloudimg.io\/v7\/https:\/\/www.immobil-niederkofler.it\/wp-content\/uploads\/2024\/12\/paar-laptop-768x512-1.jpg?force_format=webp&amp;q=70&amp;w=1800&amp;h=1434 3x\">\n                <source media=\"(min-width: 768px)\" srcset=\"\n                    https:\/\/acnaayzuen.cloudimg.io\/v7\/https:\/\/www.immobil-niederkofler.it\/wp-content\/uploads\/2024\/12\/paar-laptop-768x512-1.jpg?force_format=webp&amp;q=70&amp;w=496&amp;h=478 1x,\n                    https:\/\/acnaayzuen.cloudimg.io\/v7\/https:\/\/www.immobil-niederkofler.it\/wp-content\/uploads\/2024\/12\/paar-laptop-768x512-1.jpg?force_format=webp&amp;q=70&amp;w=744&amp;h=717 1.5x,\n                    https:\/\/acnaayzuen.cloudimg.io\/v7\/https:\/\/www.immobil-niederkofler.it\/wp-content\/uploads\/2024\/12\/paar-laptop-768x512-1.jpg?force_format=webp&amp;q=70&amp;w=992&amp;h=956 2x,\n                    https:\/\/acnaayzuen.cloudimg.io\/v7\/https:\/\/www.immobil-niederkofler.it\/wp-content\/uploads\/2024\/12\/paar-laptop-768x512-1.jpg?force_format=webp&amp;q=70&amp;w=1488&amp;h=1434 3x\">\n                <source media=\"(min-width: 576px)\" srcset=\"\n                    https:\/\/acnaayzuen.cloudimg.io\/v7\/https:\/\/www.immobil-niederkofler.it\/wp-content\/uploads\/2024\/12\/paar-laptop-768x512-1.jpg?force_format=webp&amp;q=70&amp;w=384&amp;h=200 1x,\n                    https:\/\/acnaayzuen.cloudimg.io\/v7\/https:\/\/www.immobil-niederkofler.it\/wp-content\/uploads\/2024\/12\/paar-laptop-768x512-1.jpg?force_format=webp&amp;q=70&amp;w=576&amp;h=300 1.5x,\n                    https:\/\/acnaayzuen.cloudimg.io\/v7\/https:\/\/www.immobil-niederkofler.it\/wp-content\/uploads\/2024\/12\/paar-laptop-768x512-1.jpg?force_format=webp&amp;q=70&amp;w=768&amp;h=400 2x,\n                    https:\/\/acnaayzuen.cloudimg.io\/v7\/https:\/\/www.immobil-niederkofler.it\/wp-content\/uploads\/2024\/12\/paar-laptop-768x512-1.jpg?force_format=webp&amp;q=70&amp;w=1152&amp;h=600 3x\">\n                <img loading=\"lazy\" decoding=\"async\" class=\"card-project__image\" loading=\"lazy\" width=\"952\" height=\"478\" src=\"https:\/\/acnaayzuen.cloudimg.io\/v7\/https:\/\/www.immobil-niederkofler.it\/wp-content\/uploads\/2024\/12\/paar-laptop-768x512-1.jpg?force_format=webp&amp;q=70&amp;w=952&amp;h=478\" alt=\"\" \/>\n            <\/picture><\/a><\/div>\t\t\t\t<\/div>\n\t\t\t\t<\/div>\n\t\t\t\t\t<\/div>\n\t\t<\/div>\n\t\t\t\t<div class=\"elementor-column elementor-col-33 elementor-inner-column elementor-element elementor-element-20f8e273\" data-id=\"20f8e273\" data-element_type=\"column\" data-e-type=\"column\">\n\t\t\t<div class=\"elementor-widget-wrap elementor-element-populated\">\n\t\t\t\t\t\t<div class=\"elementor-element elementor-element-3ea5487 elementor-widget elementor-widget-image-with-headline\" data-id=\"3ea5487\" data-element_type=\"widget\" data-e-type=\"widget\" data-widget_type=\"image-with-headline.default\">\n\t\t\t\t<div class=\"elementor-widget-container\">\n\t\t\t\t\t<div class=\"service__card-project card-project\"><a href=\"https:\/\/www.immobil-niederkofler.it\/de\/immobiliensuche\/neubauprojekte\/\" class=\"card-project__link tile-link\"><h2 class=\"card-project__content\">Neubauobjekte<\/h2><picture class=\"card-project__picture\">\n                <source media=\"(max-width: 575px)\" srcset=\"\n                    https:\/\/acnaayzuen.cloudimg.io\/v7\/https:\/\/www.immobil-niederkofler.it\/wp-content\/uploads\/2020\/07\/modernes-haus.jpg?force_format=webp&amp;q=70&amp;w=576&amp;h=200 1x,\n                    https:\/\/acnaayzuen.cloudimg.io\/v7\/https:\/\/www.immobil-niederkofler.it\/wp-content\/uploads\/2020\/07\/modernes-haus.jpg?force_format=webp&amp;q=70&amp;w=864&amp;h=300 1.5x,\n                    https:\/\/acnaayzuen.cloudimg.io\/v7\/https:\/\/www.immobil-niederkofler.it\/wp-content\/uploads\/2020\/07\/modernes-haus.jpg?force_format=webp&amp;q=70&amp;w=1152&amp;h=400 2x,\n                    https:\/\/acnaayzuen.cloudimg.io\/v7\/https:\/\/www.immobil-niederkofler.it\/wp-content\/uploads\/2020\/07\/modernes-haus.jpg?force_format=webp&amp;q=70&amp;w=1728&amp;h=600 3x\">\n                <source media=\"(min-width: 1400px)\" srcset=\"\n                    https:\/\/acnaayzuen.cloudimg.io\/v7\/https:\/\/www.immobil-niederkofler.it\/wp-content\/uploads\/2020\/07\/modernes-haus.jpg?force_format=webp&amp;q=70&amp;w=952&amp;h=532 1x,\n                    https:\/\/acnaayzuen.cloudimg.io\/v7\/https:\/\/www.immobil-niederkofler.it\/wp-content\/uploads\/2020\/07\/modernes-haus.jpg?force_format=webp&amp;q=70&amp;w=1428&amp;h=798 1.5x,\n                    https:\/\/acnaayzuen.cloudimg.io\/v7\/https:\/\/www.immobil-niederkofler.it\/wp-content\/uploads\/2020\/07\/modernes-haus.jpg?force_format=webp&amp;q=70&amp;w=1904&amp;h=1064 2x,\n                    https:\/\/acnaayzuen.cloudimg.io\/v7\/https:\/\/www.immobil-niederkofler.it\/wp-content\/uploads\/2020\/07\/modernes-haus.jpg?force_format=webp&amp;q=70&amp;w=2856&amp;h=1596 3x\">\n                <source media=\"(min-width: 1200px)\" srcset=\"\n                    https:\/\/acnaayzuen.cloudimg.io\/v7\/https:\/\/www.immobil-niederkofler.it\/wp-content\/uploads\/2020\/07\/modernes-haus.jpg?force_format=webp&amp;q=70&amp;w=700&amp;h=478 1x,\n                    https:\/\/acnaayzuen.cloudimg.io\/v7\/https:\/\/www.immobil-niederkofler.it\/wp-content\/uploads\/2020\/07\/modernes-haus.jpg?force_format=webp&amp;q=70&amp;w=1050&amp;h=717 1.5x,\n                    https:\/\/acnaayzuen.cloudimg.io\/v7\/https:\/\/www.immobil-niederkofler.it\/wp-content\/uploads\/2020\/07\/modernes-haus.jpg?force_format=webp&amp;q=70&amp;w=1400&amp;h=956 2x,\n                    https:\/\/acnaayzuen.cloudimg.io\/v7\/https:\/\/www.immobil-niederkofler.it\/wp-content\/uploads\/2020\/07\/modernes-haus.jpg?force_format=webp&amp;q=70&amp;w=2100&amp;h=1434 3x\">\n                <source media=\"(min-width: 992px)\" srcset=\"\n                    https:\/\/acnaayzuen.cloudimg.io\/v7\/https:\/\/www.immobil-niederkofler.it\/wp-content\/uploads\/2020\/07\/modernes-haus.jpg?force_format=webp&amp;q=70&amp;w=600&amp;h=478 1x,\n                    https:\/\/acnaayzuen.cloudimg.io\/v7\/https:\/\/www.immobil-niederkofler.it\/wp-content\/uploads\/2020\/07\/modernes-haus.jpg?force_format=webp&amp;q=70&amp;w=900&amp;h=717 1.5x,\n                    https:\/\/acnaayzuen.cloudimg.io\/v7\/https:\/\/www.immobil-niederkofler.it\/wp-content\/uploads\/2020\/07\/modernes-haus.jpg?force_format=webp&amp;q=70&amp;w=1200&amp;h=956 2x,\n                    https:\/\/acnaayzuen.cloudimg.io\/v7\/https:\/\/www.immobil-niederkofler.it\/wp-content\/uploads\/2020\/07\/modernes-haus.jpg?force_format=webp&amp;q=70&amp;w=1800&amp;h=1434 3x\">\n                <source media=\"(min-width: 768px)\" srcset=\"\n                    https:\/\/acnaayzuen.cloudimg.io\/v7\/https:\/\/www.immobil-niederkofler.it\/wp-content\/uploads\/2020\/07\/modernes-haus.jpg?force_format=webp&amp;q=70&amp;w=496&amp;h=478 1x,\n                    https:\/\/acnaayzuen.cloudimg.io\/v7\/https:\/\/www.immobil-niederkofler.it\/wp-content\/uploads\/2020\/07\/modernes-haus.jpg?force_format=webp&amp;q=70&amp;w=744&amp;h=717 1.5x,\n                    https:\/\/acnaayzuen.cloudimg.io\/v7\/https:\/\/www.immobil-niederkofler.it\/wp-content\/uploads\/2020\/07\/modernes-haus.jpg?force_format=webp&amp;q=70&amp;w=992&amp;h=956 2x,\n                    https:\/\/acnaayzuen.cloudimg.io\/v7\/https:\/\/www.immobil-niederkofler.it\/wp-content\/uploads\/2020\/07\/modernes-haus.jpg?force_format=webp&amp;q=70&amp;w=1488&amp;h=1434 3x\">\n                <source media=\"(min-width: 576px)\" srcset=\"\n                    https:\/\/acnaayzuen.cloudimg.io\/v7\/https:\/\/www.immobil-niederkofler.it\/wp-content\/uploads\/2020\/07\/modernes-haus.jpg?force_format=webp&amp;q=70&amp;w=384&amp;h=200 1x,\n                    https:\/\/acnaayzuen.cloudimg.io\/v7\/https:\/\/www.immobil-niederkofler.it\/wp-content\/uploads\/2020\/07\/modernes-haus.jpg?force_format=webp&amp;q=70&amp;w=576&amp;h=300 1.5x,\n                    https:\/\/acnaayzuen.cloudimg.io\/v7\/https:\/\/www.immobil-niederkofler.it\/wp-content\/uploads\/2020\/07\/modernes-haus.jpg?force_format=webp&amp;q=70&amp;w=768&amp;h=400 2x,\n                    https:\/\/acnaayzuen.cloudimg.io\/v7\/https:\/\/www.immobil-niederkofler.it\/wp-content\/uploads\/2020\/07\/modernes-haus.jpg?force_format=webp&amp;q=70&amp;w=1152&amp;h=600 3x\">\n                <img loading=\"lazy\" decoding=\"async\" class=\"card-project__image\" loading=\"lazy\" width=\"952\" height=\"478\" src=\"https:\/\/acnaayzuen.cloudimg.io\/v7\/https:\/\/www.immobil-niederkofler.it\/wp-content\/uploads\/2020\/07\/modernes-haus.jpg?force_format=webp&amp;q=70&amp;w=952&amp;h=478\" alt=\"\" \/>\n            <\/picture><\/a><\/div>\t\t\t\t<\/div>\n\t\t\t\t<\/div>\n\t\t\t\t\t<\/div>\n\t\t<\/div>\n\t\t\t\t<div class=\"elementor-column elementor-col-33 elementor-inner-column elementor-element elementor-element-4b661713\" data-id=\"4b661713\" data-element_type=\"column\" data-e-type=\"column\">\n\t\t\t<div class=\"elementor-widget-wrap elementor-element-populated\">\n\t\t\t\t\t\t<div class=\"elementor-element elementor-element-53f1949 elementor-widget elementor-widget-image-with-headline\" data-id=\"53f1949\" data-element_type=\"widget\" data-e-type=\"widget\" data-widget_type=\"image-with-headline.default\">\n\t\t\t\t<div class=\"elementor-widget-container\">\n\t\t\t\t\t<div class=\"service__card-project card-project\"><a href=\"https:\/\/www.immobil-niederkofler.it\/de\/immobiliensuche\/gewerbeimmobilien\/?nutzungsart=gewerbe\" class=\"card-project__link tile-link\"><h2 class=\"card-project__content\">Gewerbeimmobilien<\/h2><picture class=\"card-project__picture\">\n                <source media=\"(max-width: 575px)\" srcset=\"\n                    https:\/\/acnaayzuen.cloudimg.io\/v7\/https:\/\/www.immobil-niederkofler.it\/wp-content\/uploads\/2020\/11\/lagerhalle-1.jpg?force_format=webp&amp;q=70&amp;w=576&amp;h=200 1x,\n                    https:\/\/acnaayzuen.cloudimg.io\/v7\/https:\/\/www.immobil-niederkofler.it\/wp-content\/uploads\/2020\/11\/lagerhalle-1.jpg?force_format=webp&amp;q=70&amp;w=864&amp;h=300 1.5x,\n                    https:\/\/acnaayzuen.cloudimg.io\/v7\/https:\/\/www.immobil-niederkofler.it\/wp-content\/uploads\/2020\/11\/lagerhalle-1.jpg?force_format=webp&amp;q=70&amp;w=1152&amp;h=400 2x,\n                    https:\/\/acnaayzuen.cloudimg.io\/v7\/https:\/\/www.immobil-niederkofler.it\/wp-content\/uploads\/2020\/11\/lagerhalle-1.jpg?force_format=webp&amp;q=70&amp;w=1728&amp;h=600 3x\">\n                <source media=\"(min-width: 1400px)\" srcset=\"\n                    https:\/\/acnaayzuen.cloudimg.io\/v7\/https:\/\/www.immobil-niederkofler.it\/wp-content\/uploads\/2020\/11\/lagerhalle-1.jpg?force_format=webp&amp;q=70&amp;w=952&amp;h=532 1x,\n                    https:\/\/acnaayzuen.cloudimg.io\/v7\/https:\/\/www.immobil-niederkofler.it\/wp-content\/uploads\/2020\/11\/lagerhalle-1.jpg?force_format=webp&amp;q=70&amp;w=1428&amp;h=798 1.5x,\n                    https:\/\/acnaayzuen.cloudimg.io\/v7\/https:\/\/www.immobil-niederkofler.it\/wp-content\/uploads\/2020\/11\/lagerhalle-1.jpg?force_format=webp&amp;q=70&amp;w=1904&amp;h=1064 2x,\n                    https:\/\/acnaayzuen.cloudimg.io\/v7\/https:\/\/www.immobil-niederkofler.it\/wp-content\/uploads\/2020\/11\/lagerhalle-1.jpg?force_format=webp&amp;q=70&amp;w=2856&amp;h=1596 3x\">\n                <source media=\"(min-width: 1200px)\" srcset=\"\n                    https:\/\/acnaayzuen.cloudimg.io\/v7\/https:\/\/www.immobil-niederkofler.it\/wp-content\/uploads\/2020\/11\/lagerhalle-1.jpg?force_format=webp&amp;q=70&amp;w=700&amp;h=478 1x,\n                    https:\/\/acnaayzuen.cloudimg.io\/v7\/https:\/\/www.immobil-niederkofler.it\/wp-content\/uploads\/2020\/11\/lagerhalle-1.jpg?force_format=webp&amp;q=70&amp;w=1050&amp;h=717 1.5x,\n                    https:\/\/acnaayzuen.cloudimg.io\/v7\/https:\/\/www.immobil-niederkofler.it\/wp-content\/uploads\/2020\/11\/lagerhalle-1.jpg?force_format=webp&amp;q=70&amp;w=1400&amp;h=956 2x,\n                    https:\/\/acnaayzuen.cloudimg.io\/v7\/https:\/\/www.immobil-niederkofler.it\/wp-content\/uploads\/2020\/11\/lagerhalle-1.jpg?force_format=webp&amp;q=70&amp;w=2100&amp;h=1434 3x\">\n                <source media=\"(min-width: 992px)\" srcset=\"\n                    https:\/\/acnaayzuen.cloudimg.io\/v7\/https:\/\/www.immobil-niederkofler.it\/wp-content\/uploads\/2020\/11\/lagerhalle-1.jpg?force_format=webp&amp;q=70&amp;w=600&amp;h=478 1x,\n                    https:\/\/acnaayzuen.cloudimg.io\/v7\/https:\/\/www.immobil-niederkofler.it\/wp-content\/uploads\/2020\/11\/lagerhalle-1.jpg?force_format=webp&amp;q=70&amp;w=900&amp;h=717 1.5x,\n                    https:\/\/acnaayzuen.cloudimg.io\/v7\/https:\/\/www.immobil-niederkofler.it\/wp-content\/uploads\/2020\/11\/lagerhalle-1.jpg?force_format=webp&amp;q=70&amp;w=1200&amp;h=956 2x,\n                    https:\/\/acnaayzuen.cloudimg.io\/v7\/https:\/\/www.immobil-niederkofler.it\/wp-content\/uploads\/2020\/11\/lagerhalle-1.jpg?force_format=webp&amp;q=70&amp;w=1800&amp;h=1434 3x\">\n                <source media=\"(min-width: 768px)\" srcset=\"\n                    https:\/\/acnaayzuen.cloudimg.io\/v7\/https:\/\/www.immobil-niederkofler.it\/wp-content\/uploads\/2020\/11\/lagerhalle-1.jpg?force_format=webp&amp;q=70&amp;w=496&amp;h=478 1x,\n                    https:\/\/acnaayzuen.cloudimg.io\/v7\/https:\/\/www.immobil-niederkofler.it\/wp-content\/uploads\/2020\/11\/lagerhalle-1.jpg?force_format=webp&amp;q=70&amp;w=744&amp;h=717 1.5x,\n                    https:\/\/acnaayzuen.cloudimg.io\/v7\/https:\/\/www.immobil-niederkofler.it\/wp-content\/uploads\/2020\/11\/lagerhalle-1.jpg?force_format=webp&amp;q=70&amp;w=992&amp;h=956 2x,\n                    https:\/\/acnaayzuen.cloudimg.io\/v7\/https:\/\/www.immobil-niederkofler.it\/wp-content\/uploads\/2020\/11\/lagerhalle-1.jpg?force_format=webp&amp;q=70&amp;w=1488&amp;h=1434 3x\">\n                <source media=\"(min-width: 576px)\" srcset=\"\n                    https:\/\/acnaayzuen.cloudimg.io\/v7\/https:\/\/www.immobil-niederkofler.it\/wp-content\/uploads\/2020\/11\/lagerhalle-1.jpg?force_format=webp&amp;q=70&amp;w=384&amp;h=200 1x,\n                    https:\/\/acnaayzuen.cloudimg.io\/v7\/https:\/\/www.immobil-niederkofler.it\/wp-content\/uploads\/2020\/11\/lagerhalle-1.jpg?force_format=webp&amp;q=70&amp;w=576&amp;h=300 1.5x,\n                    https:\/\/acnaayzuen.cloudimg.io\/v7\/https:\/\/www.immobil-niederkofler.it\/wp-content\/uploads\/2020\/11\/lagerhalle-1.jpg?force_format=webp&amp;q=70&amp;w=768&amp;h=400 2x,\n                    https:\/\/acnaayzuen.cloudimg.io\/v7\/https:\/\/www.immobil-niederkofler.it\/wp-content\/uploads\/2020\/11\/lagerhalle-1.jpg?force_format=webp&amp;q=70&amp;w=1152&amp;h=600 3x\">\n                <img loading=\"lazy\" decoding=\"async\" class=\"card-project__image\" loading=\"lazy\" width=\"952\" height=\"478\" src=\"https:\/\/acnaayzuen.cloudimg.io\/v7\/https:\/\/www.immobil-niederkofler.it\/wp-content\/uploads\/2020\/11\/lagerhalle-1.jpg?force_format=webp&amp;q=70&amp;w=952&amp;h=478\" alt=\"\" \/>\n            <\/picture><\/a><\/div>\t\t\t\t<\/div>\n\t\t\t\t<\/div>\n\t\t\t\t\t<\/div>\n\t\t<\/div>\n\t\t\t\t\t<\/div>\n\t\t<\/section>\n\t\t\t\t<section class=\"elementor-section elementor-inner-section elementor-element elementor-element-5390ae2a elementor-section-full_width elementor-section-height-default elementor-section-height-default\" data-id=\"5390ae2a\" data-element_type=\"section\" data-e-type=\"section\">\n\t\t\t\t\t\t<div class=\"elementor-container elementor-column-gap-no\">\n\t\t\t\t\t<div class=\"elementor-column elementor-col-33 elementor-inner-column elementor-element elementor-element-2173cae6\" data-id=\"2173cae6\" data-element_type=\"column\" data-e-type=\"column\">\n\t\t\t<div class=\"elementor-widget-wrap elementor-element-populated\">\n\t\t\t\t\t\t<div class=\"elementor-element elementor-element-7523842a elementor-widget elementor-widget-image-with-headline\" data-id=\"7523842a\" data-element_type=\"widget\" data-e-type=\"widget\" data-widget_type=\"image-with-headline.default\">\n\t\t\t\t<div class=\"elementor-widget-container\">\n\t\t\t\t\t<div class=\"service__card-project card-project\"><a href=\"https:\/\/www.immobil-niederkofler.it\/de\/immobiliensuche\/ferienimmobilien\/\" class=\"card-project__link tile-link\"><h2 class=\"card-project__content\">Ferienimmobilien<\/h2><picture class=\"card-project__picture\">\n                <source media=\"(max-width: 575px)\" srcset=\"\n                    https:\/\/acnaayzuen.cloudimg.io\/v7\/https:\/\/www.immobil-niederkofler.it\/wp-content\/uploads\/2020\/07\/balkon-mit-alpenblick.jpg?force_format=webp&amp;q=70&amp;w=576&amp;h=200 1x,\n                    https:\/\/acnaayzuen.cloudimg.io\/v7\/https:\/\/www.immobil-niederkofler.it\/wp-content\/uploads\/2020\/07\/balkon-mit-alpenblick.jpg?force_format=webp&amp;q=70&amp;w=864&amp;h=300 1.5x,\n                    https:\/\/acnaayzuen.cloudimg.io\/v7\/https:\/\/www.immobil-niederkofler.it\/wp-content\/uploads\/2020\/07\/balkon-mit-alpenblick.jpg?force_format=webp&amp;q=70&amp;w=1152&amp;h=400 2x,\n                    https:\/\/acnaayzuen.cloudimg.io\/v7\/https:\/\/www.immobil-niederkofler.it\/wp-content\/uploads\/2020\/07\/balkon-mit-alpenblick.jpg?force_format=webp&amp;q=70&amp;w=1728&amp;h=600 3x\">\n                <source media=\"(min-width: 1400px)\" srcset=\"\n                    https:\/\/acnaayzuen.cloudimg.io\/v7\/https:\/\/www.immobil-niederkofler.it\/wp-content\/uploads\/2020\/07\/balkon-mit-alpenblick.jpg?force_format=webp&amp;q=70&amp;w=952&amp;h=532 1x,\n                    https:\/\/acnaayzuen.cloudimg.io\/v7\/https:\/\/www.immobil-niederkofler.it\/wp-content\/uploads\/2020\/07\/balkon-mit-alpenblick.jpg?force_format=webp&amp;q=70&amp;w=1428&amp;h=798 1.5x,\n                    https:\/\/acnaayzuen.cloudimg.io\/v7\/https:\/\/www.immobil-niederkofler.it\/wp-content\/uploads\/2020\/07\/balkon-mit-alpenblick.jpg?force_format=webp&amp;q=70&amp;w=1904&amp;h=1064 2x,\n                    https:\/\/acnaayzuen.cloudimg.io\/v7\/https:\/\/www.immobil-niederkofler.it\/wp-content\/uploads\/2020\/07\/balkon-mit-alpenblick.jpg?force_format=webp&amp;q=70&amp;w=2856&amp;h=1596 3x\">\n                <source media=\"(min-width: 1200px)\" srcset=\"\n                    https:\/\/acnaayzuen.cloudimg.io\/v7\/https:\/\/www.immobil-niederkofler.it\/wp-content\/uploads\/2020\/07\/balkon-mit-alpenblick.jpg?force_format=webp&amp;q=70&amp;w=700&amp;h=478 1x,\n                    https:\/\/acnaayzuen.cloudimg.io\/v7\/https:\/\/www.immobil-niederkofler.it\/wp-content\/uploads\/2020\/07\/balkon-mit-alpenblick.jpg?force_format=webp&amp;q=70&amp;w=1050&amp;h=717 1.5x,\n                    https:\/\/acnaayzuen.cloudimg.io\/v7\/https:\/\/www.immobil-niederkofler.it\/wp-content\/uploads\/2020\/07\/balkon-mit-alpenblick.jpg?force_format=webp&amp;q=70&amp;w=1400&amp;h=956 2x,\n                    https:\/\/acnaayzuen.cloudimg.io\/v7\/https:\/\/www.immobil-niederkofler.it\/wp-content\/uploads\/2020\/07\/balkon-mit-alpenblick.jpg?force_format=webp&amp;q=70&amp;w=2100&amp;h=1434 3x\">\n                <source media=\"(min-width: 992px)\" srcset=\"\n                    https:\/\/acnaayzuen.cloudimg.io\/v7\/https:\/\/www.immobil-niederkofler.it\/wp-content\/uploads\/2020\/07\/balkon-mit-alpenblick.jpg?force_format=webp&amp;q=70&amp;w=600&amp;h=478 1x,\n                    https:\/\/acnaayzuen.cloudimg.io\/v7\/https:\/\/www.immobil-niederkofler.it\/wp-content\/uploads\/2020\/07\/balkon-mit-alpenblick.jpg?force_format=webp&amp;q=70&amp;w=900&amp;h=717 1.5x,\n                    https:\/\/acnaayzuen.cloudimg.io\/v7\/https:\/\/www.immobil-niederkofler.it\/wp-content\/uploads\/2020\/07\/balkon-mit-alpenblick.jpg?force_format=webp&amp;q=70&amp;w=1200&amp;h=956 2x,\n                    https:\/\/acnaayzuen.cloudimg.io\/v7\/https:\/\/www.immobil-niederkofler.it\/wp-content\/uploads\/2020\/07\/balkon-mit-alpenblick.jpg?force_format=webp&amp;q=70&amp;w=1800&amp;h=1434 3x\">\n                <source media=\"(min-width: 768px)\" srcset=\"\n                    https:\/\/acnaayzuen.cloudimg.io\/v7\/https:\/\/www.immobil-niederkofler.it\/wp-content\/uploads\/2020\/07\/balkon-mit-alpenblick.jpg?force_format=webp&amp;q=70&amp;w=496&amp;h=478 1x,\n                    https:\/\/acnaayzuen.cloudimg.io\/v7\/https:\/\/www.immobil-niederkofler.it\/wp-content\/uploads\/2020\/07\/balkon-mit-alpenblick.jpg?force_format=webp&amp;q=70&amp;w=744&amp;h=717 1.5x,\n                    https:\/\/acnaayzuen.cloudimg.io\/v7\/https:\/\/www.immobil-niederkofler.it\/wp-content\/uploads\/2020\/07\/balkon-mit-alpenblick.jpg?force_format=webp&amp;q=70&amp;w=992&amp;h=956 2x,\n                    https:\/\/acnaayzuen.cloudimg.io\/v7\/https:\/\/www.immobil-niederkofler.it\/wp-content\/uploads\/2020\/07\/balkon-mit-alpenblick.jpg?force_format=webp&amp;q=70&amp;w=1488&amp;h=1434 3x\">\n                <source media=\"(min-width: 576px)\" srcset=\"\n                    https:\/\/acnaayzuen.cloudimg.io\/v7\/https:\/\/www.immobil-niederkofler.it\/wp-content\/uploads\/2020\/07\/balkon-mit-alpenblick.jpg?force_format=webp&amp;q=70&amp;w=384&amp;h=200 1x,\n                    https:\/\/acnaayzuen.cloudimg.io\/v7\/https:\/\/www.immobil-niederkofler.it\/wp-content\/uploads\/2020\/07\/balkon-mit-alpenblick.jpg?force_format=webp&amp;q=70&amp;w=576&amp;h=300 1.5x,\n                    https:\/\/acnaayzuen.cloudimg.io\/v7\/https:\/\/www.immobil-niederkofler.it\/wp-content\/uploads\/2020\/07\/balkon-mit-alpenblick.jpg?force_format=webp&amp;q=70&amp;w=768&amp;h=400 2x,\n                    https:\/\/acnaayzuen.cloudimg.io\/v7\/https:\/\/www.immobil-niederkofler.it\/wp-content\/uploads\/2020\/07\/balkon-mit-alpenblick.jpg?force_format=webp&amp;q=70&amp;w=1152&amp;h=600 3x\">\n                <img loading=\"lazy\" decoding=\"async\" class=\"card-project__image\" loading=\"lazy\" width=\"952\" height=\"478\" src=\"https:\/\/acnaayzuen.cloudimg.io\/v7\/https:\/\/www.immobil-niederkofler.it\/wp-content\/uploads\/2020\/07\/balkon-mit-alpenblick.jpg?force_format=webp&amp;q=70&amp;w=952&amp;h=478\" alt=\"\" \/>\n            <\/picture><\/a><\/div>\t\t\t\t<\/div>\n\t\t\t\t<\/div>\n\t\t\t\t\t<\/div>\n\t\t<\/div>\n\t\t\t\t<div class=\"elementor-column elementor-col-33 elementor-inner-column elementor-element elementor-element-1738f4bd\" data-id=\"1738f4bd\" data-element_type=\"column\" data-e-type=\"column\">\n\t\t\t<div class=\"elementor-widget-wrap elementor-element-populated\">\n\t\t\t\t\t\t<div class=\"elementor-element elementor-element-6eb3697f elementor-widget elementor-widget-image-with-headline\" data-id=\"6eb3697f\" data-element_type=\"widget\" data-e-type=\"widget\" data-widget_type=\"image-with-headline.default\">\n\t\t\t\t<div class=\"elementor-widget-container\">\n\t\t\t\t\t<div class=\"service__card-project card-project\"><a href=\"https:\/\/www.immobil-niederkofler.it\/de\/immobiliensuche\/land-forstwirtschaft\/?nutzungsart=waz\" class=\"card-project__link tile-link\"><h2 class=\"card-project__content\">Land-\/Forstwirtschaft<\/h2><picture class=\"card-project__picture\">\n                <source media=\"(max-width: 575px)\" srcset=\"\n                    https:\/\/acnaayzuen.cloudimg.io\/v7\/http:\/\/15789.onofficeweb.com\/wp-content\/uploads\/2020\/07\/wald-sonnenaufgang.jpg?force_format=webp&amp;q=70&amp;w=576&amp;h=200 1x,\n                    https:\/\/acnaayzuen.cloudimg.io\/v7\/http:\/\/15789.onofficeweb.com\/wp-content\/uploads\/2020\/07\/wald-sonnenaufgang.jpg?force_format=webp&amp;q=70&amp;w=864&amp;h=300 1.5x,\n                    https:\/\/acnaayzuen.cloudimg.io\/v7\/http:\/\/15789.onofficeweb.com\/wp-content\/uploads\/2020\/07\/wald-sonnenaufgang.jpg?force_format=webp&amp;q=70&amp;w=1152&amp;h=400 2x,\n                    https:\/\/acnaayzuen.cloudimg.io\/v7\/http:\/\/15789.onofficeweb.com\/wp-content\/uploads\/2020\/07\/wald-sonnenaufgang.jpg?force_format=webp&amp;q=70&amp;w=1728&amp;h=600 3x\">\n                <source media=\"(min-width: 1400px)\" srcset=\"\n                    https:\/\/acnaayzuen.cloudimg.io\/v7\/http:\/\/15789.onofficeweb.com\/wp-content\/uploads\/2020\/07\/wald-sonnenaufgang.jpg?force_format=webp&amp;q=70&amp;w=952&amp;h=532 1x,\n                    https:\/\/acnaayzuen.cloudimg.io\/v7\/http:\/\/15789.onofficeweb.com\/wp-content\/uploads\/2020\/07\/wald-sonnenaufgang.jpg?force_format=webp&amp;q=70&amp;w=1428&amp;h=798 1.5x,\n                    https:\/\/acnaayzuen.cloudimg.io\/v7\/http:\/\/15789.onofficeweb.com\/wp-content\/uploads\/2020\/07\/wald-sonnenaufgang.jpg?force_format=webp&amp;q=70&amp;w=1904&amp;h=1064 2x,\n                    https:\/\/acnaayzuen.cloudimg.io\/v7\/http:\/\/15789.onofficeweb.com\/wp-content\/uploads\/2020\/07\/wald-sonnenaufgang.jpg?force_format=webp&amp;q=70&amp;w=2856&amp;h=1596 3x\">\n                <source media=\"(min-width: 1200px)\" srcset=\"\n                    https:\/\/acnaayzuen.cloudimg.io\/v7\/http:\/\/15789.onofficeweb.com\/wp-content\/uploads\/2020\/07\/wald-sonnenaufgang.jpg?force_format=webp&amp;q=70&amp;w=700&amp;h=478 1x,\n                    https:\/\/acnaayzuen.cloudimg.io\/v7\/http:\/\/15789.onofficeweb.com\/wp-content\/uploads\/2020\/07\/wald-sonnenaufgang.jpg?force_format=webp&amp;q=70&amp;w=1050&amp;h=717 1.5x,\n                    https:\/\/acnaayzuen.cloudimg.io\/v7\/http:\/\/15789.onofficeweb.com\/wp-content\/uploads\/2020\/07\/wald-sonnenaufgang.jpg?force_format=webp&amp;q=70&amp;w=1400&amp;h=956 2x,\n                    https:\/\/acnaayzuen.cloudimg.io\/v7\/http:\/\/15789.onofficeweb.com\/wp-content\/uploads\/2020\/07\/wald-sonnenaufgang.jpg?force_format=webp&amp;q=70&amp;w=2100&amp;h=1434 3x\">\n                <source media=\"(min-width: 992px)\" srcset=\"\n                    https:\/\/acnaayzuen.cloudimg.io\/v7\/http:\/\/15789.onofficeweb.com\/wp-content\/uploads\/2020\/07\/wald-sonnenaufgang.jpg?force_format=webp&amp;q=70&amp;w=600&amp;h=478 1x,\n                    https:\/\/acnaayzuen.cloudimg.io\/v7\/http:\/\/15789.onofficeweb.com\/wp-content\/uploads\/2020\/07\/wald-sonnenaufgang.jpg?force_format=webp&amp;q=70&amp;w=900&amp;h=717 1.5x,\n                    https:\/\/acnaayzuen.cloudimg.io\/v7\/http:\/\/15789.onofficeweb.com\/wp-content\/uploads\/2020\/07\/wald-sonnenaufgang.jpg?force_format=webp&amp;q=70&amp;w=1200&amp;h=956 2x,\n                    https:\/\/acnaayzuen.cloudimg.io\/v7\/http:\/\/15789.onofficeweb.com\/wp-content\/uploads\/2020\/07\/wald-sonnenaufgang.jpg?force_format=webp&amp;q=70&amp;w=1800&amp;h=1434 3x\">\n                <source media=\"(min-width: 768px)\" srcset=\"\n                    https:\/\/acnaayzuen.cloudimg.io\/v7\/http:\/\/15789.onofficeweb.com\/wp-content\/uploads\/2020\/07\/wald-sonnenaufgang.jpg?force_format=webp&amp;q=70&amp;w=496&amp;h=478 1x,\n                    https:\/\/acnaayzuen.cloudimg.io\/v7\/http:\/\/15789.onofficeweb.com\/wp-content\/uploads\/2020\/07\/wald-sonnenaufgang.jpg?force_format=webp&amp;q=70&amp;w=744&amp;h=717 1.5x,\n                    https:\/\/acnaayzuen.cloudimg.io\/v7\/http:\/\/15789.onofficeweb.com\/wp-content\/uploads\/2020\/07\/wald-sonnenaufgang.jpg?force_format=webp&amp;q=70&amp;w=992&amp;h=956 2x,\n                    https:\/\/acnaayzuen.cloudimg.io\/v7\/http:\/\/15789.onofficeweb.com\/wp-content\/uploads\/2020\/07\/wald-sonnenaufgang.jpg?force_format=webp&amp;q=70&amp;w=1488&amp;h=1434 3x\">\n                <source media=\"(min-width: 576px)\" srcset=\"\n                    https:\/\/acnaayzuen.cloudimg.io\/v7\/http:\/\/15789.onofficeweb.com\/wp-content\/uploads\/2020\/07\/wald-sonnenaufgang.jpg?force_format=webp&amp;q=70&amp;w=384&amp;h=200 1x,\n                    https:\/\/acnaayzuen.cloudimg.io\/v7\/http:\/\/15789.onofficeweb.com\/wp-content\/uploads\/2020\/07\/wald-sonnenaufgang.jpg?force_format=webp&amp;q=70&amp;w=576&amp;h=300 1.5x,\n                    https:\/\/acnaayzuen.cloudimg.io\/v7\/http:\/\/15789.onofficeweb.com\/wp-content\/uploads\/2020\/07\/wald-sonnenaufgang.jpg?force_format=webp&amp;q=70&amp;w=768&amp;h=400 2x,\n                    https:\/\/acnaayzuen.cloudimg.io\/v7\/http:\/\/15789.onofficeweb.com\/wp-content\/uploads\/2020\/07\/wald-sonnenaufgang.jpg?force_format=webp&amp;q=70&amp;w=1152&amp;h=600 3x\">\n                <img loading=\"lazy\" decoding=\"async\" class=\"card-project__image\" loading=\"lazy\" width=\"952\" height=\"478\" src=\"https:\/\/acnaayzuen.cloudimg.io\/v7\/http:\/\/15789.onofficeweb.com\/wp-content\/uploads\/2020\/07\/wald-sonnenaufgang.jpg?force_format=webp&amp;q=70&amp;w=952&amp;h=478\" alt=\"\" \/>\n            <\/picture><\/a><\/div>\t\t\t\t<\/div>\n\t\t\t\t<\/div>\n\t\t\t\t\t<\/div>\n\t\t<\/div>\n\t\t\t\t<div class=\"elementor-column elementor-col-33 elementor-inner-column elementor-element elementor-element-6204f9fe\" data-id=\"6204f9fe\" data-element_type=\"column\" data-e-type=\"column\">\n\t\t\t<div class=\"elementor-widget-wrap elementor-element-populated\">\n\t\t\t\t\t\t<div class=\"elementor-element elementor-element-54ab38ee elementor-widget elementor-widget-image-with-headline\" data-id=\"54ab38ee\" data-element_type=\"widget\" data-e-type=\"widget\" data-widget_type=\"image-with-headline.default\">\n\t\t\t\t<div class=\"elementor-widget-container\">\n\t\t\t\t\t<div class=\"service__card-project card-project\"><a href=\"https:\/\/www.immobil-niederkofler.it\/de\/immobiliensuche\/parken\/?objektart=parken\" class=\"card-project__link tile-link\"><h2 class=\"card-project__content\">Parken \/ Stellpl\u00e4tze<\/h2><picture class=\"card-project__picture\">\n                <source media=\"(max-width: 575px)\" srcset=\"\n                    https:\/\/acnaayzuen.cloudimg.io\/v7\/https:\/\/www.immobil-niederkofler.it\/wp-content\/uploads\/2025\/01\/Posto-auto-scaled.jpeg?force_format=webp&amp;q=70&amp;w=576&amp;h=200 1x,\n                    https:\/\/acnaayzuen.cloudimg.io\/v7\/https:\/\/www.immobil-niederkofler.it\/wp-content\/uploads\/2025\/01\/Posto-auto-scaled.jpeg?force_format=webp&amp;q=70&amp;w=864&amp;h=300 1.5x,\n                    https:\/\/acnaayzuen.cloudimg.io\/v7\/https:\/\/www.immobil-niederkofler.it\/wp-content\/uploads\/2025\/01\/Posto-auto-scaled.jpeg?force_format=webp&amp;q=70&amp;w=1152&amp;h=400 2x,\n                    https:\/\/acnaayzuen.cloudimg.io\/v7\/https:\/\/www.immobil-niederkofler.it\/wp-content\/uploads\/2025\/01\/Posto-auto-scaled.jpeg?force_format=webp&amp;q=70&amp;w=1728&amp;h=600 3x\">\n                <source media=\"(min-width: 1400px)\" srcset=\"\n                    https:\/\/acnaayzuen.cloudimg.io\/v7\/https:\/\/www.immobil-niederkofler.it\/wp-content\/uploads\/2025\/01\/Posto-auto-scaled.jpeg?force_format=webp&amp;q=70&amp;w=952&amp;h=532 1x,\n                    https:\/\/acnaayzuen.cloudimg.io\/v7\/https:\/\/www.immobil-niederkofler.it\/wp-content\/uploads\/2025\/01\/Posto-auto-scaled.jpeg?force_format=webp&amp;q=70&amp;w=1428&amp;h=798 1.5x,\n                    https:\/\/acnaayzuen.cloudimg.io\/v7\/https:\/\/www.immobil-niederkofler.it\/wp-content\/uploads\/2025\/01\/Posto-auto-scaled.jpeg?force_format=webp&amp;q=70&amp;w=1904&amp;h=1064 2x,\n                    https:\/\/acnaayzuen.cloudimg.io\/v7\/https:\/\/www.immobil-niederkofler.it\/wp-content\/uploads\/2025\/01\/Posto-auto-scaled.jpeg?force_format=webp&amp;q=70&amp;w=2856&amp;h=1596 3x\">\n                <source media=\"(min-width: 1200px)\" srcset=\"\n                    https:\/\/acnaayzuen.cloudimg.io\/v7\/https:\/\/www.immobil-niederkofler.it\/wp-content\/uploads\/2025\/01\/Posto-auto-scaled.jpeg?force_format=webp&amp;q=70&amp;w=700&amp;h=478 1x,\n                    https:\/\/acnaayzuen.cloudimg.io\/v7\/https:\/\/www.immobil-niederkofler.it\/wp-content\/uploads\/2025\/01\/Posto-auto-scaled.jpeg?force_format=webp&amp;q=70&amp;w=1050&amp;h=717 1.5x,\n                    https:\/\/acnaayzuen.cloudimg.io\/v7\/https:\/\/www.immobil-niederkofler.it\/wp-content\/uploads\/2025\/01\/Posto-auto-scaled.jpeg?force_format=webp&amp;q=70&amp;w=1400&amp;h=956 2x,\n                    https:\/\/acnaayzuen.cloudimg.io\/v7\/https:\/\/www.immobil-niederkofler.it\/wp-content\/uploads\/2025\/01\/Posto-auto-scaled.jpeg?force_format=webp&amp;q=70&amp;w=2100&amp;h=1434 3x\">\n                <source media=\"(min-width: 992px)\" srcset=\"\n                    https:\/\/acnaayzuen.cloudimg.io\/v7\/https:\/\/www.immobil-niederkofler.it\/wp-content\/uploads\/2025\/01\/Posto-auto-scaled.jpeg?force_format=webp&amp;q=70&amp;w=600&amp;h=478 1x,\n                    https:\/\/acnaayzuen.cloudimg.io\/v7\/https:\/\/www.immobil-niederkofler.it\/wp-content\/uploads\/2025\/01\/Posto-auto-scaled.jpeg?force_format=webp&amp;q=70&amp;w=900&amp;h=717 1.5x,\n                    https:\/\/acnaayzuen.cloudimg.io\/v7\/https:\/\/www.immobil-niederkofler.it\/wp-content\/uploads\/2025\/01\/Posto-auto-scaled.jpeg?force_format=webp&amp;q=70&amp;w=1200&amp;h=956 2x,\n                    https:\/\/acnaayzuen.cloudimg.io\/v7\/https:\/\/www.immobil-niederkofler.it\/wp-content\/uploads\/2025\/01\/Posto-auto-scaled.jpeg?force_format=webp&amp;q=70&amp;w=1800&amp;h=1434 3x\">\n                <source media=\"(min-width: 768px)\" srcset=\"\n                    https:\/\/acnaayzuen.cloudimg.io\/v7\/https:\/\/www.immobil-niederkofler.it\/wp-content\/uploads\/2025\/01\/Posto-auto-scaled.jpeg?force_format=webp&amp;q=70&amp;w=496&amp;h=478 1x,\n                    https:\/\/acnaayzuen.cloudimg.io\/v7\/https:\/\/www.immobil-niederkofler.it\/wp-content\/uploads\/2025\/01\/Posto-auto-scaled.jpeg?force_format=webp&amp;q=70&amp;w=744&amp;h=717 1.5x,\n                    https:\/\/acnaayzuen.cloudimg.io\/v7\/https:\/\/www.immobil-niederkofler.it\/wp-content\/uploads\/2025\/01\/Posto-auto-scaled.jpeg?force_format=webp&amp;q=70&amp;w=992&amp;h=956 2x,\n                    https:\/\/acnaayzuen.cloudimg.io\/v7\/https:\/\/www.immobil-niederkofler.it\/wp-content\/uploads\/2025\/01\/Posto-auto-scaled.jpeg?force_format=webp&amp;q=70&amp;w=1488&amp;h=1434 3x\">\n                <source media=\"(min-width: 576px)\" srcset=\"\n                    https:\/\/acnaayzuen.cloudimg.io\/v7\/https:\/\/www.immobil-niederkofler.it\/wp-content\/uploads\/2025\/01\/Posto-auto-scaled.jpeg?force_format=webp&amp;q=70&amp;w=384&amp;h=200 1x,\n                    https:\/\/acnaayzuen.cloudimg.io\/v7\/https:\/\/www.immobil-niederkofler.it\/wp-content\/uploads\/2025\/01\/Posto-auto-scaled.jpeg?force_format=webp&amp;q=70&amp;w=576&amp;h=300 1.5x,\n                    https:\/\/acnaayzuen.cloudimg.io\/v7\/https:\/\/www.immobil-niederkofler.it\/wp-content\/uploads\/2025\/01\/Posto-auto-scaled.jpeg?force_format=webp&amp;q=70&amp;w=768&amp;h=400 2x,\n                    https:\/\/acnaayzuen.cloudimg.io\/v7\/https:\/\/www.immobil-niederkofler.it\/wp-content\/uploads\/2025\/01\/Posto-auto-scaled.jpeg?force_format=webp&amp;q=70&amp;w=1152&amp;h=600 3x\">\n                <img loading=\"lazy\" decoding=\"async\" class=\"card-project__image\" loading=\"lazy\" width=\"952\" height=\"478\" src=\"https:\/\/acnaayzuen.cloudimg.io\/v7\/https:\/\/www.immobil-niederkofler.it\/wp-content\/uploads\/2025\/01\/Posto-auto-scaled.jpeg?force_format=webp&amp;q=70&amp;w=952&amp;h=478\" alt=\"\" \/>\n            <\/picture><\/a><\/div>\t\t\t\t<\/div>\n\t\t\t\t<\/div>\n\t\t\t\t\t<\/div>\n\t\t<\/div>\n\t\t\t\t\t<\/div>\n\t\t<\/section>\n\t\t\t\t<div class=\"elementor-element elementor-element-24ad8f7b elementor-widget elementor-widget-spacer\" data-id=\"24ad8f7b\" data-element_type=\"widget\" data-e-type=\"widget\" data-widget_type=\"spacer.default\">\n\t\t\t\t<div class=\"elementor-widget-container\">\n\t\t\t\t\t\t\t<div class=\"elementor-spacer\">\n\t\t\t<div class=\"elementor-spacer-inner\"><\/div>\n\t\t<\/div>\n\t\t\t\t\t\t<\/div>\n\t\t\t\t<\/div>\n\t\t\t\t\t<\/div>\n\t\t<\/div>\n\t\t\t\t\t<\/div>\n\t\t<\/section>\n\t\t\t\t<\/div>\n\t\t","protected":false},"excerpt":{"rendered":"<p>Immobilien Niederkofler &#8211; finden Sie Ihre Wohnimmobilie in S\u00fcdtirol Sie suchen eine Wohnimmobilie zum Kauf oder zur Miete in Bruneck, Bozen, Toblach, Corvara und Umgebung? Immobilien Niederkofler unterst\u00fctzt sie dabei! Wir bieten Ihnen ein breites Spektrum an Immobilien in S\u00fcdtirol, um Ihren W\u00fcnschen und Bed\u00fcrfnissen gerecht zu werden. Durchsuchen Sie unser Portfolio, um Ihrer Traumimmobilie [&hellip;]<\/p>\n","protected":false},"author":4,"featured_media":0,"parent":32,"menu_order":0,"comment_status":"closed","ping_status":"closed","template":"","meta":{"_acf_changed":false,"_monsterinsights_skip_tracking":false,"_monsterinsights_sitenote_active":false,"_monsterinsights_sitenote_note":"","_monsterinsights_sitenote_category":0,"footnotes":""},"class_list":["post-36","page","type-page","status-publish","hentry"],"acf":[],"yoast_head":"<!-- This site is optimized with the Yoast SEO plugin v27.4 - https:\/\/yoast.com\/product\/yoast-seo-wordpress\/ -->\n<title>H\u00e4user &amp; Wohnungen in S\u00fcdtirol | Immobilien Niederkofler<\/title>\n<meta name=\"description\" content=\"Eigenheim in S\u00fcdtirol finden: Alle H\u00e4user &amp; Wohnungen zum Kauf und zur Miete finden Sie in unserem Portfolio - sehen Sie sich um!\" \/>\n<meta name=\"robots\" content=\"index, follow, max-snippet:-1, max-image-preview:large, max-video-preview:-1\" \/>\n<link rel=\"canonical\" href=\"https:\/\/www.immobil-niederkofler.it\/de\/immobiliensuche\/wohnimmobilien\/\" \/>\n<meta property=\"og:locale\" content=\"de_DE\" \/>\n<meta property=\"og:type\" content=\"article\" \/>\n<meta property=\"og:title\" content=\"H\u00e4user &amp; Wohnungen in S\u00fcdtirol | Immobilien Niederkofler\" \/>\n<meta property=\"og:description\" content=\"Eigenheim in S\u00fcdtirol finden: Alle H\u00e4user &amp; Wohnungen zum Kauf und zur Miete finden Sie in unserem Portfolio - sehen Sie sich um!\" \/>\n<meta property=\"og:url\" content=\"https:\/\/www.immobil-niederkofler.it\/de\/immobiliensuche\/wohnimmobilien\/\" \/>\n<meta property=\"og:site_name\" content=\"Immobilien Niederkofler\" \/>\n<meta property=\"article:publisher\" content=\"https:\/\/de-de.facebook.com\/ImmobilienNiederkofler\/\" \/>\n<meta property=\"article:modified_time\" content=\"2026-04-22T14:09:36+00:00\" \/>\n<meta property=\"og:image\" content=\"https:\/\/acnaayzuen.cloudimg.io\/v7\/https:\/\/www.immobil-niederkofler.it\/wp-content\/uploads\/2024\/12\/paar-laptop-768x512-1.jpg?force_format=webp&amp;q=70&amp;w=952&amp;h=478\" \/>\n<meta name=\"twitter:card\" content=\"summary_large_image\" \/>\n<meta name=\"twitter:label1\" content=\"Gesch\u00e4tzte Lesezeit\" \/>\n\t<meta name=\"twitter:data1\" content=\"30\u00a0Minuten\" \/>\n<script type=\"application\/ld+json\" class=\"yoast-schema-graph\">{\"@context\":\"https:\\\/\\\/schema.org\",\"@graph\":[{\"@type\":\"WebPage\",\"@id\":\"https:\\\/\\\/www.immobil-niederkofler.it\\\/de\\\/immobiliensuche\\\/wohnimmobilien\\\/\",\"url\":\"https:\\\/\\\/www.immobil-niederkofler.it\\\/de\\\/immobiliensuche\\\/wohnimmobilien\\\/\",\"name\":\"H\u00e4user & Wohnungen in S\u00fcdtirol | Immobilien Niederkofler\",\"isPartOf\":{\"@id\":\"https:\\\/\\\/www.immobil-niederkofler.it\\\/de\\\/#website\"},\"primaryImageOfPage\":{\"@id\":\"https:\\\/\\\/www.immobil-niederkofler.it\\\/de\\\/immobiliensuche\\\/wohnimmobilien\\\/#primaryimage\"},\"image\":{\"@id\":\"https:\\\/\\\/www.immobil-niederkofler.it\\\/de\\\/immobiliensuche\\\/wohnimmobilien\\\/#primaryimage\"},\"thumbnailUrl\":\"https:\\\/\\\/acnaayzuen.cloudimg.io\\\/v7\\\/https:\\\/\\\/www.immobil-niederkofler.it\\\/wp-content\\\/uploads\\\/2024\\\/12\\\/paar-laptop-768x512-1.jpg?force_format=webp&amp;q=70&amp;w=952&amp;h=478\",\"datePublished\":\"2019-10-09T08:03:25+00:00\",\"dateModified\":\"2026-04-22T14:09:36+00:00\",\"description\":\"Eigenheim in S\u00fcdtirol finden: Alle H\u00e4user & Wohnungen zum Kauf und zur Miete finden Sie in unserem Portfolio - sehen Sie sich um!\",\"breadcrumb\":{\"@id\":\"https:\\\/\\\/www.immobil-niederkofler.it\\\/de\\\/immobiliensuche\\\/wohnimmobilien\\\/#breadcrumb\"},\"inLanguage\":\"de\",\"potentialAction\":[{\"@type\":\"ReadAction\",\"target\":[\"https:\\\/\\\/www.immobil-niederkofler.it\\\/de\\\/immobiliensuche\\\/wohnimmobilien\\\/\"]}]},{\"@type\":\"ImageObject\",\"inLanguage\":\"de\",\"@id\":\"https:\\\/\\\/www.immobil-niederkofler.it\\\/de\\\/immobiliensuche\\\/wohnimmobilien\\\/#primaryimage\",\"url\":\"https:\\\/\\\/acnaayzuen.cloudimg.io\\\/v7\\\/https:\\\/\\\/www.immobil-niederkofler.it\\\/wp-content\\\/uploads\\\/2024\\\/12\\\/paar-laptop-768x512-1.jpg?force_format=webp&amp;q=70&amp;w=952&amp;h=478\",\"contentUrl\":\"https:\\\/\\\/acnaayzuen.cloudimg.io\\\/v7\\\/https:\\\/\\\/www.immobil-niederkofler.it\\\/wp-content\\\/uploads\\\/2024\\\/12\\\/paar-laptop-768x512-1.jpg?force_format=webp&amp;q=70&amp;w=952&amp;h=478\"},{\"@type\":\"BreadcrumbList\",\"@id\":\"https:\\\/\\\/www.immobil-niederkofler.it\\\/de\\\/immobiliensuche\\\/wohnimmobilien\\\/#breadcrumb\",\"itemListElement\":[{\"@type\":\"ListItem\",\"position\":1,\"name\":\"Immobiliensuche\",\"item\":\"https:\\\/\\\/www.immobil-niederkofler.it\\\/de\\\/immobiliensuche\\\/\"},{\"@type\":\"ListItem\",\"position\":2,\"name\":\"Wohnimmobilien\"}]},{\"@type\":\"WebSite\",\"@id\":\"https:\\\/\\\/www.immobil-niederkofler.it\\\/de\\\/#website\",\"url\":\"https:\\\/\\\/www.immobil-niederkofler.it\\\/de\\\/\",\"name\":\"Immobilien Niederkofler\",\"description\":\"Willkommen bei Immobilien Niederkofler, Ihrem zuverl\u00e4ssigen und kompetenten Immobilienmakler im sch\u00f6nen S\u00fcdtirol\",\"potentialAction\":[{\"@type\":\"SearchAction\",\"target\":{\"@type\":\"EntryPoint\",\"urlTemplate\":\"https:\\\/\\\/www.immobil-niederkofler.it\\\/de\\\/?s={search_term_string}\"},\"query-input\":{\"@type\":\"PropertyValueSpecification\",\"valueRequired\":true,\"valueName\":\"search_term_string\"}}],\"inLanguage\":\"de\"}]}<\/script>\n<!-- \/ Yoast SEO plugin. -->","yoast_head_json":{"title":"H\u00e4user & Wohnungen in S\u00fcdtirol | Immobilien Niederkofler","description":"Eigenheim in S\u00fcdtirol finden: Alle H\u00e4user & Wohnungen zum Kauf und zur Miete finden Sie in unserem Portfolio - sehen Sie sich um!","robots":{"index":"index","follow":"follow","max-snippet":"max-snippet:-1","max-image-preview":"max-image-preview:large","max-video-preview":"max-video-preview:-1"},"canonical":"https:\/\/www.immobil-niederkofler.it\/de\/immobiliensuche\/wohnimmobilien\/","og_locale":"de_DE","og_type":"article","og_title":"H\u00e4user & Wohnungen in S\u00fcdtirol | Immobilien Niederkofler","og_description":"Eigenheim in S\u00fcdtirol finden: Alle H\u00e4user & Wohnungen zum Kauf und zur Miete finden Sie in unserem Portfolio - sehen Sie sich um!","og_url":"https:\/\/www.immobil-niederkofler.it\/de\/immobiliensuche\/wohnimmobilien\/","og_site_name":"Immobilien Niederkofler","article_publisher":"https:\/\/de-de.facebook.com\/ImmobilienNiederkofler\/","article_modified_time":"2026-04-22T14:09:36+00:00","og_image":[{"url":"https:\/\/acnaayzuen.cloudimg.io\/v7\/https:\/\/www.immobil-niederkofler.it\/wp-content\/uploads\/2024\/12\/paar-laptop-768x512-1.jpg?force_format=webp&amp;q=70&amp;w=952&amp;h=478","type":"","width":"","height":""}],"twitter_card":"summary_large_image","twitter_misc":{"Gesch\u00e4tzte Lesezeit":"30\u00a0Minuten"},"schema":{"@context":"https:\/\/schema.org","@graph":[{"@type":"WebPage","@id":"https:\/\/www.immobil-niederkofler.it\/de\/immobiliensuche\/wohnimmobilien\/","url":"https:\/\/www.immobil-niederkofler.it\/de\/immobiliensuche\/wohnimmobilien\/","name":"H\u00e4user & Wohnungen in S\u00fcdtirol | Immobilien Niederkofler","isPartOf":{"@id":"https:\/\/www.immobil-niederkofler.it\/de\/#website"},"primaryImageOfPage":{"@id":"https:\/\/www.immobil-niederkofler.it\/de\/immobiliensuche\/wohnimmobilien\/#primaryimage"},"image":{"@id":"https:\/\/www.immobil-niederkofler.it\/de\/immobiliensuche\/wohnimmobilien\/#primaryimage"},"thumbnailUrl":"https:\/\/acnaayzuen.cloudimg.io\/v7\/https:\/\/www.immobil-niederkofler.it\/wp-content\/uploads\/2024\/12\/paar-laptop-768x512-1.jpg?force_format=webp&amp;q=70&amp;w=952&amp;h=478","datePublished":"2019-10-09T08:03:25+00:00","dateModified":"2026-04-22T14:09:36+00:00","description":"Eigenheim in S\u00fcdtirol finden: Alle H\u00e4user & Wohnungen zum Kauf und zur Miete finden Sie in unserem Portfolio - sehen Sie sich um!","breadcrumb":{"@id":"https:\/\/www.immobil-niederkofler.it\/de\/immobiliensuche\/wohnimmobilien\/#breadcrumb"},"inLanguage":"de","potentialAction":[{"@type":"ReadAction","target":["https:\/\/www.immobil-niederkofler.it\/de\/immobiliensuche\/wohnimmobilien\/"]}]},{"@type":"ImageObject","inLanguage":"de","@id":"https:\/\/www.immobil-niederkofler.it\/de\/immobiliensuche\/wohnimmobilien\/#primaryimage","url":"https:\/\/acnaayzuen.cloudimg.io\/v7\/https:\/\/www.immobil-niederkofler.it\/wp-content\/uploads\/2024\/12\/paar-laptop-768x512-1.jpg?force_format=webp&amp;q=70&amp;w=952&amp;h=478","contentUrl":"https:\/\/acnaayzuen.cloudimg.io\/v7\/https:\/\/www.immobil-niederkofler.it\/wp-content\/uploads\/2024\/12\/paar-laptop-768x512-1.jpg?force_format=webp&amp;q=70&amp;w=952&amp;h=478"},{"@type":"BreadcrumbList","@id":"https:\/\/www.immobil-niederkofler.it\/de\/immobiliensuche\/wohnimmobilien\/#breadcrumb","itemListElement":[{"@type":"ListItem","position":1,"name":"Immobiliensuche","item":"https:\/\/www.immobil-niederkofler.it\/de\/immobiliensuche\/"},{"@type":"ListItem","position":2,"name":"Wohnimmobilien"}]},{"@type":"WebSite","@id":"https:\/\/www.immobil-niederkofler.it\/de\/#website","url":"https:\/\/www.immobil-niederkofler.it\/de\/","name":"Immobilien Niederkofler","description":"Willkommen bei Immobilien Niederkofler, Ihrem zuverl\u00e4ssigen und kompetenten Immobilienmakler im sch\u00f6nen S\u00fcdtirol","potentialAction":[{"@type":"SearchAction","target":{"@type":"EntryPoint","urlTemplate":"https:\/\/www.immobil-niederkofler.it\/de\/?s={search_term_string}"},"query-input":{"@type":"PropertyValueSpecification","valueRequired":true,"valueName":"search_term_string"}}],"inLanguage":"de"}]}},"_links":{"self":[{"href":"https:\/\/www.immobil-niederkofler.it\/de\/wp-json\/wp\/v2\/pages\/36","targetHints":{"allow":["GET"]}}],"collection":[{"href":"https:\/\/www.immobil-niederkofler.it\/de\/wp-json\/wp\/v2\/pages"}],"about":[{"href":"https:\/\/www.immobil-niederkofler.it\/de\/wp-json\/wp\/v2\/types\/page"}],"author":[{"embeddable":true,"href":"https:\/\/www.immobil-niederkofler.it\/de\/wp-json\/wp\/v2\/users\/4"}],"replies":[{"embeddable":true,"href":"https:\/\/www.immobil-niederkofler.it\/de\/wp-json\/wp\/v2\/comments?post=36"}],"version-history":[{"count":38,"href":"https:\/\/www.immobil-niederkofler.it\/de\/wp-json\/wp\/v2\/pages\/36\/revisions"}],"predecessor-version":[{"id":10493,"href":"https:\/\/www.immobil-niederkofler.it\/de\/wp-json\/wp\/v2\/pages\/36\/revisions\/10493"}],"up":[{"embeddable":true,"href":"https:\/\/www.immobil-niederkofler.it\/de\/wp-json\/wp\/v2\/pages\/32"}],"wp:attachment":[{"href":"https:\/\/www.immobil-niederkofler.it\/de\/wp-json\/wp\/v2\/media?parent=36"}],"curies":[{"name":"wp","href":"https:\/\/api.w.org\/{rel}","templated":true}]}}