{"id":215,"date":"2020-02-27T15:31:42","date_gmt":"2020-02-27T14:31:42","guid":{"rendered":"http:\/\/15789.onofficeweb.com\/?page_id=215"},"modified":"2025-06-13T11:13:30","modified_gmt":"2025-06-13T09:13:30","slug":"standorte","status":"publish","type":"page","link":"https:\/\/www.immobil-niederkofler.it\/de\/standorte\/","title":{"rendered":"Standorte"},"content":{"rendered":"\t\t<div data-elementor-type=\"wp-page\" data-elementor-id=\"215\" class=\"elementor elementor-215\" data-elementor-post-type=\"page\">\n\t\t\t\t\t\t<section class=\"elementor-section elementor-top-section elementor-element elementor-element-31df058 elementor-section-full_width elementor-section-height-default elementor-section-height-default\" data-id=\"31df058\" data-element_type=\"section\" data-e-type=\"section\">\n\t\t\t\t\t\t<div class=\"elementor-container elementor-column-gap-default\">\n\t\t\t\t\t<div class=\"elementor-column elementor-col-100 elementor-top-column elementor-element elementor-element-370c459\" data-id=\"370c459\" data-element_type=\"column\" data-e-type=\"column\">\n\t\t\t<div class=\"elementor-widget-wrap elementor-element-populated\">\n\t\t\t\t\t\t<div class=\"elementor-element elementor-element-acbbaa7 elementor-widget elementor-widget-h1-with-lines\" data-id=\"acbbaa7\" data-element_type=\"widget\" data-e-type=\"widget\" data-widget_type=\"h1-with-lines.default\">\n\t\t\t\t<div class=\"elementor-widget-container\">\n\t\t\t\t\t\t\t<h1 class=\"site-title with-lines center\">\n            <span>Unsere Standorte in S\u00fcdtirol<\/span>\n        <\/h1>\n        \t\t\t\t<\/div>\n\t\t\t\t<\/div>\n\t\t\t\t\t<\/div>\n\t\t<\/div>\n\t\t\t\t\t<\/div>\n\t\t<\/section>\n\t\t\t\t<section class=\"elementor-section elementor-top-section elementor-element elementor-element-0f1a897 elementor-section-boxed elementor-section-height-default elementor-section-height-default\" data-id=\"0f1a897\" data-element_type=\"section\" data-e-type=\"section\">\n\t\t\t\t\t\t<div class=\"elementor-container elementor-column-gap-default\">\n\t\t\t\t\t<div class=\"elementor-column elementor-col-100 elementor-top-column elementor-element elementor-element-82e66fd\" data-id=\"82e66fd\" data-element_type=\"column\" data-e-type=\"column\">\n\t\t\t<div class=\"elementor-widget-wrap elementor-element-populated\">\n\t\t\t\t\t\t<div class=\"elementor-element elementor-element-6931e38 elementor-widget elementor-widget-text-editor\" data-id=\"6931e38\" data-element_type=\"widget\" data-e-type=\"widget\" data-widget_type=\"text-editor.default\">\n\t\t\t\t<div class=\"elementor-widget-container\">\n\t\t\t\t\t\t\t\t\t<p style=\"text-align: left;\">Unser erfahrenes <a href=\"https:\/\/www.immobil-niederkofler.it\/de\/ueber-uns\/team\/\">Team<\/a> von Immobilien Niederkofler steht Ihnen <strong>in Bozen, im Pustertal, im Tauferer Ahrntal, im Gadertal<\/strong>, wie auch im gesamten <strong>Dolomitenraum<\/strong> und bis hin zum <strong>Gardasee<\/strong> mit vielseitigen <a href=\"https:\/\/www.immobil-niederkofler.it\/de\/services\/\">Serviceleistungen<\/a> rund um Immobilien zur Verf\u00fcgung. Sie tr\u00e4umen von einer <a href=\"https:\/\/www.immobil-niederkofler.it\/de\/immobiliensuche\/wohnimmobilien\/?nutzungsart=wohnen\">Wohnimmobilie<\/a> im sch\u00f6nen S\u00fcdtirol oder m\u00f6chten sich dort oder in Italien <a href=\"https:\/\/www.immobil-niederkofler.it\/de\/immobiliensuche\/gewerbeimmobilien\/?nutzungsart=gewerbe\">gesch\u00e4ftlich<\/a> niederlassen oder erweitern? Wir unterst\u00fctzen Sie bei all diesen Angelegenheiten &#8211; unkompliziert, vertrauensvoll und mit viel Knowhow!<\/p>\t\t\t\t\t\t\t\t<\/div>\n\t\t\t\t<\/div>\n\t\t\t\t\t<\/div>\n\t\t<\/div>\n\t\t\t\t\t<\/div>\n\t\t<\/section>\n\t\t\t\t<section class=\"elementor-section elementor-top-section elementor-element elementor-element-8082d4b elementor-section-full_width elementor-section-height-default elementor-section-height-default\" data-id=\"8082d4b\" data-element_type=\"section\" data-e-type=\"section\">\n\t\t\t\t\t\t<div class=\"elementor-container elementor-column-gap-default\">\n\t\t\t\t\t<div class=\"elementor-column elementor-col-100 elementor-top-column elementor-element elementor-element-971444e\" data-id=\"971444e\" data-element_type=\"column\" data-e-type=\"column\">\n\t\t\t<div class=\"elementor-widget-wrap elementor-element-populated\">\n\t\t\t\t\t\t<section class=\"elementor-section elementor-inner-section elementor-element elementor-element-910e090 elementor-section-full_width elementor-section-height-default elementor-section-height-default\" data-id=\"910e090\" data-element_type=\"section\" data-e-type=\"section\">\n\t\t\t\t\t\t<div class=\"elementor-container elementor-column-gap-no\">\n\t\t\t\t\t<div class=\"elementor-column elementor-col-50 elementor-inner-column elementor-element elementor-element-e49591c\" data-id=\"e49591c\" data-element_type=\"column\" data-e-type=\"column\">\n\t\t\t<div class=\"elementor-widget-wrap elementor-element-populated\">\n\t\t\t\t\t\t<div class=\"elementor-element elementor-element-6fb98f0 elementor-widget elementor-widget-image-with-headline\" data-id=\"6fb98f0\" data-element_type=\"widget\" data-e-type=\"widget\" data-widget_type=\"image-with-headline.default\">\n\t\t\t\t<div class=\"elementor-widget-container\">\n\t\t\t\t\t<div class=\"service__card-project card-project\"><a href=\"https:\/\/www.immobil-niederkofler.it\/de\/standorte\/bruneck\/\" class=\"card-project__link tile-link\"><h2 class=\"card-project__content\">Bruneck<\/h2><picture class=\"card-project__picture\">\n                <source media=\"(max-width: 575px)\" srcset=\"\n                    https:\/\/acnaayzuen.cloudimg.io\/v7\/https:\/\/www.immobil-niederkofler.it\/wp-content\/uploads\/2020\/07\/buero-stadtgasse-detail.jpg?force_format=webp&amp;q=70&amp;w=576&amp;h=200 1x,\n                    https:\/\/acnaayzuen.cloudimg.io\/v7\/https:\/\/www.immobil-niederkofler.it\/wp-content\/uploads\/2020\/07\/buero-stadtgasse-detail.jpg?force_format=webp&amp;q=70&amp;w=864&amp;h=300 1.5x,\n                    https:\/\/acnaayzuen.cloudimg.io\/v7\/https:\/\/www.immobil-niederkofler.it\/wp-content\/uploads\/2020\/07\/buero-stadtgasse-detail.jpg?force_format=webp&amp;q=70&amp;w=1152&amp;h=400 2x,\n                    https:\/\/acnaayzuen.cloudimg.io\/v7\/https:\/\/www.immobil-niederkofler.it\/wp-content\/uploads\/2020\/07\/buero-stadtgasse-detail.jpg?force_format=webp&amp;q=70&amp;w=1728&amp;h=600 3x\">\n                <source media=\"(min-width: 1400px)\" srcset=\"\n                    https:\/\/acnaayzuen.cloudimg.io\/v7\/https:\/\/www.immobil-niederkofler.it\/wp-content\/uploads\/2020\/07\/buero-stadtgasse-detail.jpg?force_format=webp&amp;q=70&amp;w=952&amp;h=532 1x,\n                    https:\/\/acnaayzuen.cloudimg.io\/v7\/https:\/\/www.immobil-niederkofler.it\/wp-content\/uploads\/2020\/07\/buero-stadtgasse-detail.jpg?force_format=webp&amp;q=70&amp;w=1428&amp;h=798 1.5x,\n                    https:\/\/acnaayzuen.cloudimg.io\/v7\/https:\/\/www.immobil-niederkofler.it\/wp-content\/uploads\/2020\/07\/buero-stadtgasse-detail.jpg?force_format=webp&amp;q=70&amp;w=1904&amp;h=1064 2x,\n                    https:\/\/acnaayzuen.cloudimg.io\/v7\/https:\/\/www.immobil-niederkofler.it\/wp-content\/uploads\/2020\/07\/buero-stadtgasse-detail.jpg?force_format=webp&amp;q=70&amp;w=2856&amp;h=1596 3x\">\n                <source media=\"(min-width: 1200px)\" srcset=\"\n                    https:\/\/acnaayzuen.cloudimg.io\/v7\/https:\/\/www.immobil-niederkofler.it\/wp-content\/uploads\/2020\/07\/buero-stadtgasse-detail.jpg?force_format=webp&amp;q=70&amp;w=700&amp;h=478 1x,\n                    https:\/\/acnaayzuen.cloudimg.io\/v7\/https:\/\/www.immobil-niederkofler.it\/wp-content\/uploads\/2020\/07\/buero-stadtgasse-detail.jpg?force_format=webp&amp;q=70&amp;w=1050&amp;h=717 1.5x,\n                    https:\/\/acnaayzuen.cloudimg.io\/v7\/https:\/\/www.immobil-niederkofler.it\/wp-content\/uploads\/2020\/07\/buero-stadtgasse-detail.jpg?force_format=webp&amp;q=70&amp;w=1400&amp;h=956 2x,\n                    https:\/\/acnaayzuen.cloudimg.io\/v7\/https:\/\/www.immobil-niederkofler.it\/wp-content\/uploads\/2020\/07\/buero-stadtgasse-detail.jpg?force_format=webp&amp;q=70&amp;w=2100&amp;h=1434 3x\">\n                <source media=\"(min-width: 992px)\" srcset=\"\n                    https:\/\/acnaayzuen.cloudimg.io\/v7\/https:\/\/www.immobil-niederkofler.it\/wp-content\/uploads\/2020\/07\/buero-stadtgasse-detail.jpg?force_format=webp&amp;q=70&amp;w=600&amp;h=478 1x,\n                    https:\/\/acnaayzuen.cloudimg.io\/v7\/https:\/\/www.immobil-niederkofler.it\/wp-content\/uploads\/2020\/07\/buero-stadtgasse-detail.jpg?force_format=webp&amp;q=70&amp;w=900&amp;h=717 1.5x,\n                    https:\/\/acnaayzuen.cloudimg.io\/v7\/https:\/\/www.immobil-niederkofler.it\/wp-content\/uploads\/2020\/07\/buero-stadtgasse-detail.jpg?force_format=webp&amp;q=70&amp;w=1200&amp;h=956 2x,\n                    https:\/\/acnaayzuen.cloudimg.io\/v7\/https:\/\/www.immobil-niederkofler.it\/wp-content\/uploads\/2020\/07\/buero-stadtgasse-detail.jpg?force_format=webp&amp;q=70&amp;w=1800&amp;h=1434 3x\">\n                <source media=\"(min-width: 768px)\" srcset=\"\n                    https:\/\/acnaayzuen.cloudimg.io\/v7\/https:\/\/www.immobil-niederkofler.it\/wp-content\/uploads\/2020\/07\/buero-stadtgasse-detail.jpg?force_format=webp&amp;q=70&amp;w=496&amp;h=478 1x,\n                    https:\/\/acnaayzuen.cloudimg.io\/v7\/https:\/\/www.immobil-niederkofler.it\/wp-content\/uploads\/2020\/07\/buero-stadtgasse-detail.jpg?force_format=webp&amp;q=70&amp;w=744&amp;h=717 1.5x,\n                    https:\/\/acnaayzuen.cloudimg.io\/v7\/https:\/\/www.immobil-niederkofler.it\/wp-content\/uploads\/2020\/07\/buero-stadtgasse-detail.jpg?force_format=webp&amp;q=70&amp;w=992&amp;h=956 2x,\n                    https:\/\/acnaayzuen.cloudimg.io\/v7\/https:\/\/www.immobil-niederkofler.it\/wp-content\/uploads\/2020\/07\/buero-stadtgasse-detail.jpg?force_format=webp&amp;q=70&amp;w=1488&amp;h=1434 3x\">\n                <source media=\"(min-width: 576px)\" srcset=\"\n                    https:\/\/acnaayzuen.cloudimg.io\/v7\/https:\/\/www.immobil-niederkofler.it\/wp-content\/uploads\/2020\/07\/buero-stadtgasse-detail.jpg?force_format=webp&amp;q=70&amp;w=384&amp;h=200 1x,\n                    https:\/\/acnaayzuen.cloudimg.io\/v7\/https:\/\/www.immobil-niederkofler.it\/wp-content\/uploads\/2020\/07\/buero-stadtgasse-detail.jpg?force_format=webp&amp;q=70&amp;w=576&amp;h=300 1.5x,\n                    https:\/\/acnaayzuen.cloudimg.io\/v7\/https:\/\/www.immobil-niederkofler.it\/wp-content\/uploads\/2020\/07\/buero-stadtgasse-detail.jpg?force_format=webp&amp;q=70&amp;w=768&amp;h=400 2x,\n                    https:\/\/acnaayzuen.cloudimg.io\/v7\/https:\/\/www.immobil-niederkofler.it\/wp-content\/uploads\/2020\/07\/buero-stadtgasse-detail.jpg?force_format=webp&amp;q=70&amp;w=1152&amp;h=600 3x\">\n                <img loading=\"lazy\" decoding=\"async\" class=\"card-project__image\" loading=\"lazy\" width=\"952\" height=\"478\" src=\"https:\/\/acnaayzuen.cloudimg.io\/v7\/https:\/\/www.immobil-niederkofler.it\/wp-content\/uploads\/2020\/07\/buero-stadtgasse-detail.jpg?force_format=webp&amp;q=70&amp;w=952&amp;h=478\" alt=\"\" \/>\n            <\/picture><\/a><\/div>\t\t\t\t<\/div>\n\t\t\t\t<\/div>\n\t\t\t\t<div class=\"elementor-element elementor-element-3ed12d8 elementor-widget elementor-widget-image-with-headline\" data-id=\"3ed12d8\" data-element_type=\"widget\" data-e-type=\"widget\" data-widget_type=\"image-with-headline.default\">\n\t\t\t\t<div class=\"elementor-widget-container\">\n\t\t\t\t\t<div class=\"service__card-project card-project\"><a href=\"https:\/\/www.immobil-niederkofler.it\/de\/standorte\/sand-in-taufers\/\" class=\"card-project__link tile-link\"><h2 class=\"card-project__content\">Sand in Taufers<\/h2><picture class=\"card-project__picture\">\n                <source media=\"(max-width: 575px)\" srcset=\"\n                    https:\/\/acnaayzuen.cloudimg.io\/v7\/https:\/\/www.immobil-niederkofler.it\/wp-content\/uploads\/2020\/07\/buero-sand-in-taufers-4.jpg?force_format=webp&amp;q=70&amp;w=576&amp;h=200 1x,\n                    https:\/\/acnaayzuen.cloudimg.io\/v7\/https:\/\/www.immobil-niederkofler.it\/wp-content\/uploads\/2020\/07\/buero-sand-in-taufers-4.jpg?force_format=webp&amp;q=70&amp;w=864&amp;h=300 1.5x,\n                    https:\/\/acnaayzuen.cloudimg.io\/v7\/https:\/\/www.immobil-niederkofler.it\/wp-content\/uploads\/2020\/07\/buero-sand-in-taufers-4.jpg?force_format=webp&amp;q=70&amp;w=1152&amp;h=400 2x,\n                    https:\/\/acnaayzuen.cloudimg.io\/v7\/https:\/\/www.immobil-niederkofler.it\/wp-content\/uploads\/2020\/07\/buero-sand-in-taufers-4.jpg?force_format=webp&amp;q=70&amp;w=1728&amp;h=600 3x\">\n                <source media=\"(min-width: 1400px)\" srcset=\"\n                    https:\/\/acnaayzuen.cloudimg.io\/v7\/https:\/\/www.immobil-niederkofler.it\/wp-content\/uploads\/2020\/07\/buero-sand-in-taufers-4.jpg?force_format=webp&amp;q=70&amp;w=952&amp;h=532 1x,\n                    https:\/\/acnaayzuen.cloudimg.io\/v7\/https:\/\/www.immobil-niederkofler.it\/wp-content\/uploads\/2020\/07\/buero-sand-in-taufers-4.jpg?force_format=webp&amp;q=70&amp;w=1428&amp;h=798 1.5x,\n                    https:\/\/acnaayzuen.cloudimg.io\/v7\/https:\/\/www.immobil-niederkofler.it\/wp-content\/uploads\/2020\/07\/buero-sand-in-taufers-4.jpg?force_format=webp&amp;q=70&amp;w=1904&amp;h=1064 2x,\n                    https:\/\/acnaayzuen.cloudimg.io\/v7\/https:\/\/www.immobil-niederkofler.it\/wp-content\/uploads\/2020\/07\/buero-sand-in-taufers-4.jpg?force_format=webp&amp;q=70&amp;w=2856&amp;h=1596 3x\">\n                <source media=\"(min-width: 1200px)\" srcset=\"\n                    https:\/\/acnaayzuen.cloudimg.io\/v7\/https:\/\/www.immobil-niederkofler.it\/wp-content\/uploads\/2020\/07\/buero-sand-in-taufers-4.jpg?force_format=webp&amp;q=70&amp;w=700&amp;h=478 1x,\n                    https:\/\/acnaayzuen.cloudimg.io\/v7\/https:\/\/www.immobil-niederkofler.it\/wp-content\/uploads\/2020\/07\/buero-sand-in-taufers-4.jpg?force_format=webp&amp;q=70&amp;w=1050&amp;h=717 1.5x,\n                    https:\/\/acnaayzuen.cloudimg.io\/v7\/https:\/\/www.immobil-niederkofler.it\/wp-content\/uploads\/2020\/07\/buero-sand-in-taufers-4.jpg?force_format=webp&amp;q=70&amp;w=1400&amp;h=956 2x,\n                    https:\/\/acnaayzuen.cloudimg.io\/v7\/https:\/\/www.immobil-niederkofler.it\/wp-content\/uploads\/2020\/07\/buero-sand-in-taufers-4.jpg?force_format=webp&amp;q=70&amp;w=2100&amp;h=1434 3x\">\n                <source media=\"(min-width: 992px)\" srcset=\"\n                    https:\/\/acnaayzuen.cloudimg.io\/v7\/https:\/\/www.immobil-niederkofler.it\/wp-content\/uploads\/2020\/07\/buero-sand-in-taufers-4.jpg?force_format=webp&amp;q=70&amp;w=600&amp;h=478 1x,\n                    https:\/\/acnaayzuen.cloudimg.io\/v7\/https:\/\/www.immobil-niederkofler.it\/wp-content\/uploads\/2020\/07\/buero-sand-in-taufers-4.jpg?force_format=webp&amp;q=70&amp;w=900&amp;h=717 1.5x,\n                    https:\/\/acnaayzuen.cloudimg.io\/v7\/https:\/\/www.immobil-niederkofler.it\/wp-content\/uploads\/2020\/07\/buero-sand-in-taufers-4.jpg?force_format=webp&amp;q=70&amp;w=1200&amp;h=956 2x,\n                    https:\/\/acnaayzuen.cloudimg.io\/v7\/https:\/\/www.immobil-niederkofler.it\/wp-content\/uploads\/2020\/07\/buero-sand-in-taufers-4.jpg?force_format=webp&amp;q=70&amp;w=1800&amp;h=1434 3x\">\n                <source media=\"(min-width: 768px)\" srcset=\"\n                    https:\/\/acnaayzuen.cloudimg.io\/v7\/https:\/\/www.immobil-niederkofler.it\/wp-content\/uploads\/2020\/07\/buero-sand-in-taufers-4.jpg?force_format=webp&amp;q=70&amp;w=496&amp;h=478 1x,\n                    https:\/\/acnaayzuen.cloudimg.io\/v7\/https:\/\/www.immobil-niederkofler.it\/wp-content\/uploads\/2020\/07\/buero-sand-in-taufers-4.jpg?force_format=webp&amp;q=70&amp;w=744&amp;h=717 1.5x,\n                    https:\/\/acnaayzuen.cloudimg.io\/v7\/https:\/\/www.immobil-niederkofler.it\/wp-content\/uploads\/2020\/07\/buero-sand-in-taufers-4.jpg?force_format=webp&amp;q=70&amp;w=992&amp;h=956 2x,\n                    https:\/\/acnaayzuen.cloudimg.io\/v7\/https:\/\/www.immobil-niederkofler.it\/wp-content\/uploads\/2020\/07\/buero-sand-in-taufers-4.jpg?force_format=webp&amp;q=70&amp;w=1488&amp;h=1434 3x\">\n                <source media=\"(min-width: 576px)\" srcset=\"\n                    https:\/\/acnaayzuen.cloudimg.io\/v7\/https:\/\/www.immobil-niederkofler.it\/wp-content\/uploads\/2020\/07\/buero-sand-in-taufers-4.jpg?force_format=webp&amp;q=70&amp;w=384&amp;h=200 1x,\n                    https:\/\/acnaayzuen.cloudimg.io\/v7\/https:\/\/www.immobil-niederkofler.it\/wp-content\/uploads\/2020\/07\/buero-sand-in-taufers-4.jpg?force_format=webp&amp;q=70&amp;w=576&amp;h=300 1.5x,\n                    https:\/\/acnaayzuen.cloudimg.io\/v7\/https:\/\/www.immobil-niederkofler.it\/wp-content\/uploads\/2020\/07\/buero-sand-in-taufers-4.jpg?force_format=webp&amp;q=70&amp;w=768&amp;h=400 2x,\n                    https:\/\/acnaayzuen.cloudimg.io\/v7\/https:\/\/www.immobil-niederkofler.it\/wp-content\/uploads\/2020\/07\/buero-sand-in-taufers-4.jpg?force_format=webp&amp;q=70&amp;w=1152&amp;h=600 3x\">\n                <img loading=\"lazy\" decoding=\"async\" class=\"card-project__image\" loading=\"lazy\" width=\"952\" height=\"478\" src=\"https:\/\/acnaayzuen.cloudimg.io\/v7\/https:\/\/www.immobil-niederkofler.it\/wp-content\/uploads\/2020\/07\/buero-sand-in-taufers-4.jpg?force_format=webp&amp;q=70&amp;w=952&amp;h=478\" alt=\"\" \/>\n            <\/picture><\/a><\/div>\t\t\t\t<\/div>\n\t\t\t\t<\/div>\n\t\t\t\t\t<\/div>\n\t\t<\/div>\n\t\t\t\t<div class=\"elementor-column elementor-col-50 elementor-inner-column elementor-element elementor-element-c442b3b\" data-id=\"c442b3b\" data-element_type=\"column\" data-e-type=\"column\">\n\t\t\t<div class=\"elementor-widget-wrap elementor-element-populated\">\n\t\t\t\t\t\t<div class=\"elementor-element elementor-element-7c250fd elementor-widget elementor-widget-image-with-headline\" data-id=\"7c250fd\" data-element_type=\"widget\" data-e-type=\"widget\" data-widget_type=\"image-with-headline.default\">\n\t\t\t\t<div class=\"elementor-widget-container\">\n\t\t\t\t\t<div class=\"service__card-project card-project\"><a href=\"https:\/\/www.immobil-niederkofler.it\/de\/standorte\/bozen\/\" class=\"card-project__link tile-link\"><h2 class=\"card-project__content\">Bozen<\/h2><picture class=\"card-project__picture\">\n                <source media=\"(max-width: 575px)\" srcset=\"\n                    https:\/\/acnaayzuen.cloudimg.io\/v7\/https:\/\/www.immobil-niederkofler.it\/wp-content\/uploads\/2022\/01\/image00019-scaled.jpg?force_format=webp&amp;q=70&amp;w=576&amp;h=200 1x,\n                    https:\/\/acnaayzuen.cloudimg.io\/v7\/https:\/\/www.immobil-niederkofler.it\/wp-content\/uploads\/2022\/01\/image00019-scaled.jpg?force_format=webp&amp;q=70&amp;w=864&amp;h=300 1.5x,\n                    https:\/\/acnaayzuen.cloudimg.io\/v7\/https:\/\/www.immobil-niederkofler.it\/wp-content\/uploads\/2022\/01\/image00019-scaled.jpg?force_format=webp&amp;q=70&amp;w=1152&amp;h=400 2x,\n                    https:\/\/acnaayzuen.cloudimg.io\/v7\/https:\/\/www.immobil-niederkofler.it\/wp-content\/uploads\/2022\/01\/image00019-scaled.jpg?force_format=webp&amp;q=70&amp;w=1728&amp;h=600 3x\">\n                <source media=\"(min-width: 1400px)\" srcset=\"\n                    https:\/\/acnaayzuen.cloudimg.io\/v7\/https:\/\/www.immobil-niederkofler.it\/wp-content\/uploads\/2022\/01\/image00019-scaled.jpg?force_format=webp&amp;q=70&amp;w=952&amp;h=532 1x,\n                    https:\/\/acnaayzuen.cloudimg.io\/v7\/https:\/\/www.immobil-niederkofler.it\/wp-content\/uploads\/2022\/01\/image00019-scaled.jpg?force_format=webp&amp;q=70&amp;w=1428&amp;h=798 1.5x,\n                    https:\/\/acnaayzuen.cloudimg.io\/v7\/https:\/\/www.immobil-niederkofler.it\/wp-content\/uploads\/2022\/01\/image00019-scaled.jpg?force_format=webp&amp;q=70&amp;w=1904&amp;h=1064 2x,\n                    https:\/\/acnaayzuen.cloudimg.io\/v7\/https:\/\/www.immobil-niederkofler.it\/wp-content\/uploads\/2022\/01\/image00019-scaled.jpg?force_format=webp&amp;q=70&amp;w=2856&amp;h=1596 3x\">\n                <source media=\"(min-width: 1200px)\" srcset=\"\n                    https:\/\/acnaayzuen.cloudimg.io\/v7\/https:\/\/www.immobil-niederkofler.it\/wp-content\/uploads\/2022\/01\/image00019-scaled.jpg?force_format=webp&amp;q=70&amp;w=700&amp;h=478 1x,\n                    https:\/\/acnaayzuen.cloudimg.io\/v7\/https:\/\/www.immobil-niederkofler.it\/wp-content\/uploads\/2022\/01\/image00019-scaled.jpg?force_format=webp&amp;q=70&amp;w=1050&amp;h=717 1.5x,\n                    https:\/\/acnaayzuen.cloudimg.io\/v7\/https:\/\/www.immobil-niederkofler.it\/wp-content\/uploads\/2022\/01\/image00019-scaled.jpg?force_format=webp&amp;q=70&amp;w=1400&amp;h=956 2x,\n                    https:\/\/acnaayzuen.cloudimg.io\/v7\/https:\/\/www.immobil-niederkofler.it\/wp-content\/uploads\/2022\/01\/image00019-scaled.jpg?force_format=webp&amp;q=70&amp;w=2100&amp;h=1434 3x\">\n                <source media=\"(min-width: 992px)\" srcset=\"\n                    https:\/\/acnaayzuen.cloudimg.io\/v7\/https:\/\/www.immobil-niederkofler.it\/wp-content\/uploads\/2022\/01\/image00019-scaled.jpg?force_format=webp&amp;q=70&amp;w=600&amp;h=478 1x,\n                    https:\/\/acnaayzuen.cloudimg.io\/v7\/https:\/\/www.immobil-niederkofler.it\/wp-content\/uploads\/2022\/01\/image00019-scaled.jpg?force_format=webp&amp;q=70&amp;w=900&amp;h=717 1.5x,\n                    https:\/\/acnaayzuen.cloudimg.io\/v7\/https:\/\/www.immobil-niederkofler.it\/wp-content\/uploads\/2022\/01\/image00019-scaled.jpg?force_format=webp&amp;q=70&amp;w=1200&amp;h=956 2x,\n                    https:\/\/acnaayzuen.cloudimg.io\/v7\/https:\/\/www.immobil-niederkofler.it\/wp-content\/uploads\/2022\/01\/image00019-scaled.jpg?force_format=webp&amp;q=70&amp;w=1800&amp;h=1434 3x\">\n                <source media=\"(min-width: 768px)\" srcset=\"\n                    https:\/\/acnaayzuen.cloudimg.io\/v7\/https:\/\/www.immobil-niederkofler.it\/wp-content\/uploads\/2022\/01\/image00019-scaled.jpg?force_format=webp&amp;q=70&amp;w=496&amp;h=478 1x,\n                    https:\/\/acnaayzuen.cloudimg.io\/v7\/https:\/\/www.immobil-niederkofler.it\/wp-content\/uploads\/2022\/01\/image00019-scaled.jpg?force_format=webp&amp;q=70&amp;w=744&amp;h=717 1.5x,\n                    https:\/\/acnaayzuen.cloudimg.io\/v7\/https:\/\/www.immobil-niederkofler.it\/wp-content\/uploads\/2022\/01\/image00019-scaled.jpg?force_format=webp&amp;q=70&amp;w=992&amp;h=956 2x,\n                    https:\/\/acnaayzuen.cloudimg.io\/v7\/https:\/\/www.immobil-niederkofler.it\/wp-content\/uploads\/2022\/01\/image00019-scaled.jpg?force_format=webp&amp;q=70&amp;w=1488&amp;h=1434 3x\">\n                <source media=\"(min-width: 576px)\" srcset=\"\n                    https:\/\/acnaayzuen.cloudimg.io\/v7\/https:\/\/www.immobil-niederkofler.it\/wp-content\/uploads\/2022\/01\/image00019-scaled.jpg?force_format=webp&amp;q=70&amp;w=384&amp;h=200 1x,\n                    https:\/\/acnaayzuen.cloudimg.io\/v7\/https:\/\/www.immobil-niederkofler.it\/wp-content\/uploads\/2022\/01\/image00019-scaled.jpg?force_format=webp&amp;q=70&amp;w=576&amp;h=300 1.5x,\n                    https:\/\/acnaayzuen.cloudimg.io\/v7\/https:\/\/www.immobil-niederkofler.it\/wp-content\/uploads\/2022\/01\/image00019-scaled.jpg?force_format=webp&amp;q=70&amp;w=768&amp;h=400 2x,\n                    https:\/\/acnaayzuen.cloudimg.io\/v7\/https:\/\/www.immobil-niederkofler.it\/wp-content\/uploads\/2022\/01\/image00019-scaled.jpg?force_format=webp&amp;q=70&amp;w=1152&amp;h=600 3x\">\n                <img loading=\"lazy\" decoding=\"async\" class=\"card-project__image\" loading=\"lazy\" width=\"952\" height=\"478\" src=\"https:\/\/acnaayzuen.cloudimg.io\/v7\/https:\/\/www.immobil-niederkofler.it\/wp-content\/uploads\/2022\/01\/image00019-scaled.jpg?force_format=webp&amp;q=70&amp;w=952&amp;h=478\" alt=\"\" \/>\n            <\/picture><\/a><\/div>\t\t\t\t<\/div>\n\t\t\t\t<\/div>\n\t\t\t\t<div class=\"elementor-element elementor-element-f24eb32 elementor-widget elementor-widget-image-with-headline\" data-id=\"f24eb32\" data-element_type=\"widget\" data-e-type=\"widget\" data-widget_type=\"image-with-headline.default\">\n\t\t\t\t<div class=\"elementor-widget-container\">\n\t\t\t\t\t<div class=\"service__card-project card-project\"><a href=\"https:\/\/www.immobil-niederkofler.it\/de\/standorte\/welsberg\/\" class=\"card-project__link tile-link\"><h2 class=\"card-project__content\">Welsberg<\/h2><picture class=\"card-project__picture\">\n                <source media=\"(max-width: 575px)\" srcset=\"\n                    https:\/\/acnaayzuen.cloudimg.io\/v7\/https:\/\/www.immobil-niederkofler.it\/wp-content\/uploads\/2020\/07\/ladenlokal-immobilien-niederkofler.jpg?force_format=webp&amp;q=70&amp;w=576&amp;h=200 1x,\n                    https:\/\/acnaayzuen.cloudimg.io\/v7\/https:\/\/www.immobil-niederkofler.it\/wp-content\/uploads\/2020\/07\/ladenlokal-immobilien-niederkofler.jpg?force_format=webp&amp;q=70&amp;w=864&amp;h=300 1.5x,\n                    https:\/\/acnaayzuen.cloudimg.io\/v7\/https:\/\/www.immobil-niederkofler.it\/wp-content\/uploads\/2020\/07\/ladenlokal-immobilien-niederkofler.jpg?force_format=webp&amp;q=70&amp;w=1152&amp;h=400 2x,\n                    https:\/\/acnaayzuen.cloudimg.io\/v7\/https:\/\/www.immobil-niederkofler.it\/wp-content\/uploads\/2020\/07\/ladenlokal-immobilien-niederkofler.jpg?force_format=webp&amp;q=70&amp;w=1728&amp;h=600 3x\">\n                <source media=\"(min-width: 1400px)\" srcset=\"\n                    https:\/\/acnaayzuen.cloudimg.io\/v7\/https:\/\/www.immobil-niederkofler.it\/wp-content\/uploads\/2020\/07\/ladenlokal-immobilien-niederkofler.jpg?force_format=webp&amp;q=70&amp;w=952&amp;h=532 1x,\n                    https:\/\/acnaayzuen.cloudimg.io\/v7\/https:\/\/www.immobil-niederkofler.it\/wp-content\/uploads\/2020\/07\/ladenlokal-immobilien-niederkofler.jpg?force_format=webp&amp;q=70&amp;w=1428&amp;h=798 1.5x,\n                    https:\/\/acnaayzuen.cloudimg.io\/v7\/https:\/\/www.immobil-niederkofler.it\/wp-content\/uploads\/2020\/07\/ladenlokal-immobilien-niederkofler.jpg?force_format=webp&amp;q=70&amp;w=1904&amp;h=1064 2x,\n                    https:\/\/acnaayzuen.cloudimg.io\/v7\/https:\/\/www.immobil-niederkofler.it\/wp-content\/uploads\/2020\/07\/ladenlokal-immobilien-niederkofler.jpg?force_format=webp&amp;q=70&amp;w=2856&amp;h=1596 3x\">\n                <source media=\"(min-width: 1200px)\" srcset=\"\n                    https:\/\/acnaayzuen.cloudimg.io\/v7\/https:\/\/www.immobil-niederkofler.it\/wp-content\/uploads\/2020\/07\/ladenlokal-immobilien-niederkofler.jpg?force_format=webp&amp;q=70&amp;w=700&amp;h=478 1x,\n                    https:\/\/acnaayzuen.cloudimg.io\/v7\/https:\/\/www.immobil-niederkofler.it\/wp-content\/uploads\/2020\/07\/ladenlokal-immobilien-niederkofler.jpg?force_format=webp&amp;q=70&amp;w=1050&amp;h=717 1.5x,\n                    https:\/\/acnaayzuen.cloudimg.io\/v7\/https:\/\/www.immobil-niederkofler.it\/wp-content\/uploads\/2020\/07\/ladenlokal-immobilien-niederkofler.jpg?force_format=webp&amp;q=70&amp;w=1400&amp;h=956 2x,\n                    https:\/\/acnaayzuen.cloudimg.io\/v7\/https:\/\/www.immobil-niederkofler.it\/wp-content\/uploads\/2020\/07\/ladenlokal-immobilien-niederkofler.jpg?force_format=webp&amp;q=70&amp;w=2100&amp;h=1434 3x\">\n                <source media=\"(min-width: 992px)\" srcset=\"\n                    https:\/\/acnaayzuen.cloudimg.io\/v7\/https:\/\/www.immobil-niederkofler.it\/wp-content\/uploads\/2020\/07\/ladenlokal-immobilien-niederkofler.jpg?force_format=webp&amp;q=70&amp;w=600&amp;h=478 1x,\n                    https:\/\/acnaayzuen.cloudimg.io\/v7\/https:\/\/www.immobil-niederkofler.it\/wp-content\/uploads\/2020\/07\/ladenlokal-immobilien-niederkofler.jpg?force_format=webp&amp;q=70&amp;w=900&amp;h=717 1.5x,\n                    https:\/\/acnaayzuen.cloudimg.io\/v7\/https:\/\/www.immobil-niederkofler.it\/wp-content\/uploads\/2020\/07\/ladenlokal-immobilien-niederkofler.jpg?force_format=webp&amp;q=70&amp;w=1200&amp;h=956 2x,\n                    https:\/\/acnaayzuen.cloudimg.io\/v7\/https:\/\/www.immobil-niederkofler.it\/wp-content\/uploads\/2020\/07\/ladenlokal-immobilien-niederkofler.jpg?force_format=webp&amp;q=70&amp;w=1800&amp;h=1434 3x\">\n                <source media=\"(min-width: 768px)\" srcset=\"\n                    https:\/\/acnaayzuen.cloudimg.io\/v7\/https:\/\/www.immobil-niederkofler.it\/wp-content\/uploads\/2020\/07\/ladenlokal-immobilien-niederkofler.jpg?force_format=webp&amp;q=70&amp;w=496&amp;h=478 1x,\n                    https:\/\/acnaayzuen.cloudimg.io\/v7\/https:\/\/www.immobil-niederkofler.it\/wp-content\/uploads\/2020\/07\/ladenlokal-immobilien-niederkofler.jpg?force_format=webp&amp;q=70&amp;w=744&amp;h=717 1.5x,\n                    https:\/\/acnaayzuen.cloudimg.io\/v7\/https:\/\/www.immobil-niederkofler.it\/wp-content\/uploads\/2020\/07\/ladenlokal-immobilien-niederkofler.jpg?force_format=webp&amp;q=70&amp;w=992&amp;h=956 2x,\n                    https:\/\/acnaayzuen.cloudimg.io\/v7\/https:\/\/www.immobil-niederkofler.it\/wp-content\/uploads\/2020\/07\/ladenlokal-immobilien-niederkofler.jpg?force_format=webp&amp;q=70&amp;w=1488&amp;h=1434 3x\">\n                <source media=\"(min-width: 576px)\" srcset=\"\n                    https:\/\/acnaayzuen.cloudimg.io\/v7\/https:\/\/www.immobil-niederkofler.it\/wp-content\/uploads\/2020\/07\/ladenlokal-immobilien-niederkofler.jpg?force_format=webp&amp;q=70&amp;w=384&amp;h=200 1x,\n                    https:\/\/acnaayzuen.cloudimg.io\/v7\/https:\/\/www.immobil-niederkofler.it\/wp-content\/uploads\/2020\/07\/ladenlokal-immobilien-niederkofler.jpg?force_format=webp&amp;q=70&amp;w=576&amp;h=300 1.5x,\n                    https:\/\/acnaayzuen.cloudimg.io\/v7\/https:\/\/www.immobil-niederkofler.it\/wp-content\/uploads\/2020\/07\/ladenlokal-immobilien-niederkofler.jpg?force_format=webp&amp;q=70&amp;w=768&amp;h=400 2x,\n                    https:\/\/acnaayzuen.cloudimg.io\/v7\/https:\/\/www.immobil-niederkofler.it\/wp-content\/uploads\/2020\/07\/ladenlokal-immobilien-niederkofler.jpg?force_format=webp&amp;q=70&amp;w=1152&amp;h=600 3x\">\n                <img loading=\"lazy\" decoding=\"async\" class=\"card-project__image\" loading=\"lazy\" width=\"952\" height=\"478\" src=\"https:\/\/acnaayzuen.cloudimg.io\/v7\/https:\/\/www.immobil-niederkofler.it\/wp-content\/uploads\/2020\/07\/ladenlokal-immobilien-niederkofler.jpg?force_format=webp&amp;q=70&amp;w=952&amp;h=478\" alt=\"\" \/>\n            <\/picture><\/a><\/div>\t\t\t\t<\/div>\n\t\t\t\t<\/div>\n\t\t\t\t\t<\/div>\n\t\t<\/div>\n\t\t\t\t\t<\/div>\n\t\t<\/section>\n\t\t\t\t\t<\/div>\n\t\t<\/div>\n\t\t\t\t\t<\/div>\n\t\t<\/section>\n\t\t\t\t<section class=\"elementor-section elementor-top-section elementor-element elementor-element-c587e66 elementor-section-boxed elementor-section-height-default elementor-section-height-default\" data-id=\"c587e66\" data-element_type=\"section\" data-e-type=\"section\">\n\t\t\t\t\t\t<div class=\"elementor-container elementor-column-gap-default\">\n\t\t\t\t\t<div class=\"elementor-column elementor-col-100 elementor-top-column elementor-element elementor-element-f49a0f6\" data-id=\"f49a0f6\" data-element_type=\"column\" data-e-type=\"column\">\n\t\t\t<div class=\"elementor-widget-wrap elementor-element-populated\">\n\t\t\t\t\t\t<section class=\"elementor-section elementor-inner-section elementor-element elementor-element-021ab66 elementor-section-boxed elementor-section-height-default elementor-section-height-default\" data-id=\"021ab66\" data-element_type=\"section\" data-e-type=\"section\">\n\t\t\t\t\t\t<div class=\"elementor-container elementor-column-gap-default\">\n\t\t\t\t\t<div class=\"elementor-column elementor-col-66 elementor-inner-column elementor-element elementor-element-2e6f65b\" data-id=\"2e6f65b\" data-element_type=\"column\" data-e-type=\"column\" data-settings=\"{&quot;background_background&quot;:&quot;classic&quot;}\">\n\t\t\t<div class=\"elementor-widget-wrap elementor-element-populated\">\n\t\t\t\t\t\t<div class=\"elementor-element elementor-element-d3e2b9c elementor-widget elementor-widget-spacer\" data-id=\"d3e2b9c\" data-element_type=\"widget\" data-e-type=\"widget\" data-widget_type=\"spacer.default\">\n\t\t\t\t<div class=\"elementor-widget-container\">\n\t\t\t\t\t\t\t<div class=\"elementor-spacer\">\n\t\t\t<div class=\"elementor-spacer-inner\"><\/div>\n\t\t<\/div>\n\t\t\t\t\t\t<\/div>\n\t\t\t\t<\/div>\n\t\t\t\t\t<\/div>\n\t\t<\/div>\n\t\t\t\t<div class=\"elementor-column elementor-col-33 elementor-inner-column elementor-element elementor-element-409670d\" data-id=\"409670d\" data-element_type=\"column\" data-e-type=\"column\">\n\t\t\t<div class=\"elementor-widget-wrap elementor-element-populated\">\n\t\t\t\t\t\t<div class=\"elementor-element elementor-element-f3f9f55 elementor-widget elementor-widget-text-editor\" data-id=\"f3f9f55\" data-element_type=\"widget\" data-e-type=\"widget\" data-widget_type=\"text-editor.default\">\n\t\t\t\t<div class=\"elementor-widget-container\">\n\t\t\t\t\t\t\t\t\t<h2 style=\"text-align: left;\">Ihr Immobilienb\u00fcro in Bozen und im Pustertal<\/h2><p style=\"text-align: left;\">Der Fokus unserer Arbeit liegt auf den St\u00e4dten Bruneck und Bozen sowie den gesamten umliegenden Bezirken: dem Pustertal, Gadertal, Tauferer Ahrntal, \u00dcberetsch-Unterland und Salten-Schlern. Um unsere Kunden bestm\u00f6glich betreuen zu k\u00f6nnen haben wir Niederlassungen im Zentrum der St\u00e4dte <a href=\"https:\/\/www.immobil-niederkofler.it\/de\/standorte\/bozen\/\">Bozen<\/a> und <a href=\"https:\/\/www.immobil-niederkofler.it\/de\/standorte\/bruneck\/\">Bruneck<\/a> sowie den Gemeinden <a href=\"https:\/\/www.immobil-niederkofler.it\/de\/standorte\/sand-in-taufers\/\">Sand in Taufers<\/a> und <a href=\"https:\/\/www.immobil-niederkofler.it\/de\/standorte\/welsberg\/\">Welsberg-Taisten<\/a> er\u00f6ffnet. In all unseren Niederlassungen sind wir pers\u00f6nlich f\u00fcr Sie da! Unseren Unternehmenssitz finden Sie in Bruneck, wo wir mit einer zweiten Niederlassung in der Altstadt vertreten sind. Selbstverst\u00e4ndlich sind wir auch au\u00dferhalb unserer Standorte f\u00fcr Sie t\u00e4tig.<\/p>\t\t\t\t\t\t\t\t<\/div>\n\t\t\t\t<\/div>\n\t\t\t\t\t<\/div>\n\t\t<\/div>\n\t\t\t\t\t<\/div>\n\t\t<\/section>\n\t\t\t\t<section class=\"elementor-section elementor-inner-section elementor-element elementor-element-726fac3 elementor-reverse-mobile elementor-section-boxed elementor-section-height-default elementor-section-height-default\" data-id=\"726fac3\" data-element_type=\"section\" data-e-type=\"section\">\n\t\t\t\t\t\t<div class=\"elementor-container elementor-column-gap-default\">\n\t\t\t\t\t<div class=\"elementor-column elementor-col-33 elementor-inner-column elementor-element elementor-element-d2a099d\" data-id=\"d2a099d\" data-element_type=\"column\" data-e-type=\"column\">\n\t\t\t<div class=\"elementor-widget-wrap elementor-element-populated\">\n\t\t\t\t\t\t<div class=\"elementor-element elementor-element-617e912 elementor-widget elementor-widget-text-editor\" data-id=\"617e912\" data-element_type=\"widget\" data-e-type=\"widget\" data-widget_type=\"text-editor.default\">\n\t\t\t\t<div class=\"elementor-widget-container\">\n\t\t\t\t\t\t\t\t\t<h2 style=\"text-align: left;\">Unsere Immobilien<\/h2><p style=\"text-align: left;\">Neben traditionellen Wohnimmobilien haben wir in unserem <a href=\"https:\/\/www.immobil-niederkofler.it\/de\/immobiliensuche\/\">Angebot<\/a> auch exklusive Penthouse-Wohnungen, moderne Villen, traditionelle Einfamilienh\u00e4user, Gewerbeimmobilien, wie beispielsweise B\u00fcros, Gesch\u00e4fte oder Hallen, oder l<a href=\"https:\/\/www.immobil-niederkofler.it\/de\/immobiliensuche\/land-forstwirtschaft\/?nutzungsart=waz\">and- und forstwirtschaftliche Liegenschaften<\/a>.<\/p><p style=\"text-align: left;\">Unser Erfolg als Immobilienagentur in der Provinz Bozen l\u00e4sst sich in eindrucksvollen Zahlen messen. Viele Immobilientransaktionen im Pustertal und in Bozen werden \u00fcber unser Unternehmen abgewickelt. Wir konnten uns mit unserer stets zuverl\u00e4ssigen und fachkundigen Arbeit \u00fcber viele Jahrzehnten hinweg zu einem der f\u00fchrenden Immobilienb\u00fcros in S\u00fcdtirol etablieren.<\/p>\t\t\t\t\t\t\t\t<\/div>\n\t\t\t\t<\/div>\n\t\t\t\t<div class=\"elementor-element elementor-element-78a859d elementor-align-center elementor-widget elementor-widget-button\" data-id=\"78a859d\" data-element_type=\"widget\" data-e-type=\"widget\" data-widget_type=\"button.default\">\n\t\t\t\t<div class=\"elementor-widget-container\">\n\t\t\t\t\t\t\t\t\t<div class=\"elementor-button-wrapper\">\n\t\t\t\t\t<a class=\"elementor-button elementor-button-link elementor-size-sm\" href=\"\">\n\t\t\t\t\t\t<span class=\"elementor-button-content-wrapper\">\n\t\t\t\t\t\t\t\t\t<span class=\"elementor-button-text\">Jetzt Immobilien entdecken<\/span>\n\t\t\t\t\t<\/span>\n\t\t\t\t\t<\/a>\n\t\t\t\t<\/div>\n\t\t\t\t\t\t\t\t<\/div>\n\t\t\t\t<\/div>\n\t\t\t\t\t<\/div>\n\t\t<\/div>\n\t\t\t\t<div class=\"elementor-column elementor-col-66 elementor-inner-column elementor-element elementor-element-4b8dfd4\" data-id=\"4b8dfd4\" data-element_type=\"column\" data-e-type=\"column\" data-settings=\"{&quot;background_background&quot;:&quot;classic&quot;}\">\n\t\t\t<div class=\"elementor-widget-wrap elementor-element-populated\">\n\t\t\t\t\t\t<div class=\"elementor-element elementor-element-f7f8fe1 elementor-widget elementor-widget-spacer\" data-id=\"f7f8fe1\" data-element_type=\"widget\" data-e-type=\"widget\" data-widget_type=\"spacer.default\">\n\t\t\t\t<div class=\"elementor-widget-container\">\n\t\t\t\t\t\t\t<div class=\"elementor-spacer\">\n\t\t\t<div class=\"elementor-spacer-inner\"><\/div>\n\t\t<\/div>\n\t\t\t\t\t\t<\/div>\n\t\t\t\t<\/div>\n\t\t\t\t\t<\/div>\n\t\t<\/div>\n\t\t\t\t\t<\/div>\n\t\t<\/section>\n\t\t\t\t<section class=\"elementor-section elementor-inner-section elementor-element elementor-element-fb631fb elementor-section-boxed elementor-section-height-default elementor-section-height-default\" data-id=\"fb631fb\" data-element_type=\"section\" data-e-type=\"section\">\n\t\t\t\t\t\t<div class=\"elementor-container elementor-column-gap-default\">\n\t\t\t\t\t<div class=\"elementor-column elementor-col-66 elementor-inner-column elementor-element elementor-element-a12c8ad\" data-id=\"a12c8ad\" data-element_type=\"column\" data-e-type=\"column\" data-settings=\"{&quot;background_background&quot;:&quot;classic&quot;}\">\n\t\t\t<div class=\"elementor-widget-wrap elementor-element-populated\">\n\t\t\t\t\t\t<div class=\"elementor-element elementor-element-dea5a5f elementor-widget elementor-widget-spacer\" data-id=\"dea5a5f\" data-element_type=\"widget\" data-e-type=\"widget\" data-widget_type=\"spacer.default\">\n\t\t\t\t<div class=\"elementor-widget-container\">\n\t\t\t\t\t\t\t<div class=\"elementor-spacer\">\n\t\t\t<div class=\"elementor-spacer-inner\"><\/div>\n\t\t<\/div>\n\t\t\t\t\t\t<\/div>\n\t\t\t\t<\/div>\n\t\t\t\t\t<\/div>\n\t\t<\/div>\n\t\t\t\t<div class=\"elementor-column elementor-col-33 elementor-inner-column elementor-element elementor-element-132d749\" data-id=\"132d749\" data-element_type=\"column\" data-e-type=\"column\">\n\t\t\t<div class=\"elementor-widget-wrap elementor-element-populated\">\n\t\t\t\t\t\t<div class=\"elementor-element elementor-element-39c5bac elementor-widget elementor-widget-text-editor\" data-id=\"39c5bac\" data-element_type=\"widget\" data-e-type=\"widget\" data-widget_type=\"text-editor.default\">\n\t\t\t\t<div class=\"elementor-widget-container\">\n\t\t\t\t\t\t\t\t\t<h2 style=\"text-align: left;\">Immobilien kaufen und verkaufen<\/h2><p style=\"text-align: left;\">Urspr\u00fcnglich aus Bruneck, sind wir mittlerweile weit \u00fcber die Grenzen des Pustertals hinaus f\u00fcr unsere vertrauensvolle und zuverl\u00e4ssige Arbeit als Immobilienb\u00fcro bekannt. Unser Fokus liegt dabei vor allem in den Ortschaften, in welchen wir unsere Niederlassungen haben, dazu z\u00e4hlen die St\u00e4dte Bruneck und Bozen, sowie die Gemeinden Sand in Taufers und Welsberg. S\u00e4mtliche umliegende Gemeinden (z.B. Eppan, Innichen, Kalteren, St. Lorenzen, St. Vigil in Enneberg, Toblach uvm.) betreuen wir ebenfalls von unseren Standorten aus.<\/p><p style=\"text-align: left;\">So ist es uns m\u00f6glich Liegenschaften vom Hochpustertal, Gadertal und Tauferer Ahrntal bis hin ins \u00dcberetsch-Unterland und Salten-Schlern zu vermitteln. Wir suchen und finden die passende Immobilie sowie <a href=\"https:\/\/www.immobil-niederkofler.it\/de\/services\/fuer-kaeufer\/\">K\u00e4ufer<\/a> oder Mieter.<\/p>\t\t\t\t\t\t\t\t<\/div>\n\t\t\t\t<\/div>\n\t\t\t\t<div class=\"elementor-element elementor-element-af155ff elementor-align-center elementor-widget elementor-widget-button\" data-id=\"af155ff\" data-element_type=\"widget\" data-e-type=\"widget\" data-widget_type=\"button.default\">\n\t\t\t\t<div class=\"elementor-widget-container\">\n\t\t\t\t\t\t\t\t\t<div class=\"elementor-button-wrapper\">\n\t\t\t\t\t<a class=\"elementor-button elementor-button-link elementor-size-sm\" href=\"\">\n\t\t\t\t\t\t<span class=\"elementor-button-content-wrapper\">\n\t\t\t\t\t\t\t\t\t<span class=\"elementor-button-text\">Jetzt Leistungen entdecken<\/span>\n\t\t\t\t\t<\/span>\n\t\t\t\t\t<\/a>\n\t\t\t\t<\/div>\n\t\t\t\t\t\t\t\t<\/div>\n\t\t\t\t<\/div>\n\t\t\t\t\t<\/div>\n\t\t<\/div>\n\t\t\t\t\t<\/div>\n\t\t<\/section>\n\t\t\t\t<section class=\"elementor-section elementor-inner-section elementor-element elementor-element-8cc2721 elementor-reverse-mobile elementor-section-boxed elementor-section-height-default elementor-section-height-default\" data-id=\"8cc2721\" data-element_type=\"section\" data-e-type=\"section\">\n\t\t\t\t\t\t<div class=\"elementor-container elementor-column-gap-default\">\n\t\t\t\t\t<div class=\"elementor-column elementor-col-33 elementor-inner-column elementor-element elementor-element-6c4add6\" data-id=\"6c4add6\" data-element_type=\"column\" data-e-type=\"column\">\n\t\t\t<div class=\"elementor-widget-wrap elementor-element-populated\">\n\t\t\t\t\t\t<div class=\"elementor-element elementor-element-d287c84 elementor-widget elementor-widget-text-editor\" data-id=\"d287c84\" data-element_type=\"widget\" data-e-type=\"widget\" data-widget_type=\"text-editor.default\">\n\t\t\t\t<div class=\"elementor-widget-container\">\n\t\t\t\t\t\t\t\t\t<h2 style=\"text-align: left;\">Immobilien in S\u00fcdtirol &#8211; wir sind Ihr Ansprechpartner<\/h2><p style=\"text-align: left;\">Egal ob Sie kaufen oder mieten, <a href=\"https:\/\/www.immobil-niederkofler.it\/de\/services\/fuer-verkaeufer\/\">verkaufen<\/a> oder <a href=\"https:\/\/www.immobil-niederkofler.it\/de\/services\/fuer-vermieter\/\">vermieten<\/a> m\u00f6chten &#8211; wir unterst\u00fctzen Sie mit weitreichendem Fachwissen und Ortskenntnis. Von unserer \u00fcber 70-j\u00e4hrigen <a href=\"https:\/\/www.immobil-niederkofler.it\/de\/ueber-uns\/geschichte\/\">Erfahrung<\/a> profitieren alle Interessenten und Eigent\u00fcmer. Mit unserem erfahrenen Team und einem fl\u00e4chendeckenden Netzwerk an <a href=\"https:\/\/www.immobil-niederkofler.it\/de\/ueber-uns\/kooperationspartner\/\">Partnern<\/a> stehen wir Ihnen in S\u00fcdtirol tatkr\u00e4ftig zur Seite. Entdecken Sie unser Angebot und besuchen Sie uns in einem unserer Immobilienb\u00fcros in Bruneck, Bozen, Welsberg oder Sand in Taufers!<\/p>\t\t\t\t\t\t\t\t<\/div>\n\t\t\t\t<\/div>\n\t\t\t\t\t<\/div>\n\t\t<\/div>\n\t\t\t\t<div class=\"elementor-column elementor-col-66 elementor-inner-column elementor-element elementor-element-af97b8c\" data-id=\"af97b8c\" data-element_type=\"column\" data-e-type=\"column\" data-settings=\"{&quot;background_background&quot;:&quot;classic&quot;}\">\n\t\t\t<div class=\"elementor-widget-wrap elementor-element-populated\">\n\t\t\t\t\t\t<div class=\"elementor-element elementor-element-5219bc0 elementor-widget elementor-widget-spacer\" data-id=\"5219bc0\" data-element_type=\"widget\" data-e-type=\"widget\" data-widget_type=\"spacer.default\">\n\t\t\t\t<div class=\"elementor-widget-container\">\n\t\t\t\t\t\t\t<div class=\"elementor-spacer\">\n\t\t\t<div class=\"elementor-spacer-inner\"><\/div>\n\t\t<\/div>\n\t\t\t\t\t\t<\/div>\n\t\t\t\t<\/div>\n\t\t\t\t\t<\/div>\n\t\t<\/div>\n\t\t\t\t\t<\/div>\n\t\t<\/section>\n\t\t\t\t\t<\/div>\n\t\t<\/div>\n\t\t\t\t\t<\/div>\n\t\t<\/section>\n\t\t\t\t<\/div>\n\t\t","protected":false},"excerpt":{"rendered":"<p>Unsere Standorte in S\u00fcdtirol Unser erfahrenes Team von Immobilien Niederkofler steht Ihnen in Bozen, im Pustertal, im Tauferer Ahrntal, im Gadertal, wie auch im gesamten Dolomitenraum und bis hin zum Gardasee mit vielseitigen Serviceleistungen rund um Immobilien zur Verf\u00fcgung. Sie tr\u00e4umen von einer Wohnimmobilie im sch\u00f6nen S\u00fcdtirol oder m\u00f6chten sich dort oder in Italien gesch\u00e4ftlich [&hellip;]<\/p>\n","protected":false},"author":4,"featured_media":0,"parent":0,"menu_order":0,"comment_status":"closed","ping_status":"closed","template":"","meta":{"_acf_changed":false,"_monsterinsights_skip_tracking":false,"_monsterinsights_sitenote_active":false,"_monsterinsights_sitenote_note":"","_monsterinsights_sitenote_category":0,"footnotes":""},"class_list":["post-215","page","type-page","status-publish","hentry"],"acf":[],"yoast_head":"<!-- This site is optimized with the Yoast SEO plugin v27.5 - https:\/\/yoast.com\/product\/yoast-seo-wordpress\/ -->\n<title>Standort\u00fcbersicht | Immobilien Niederkofler<\/title>\n<meta name=\"description\" content=\"Unser Team steht Ihnen in Bozen, Bruneck, Sand in Taufers, Welsberg und Umgebung zur Verf\u00fcgung. Erfahren Sie mehr \u00fcber unsere Standorte.\" \/>\n<meta name=\"robots\" content=\"index, follow, max-snippet:-1, max-image-preview:large, max-video-preview:-1\" \/>\n<link rel=\"canonical\" href=\"https:\/\/www.immobil-niederkofler.it\/de\/standorte\/\" \/>\n<meta property=\"og:locale\" content=\"de_DE\" \/>\n<meta property=\"og:type\" content=\"article\" \/>\n<meta property=\"og:title\" content=\"Standort\u00fcbersicht | Immobilien Niederkofler\" \/>\n<meta property=\"og:description\" content=\"Unser Team steht Ihnen in Bozen, Bruneck, Sand in Taufers, Welsberg und Umgebung zur Verf\u00fcgung. Erfahren Sie mehr \u00fcber unsere Standorte.\" \/>\n<meta property=\"og:url\" content=\"https:\/\/www.immobil-niederkofler.it\/de\/standorte\/\" \/>\n<meta property=\"og:site_name\" content=\"Immobilien Niederkofler\" \/>\n<meta property=\"article:publisher\" content=\"https:\/\/de-de.facebook.com\/ImmobilienNiederkofler\/\" \/>\n<meta property=\"article:modified_time\" content=\"2025-06-13T09:13:30+00:00\" \/>\n<meta property=\"og:image\" content=\"https:\/\/acnaayzuen.cloudimg.io\/v7\/https:\/\/www.immobil-niederkofler.it\/wp-content\/uploads\/2020\/07\/buero-stadtgasse-detail.jpg?force_format=webp&amp;q=70&amp;w=952&amp;h=478\" \/>\n<meta name=\"twitter:card\" content=\"summary_large_image\" \/>\n<meta name=\"twitter:label1\" content=\"Gesch\u00e4tzte Lesezeit\" \/>\n\t<meta name=\"twitter:data1\" content=\"4\u00a0Minuten\" \/>\n<script type=\"application\/ld+json\" class=\"yoast-schema-graph\">{\"@context\":\"https:\\\/\\\/schema.org\",\"@graph\":[{\"@type\":\"WebPage\",\"@id\":\"https:\\\/\\\/www.immobil-niederkofler.it\\\/de\\\/standorte\\\/\",\"url\":\"https:\\\/\\\/www.immobil-niederkofler.it\\\/de\\\/standorte\\\/\",\"name\":\"Standort\u00fcbersicht | Immobilien Niederkofler\",\"isPartOf\":{\"@id\":\"https:\\\/\\\/www.immobil-niederkofler.it\\\/de\\\/#website\"},\"primaryImageOfPage\":{\"@id\":\"https:\\\/\\\/www.immobil-niederkofler.it\\\/de\\\/standorte\\\/#primaryimage\"},\"image\":{\"@id\":\"https:\\\/\\\/www.immobil-niederkofler.it\\\/de\\\/standorte\\\/#primaryimage\"},\"thumbnailUrl\":\"https:\\\/\\\/acnaayzuen.cloudimg.io\\\/v7\\\/https:\\\/\\\/www.immobil-niederkofler.it\\\/wp-content\\\/uploads\\\/2020\\\/07\\\/buero-stadtgasse-detail.jpg?force_format=webp&amp;q=70&amp;w=952&amp;h=478\",\"datePublished\":\"2020-02-27T14:31:42+00:00\",\"dateModified\":\"2025-06-13T09:13:30+00:00\",\"description\":\"Unser Team steht Ihnen in Bozen, Bruneck, Sand in Taufers, Welsberg und Umgebung zur Verf\u00fcgung. Erfahren Sie mehr \u00fcber unsere Standorte.\",\"inLanguage\":\"de\",\"potentialAction\":[{\"@type\":\"ReadAction\",\"target\":[\"https:\\\/\\\/www.immobil-niederkofler.it\\\/de\\\/standorte\\\/\"]}]},{\"@type\":\"ImageObject\",\"inLanguage\":\"de\",\"@id\":\"https:\\\/\\\/www.immobil-niederkofler.it\\\/de\\\/standorte\\\/#primaryimage\",\"url\":\"https:\\\/\\\/acnaayzuen.cloudimg.io\\\/v7\\\/https:\\\/\\\/www.immobil-niederkofler.it\\\/wp-content\\\/uploads\\\/2020\\\/07\\\/buero-stadtgasse-detail.jpg?force_format=webp&amp;q=70&amp;w=952&amp;h=478\",\"contentUrl\":\"https:\\\/\\\/acnaayzuen.cloudimg.io\\\/v7\\\/https:\\\/\\\/www.immobil-niederkofler.it\\\/wp-content\\\/uploads\\\/2020\\\/07\\\/buero-stadtgasse-detail.jpg?force_format=webp&amp;q=70&amp;w=952&amp;h=478\"},{\"@type\":\"WebSite\",\"@id\":\"https:\\\/\\\/www.immobil-niederkofler.it\\\/de\\\/#website\",\"url\":\"https:\\\/\\\/www.immobil-niederkofler.it\\\/de\\\/\",\"name\":\"Immobilien Niederkofler\",\"description\":\"Willkommen bei Immobilien Niederkofler, Ihrem zuverl\u00e4ssigen und kompetenten Immobilienmakler im sch\u00f6nen S\u00fcdtirol\",\"potentialAction\":[{\"@type\":\"SearchAction\",\"target\":{\"@type\":\"EntryPoint\",\"urlTemplate\":\"https:\\\/\\\/www.immobil-niederkofler.it\\\/de\\\/?s={search_term_string}\"},\"query-input\":{\"@type\":\"PropertyValueSpecification\",\"valueRequired\":true,\"valueName\":\"search_term_string\"}}],\"inLanguage\":\"de\"}]}<\/script>\n<!-- \/ Yoast SEO plugin. -->","yoast_head_json":{"title":"Standort\u00fcbersicht | Immobilien Niederkofler","description":"Unser Team steht Ihnen in Bozen, Bruneck, Sand in Taufers, Welsberg und Umgebung zur Verf\u00fcgung. Erfahren Sie mehr \u00fcber unsere Standorte.","robots":{"index":"index","follow":"follow","max-snippet":"max-snippet:-1","max-image-preview":"max-image-preview:large","max-video-preview":"max-video-preview:-1"},"canonical":"https:\/\/www.immobil-niederkofler.it\/de\/standorte\/","og_locale":"de_DE","og_type":"article","og_title":"Standort\u00fcbersicht | Immobilien Niederkofler","og_description":"Unser Team steht Ihnen in Bozen, Bruneck, Sand in Taufers, Welsberg und Umgebung zur Verf\u00fcgung. Erfahren Sie mehr \u00fcber unsere Standorte.","og_url":"https:\/\/www.immobil-niederkofler.it\/de\/standorte\/","og_site_name":"Immobilien Niederkofler","article_publisher":"https:\/\/de-de.facebook.com\/ImmobilienNiederkofler\/","article_modified_time":"2025-06-13T09:13:30+00:00","og_image":[{"url":"https:\/\/acnaayzuen.cloudimg.io\/v7\/https:\/\/www.immobil-niederkofler.it\/wp-content\/uploads\/2020\/07\/buero-stadtgasse-detail.jpg?force_format=webp&amp;q=70&amp;w=952&amp;h=478","type":"","width":"","height":""}],"twitter_card":"summary_large_image","twitter_misc":{"Gesch\u00e4tzte Lesezeit":"4\u00a0Minuten"},"schema":{"@context":"https:\/\/schema.org","@graph":[{"@type":"WebPage","@id":"https:\/\/www.immobil-niederkofler.it\/de\/standorte\/","url":"https:\/\/www.immobil-niederkofler.it\/de\/standorte\/","name":"Standort\u00fcbersicht | Immobilien Niederkofler","isPartOf":{"@id":"https:\/\/www.immobil-niederkofler.it\/de\/#website"},"primaryImageOfPage":{"@id":"https:\/\/www.immobil-niederkofler.it\/de\/standorte\/#primaryimage"},"image":{"@id":"https:\/\/www.immobil-niederkofler.it\/de\/standorte\/#primaryimage"},"thumbnailUrl":"https:\/\/acnaayzuen.cloudimg.io\/v7\/https:\/\/www.immobil-niederkofler.it\/wp-content\/uploads\/2020\/07\/buero-stadtgasse-detail.jpg?force_format=webp&amp;q=70&amp;w=952&amp;h=478","datePublished":"2020-02-27T14:31:42+00:00","dateModified":"2025-06-13T09:13:30+00:00","description":"Unser Team steht Ihnen in Bozen, Bruneck, Sand in Taufers, Welsberg und Umgebung zur Verf\u00fcgung. Erfahren Sie mehr \u00fcber unsere Standorte.","inLanguage":"de","potentialAction":[{"@type":"ReadAction","target":["https:\/\/www.immobil-niederkofler.it\/de\/standorte\/"]}]},{"@type":"ImageObject","inLanguage":"de","@id":"https:\/\/www.immobil-niederkofler.it\/de\/standorte\/#primaryimage","url":"https:\/\/acnaayzuen.cloudimg.io\/v7\/https:\/\/www.immobil-niederkofler.it\/wp-content\/uploads\/2020\/07\/buero-stadtgasse-detail.jpg?force_format=webp&amp;q=70&amp;w=952&amp;h=478","contentUrl":"https:\/\/acnaayzuen.cloudimg.io\/v7\/https:\/\/www.immobil-niederkofler.it\/wp-content\/uploads\/2020\/07\/buero-stadtgasse-detail.jpg?force_format=webp&amp;q=70&amp;w=952&amp;h=478"},{"@type":"WebSite","@id":"https:\/\/www.immobil-niederkofler.it\/de\/#website","url":"https:\/\/www.immobil-niederkofler.it\/de\/","name":"Immobilien Niederkofler","description":"Willkommen bei Immobilien Niederkofler, Ihrem zuverl\u00e4ssigen und kompetenten Immobilienmakler im sch\u00f6nen S\u00fcdtirol","potentialAction":[{"@type":"SearchAction","target":{"@type":"EntryPoint","urlTemplate":"https:\/\/www.immobil-niederkofler.it\/de\/?s={search_term_string}"},"query-input":{"@type":"PropertyValueSpecification","valueRequired":true,"valueName":"search_term_string"}}],"inLanguage":"de"}]}},"_links":{"self":[{"href":"https:\/\/www.immobil-niederkofler.it\/de\/wp-json\/wp\/v2\/pages\/215","targetHints":{"allow":["GET"]}}],"collection":[{"href":"https:\/\/www.immobil-niederkofler.it\/de\/wp-json\/wp\/v2\/pages"}],"about":[{"href":"https:\/\/www.immobil-niederkofler.it\/de\/wp-json\/wp\/v2\/types\/page"}],"author":[{"embeddable":true,"href":"https:\/\/www.immobil-niederkofler.it\/de\/wp-json\/wp\/v2\/users\/4"}],"replies":[{"embeddable":true,"href":"https:\/\/www.immobil-niederkofler.it\/de\/wp-json\/wp\/v2\/comments?post=215"}],"version-history":[{"count":18,"href":"https:\/\/www.immobil-niederkofler.it\/de\/wp-json\/wp\/v2\/pages\/215\/revisions"}],"predecessor-version":[{"id":9956,"href":"https:\/\/www.immobil-niederkofler.it\/de\/wp-json\/wp\/v2\/pages\/215\/revisions\/9956"}],"wp:attachment":[{"href":"https:\/\/www.immobil-niederkofler.it\/de\/wp-json\/wp\/v2\/media?parent=215"}],"curies":[{"name":"wp","href":"https:\/\/api.w.org\/{rel}","templated":true}]}}