{"id":213,"date":"2020-02-27T15:31:18","date_gmt":"2020-02-27T14:31:18","guid":{"rendered":"http:\/\/15789.onofficeweb.com\/?page_id=213"},"modified":"2026-03-06T12:50:45","modified_gmt":"2026-03-06T11:50:45","slug":"fuer-vermieter","status":"publish","type":"page","link":"https:\/\/www.immobil-niederkofler.it\/de\/services\/fuer-vermieter\/","title":{"rendered":"F\u00fcr Vermieter"},"content":{"rendered":"\t\t<div data-elementor-type=\"wp-page\" data-elementor-id=\"213\" class=\"elementor elementor-213\" data-elementor-post-type=\"page\">\n\t\t\t\t\t\t<section class=\"elementor-section elementor-top-section elementor-element elementor-element-4e8d678 elementor-section-full_width elementor-section-height-default elementor-section-height-default\" data-id=\"4e8d678\" data-element_type=\"section\" data-e-type=\"section\">\n\t\t\t\t\t\t<div class=\"elementor-container elementor-column-gap-default\">\n\t\t\t\t\t<div class=\"elementor-column elementor-col-100 elementor-top-column elementor-element elementor-element-ac3c697\" data-id=\"ac3c697\" data-element_type=\"column\" data-e-type=\"column\">\n\t\t\t<div class=\"elementor-widget-wrap elementor-element-populated\">\n\t\t\t\t\t\t<div class=\"elementor-element elementor-element-ea1ea66 elementor-widget elementor-widget-h1-with-lines\" data-id=\"ea1ea66\" data-element_type=\"widget\" data-e-type=\"widget\" data-widget_type=\"h1-with-lines.default\">\n\t\t\t\t<div class=\"elementor-widget-container\">\n\t\t\t\t\t\t\t<h1 class=\"site-title with-lines center\">\n            <span>Unsere Leistungen f\u00fcr Vermieter<\/span>\n        <\/h1>\n        \t\t\t\t<\/div>\n\t\t\t\t<\/div>\n\t\t\t\t\t<\/div>\n\t\t<\/div>\n\t\t\t\t\t<\/div>\n\t\t<\/section>\n\t\t\t\t<section class=\"elementor-section elementor-top-section elementor-element elementor-element-a710568 elementor-section-boxed elementor-section-height-default elementor-section-height-default\" data-id=\"a710568\" data-element_type=\"section\" data-e-type=\"section\">\n\t\t\t\t\t\t<div class=\"elementor-container elementor-column-gap-default\">\n\t\t\t\t\t<div class=\"elementor-column elementor-col-100 elementor-top-column elementor-element elementor-element-3fa2c18\" data-id=\"3fa2c18\" data-element_type=\"column\" data-e-type=\"column\">\n\t\t\t<div class=\"elementor-widget-wrap elementor-element-populated\">\n\t\t\t\t\t\t<div class=\"elementor-element elementor-element-88c8f22 elementor-widget elementor-widget-text-editor\" data-id=\"88c8f22\" data-element_type=\"widget\" data-e-type=\"widget\" data-widget_type=\"text-editor.default\">\n\t\t\t\t<div class=\"elementor-widget-container\">\n\t\t\t\t\t\t\t\t\t<p style=\"text-align: left;\">Gerne unterst\u00fctzen wir Sie bei der Vermietung Ihrer Immobilie in S\u00fcdtirol. Es ist uns ein Anliegen, einen verl\u00e4sslichen, sauberen und bonit\u00e4tsstarken Mieter f\u00fcr Ihrer Immobilie zu finden, um eine <strong>langfriste und sorgenlose Vermietung<\/strong> zu garantieren.<\/p>\t\t\t\t\t\t\t\t<\/div>\n\t\t\t\t<\/div>\n\t\t\t\t\t<\/div>\n\t\t<\/div>\n\t\t\t\t\t<\/div>\n\t\t<\/section>\n\t\t\t\t<section class=\"elementor-section elementor-top-section elementor-element elementor-element-6f0b4f1 elementor-section-boxed elementor-section-height-default elementor-section-height-default\" data-id=\"6f0b4f1\" data-element_type=\"section\" data-e-type=\"section\" data-settings=\"{&quot;background_background&quot;:&quot;classic&quot;}\">\n\t\t\t\t\t\t<div class=\"elementor-container elementor-column-gap-default\">\n\t\t\t\t\t<div class=\"elementor-column elementor-col-100 elementor-top-column elementor-element elementor-element-e318dfc\" data-id=\"e318dfc\" data-element_type=\"column\" data-e-type=\"column\">\n\t\t\t<div class=\"elementor-widget-wrap\">\n\t\t\t\t\t\t\t<\/div>\n\t\t<\/div>\n\t\t\t\t\t<\/div>\n\t\t<\/section>\n\t\t\t\t<section class=\"elementor-section elementor-top-section elementor-element elementor-element-1f33674 elementor-section-boxed elementor-section-height-default elementor-section-height-default\" data-id=\"1f33674\" data-element_type=\"section\" data-e-type=\"section\">\n\t\t\t\t\t\t<div class=\"elementor-container elementor-column-gap-default\">\n\t\t\t\t\t<div class=\"elementor-column elementor-col-100 elementor-top-column elementor-element elementor-element-ac5b4c6\" data-id=\"ac5b4c6\" data-element_type=\"column\" data-e-type=\"column\">\n\t\t\t<div class=\"elementor-widget-wrap elementor-element-populated\">\n\t\t\t\t\t\t<section class=\"elementor-section elementor-inner-section elementor-element elementor-element-6aa3a7b elementor-section-boxed elementor-section-height-default elementor-section-height-default\" data-id=\"6aa3a7b\" data-element_type=\"section\" data-e-type=\"section\">\n\t\t\t\t\t\t<div class=\"elementor-container elementor-column-gap-default\">\n\t\t\t\t\t<div class=\"elementor-column elementor-col-66 elementor-inner-column elementor-element elementor-element-364091e\" data-id=\"364091e\" data-element_type=\"column\" data-e-type=\"column\" data-settings=\"{&quot;background_background&quot;:&quot;classic&quot;}\">\n\t\t\t<div class=\"elementor-widget-wrap elementor-element-populated\">\n\t\t\t\t\t\t<div class=\"elementor-element elementor-element-a22b4df elementor-widget elementor-widget-spacer\" data-id=\"a22b4df\" data-element_type=\"widget\" data-e-type=\"widget\" data-widget_type=\"spacer.default\">\n\t\t\t\t<div class=\"elementor-widget-container\">\n\t\t\t\t\t\t\t<div class=\"elementor-spacer\">\n\t\t\t<div class=\"elementor-spacer-inner\"><\/div>\n\t\t<\/div>\n\t\t\t\t\t\t<\/div>\n\t\t\t\t<\/div>\n\t\t\t\t\t<\/div>\n\t\t<\/div>\n\t\t\t\t<div class=\"elementor-column elementor-col-33 elementor-inner-column elementor-element elementor-element-3808b35\" data-id=\"3808b35\" data-element_type=\"column\" data-e-type=\"column\">\n\t\t\t<div class=\"elementor-widget-wrap elementor-element-populated\">\n\t\t\t\t\t\t<div class=\"elementor-element elementor-element-19bbac7 elementor-widget elementor-widget-text-editor\" data-id=\"19bbac7\" data-element_type=\"widget\" data-e-type=\"widget\" data-widget_type=\"text-editor.default\">\n\t\t\t\t<div class=\"elementor-widget-container\">\n\t\t\t\t\t\t\t\t\t<h2 style=\"text-align: left;\">Vermarktung Ihres Mietobjektes<\/h2><p style=\"text-align: left;\">Wir bereiten alle<strong> notwendigen Unterlagen<\/strong> vor, um Ihr Mietobjekt am Markt zu pr\u00e4sentieren. Dazu z\u00e4hlt eine Bestandsaufnahme der Wohnung inkl. Erstellung von professionellen Fotos. Nat\u00fcrlich beraten wir Sie auch bei der <strong>Bestimmung des optimalen Mietpreises<\/strong>. Je nachdem, ob die Wohnung frei oder konventioniert ist und abh\u00e4ngig davon welche Vertragslaufzeit (3+2 oder 4+4 Jahre) vom Eigent\u00fcmer gew\u00e4hlt wird, gibt es gesetzlich vorgeschriebene Berechnungsmethoden, die ber\u00fccksichtigt werden m\u00fcssen.<\/p>\t\t\t\t\t\t\t\t<\/div>\n\t\t\t\t<\/div>\n\t\t\t\t\t<\/div>\n\t\t<\/div>\n\t\t\t\t\t<\/div>\n\t\t<\/section>\n\t\t\t\t<section class=\"elementor-section elementor-inner-section elementor-element elementor-element-664d7bf elementor-reverse-mobile elementor-section-boxed elementor-section-height-default elementor-section-height-default\" data-id=\"664d7bf\" data-element_type=\"section\" data-e-type=\"section\">\n\t\t\t\t\t\t<div class=\"elementor-container elementor-column-gap-default\">\n\t\t\t\t\t<div class=\"elementor-column elementor-col-33 elementor-inner-column elementor-element elementor-element-ce87432\" data-id=\"ce87432\" data-element_type=\"column\" data-e-type=\"column\">\n\t\t\t<div class=\"elementor-widget-wrap elementor-element-populated\">\n\t\t\t\t\t\t<div class=\"elementor-element elementor-element-c482837 elementor-widget elementor-widget-text-editor\" data-id=\"c482837\" data-element_type=\"widget\" data-e-type=\"widget\" data-widget_type=\"text-editor.default\">\n\t\t\t\t<div class=\"elementor-widget-container\">\n\t\t\t\t\t\t\t\t\t<h2 style=\"text-align: left;\">Mietvertr\u00e4ge<\/h2><p style=\"text-align: left;\">Das Aufsetzen eines Mietvertrages f\u00fcr eine Immobilie soll gut durchdacht sein, um m\u00f6gliche Missverst\u00e4ndnisse oder Gesetzesverletzungen zu vermeiden. Unser <a href=\"https:\/\/www.immobil-niederkofler.it\/de\/services\/\">Leistungsangebot<\/a> beinhaltet die Beratung und die Vorbereitung von Mietvertr\u00e4gen jeglicher Art sowie den Abschluss desselben und die damit verbundenen Formalit\u00e4ten. Dadurch stellen unsere Kunden sicher, dass der Vertrag in allen Punkten Ihren Vorstellungen und den Richtlinien der Gesetzgebung entspricht.<\/p>\t\t\t\t\t\t\t\t<\/div>\n\t\t\t\t<\/div>\n\t\t\t\t\t<\/div>\n\t\t<\/div>\n\t\t\t\t<div class=\"elementor-column elementor-col-66 elementor-inner-column elementor-element elementor-element-588b0be\" data-id=\"588b0be\" data-element_type=\"column\" data-e-type=\"column\" data-settings=\"{&quot;background_background&quot;:&quot;classic&quot;}\">\n\t\t\t<div class=\"elementor-widget-wrap elementor-element-populated\">\n\t\t\t\t\t\t<div class=\"elementor-element elementor-element-0eda153 elementor-widget elementor-widget-spacer\" data-id=\"0eda153\" data-element_type=\"widget\" data-e-type=\"widget\" data-widget_type=\"spacer.default\">\n\t\t\t\t<div class=\"elementor-widget-container\">\n\t\t\t\t\t\t\t<div class=\"elementor-spacer\">\n\t\t\t<div class=\"elementor-spacer-inner\"><\/div>\n\t\t<\/div>\n\t\t\t\t\t\t<\/div>\n\t\t\t\t<\/div>\n\t\t\t\t\t<\/div>\n\t\t<\/div>\n\t\t\t\t\t<\/div>\n\t\t<\/section>\n\t\t\t\t\t<\/div>\n\t\t<\/div>\n\t\t\t\t\t<\/div>\n\t\t<\/section>\n\t\t\t\t<section class=\"elementor-section elementor-top-section elementor-element elementor-element-89b79e4 elementor-section-boxed elementor-section-height-default elementor-section-height-default\" data-id=\"89b79e4\" data-element_type=\"section\" data-e-type=\"section\">\n\t\t\t\t\t\t<div class=\"elementor-container elementor-column-gap-default\">\n\t\t\t\t\t<div class=\"elementor-column elementor-col-100 elementor-top-column elementor-element elementor-element-2257792\" data-id=\"2257792\" data-element_type=\"column\" data-e-type=\"column\">\n\t\t\t<div class=\"elementor-widget-wrap elementor-element-populated\">\n\t\t\t\t\t\t<section class=\"elementor-section elementor-inner-section elementor-element elementor-element-7ffb785 elementor-section-boxed elementor-section-height-default elementor-section-height-default\" data-id=\"7ffb785\" data-element_type=\"section\" data-e-type=\"section\">\n\t\t\t\t\t\t<div class=\"elementor-container elementor-column-gap-default\">\n\t\t\t\t\t<div class=\"elementor-column elementor-col-100 elementor-inner-column elementor-element elementor-element-b5ab0ae\" data-id=\"b5ab0ae\" data-element_type=\"column\" data-e-type=\"column\">\n\t\t\t<div class=\"elementor-widget-wrap elementor-element-populated\">\n\t\t\t\t\t\t<div class=\"elementor-element elementor-element-6bd239e elementor-widget elementor-widget-h2-with-lines\" data-id=\"6bd239e\" data-element_type=\"widget\" data-e-type=\"widget\" data-widget_type=\"h2-with-lines.default\">\n\t\t\t\t<div class=\"elementor-widget-container\">\n\t\t\t\t\t\t\t<h2 class=\"site-title no-lines center\">\n            <span>Unsere Leistungen als Anlaufstelle f\u00fcr die Mitglieder des Verbandes der Hauseigent\u00fcmer<\/span>\n        <\/h2>\n        \t\t\t\t<\/div>\n\t\t\t\t<\/div>\n\t\t\t\t<div class=\"elementor-element elementor-element-88ccddf elementor-widget elementor-widget-text-editor\" data-id=\"88ccddf\" data-element_type=\"widget\" data-e-type=\"widget\" data-widget_type=\"text-editor.default\">\n\t\t\t\t<div class=\"elementor-widget-container\">\n\t\t\t\t\t\t\t\t\t<p style=\"text-align: center;\">Unser Immobilienb\u00fcro ist Anlaufstelle f\u00fcr den Verband der Hauseigent\u00fcmer (VHE \u2013 Au\u00dfenstelle Bruneck). Immobilienbesitzer und Mitglieder erhalten in unseren B\u00fcros n\u00fctzliche Informationen und k\u00f6nnen unsere Dienstleistungen zu folgenden Themen in Anspruch nehmen: Meldung und Registrierung von Mietvertr\u00e4gen bei der Agentur der Einnahmen, Berechnung und Kontrolle der Mietanpassung, F\u00e4lligkeiten, K\u00fcndigungen, uvm. Dar\u00fcber hinaus bietet der Verband seinen Mitgliedern Unterst\u00fctzung und Beratung in Rechts-, Steuer- und Kondominiumsangelegenheiten.<\/p>\t\t\t\t\t\t\t\t<\/div>\n\t\t\t\t<\/div>\n\t\t\t\t<div class=\"elementor-element elementor-element-e0aaa9a elementor-align-center elementor-widget elementor-widget-button\" data-id=\"e0aaa9a\" data-element_type=\"widget\" data-e-type=\"widget\" data-widget_type=\"button.default\">\n\t\t\t\t<div class=\"elementor-widget-container\">\n\t\t\t\t\t\t\t\t\t<div class=\"elementor-button-wrapper\">\n\t\t\t\t\t<a class=\"elementor-button elementor-button-link elementor-size-md\" href=\"https:\/\/www.immobil-niederkofler.it\/de\/kontakt\/\">\n\t\t\t\t\t\t<span class=\"elementor-button-content-wrapper\">\n\t\t\t\t\t\t\t\t\t<span class=\"elementor-button-text\">Kontaktieren Sie uns<\/span>\n\t\t\t\t\t<\/span>\n\t\t\t\t\t<\/a>\n\t\t\t\t<\/div>\n\t\t\t\t\t\t\t\t<\/div>\n\t\t\t\t<\/div>\n\t\t\t\t\t<\/div>\n\t\t<\/div>\n\t\t\t\t\t<\/div>\n\t\t<\/section>\n\t\t\t\t\t<\/div>\n\t\t<\/div>\n\t\t\t\t\t<\/div>\n\t\t<\/section>\n\t\t<div class=\"elementor-element elementor-element-d8fa594 e-flex e-con-boxed e-con e-parent\" data-id=\"d8fa594\" data-element_type=\"container\" data-e-type=\"container\">\n\t\t\t\t\t<div class=\"e-con-inner\">\n\t\t\t\t<div class=\"elementor-element elementor-element-7550d8f elementor-widget elementor-widget-shortcode\" data-id=\"7550d8f\" data-element_type=\"widget\" data-e-type=\"widget\" data-widget_type=\"shortcode.default\">\n\t\t\t\t<div class=\"elementor-widget-container\">\n\t\t\t\t\t\t\t<div class=\"elementor-shortcode\">\n<h3>\n\t<\/h3>\n\n<form method=\"post\" id=\"onoffice-form\" class=\"wrap-form wrap-form--contact\" action=\"#onoffice-form\">\n\t<input type=\"hidden\" name=\"oo_formid\" value=\"Kontaktformular\">\n\t<input type=\"hidden\" name=\"oo_formno\" value=\"1\">\n\t\n\t<div class=\"wrap-form__form-row\"><div class=\"wrap-form__form-field\"><label>Anrede: <\/label><br><select class=\"mb-2\" size=\"1\" name=\"Anrede\"><option value=\"\">Anrede<\/option><option value=\"Herr\">Herr<\/option><option value=\"Frau\">Frau<\/option><option value=\"Firma\">Firma<\/option><option value=\"Familie\">Familie<\/option><option value=\"Eheleute\">Eheleute<\/option><\/select><\/div><\/div><div class=\"wrap-form__form-row\"><div class=\"wrap-form__form-field\"><label>Vorname*: <\/label><br><input type=\"text\" required  name=\"Vorname\" value=\"\"><\/div><\/div><div class=\"wrap-form__form-row\"><div class=\"wrap-form__form-field\"><label>Nachname*: <\/label><br><input type=\"text\" required  name=\"Name\" value=\"\"><\/div><\/div><div class=\"wrap-form__form-row\"><div class=\"wrap-form__form-field\"><label>Stra\u00dfe: <\/label><br><input type=\"text\"  name=\"Strasse\" value=\"\"><\/div><\/div><div class=\"wrap-form__form-row\"><div class=\"wrap-form__form-field\"><label>Ort: <\/label><br><input type=\"text\"  name=\"Ort\" value=\"\"><\/div><\/div><div class=\"wrap-form__form-row\"><div class=\"wrap-form__form-field\"><label>Telefonnummern: <\/label><br><input type=\"text\"  name=\"Telefon1\" value=\"\"><\/div><\/div><div class=\"wrap-form__form-row\"><div class=\"wrap-form__form-field\"><label>E-Mail*: <\/label><br><input type=\"text\" required  name=\"Email\" value=\"\"><\/div><\/div><div class=\"wrap-form__form-row wrap-form__form-row--full-width\"><div class=\"wrap-form__form-field wrap-form__form-field_textarea\"><div class=\"form-group\"><label style=\"color: #222 !important;\">Nachricht:<\/label><textarea name=\"message\" id=\"message\" cols=\"100\" rows=\"10\" placeholder=\"Ihre Nachricht\"><\/textarea><\/div><\/div><\/div><div class=\"wrap-form__form-row wrap-form__form-row--full-width\"><div class=\"wrap-form__form-field wrap-form__form-field_textarea\"><div class=\"form-group\"><p class=\"input-label-group\"><input id=\"gdprcheckbox\" class=\"pointer\" type=\"checkbox\" name=\"gdprcheckbox\" value=\"1\" required ><span> Ich bin mit den <a href=\"https:\/\/www.immobil-niederkofler.it\/de\/datenschutzerklaerung\/\">Datenschutzbestimmungen<\/a> einverstanden.*<\/span><\/p><\/div><\/div><\/div>\n\t\t<div class=\"wrap-form__form-row wrap-form__form-row--full-width\">\n\t\t\t<div class=\"wrap-form__form-field wrap-form__form-field_textarea\">\n\t\t\t\t<div class=\"wrap-form__button\">\t<script>\n\t\tfunction onSubmit() {\n\t\t\tvar element = document.getElementById(\"onoffice-form\");\n\t\t\telement.submit();\n\t\t}\n\t<\/script>\n\t<div id='recaptcha' class=\"g-recaptcha\"\n\t\tdata-sitekey=\"6Le2HgUrAAAAAHrELsSdeDpSNqdOfp4QPo-F9tGI\"\n\t\tdata-callback=\"onSubmit\"\n\t\tdata-size=\"invisible\"><\/div>\n\t<button class=\"submit_button\">Absenden<\/button>\n\t<script>\n\t(function() {\n\t\tvar formId = \"onoffice-form\";\n\t\tvar formElement = document.getElementById(formId);\n\t\tvar submitButtonElement = formElement.getElementsByClassName('submit_button')[0];\n\t\tonOffice.captchaControl(formElement, submitButtonElement);\n\t})();\n\t<\/script>\n<\/div>\t\t\t<\/div>\n\t\t<\/div>\n\t<\/form><\/div>\n\t\t\t\t\t\t<\/div>\n\t\t\t\t<\/div>\n\t\t\t\t\t<\/div>\n\t\t\t\t<\/div>\n\t\t<div class=\"elementor-element elementor-element-b087145 e-flex e-con-boxed e-con e-parent\" data-id=\"b087145\" data-element_type=\"container\" data-e-type=\"container\">\n\t\t\t\t\t<div class=\"e-con-inner\">\n\t\t\t\t<div class=\"elementor-element elementor-element-7fd950e elementor-widget elementor-widget-h2-with-lines\" data-id=\"7fd950e\" data-element_type=\"widget\" data-e-type=\"widget\" data-widget_type=\"h2-with-lines.default\">\n\t\t\t\t<div class=\"elementor-widget-container\">\n\t\t\t\t\t\t\t<h2 class=\"site-title no-lines center\">\n            <span>H\u00e4ufig gestellte Fragen von Vermietern<\/span>\n        <\/h2>\n        \t\t\t\t<\/div>\n\t\t\t\t<\/div>\n\t\t\t\t<div class=\"elementor-element elementor-element-99fe1fc elementor-widget elementor-widget-n-accordion\" data-id=\"99fe1fc\" data-element_type=\"widget\" data-e-type=\"widget\" data-settings=\"{&quot;default_state&quot;:&quot;expanded&quot;,&quot;max_items_expended&quot;:&quot;one&quot;,&quot;n_accordion_animation_duration&quot;:{&quot;unit&quot;:&quot;ms&quot;,&quot;size&quot;:400,&quot;sizes&quot;:[]}}\" data-widget_type=\"nested-accordion.default\">\n\t\t\t\t<div class=\"elementor-widget-container\">\n\t\t\t\t\t\t\t<div class=\"e-n-accordion\" aria-label=\"Accordion. Open links with Enter or Space, close with Escape, and navigate with Arrow Keys\">\n\t\t\t\t\t\t<details id=\"e-n-accordion-item-1610\" class=\"e-n-accordion-item\" open>\n\t\t\t\t<summary class=\"e-n-accordion-item-title\" data-accordion-index=\"1\" tabindex=\"0\" aria-expanded=\"true\" aria-controls=\"e-n-accordion-item-1610\" >\n\t\t\t\t\t<span class='e-n-accordion-item-title-header'><div class=\"e-n-accordion-item-title-text\"> Sollte ich meine Immobilie mit oder ohne Makler vermieten? <\/div><\/span>\n\t\t\t\t\t\t\t<span class='e-n-accordion-item-title-icon'>\n\t\t\t<span class='e-opened' ><i aria-hidden=\"true\" class=\"fas fa-minus\"><\/i><\/span>\n\t\t\t<span class='e-closed'><i aria-hidden=\"true\" class=\"fas fa-plus\"><\/i><\/span>\n\t\t<\/span>\n\n\t\t\t\t\t\t<\/summary>\n\t\t\t\t<div role=\"region\" aria-labelledby=\"e-n-accordion-item-1610\" class=\"elementor-element elementor-element-042e7e5 e-con-full e-flex e-con e-child\" data-id=\"042e7e5\" data-element_type=\"container\" data-e-type=\"container\">\n\t\t\t\t<div class=\"elementor-element elementor-element-c16d864 elementor-widget elementor-widget-text-editor\" data-id=\"c16d864\" data-element_type=\"widget\" data-e-type=\"widget\" data-widget_type=\"text-editor.default\">\n\t\t\t\t<div class=\"elementor-widget-container\">\n\t\t\t\t\t\t\t\t\t<p><span style=\"font-weight: 400;\">Die Vermietung Ihrer Immobilie \u00fcber eine erfahrene Immobilienagentur wie Immobilien Niederkofler bietet zahlreiche Vorteile. Wir \u00fcbernehmen die professionelle Immobilienvermittlung, finden geeignete Mieter und k\u00fcmmern uns um alle Formalit\u00e4ten. So gew\u00e4hrleisten wir eine rechtssichere Abwicklung und entlasten Sie zeitlich und organisatorisch. Zudem profitieren Sie von unserem umfassenden Netzwerk und unserer regionalen Marktkenntnis in S\u00fcdtirol.<\/span><\/p>\t\t\t\t\t\t\t\t<\/div>\n\t\t\t\t<\/div>\n\t\t\t\t<\/div>\n\t\t\t\t\t<\/details>\n\t\t\t\t\t\t<details id=\"e-n-accordion-item-1611\" class=\"e-n-accordion-item\" >\n\t\t\t\t<summary class=\"e-n-accordion-item-title\" data-accordion-index=\"2\" tabindex=\"-1\" aria-expanded=\"false\" aria-controls=\"e-n-accordion-item-1611\" >\n\t\t\t\t\t<span class='e-n-accordion-item-title-header'><div class=\"e-n-accordion-item-title-text\"> Wie kalkuliere ich als Vermieter die Miete? <\/div><\/span>\n\t\t\t\t\t\t\t<span class='e-n-accordion-item-title-icon'>\n\t\t\t<span class='e-opened' ><i aria-hidden=\"true\" class=\"fas fa-minus\"><\/i><\/span>\n\t\t\t<span class='e-closed'><i aria-hidden=\"true\" class=\"fas fa-plus\"><\/i><\/span>\n\t\t<\/span>\n\n\t\t\t\t\t\t<\/summary>\n\t\t\t\t<div role=\"region\" aria-labelledby=\"e-n-accordion-item-1611\" class=\"elementor-element elementor-element-d187669 e-con-full e-flex e-con e-child\" data-id=\"d187669\" data-element_type=\"container\" data-e-type=\"container\">\n\t\t\t\t<div class=\"elementor-element elementor-element-5483055 elementor-widget elementor-widget-text-editor\" data-id=\"5483055\" data-element_type=\"widget\" data-e-type=\"widget\" data-widget_type=\"text-editor.default\">\n\t\t\t\t<div class=\"elementor-widget-container\">\n\t\t\t\t\t\t\t\t\t<p><span style=\"font-weight: 400;\">Die Mietkalkulation sollte auf einer sorgf\u00e4ltigen Analyse des lokalen Immobilienmarktes in S\u00fcdtirol basieren. Dabei sind Faktoren wie Lage, Gr\u00f6\u00dfe, Zustand und Ausstattung der Immobilie entscheidend. Gerne unterst\u00fctzen wir Sie mit unserer fachlichen Bewertung, um eine marktgerechte und faire Mietpreisgestaltung zu gew\u00e4hrleisten.<\/span><\/p>\t\t\t\t\t\t\t\t<\/div>\n\t\t\t\t<\/div>\n\t\t\t\t<\/div>\n\t\t\t\t\t<\/details>\n\t\t\t\t\t\t<details id=\"e-n-accordion-item-1612\" class=\"e-n-accordion-item\" >\n\t\t\t\t<summary class=\"e-n-accordion-item-title\" data-accordion-index=\"3\" tabindex=\"-1\" aria-expanded=\"false\" aria-controls=\"e-n-accordion-item-1612\" >\n\t\t\t\t\t<span class='e-n-accordion-item-title-header'><div class=\"e-n-accordion-item-title-text\"> Soll ich mein Haus vermieten oder doch verkaufen? <\/div><\/span>\n\t\t\t\t\t\t\t<span class='e-n-accordion-item-title-icon'>\n\t\t\t<span class='e-opened' ><i aria-hidden=\"true\" class=\"fas fa-minus\"><\/i><\/span>\n\t\t\t<span class='e-closed'><i aria-hidden=\"true\" class=\"fas fa-plus\"><\/i><\/span>\n\t\t<\/span>\n\n\t\t\t\t\t\t<\/summary>\n\t\t\t\t<div role=\"region\" aria-labelledby=\"e-n-accordion-item-1612\" class=\"elementor-element elementor-element-adb0bef e-con-full e-flex e-con e-child\" data-id=\"adb0bef\" data-element_type=\"container\" data-e-type=\"container\">\n\t\t\t\t<div class=\"elementor-element elementor-element-e5bc319 elementor-widget elementor-widget-text-editor\" data-id=\"e5bc319\" data-element_type=\"widget\" data-e-type=\"widget\" data-widget_type=\"text-editor.default\">\n\t\t\t\t<div class=\"elementor-widget-container\">\n\t\t\t\t\t\t\t\t\t<p><span style=\"font-weight: 400;\">Ob Vermietung oder Verkauf f\u00fcr Sie sinnvoller ist, h\u00e4ngt von Ihren individuellen Zielen und der aktuellen Marktsituation in S\u00fcdtirol ab. Eine Vermietung kann langfristige Einnahmen sichern, w\u00e4hrend ein Verkauf eine sofortige Kapitalfreisetzung erm\u00f6glicht. Wir beraten Sie pers\u00f6nlich und analysieren gemeinsam mit Ihnen die wirtschaftlichen und steuerlichen Aspekte, um die beste Entscheidung f\u00fcr Ihre Immobilie zu treffen.<\/span><\/p>\t\t\t\t\t\t\t\t<\/div>\n\t\t\t\t<\/div>\n\t\t\t\t<\/div>\n\t\t\t\t\t<\/details>\n\t\t\t\t\t\t<details id=\"e-n-accordion-item-1613\" class=\"e-n-accordion-item\" >\n\t\t\t\t<summary class=\"e-n-accordion-item-title\" data-accordion-index=\"4\" tabindex=\"-1\" aria-expanded=\"false\" aria-controls=\"e-n-accordion-item-1613\" >\n\t\t\t\t\t<span class='e-n-accordion-item-title-header'><div class=\"e-n-accordion-item-title-text\"> Was geh\u00f6rt in einen Mietvertrag? <\/div><\/span>\n\t\t\t\t\t\t\t<span class='e-n-accordion-item-title-icon'>\n\t\t\t<span class='e-opened' ><i aria-hidden=\"true\" class=\"fas fa-minus\"><\/i><\/span>\n\t\t\t<span class='e-closed'><i aria-hidden=\"true\" class=\"fas fa-plus\"><\/i><\/span>\n\t\t<\/span>\n\n\t\t\t\t\t\t<\/summary>\n\t\t\t\t<div role=\"region\" aria-labelledby=\"e-n-accordion-item-1613\" class=\"elementor-element elementor-element-2570066 e-flex e-con-boxed e-con e-child\" data-id=\"2570066\" data-element_type=\"container\" data-e-type=\"container\">\n\t\t\t\t\t<div class=\"e-con-inner\">\n\t\t\t\t<div class=\"elementor-element elementor-element-3e23a7a elementor-widget elementor-widget-text-editor\" data-id=\"3e23a7a\" data-element_type=\"widget\" data-e-type=\"widget\" data-widget_type=\"text-editor.default\">\n\t\t\t\t<div class=\"elementor-widget-container\">\n\t\t\t\t\t\t\t\t\t<p><span style=\"font-weight: 400;\">Ein rechtssicherer Mietvertrag sollte alle wesentlichen Punkte wie Mietdauer, Zahlungsmodalit\u00e4ten, Kaution sowie Rechte und Pflichten von Mieter und Vermieter enthalten. Dar\u00fcber hinaus sind Regelungen zu Betriebskosten, Instandhaltung und K\u00fcndigungsfristen wichtig. Wir empfehlen, den Vertrag individuell auf die Immobilie und die gesetzlichen Bestimmungen in S\u00fcdtirol anzupassen, um sp\u00e4tere Konflikte zu vermeiden. Gerne unterst\u00fctzen wir Sie dabei mit unserer fachlichen Beratung und langj\u00e4hrigen Erfahrung.<\/span><\/p>\t\t\t\t\t\t\t\t<\/div>\n\t\t\t\t<\/div>\n\t\t\t\t\t<\/div>\n\t\t\t\t<\/div>\n\t\t\t\t\t<\/details>\n\t\t\t\t\t\t<details id=\"e-n-accordion-item-1614\" class=\"e-n-accordion-item\" >\n\t\t\t\t<summary class=\"e-n-accordion-item-title\" data-accordion-index=\"5\" tabindex=\"-1\" aria-expanded=\"false\" aria-controls=\"e-n-accordion-item-1614\" >\n\t\t\t\t\t<span class='e-n-accordion-item-title-header'><div class=\"e-n-accordion-item-title-text\"> Wie bin ich rechtlich als Vermieter gesch\u00fctzt? <\/div><\/span>\n\t\t\t\t\t\t\t<span class='e-n-accordion-item-title-icon'>\n\t\t\t<span class='e-opened' ><i aria-hidden=\"true\" class=\"fas fa-minus\"><\/i><\/span>\n\t\t\t<span class='e-closed'><i aria-hidden=\"true\" class=\"fas fa-plus\"><\/i><\/span>\n\t\t<\/span>\n\n\t\t\t\t\t\t<\/summary>\n\t\t\t\t<div role=\"region\" aria-labelledby=\"e-n-accordion-item-1614\" class=\"elementor-element elementor-element-9dd13db e-flex e-con-boxed e-con e-child\" data-id=\"9dd13db\" data-element_type=\"container\" data-e-type=\"container\">\n\t\t\t\t\t<div class=\"e-con-inner\">\n\t\t\t\t<div class=\"elementor-element elementor-element-dd21499 elementor-widget elementor-widget-text-editor\" data-id=\"dd21499\" data-element_type=\"widget\" data-e-type=\"widget\" data-widget_type=\"text-editor.default\">\n\t\t\t\t<div class=\"elementor-widget-container\">\n\t\t\t\t\t\t\t\t\t<p><span style=\"font-weight: 400;\">Als Vermieter in S\u00fcdtirol genie\u00dfen Sie durch das Mietrecht umfassenden Schutz, insbesondere hinsichtlich Mietzahlungen und R\u00fcckgabe der Immobilie. Ein sorgf\u00e4ltig ausgearbeiteter Mietvertrag bildet die Grundlage f\u00fcr Ihre rechtliche Absicherung. Zudem stehen wir Ihnen mit rechtlicher Beratung zur Seite, um Ihre Interessen zu wahren und etwaige Streitigkeiten professionell zu kl\u00e4ren.<\/span><\/p>\t\t\t\t\t\t\t\t<\/div>\n\t\t\t\t<\/div>\n\t\t\t\t\t<\/div>\n\t\t\t\t<\/div>\n\t\t\t\t\t<\/details>\n\t\t\t\t\t\t<details id=\"e-n-accordion-item-1615\" class=\"e-n-accordion-item\" >\n\t\t\t\t<summary class=\"e-n-accordion-item-title\" data-accordion-index=\"6\" tabindex=\"-1\" aria-expanded=\"false\" aria-controls=\"e-n-accordion-item-1615\" >\n\t\t\t\t\t<span class='e-n-accordion-item-title-header'><div class=\"e-n-accordion-item-title-text\"> F\u00fcr welche Reparaturen muss ich als Vermieter aufkommen? <\/div><\/span>\n\t\t\t\t\t\t\t<span class='e-n-accordion-item-title-icon'>\n\t\t\t<span class='e-opened' ><i aria-hidden=\"true\" class=\"fas fa-minus\"><\/i><\/span>\n\t\t\t<span class='e-closed'><i aria-hidden=\"true\" class=\"fas fa-plus\"><\/i><\/span>\n\t\t<\/span>\n\n\t\t\t\t\t\t<\/summary>\n\t\t\t\t<div role=\"region\" aria-labelledby=\"e-n-accordion-item-1615\" class=\"elementor-element elementor-element-2ff0678 e-flex e-con-boxed e-con e-child\" data-id=\"2ff0678\" data-element_type=\"container\" data-e-type=\"container\">\n\t\t\t\t\t<div class=\"e-con-inner\">\n\t\t\t\t<div class=\"elementor-element elementor-element-c1bbdfe elementor-widget elementor-widget-text-editor\" data-id=\"c1bbdfe\" data-element_type=\"widget\" data-e-type=\"widget\" data-widget_type=\"text-editor.default\">\n\t\t\t\t<div class=\"elementor-widget-container\">\n\t\t\t\t\t\t\t\t\t<p><span style=\"font-weight: 400;\">Grunds\u00e4tzlich sind Vermieter f\u00fcr die au\u00dferordentliche Instandhaltung und Reparaturen verantwortlich. Kleinere Sch\u00f6nheitsreparaturen oder Sch\u00e4den, die durch den Mieter verursacht wurden, k\u00f6nnen vertraglich anders geregelt sein. Wir beraten Sie gerne, welche Reparaturen zu Ihren Pflichten geh\u00f6ren und wie Sie diese rechtssicher im Mietvertrag festhalten<\/span><\/p>\t\t\t\t\t\t\t\t<\/div>\n\t\t\t\t<\/div>\n\t\t\t\t\t<\/div>\n\t\t\t\t<\/div>\n\t\t\t\t\t<\/details>\n\t\t\t\t\t<\/div>\n\t\t\t\t\t\t<\/div>\n\t\t\t\t<\/div>\n\t\t\t\t\t<\/div>\n\t\t\t\t<\/div>\n\t\t<div class=\"elementor-element elementor-element-6446fd4 e-flex e-con-boxed e-con e-parent\" data-id=\"6446fd4\" data-element_type=\"container\" data-e-type=\"container\">\n\t\t\t\t\t<div class=\"e-con-inner\">\n\t\t\t\t<div class=\"elementor-element elementor-element-38932ec elementor-widget elementor-widget-spacer\" data-id=\"38932ec\" data-element_type=\"widget\" data-e-type=\"widget\" data-widget_type=\"spacer.default\">\n\t\t\t\t<div class=\"elementor-widget-container\">\n\t\t\t\t\t\t\t<div class=\"elementor-spacer\">\n\t\t\t<div class=\"elementor-spacer-inner\"><\/div>\n\t\t<\/div>\n\t\t\t\t\t\t<\/div>\n\t\t\t\t<\/div>\n\t\t\t\t\t<\/div>\n\t\t\t\t<\/div>\n\t\t\t\t<\/div>\n\t\t","protected":false},"excerpt":{"rendered":"<p>Unsere Leistungen f\u00fcr Vermieter Gerne unterst\u00fctzen wir Sie bei der Vermietung Ihrer Immobilie in S\u00fcdtirol. Es ist uns ein Anliegen, einen verl\u00e4sslichen, sauberen und bonit\u00e4tsstarken Mieter f\u00fcr Ihrer Immobilie zu finden, um eine langfriste und sorgenlose Vermietung zu garantieren. Vermarktung Ihres Mietobjektes Wir bereiten alle notwendigen Unterlagen vor, um Ihr Mietobjekt am Markt zu pr\u00e4sentieren. [&hellip;]<\/p>\n","protected":false},"author":4,"featured_media":0,"parent":11,"menu_order":0,"comment_status":"closed","ping_status":"closed","template":"","meta":{"_acf_changed":false,"_monsterinsights_skip_tracking":false,"_monsterinsights_sitenote_active":false,"_monsterinsights_sitenote_note":"","_monsterinsights_sitenote_category":0,"footnotes":""},"class_list":["post-213","page","type-page","status-publish","hentry"],"acf":[],"yoast_head":"<!-- This site is optimized with the Yoast SEO plugin v27.5 - https:\/\/yoast.com\/product\/yoast-seo-wordpress\/ -->\n<title>Immobilie vermieten in S\u00fcdtirol | Immobilien Niederkofler<\/title>\n<meta name=\"description\" content=\"Sie m\u00f6chten Ihre Immobilie in S\u00fcdtirol vermieten? Wir unterst\u00fctzen Sie und nehmen Ihnen alle anfallenden Aufgaben ab.\" \/>\n<meta name=\"robots\" content=\"index, follow, max-snippet:-1, max-image-preview:large, max-video-preview:-1\" \/>\n<link rel=\"canonical\" href=\"https:\/\/www.immobil-niederkofler.it\/de\/services\/fuer-vermieter\/\" \/>\n<meta property=\"og:locale\" content=\"de_DE\" \/>\n<meta property=\"og:type\" content=\"article\" \/>\n<meta property=\"og:title\" content=\"Immobilie vermieten in S\u00fcdtirol | Immobilien Niederkofler\" \/>\n<meta property=\"og:description\" content=\"Sie m\u00f6chten Ihre Immobilie in S\u00fcdtirol vermieten? Wir unterst\u00fctzen Sie und nehmen Ihnen alle anfallenden Aufgaben ab.\" \/>\n<meta property=\"og:url\" content=\"https:\/\/www.immobil-niederkofler.it\/de\/services\/fuer-vermieter\/\" \/>\n<meta property=\"og:site_name\" content=\"Immobilien Niederkofler\" \/>\n<meta property=\"article:publisher\" content=\"https:\/\/de-de.facebook.com\/ImmobilienNiederkofler\/\" \/>\n<meta property=\"article:modified_time\" content=\"2026-03-06T11:50:45+00:00\" \/>\n<meta property=\"og:image\" content=\"https:\/\/www.immobil-niederkofler.it\/wp-content\/uploads\/2020\/04\/logo.png\" \/>\n\t<meta property=\"og:image:width\" content=\"121\" \/>\n\t<meta property=\"og:image:height\" content=\"118\" \/>\n\t<meta property=\"og:image:type\" content=\"image\/png\" \/>\n<meta name=\"twitter:card\" content=\"summary_large_image\" \/>\n<meta name=\"twitter:label1\" content=\"Gesch\u00e4tzte Lesezeit\" \/>\n\t<meta name=\"twitter:data1\" content=\"2\u00a0Minuten\" \/>\n<script type=\"application\/ld+json\" class=\"yoast-schema-graph\">{\"@context\":\"https:\\\/\\\/schema.org\",\"@graph\":[{\"@type\":\"WebPage\",\"@id\":\"https:\\\/\\\/www.immobil-niederkofler.it\\\/de\\\/services\\\/fuer-vermieter\\\/\",\"url\":\"https:\\\/\\\/www.immobil-niederkofler.it\\\/de\\\/services\\\/fuer-vermieter\\\/\",\"name\":\"Immobilie vermieten in S\u00fcdtirol | Immobilien Niederkofler\",\"isPartOf\":{\"@id\":\"https:\\\/\\\/www.immobil-niederkofler.it\\\/de\\\/#website\"},\"datePublished\":\"2020-02-27T14:31:18+00:00\",\"dateModified\":\"2026-03-06T11:50:45+00:00\",\"description\":\"Sie m\u00f6chten Ihre Immobilie in S\u00fcdtirol vermieten? Wir unterst\u00fctzen Sie und nehmen Ihnen alle anfallenden Aufgaben ab.\",\"breadcrumb\":{\"@id\":\"https:\\\/\\\/www.immobil-niederkofler.it\\\/de\\\/services\\\/fuer-vermieter\\\/#breadcrumb\"},\"inLanguage\":\"de\",\"potentialAction\":[{\"@type\":\"ReadAction\",\"target\":[\"https:\\\/\\\/www.immobil-niederkofler.it\\\/de\\\/services\\\/fuer-vermieter\\\/\"]}]},{\"@type\":\"BreadcrumbList\",\"@id\":\"https:\\\/\\\/www.immobil-niederkofler.it\\\/de\\\/services\\\/fuer-vermieter\\\/#breadcrumb\",\"itemListElement\":[{\"@type\":\"ListItem\",\"position\":1,\"name\":\"Services\",\"item\":\"https:\\\/\\\/www.immobil-niederkofler.it\\\/de\\\/services\\\/\"},{\"@type\":\"ListItem\",\"position\":2,\"name\":\"F\u00fcr Vermieter\"}]},{\"@type\":\"WebSite\",\"@id\":\"https:\\\/\\\/www.immobil-niederkofler.it\\\/de\\\/#website\",\"url\":\"https:\\\/\\\/www.immobil-niederkofler.it\\\/de\\\/\",\"name\":\"Immobilien Niederkofler\",\"description\":\"Willkommen bei Immobilien Niederkofler, Ihrem zuverl\u00e4ssigen und kompetenten Immobilienmakler im sch\u00f6nen S\u00fcdtirol\",\"potentialAction\":[{\"@type\":\"SearchAction\",\"target\":{\"@type\":\"EntryPoint\",\"urlTemplate\":\"https:\\\/\\\/www.immobil-niederkofler.it\\\/de\\\/?s={search_term_string}\"},\"query-input\":{\"@type\":\"PropertyValueSpecification\",\"valueRequired\":true,\"valueName\":\"search_term_string\"}}],\"inLanguage\":\"de\"}]}<\/script>\n<!-- \/ Yoast SEO plugin. -->","yoast_head_json":{"title":"Immobilie vermieten in S\u00fcdtirol | Immobilien Niederkofler","description":"Sie m\u00f6chten Ihre Immobilie in S\u00fcdtirol vermieten? Wir unterst\u00fctzen Sie und nehmen Ihnen alle anfallenden Aufgaben ab.","robots":{"index":"index","follow":"follow","max-snippet":"max-snippet:-1","max-image-preview":"max-image-preview:large","max-video-preview":"max-video-preview:-1"},"canonical":"https:\/\/www.immobil-niederkofler.it\/de\/services\/fuer-vermieter\/","og_locale":"de_DE","og_type":"article","og_title":"Immobilie vermieten in S\u00fcdtirol | Immobilien Niederkofler","og_description":"Sie m\u00f6chten Ihre Immobilie in S\u00fcdtirol vermieten? Wir unterst\u00fctzen Sie und nehmen Ihnen alle anfallenden Aufgaben ab.","og_url":"https:\/\/www.immobil-niederkofler.it\/de\/services\/fuer-vermieter\/","og_site_name":"Immobilien Niederkofler","article_publisher":"https:\/\/de-de.facebook.com\/ImmobilienNiederkofler\/","article_modified_time":"2026-03-06T11:50:45+00:00","og_image":[{"width":121,"height":118,"url":"https:\/\/www.immobil-niederkofler.it\/wp-content\/uploads\/2020\/04\/logo.png","type":"image\/png"}],"twitter_card":"summary_large_image","twitter_misc":{"Gesch\u00e4tzte Lesezeit":"2\u00a0Minuten"},"schema":{"@context":"https:\/\/schema.org","@graph":[{"@type":"WebPage","@id":"https:\/\/www.immobil-niederkofler.it\/de\/services\/fuer-vermieter\/","url":"https:\/\/www.immobil-niederkofler.it\/de\/services\/fuer-vermieter\/","name":"Immobilie vermieten in S\u00fcdtirol | Immobilien Niederkofler","isPartOf":{"@id":"https:\/\/www.immobil-niederkofler.it\/de\/#website"},"datePublished":"2020-02-27T14:31:18+00:00","dateModified":"2026-03-06T11:50:45+00:00","description":"Sie m\u00f6chten Ihre Immobilie in S\u00fcdtirol vermieten? Wir unterst\u00fctzen Sie und nehmen Ihnen alle anfallenden Aufgaben ab.","breadcrumb":{"@id":"https:\/\/www.immobil-niederkofler.it\/de\/services\/fuer-vermieter\/#breadcrumb"},"inLanguage":"de","potentialAction":[{"@type":"ReadAction","target":["https:\/\/www.immobil-niederkofler.it\/de\/services\/fuer-vermieter\/"]}]},{"@type":"BreadcrumbList","@id":"https:\/\/www.immobil-niederkofler.it\/de\/services\/fuer-vermieter\/#breadcrumb","itemListElement":[{"@type":"ListItem","position":1,"name":"Services","item":"https:\/\/www.immobil-niederkofler.it\/de\/services\/"},{"@type":"ListItem","position":2,"name":"F\u00fcr Vermieter"}]},{"@type":"WebSite","@id":"https:\/\/www.immobil-niederkofler.it\/de\/#website","url":"https:\/\/www.immobil-niederkofler.it\/de\/","name":"Immobilien Niederkofler","description":"Willkommen bei Immobilien Niederkofler, Ihrem zuverl\u00e4ssigen und kompetenten Immobilienmakler im sch\u00f6nen S\u00fcdtirol","potentialAction":[{"@type":"SearchAction","target":{"@type":"EntryPoint","urlTemplate":"https:\/\/www.immobil-niederkofler.it\/de\/?s={search_term_string}"},"query-input":{"@type":"PropertyValueSpecification","valueRequired":true,"valueName":"search_term_string"}}],"inLanguage":"de"}]}},"_links":{"self":[{"href":"https:\/\/www.immobil-niederkofler.it\/de\/wp-json\/wp\/v2\/pages\/213","targetHints":{"allow":["GET"]}}],"collection":[{"href":"https:\/\/www.immobil-niederkofler.it\/de\/wp-json\/wp\/v2\/pages"}],"about":[{"href":"https:\/\/www.immobil-niederkofler.it\/de\/wp-json\/wp\/v2\/types\/page"}],"author":[{"embeddable":true,"href":"https:\/\/www.immobil-niederkofler.it\/de\/wp-json\/wp\/v2\/users\/4"}],"replies":[{"embeddable":true,"href":"https:\/\/www.immobil-niederkofler.it\/de\/wp-json\/wp\/v2\/comments?post=213"}],"version-history":[{"count":22,"href":"https:\/\/www.immobil-niederkofler.it\/de\/wp-json\/wp\/v2\/pages\/213\/revisions"}],"predecessor-version":[{"id":10383,"href":"https:\/\/www.immobil-niederkofler.it\/de\/wp-json\/wp\/v2\/pages\/213\/revisions\/10383"}],"up":[{"embeddable":true,"href":"https:\/\/www.immobil-niederkofler.it\/de\/wp-json\/wp\/v2\/pages\/11"}],"wp:attachment":[{"href":"https:\/\/www.immobil-niederkofler.it\/de\/wp-json\/wp\/v2\/media?parent=213"}],"curies":[{"name":"wp","href":"https:\/\/api.w.org\/{rel}","templated":true}]}}