{"id":19,"date":"2019-10-02T08:33:07","date_gmt":"2019-10-02T06:33:07","guid":{"rendered":"http:\/\/15789.onofficeweb.com\/?page_id=19"},"modified":"2025-06-13T11:03:42","modified_gmt":"2025-06-13T09:03:42","slug":"ueber-uns","status":"publish","type":"page","link":"https:\/\/www.immobil-niederkofler.it\/de\/ueber-uns\/","title":{"rendered":"\u00dcber uns"},"content":{"rendered":"\t\t<div data-elementor-type=\"wp-page\" data-elementor-id=\"19\" class=\"elementor elementor-19\" data-elementor-post-type=\"page\">\n\t\t\t\t\t\t<section class=\"elementor-section elementor-top-section elementor-element elementor-element-2be2fa2 elementor-section-full_width elementor-section-height-default elementor-section-height-default\" data-id=\"2be2fa2\" data-element_type=\"section\" data-e-type=\"section\">\n\t\t\t\t\t\t<div class=\"elementor-container elementor-column-gap-default\">\n\t\t\t\t\t<div class=\"elementor-column elementor-col-100 elementor-top-column elementor-element elementor-element-ddd3fab\" data-id=\"ddd3fab\" data-element_type=\"column\" data-e-type=\"column\">\n\t\t\t<div class=\"elementor-widget-wrap elementor-element-populated\">\n\t\t\t\t\t\t<div class=\"elementor-element elementor-element-9dce5b9 elementor-widget elementor-widget-h1-with-lines\" data-id=\"9dce5b9\" data-element_type=\"widget\" data-e-type=\"widget\" data-widget_type=\"h1-with-lines.default\">\n\t\t\t\t<div class=\"elementor-widget-container\">\n\t\t\t\t\t\t\t<h1 class=\"site-title with-lines center\">\n            <span>Immobilien Niederkofler \u2013 seit 1948 f\u00fcr Sie da<\/span>\n        <\/h1>\n        \t\t\t\t<\/div>\n\t\t\t\t<\/div>\n\t\t\t\t\t<\/div>\n\t\t<\/div>\n\t\t\t\t\t<\/div>\n\t\t<\/section>\n\t\t\t\t<section class=\"elementor-section elementor-top-section elementor-element elementor-element-9acb322 elementor-section-boxed elementor-section-height-default elementor-section-height-default\" data-id=\"9acb322\" data-element_type=\"section\" data-e-type=\"section\">\n\t\t\t\t\t\t<div class=\"elementor-container elementor-column-gap-default\">\n\t\t\t\t\t<div class=\"elementor-column elementor-col-100 elementor-top-column elementor-element elementor-element-86d5ff7\" data-id=\"86d5ff7\" data-element_type=\"column\" data-e-type=\"column\">\n\t\t\t<div class=\"elementor-widget-wrap elementor-element-populated\">\n\t\t\t\t\t\t<div class=\"elementor-element elementor-element-b767648 elementor-widget elementor-widget-text-editor\" data-id=\"b767648\" data-element_type=\"widget\" data-e-type=\"widget\" data-widget_type=\"text-editor.default\">\n\t\t\t\t<div class=\"elementor-widget-container\">\n\t\t\t\t\t\t\t\t\t<p style=\"text-align: left;\"><strong>Kompetenz, Erfahrung und Professionalit\u00e4t<\/strong> \u2013 daf\u00fcr stehen wir von Immobilien Niederkofler. Seit <strong>mehr als 75 Jahren<\/strong> geh\u00f6rt unser <strong>Familienunternehmen<\/strong> zu den f\u00fchrenden Immobilienb\u00fcros in S\u00fcdtirol und durch unseren Gesch\u00e4ftsf\u00fchrer, Herrn Dr. Andr\u00e9-Benedict Niederkofler, sind wir auch im Vorstand der S\u00fcdtiroler Maklervereinigung (SMV) vertreten. Egal ob Sie eine Immobilie in Bruneck, Bozen oder im restlichen Land S\u00fcdtirol <a href=\"https:\/\/www.immobil-niederkofler.it\/de\/services\/fuer-verkaeufer\/\">verkaufen<\/a> m\u00f6chten oder noch <a href=\"https:\/\/www.immobil-niederkofler.it\/de\/immobiliensuche\/\">suchen<\/a>, wir beraten Sie gerne pers\u00f6nlich!<\/p><p style=\"text-align: left;\">Mit unserem <strong>Team aus Immobilienmakler, Juristen, Wirtschaftswissenschaftler, Ingenieure, Gutachter und Verwaltungsmitarbeiter<\/strong> k\u00f6nnen Sie auf die Erfahrung und Kompetenz eines breit aufgestellten Teams z\u00e4hlen, vereint durch die Leidenschaft f\u00fcr die Immobilienbranche.\u00a0<\/p>\t\t\t\t\t\t\t\t<\/div>\n\t\t\t\t<\/div>\n\t\t\t\t<section class=\"elementor-section elementor-inner-section elementor-element elementor-element-87f7d3f elementor-hidden-phone elementor-section-boxed elementor-section-height-default elementor-section-height-default\" data-id=\"87f7d3f\" data-element_type=\"section\" data-e-type=\"section\">\n\t\t\t\t\t\t<div class=\"elementor-container elementor-column-gap-default\">\n\t\t\t\t\t<div class=\"elementor-column elementor-col-14 elementor-inner-column elementor-element elementor-element-1d4bae0\" data-id=\"1d4bae0\" data-element_type=\"column\" data-e-type=\"column\">\n\t\t\t<div class=\"elementor-widget-wrap elementor-element-populated\">\n\t\t\t\t\t\t<div class=\"elementor-element elementor-element-d7e543e elementor-widget elementor-widget-image\" data-id=\"d7e543e\" data-element_type=\"widget\" data-e-type=\"widget\" data-widget_type=\"image.default\">\n\t\t\t\t<div class=\"elementor-widget-container\">\n\t\t\t\t\t\t\t\t\t\t\t\t\t\t\t<img decoding=\"async\" width=\"150\" height=\"150\" src=\"https:\/\/www.immobil-niederkofler.it\/wp-content\/uploads\/2025\/03\/Benedict-150x150.jpg\" class=\"attachment-thumbnail size-thumbnail wp-image-9697\" alt=\"Teambild Andr\u00e9 Benedict Niederkofler\" srcset=\"https:\/\/www.immobil-niederkofler.it\/wp-content\/uploads\/2025\/03\/Benedict-150x150.jpg 150w, https:\/\/www.immobil-niederkofler.it\/wp-content\/uploads\/2025\/03\/Benedict-300x300.jpg 300w, https:\/\/www.immobil-niederkofler.it\/wp-content\/uploads\/2025\/03\/Benedict.jpg 408w\" sizes=\"(max-width: 150px) 100vw, 150px\" \/>\t\t\t\t\t\t\t\t\t\t\t\t\t\t\t<\/div>\n\t\t\t\t<\/div>\n\t\t\t\t\t<\/div>\n\t\t<\/div>\n\t\t\t\t<div class=\"elementor-column elementor-col-14 elementor-inner-column elementor-element elementor-element-3d8ae58\" data-id=\"3d8ae58\" data-element_type=\"column\" data-e-type=\"column\">\n\t\t\t<div class=\"elementor-widget-wrap elementor-element-populated\">\n\t\t\t\t\t\t<div class=\"elementor-element elementor-element-3c6fc81 elementor-widget elementor-widget-image\" data-id=\"3c6fc81\" data-element_type=\"widget\" data-e-type=\"widget\" data-widget_type=\"image.default\">\n\t\t\t\t<div class=\"elementor-widget-container\">\n\t\t\t\t\t\t\t\t\t\t\t\t\t\t\t<img decoding=\"async\" width=\"150\" height=\"150\" src=\"https:\/\/www.immobil-niederkofler.it\/wp-content\/uploads\/2025\/03\/Maria-Christine-150x150.jpg\" class=\"attachment-thumbnail size-thumbnail wp-image-9712\" alt=\"Teambild Maria Christine Scheiflinger\" srcset=\"https:\/\/www.immobil-niederkofler.it\/wp-content\/uploads\/2025\/03\/Maria-Christine-150x150.jpg 150w, https:\/\/www.immobil-niederkofler.it\/wp-content\/uploads\/2025\/03\/Maria-Christine-300x300.jpg 300w, https:\/\/www.immobil-niederkofler.it\/wp-content\/uploads\/2025\/03\/Maria-Christine.jpg 408w\" sizes=\"(max-width: 150px) 100vw, 150px\" \/>\t\t\t\t\t\t\t\t\t\t\t\t\t\t\t<\/div>\n\t\t\t\t<\/div>\n\t\t\t\t\t<\/div>\n\t\t<\/div>\n\t\t\t\t<div class=\"elementor-column elementor-col-14 elementor-inner-column elementor-element elementor-element-684c4c3\" data-id=\"684c4c3\" data-element_type=\"column\" data-e-type=\"column\">\n\t\t\t<div class=\"elementor-widget-wrap elementor-element-populated\">\n\t\t\t\t\t\t<div class=\"elementor-element elementor-element-5855f7f elementor-widget elementor-widget-image\" data-id=\"5855f7f\" data-element_type=\"widget\" data-e-type=\"widget\" data-widget_type=\"image.default\">\n\t\t\t\t<div class=\"elementor-widget-container\">\n\t\t\t\t\t\t\t\t\t\t\t\t\t\t\t<img decoding=\"async\" width=\"150\" height=\"150\" src=\"https:\/\/www.immobil-niederkofler.it\/wp-content\/uploads\/2025\/03\/Dietmar-150x150.jpg\" class=\"attachment-thumbnail size-thumbnail wp-image-9703\" alt=\"Teambild Dietmar Niederkofler\" srcset=\"https:\/\/www.immobil-niederkofler.it\/wp-content\/uploads\/2025\/03\/Dietmar-150x150.jpg 150w, https:\/\/www.immobil-niederkofler.it\/wp-content\/uploads\/2025\/03\/Dietmar-300x300.jpg 300w, https:\/\/www.immobil-niederkofler.it\/wp-content\/uploads\/2025\/03\/Dietmar.jpg 408w\" sizes=\"(max-width: 150px) 100vw, 150px\" \/>\t\t\t\t\t\t\t\t\t\t\t\t\t\t\t<\/div>\n\t\t\t\t<\/div>\n\t\t\t\t\t<\/div>\n\t\t<\/div>\n\t\t\t\t<div class=\"elementor-column elementor-col-14 elementor-inner-column elementor-element elementor-element-4332f44\" data-id=\"4332f44\" data-element_type=\"column\" data-e-type=\"column\">\n\t\t\t<div class=\"elementor-widget-wrap elementor-element-populated\">\n\t\t\t\t\t\t<div class=\"elementor-element elementor-element-b92e3d0 elementor-widget elementor-widget-image\" data-id=\"b92e3d0\" data-element_type=\"widget\" data-e-type=\"widget\" data-widget_type=\"image.default\">\n\t\t\t\t<div class=\"elementor-widget-container\">\n\t\t\t\t\t\t\t\t\t\t\t\t\t\t\t<img loading=\"lazy\" decoding=\"async\" width=\"150\" height=\"150\" src=\"https:\/\/www.immobil-niederkofler.it\/wp-content\/uploads\/2025\/03\/Octavia-150x150.jpg\" class=\"attachment-thumbnail size-thumbnail wp-image-9721\" alt=\"Teambild Octavia Niederkofler\" srcset=\"https:\/\/www.immobil-niederkofler.it\/wp-content\/uploads\/2025\/03\/Octavia-150x150.jpg 150w, https:\/\/www.immobil-niederkofler.it\/wp-content\/uploads\/2025\/03\/Octavia-300x300.jpg 300w, https:\/\/www.immobil-niederkofler.it\/wp-content\/uploads\/2025\/03\/Octavia.jpg 408w\" sizes=\"(max-width: 150px) 100vw, 150px\" \/>\t\t\t\t\t\t\t\t\t\t\t\t\t\t\t<\/div>\n\t\t\t\t<\/div>\n\t\t\t\t\t<\/div>\n\t\t<\/div>\n\t\t\t\t<div class=\"elementor-column elementor-col-14 elementor-inner-column elementor-element elementor-element-1b128fe\" data-id=\"1b128fe\" data-element_type=\"column\" data-e-type=\"column\">\n\t\t\t<div class=\"elementor-widget-wrap elementor-element-populated\">\n\t\t\t\t\t\t<div class=\"elementor-element elementor-element-3291926 elementor-widget elementor-widget-image\" data-id=\"3291926\" data-element_type=\"widget\" data-e-type=\"widget\" data-widget_type=\"image.default\">\n\t\t\t\t<div class=\"elementor-widget-container\">\n\t\t\t\t\t\t\t\t\t\t\t\t\t\t\t<img loading=\"lazy\" decoding=\"async\" width=\"150\" height=\"150\" src=\"https:\/\/www.immobil-niederkofler.it\/wp-content\/uploads\/2025\/03\/Petra-150x150.jpg\" class=\"attachment-thumbnail size-thumbnail wp-image-9724\" alt=\"Teambild Petra Ralser\" srcset=\"https:\/\/www.immobil-niederkofler.it\/wp-content\/uploads\/2025\/03\/Petra-150x150.jpg 150w, https:\/\/www.immobil-niederkofler.it\/wp-content\/uploads\/2025\/03\/Petra-300x300.jpg 300w, https:\/\/www.immobil-niederkofler.it\/wp-content\/uploads\/2025\/03\/Petra.jpg 408w\" sizes=\"(max-width: 150px) 100vw, 150px\" \/>\t\t\t\t\t\t\t\t\t\t\t\t\t\t\t<\/div>\n\t\t\t\t<\/div>\n\t\t\t\t\t<\/div>\n\t\t<\/div>\n\t\t\t\t<div class=\"elementor-column elementor-col-14 elementor-inner-column elementor-element elementor-element-42c557e\" data-id=\"42c557e\" data-element_type=\"column\" data-e-type=\"column\">\n\t\t\t<div class=\"elementor-widget-wrap elementor-element-populated\">\n\t\t\t\t\t\t<div class=\"elementor-element elementor-element-1cf6b1a elementor-widget elementor-widget-image\" data-id=\"1cf6b1a\" data-element_type=\"widget\" data-e-type=\"widget\" data-widget_type=\"image.default\">\n\t\t\t\t<div class=\"elementor-widget-container\">\n\t\t\t\t\t\t\t\t\t\t\t\t\t\t\t<img loading=\"lazy\" decoding=\"async\" width=\"150\" height=\"150\" src=\"https:\/\/www.immobil-niederkofler.it\/wp-content\/uploads\/2025\/03\/Lukas-150x150.jpg\" class=\"attachment-thumbnail size-thumbnail wp-image-9709\" alt=\"Teambild Lukas P\u00f6rnbacher\" srcset=\"https:\/\/www.immobil-niederkofler.it\/wp-content\/uploads\/2025\/03\/Lukas-150x150.jpg 150w, https:\/\/www.immobil-niederkofler.it\/wp-content\/uploads\/2025\/03\/Lukas-300x300.jpg 300w, https:\/\/www.immobil-niederkofler.it\/wp-content\/uploads\/2025\/03\/Lukas.jpg 408w\" sizes=\"(max-width: 150px) 100vw, 150px\" \/>\t\t\t\t\t\t\t\t\t\t\t\t\t\t\t<\/div>\n\t\t\t\t<\/div>\n\t\t\t\t\t<\/div>\n\t\t<\/div>\n\t\t\t\t<div class=\"elementor-column elementor-col-14 elementor-inner-column elementor-element elementor-element-78ca9c6\" data-id=\"78ca9c6\" data-element_type=\"column\" data-e-type=\"column\">\n\t\t\t<div class=\"elementor-widget-wrap elementor-element-populated\">\n\t\t\t\t\t\t<div class=\"elementor-element elementor-element-bdf4217 elementor-widget elementor-widget-image\" data-id=\"bdf4217\" data-element_type=\"widget\" data-e-type=\"widget\" data-widget_type=\"image.default\">\n\t\t\t\t<div class=\"elementor-widget-container\">\n\t\t\t\t\t\t\t\t\t\t\t\t\t\t\t<img loading=\"lazy\" decoding=\"async\" width=\"150\" height=\"150\" src=\"https:\/\/www.immobil-niederkofler.it\/wp-content\/uploads\/2025\/03\/Christine-Reichegger-150x150.jpg\" class=\"attachment-thumbnail size-thumbnail wp-image-9700\" alt=\"Teambild Christine Reichegger\" srcset=\"https:\/\/www.immobil-niederkofler.it\/wp-content\/uploads\/2025\/03\/Christine-Reichegger-150x150.jpg 150w, https:\/\/www.immobil-niederkofler.it\/wp-content\/uploads\/2025\/03\/Christine-Reichegger-300x300.jpg 300w, https:\/\/www.immobil-niederkofler.it\/wp-content\/uploads\/2025\/03\/Christine-Reichegger.jpg 408w\" sizes=\"(max-width: 150px) 100vw, 150px\" \/>\t\t\t\t\t\t\t\t\t\t\t\t\t\t\t<\/div>\n\t\t\t\t<\/div>\n\t\t\t\t\t<\/div>\n\t\t<\/div>\n\t\t\t\t\t<\/div>\n\t\t<\/section>\n\t\t\t\t<section class=\"elementor-section elementor-inner-section elementor-element elementor-element-faefe66 elementor-hidden-phone elementor-section-boxed elementor-section-height-default elementor-section-height-default\" data-id=\"faefe66\" data-element_type=\"section\" data-e-type=\"section\">\n\t\t\t\t\t\t<div class=\"elementor-container elementor-column-gap-default\">\n\t\t\t\t\t<div class=\"elementor-column elementor-col-14 elementor-inner-column elementor-element elementor-element-daacee5\" data-id=\"daacee5\" data-element_type=\"column\" data-e-type=\"column\">\n\t\t\t<div class=\"elementor-widget-wrap\">\n\t\t\t\t\t\t\t<\/div>\n\t\t<\/div>\n\t\t\t\t<div class=\"elementor-column elementor-col-14 elementor-inner-column elementor-element elementor-element-ca7497b\" data-id=\"ca7497b\" data-element_type=\"column\" data-e-type=\"column\">\n\t\t\t<div class=\"elementor-widget-wrap elementor-element-populated\">\n\t\t\t\t\t\t<div class=\"elementor-element elementor-element-a022ac6 elementor-widget elementor-widget-image\" data-id=\"a022ac6\" data-element_type=\"widget\" data-e-type=\"widget\" data-widget_type=\"image.default\">\n\t\t\t\t<div class=\"elementor-widget-container\">\n\t\t\t\t\t\t\t\t\t\t\t\t\t\t\t<img loading=\"lazy\" decoding=\"async\" width=\"150\" height=\"150\" src=\"https:\/\/www.immobil-niederkofler.it\/wp-content\/uploads\/2025\/03\/Sara-150x150.jpg\" class=\"attachment-thumbnail size-thumbnail wp-image-9727\" alt=\"Teamfoto Sara Mair am Tinkhof\" srcset=\"https:\/\/www.immobil-niederkofler.it\/wp-content\/uploads\/2025\/03\/Sara-150x150.jpg 150w, https:\/\/www.immobil-niederkofler.it\/wp-content\/uploads\/2025\/03\/Sara-300x300.jpg 300w, https:\/\/www.immobil-niederkofler.it\/wp-content\/uploads\/2025\/03\/Sara.jpg 408w\" sizes=\"(max-width: 150px) 100vw, 150px\" \/>\t\t\t\t\t\t\t\t\t\t\t\t\t\t\t<\/div>\n\t\t\t\t<\/div>\n\t\t\t\t\t<\/div>\n\t\t<\/div>\n\t\t\t\t<div class=\"elementor-column elementor-col-14 elementor-inner-column elementor-element elementor-element-2320429\" data-id=\"2320429\" data-element_type=\"column\" data-e-type=\"column\">\n\t\t\t<div class=\"elementor-widget-wrap elementor-element-populated\">\n\t\t\t\t\t\t<div class=\"elementor-element elementor-element-d7c5a21 elementor-widget elementor-widget-image\" data-id=\"d7c5a21\" data-element_type=\"widget\" data-e-type=\"widget\" data-widget_type=\"image.default\">\n\t\t\t\t<div class=\"elementor-widget-container\">\n\t\t\t\t\t\t\t\t\t\t\t\t\t\t\t<img loading=\"lazy\" decoding=\"async\" width=\"150\" height=\"150\" src=\"https:\/\/www.immobil-niederkofler.it\/wp-content\/uploads\/2025\/03\/Monika-150x150.jpg\" class=\"attachment-thumbnail size-thumbnail wp-image-9715\" alt=\"Teambild Monika Mutschlechner\" srcset=\"https:\/\/www.immobil-niederkofler.it\/wp-content\/uploads\/2025\/03\/Monika-150x150.jpg 150w, https:\/\/www.immobil-niederkofler.it\/wp-content\/uploads\/2025\/03\/Monika-300x300.jpg 300w, https:\/\/www.immobil-niederkofler.it\/wp-content\/uploads\/2025\/03\/Monika.jpg 408w\" sizes=\"(max-width: 150px) 100vw, 150px\" \/>\t\t\t\t\t\t\t\t\t\t\t\t\t\t\t<\/div>\n\t\t\t\t<\/div>\n\t\t\t\t\t<\/div>\n\t\t<\/div>\n\t\t\t\t<div class=\"elementor-column elementor-col-14 elementor-inner-column elementor-element elementor-element-a4e2097\" data-id=\"a4e2097\" data-element_type=\"column\" data-e-type=\"column\">\n\t\t\t<div class=\"elementor-widget-wrap elementor-element-populated\">\n\t\t\t\t\t\t<div class=\"elementor-element elementor-element-a919ba4 elementor-widget elementor-widget-image\" data-id=\"a919ba4\" data-element_type=\"widget\" data-e-type=\"widget\" data-widget_type=\"image.default\">\n\t\t\t\t<div class=\"elementor-widget-container\">\n\t\t\t\t\t\t\t\t\t\t\t\t\t\t\t<img loading=\"lazy\" decoding=\"async\" width=\"150\" height=\"150\" src=\"https:\/\/www.immobil-niederkofler.it\/wp-content\/uploads\/2025\/03\/Fabian-150x150.jpg\" class=\"attachment-thumbnail size-thumbnail wp-image-9706\" alt=\"Teambild Fabian Mair unter der Eggen\" srcset=\"https:\/\/www.immobil-niederkofler.it\/wp-content\/uploads\/2025\/03\/Fabian-150x150.jpg 150w, https:\/\/www.immobil-niederkofler.it\/wp-content\/uploads\/2025\/03\/Fabian-300x300.jpg 300w, https:\/\/www.immobil-niederkofler.it\/wp-content\/uploads\/2025\/03\/Fabian.jpg 408w\" sizes=\"(max-width: 150px) 100vw, 150px\" \/>\t\t\t\t\t\t\t\t\t\t\t\t\t\t\t<\/div>\n\t\t\t\t<\/div>\n\t\t\t\t\t<\/div>\n\t\t<\/div>\n\t\t\t\t<div class=\"elementor-column elementor-col-14 elementor-inner-column elementor-element elementor-element-64dbe91\" data-id=\"64dbe91\" data-element_type=\"column\" data-e-type=\"column\">\n\t\t\t<div class=\"elementor-widget-wrap elementor-element-populated\">\n\t\t\t\t\t\t<div class=\"elementor-element elementor-element-8485c2b elementor-widget elementor-widget-image\" data-id=\"8485c2b\" data-element_type=\"widget\" data-e-type=\"widget\" data-widget_type=\"image.default\">\n\t\t\t\t<div class=\"elementor-widget-container\">\n\t\t\t\t\t\t\t\t\t\t\t\t\t\t\t<img loading=\"lazy\" decoding=\"async\" width=\"150\" height=\"150\" src=\"https:\/\/www.immobil-niederkofler.it\/wp-content\/uploads\/2025\/03\/Vanessa-150x150.jpg\" class=\"attachment-thumbnail size-thumbnail wp-image-9730\" alt=\"Teammitglied Vanessa\" srcset=\"https:\/\/www.immobil-niederkofler.it\/wp-content\/uploads\/2025\/03\/Vanessa-150x150.jpg 150w, https:\/\/www.immobil-niederkofler.it\/wp-content\/uploads\/2025\/03\/Vanessa-300x300.jpg 300w, https:\/\/www.immobil-niederkofler.it\/wp-content\/uploads\/2025\/03\/Vanessa.jpg 408w\" sizes=\"(max-width: 150px) 100vw, 150px\" \/>\t\t\t\t\t\t\t\t\t\t\t\t\t\t\t<\/div>\n\t\t\t\t<\/div>\n\t\t\t\t\t<\/div>\n\t\t<\/div>\n\t\t\t\t<div class=\"elementor-column elementor-col-14 elementor-inner-column elementor-element elementor-element-f0db3e2\" data-id=\"f0db3e2\" data-element_type=\"column\" data-e-type=\"column\">\n\t\t\t<div class=\"elementor-widget-wrap elementor-element-populated\">\n\t\t\t\t\t\t<div class=\"elementor-element elementor-element-38d536e elementor-widget elementor-widget-image\" data-id=\"38d536e\" data-element_type=\"widget\" data-e-type=\"widget\" data-widget_type=\"image.default\">\n\t\t\t\t<div class=\"elementor-widget-container\">\n\t\t\t\t\t\t\t\t\t\t\t\t\t\t\t<img loading=\"lazy\" decoding=\"async\" width=\"150\" height=\"150\" src=\"https:\/\/www.immobil-niederkofler.it\/wp-content\/uploads\/2025\/03\/Nora-1-150x150.jpg\" class=\"attachment-thumbnail size-thumbnail wp-image-9718\" alt=\"Teammitglied Nora\" srcset=\"https:\/\/www.immobil-niederkofler.it\/wp-content\/uploads\/2025\/03\/Nora-1-150x150.jpg 150w, https:\/\/www.immobil-niederkofler.it\/wp-content\/uploads\/2025\/03\/Nora-1-300x300.jpg 300w, https:\/\/www.immobil-niederkofler.it\/wp-content\/uploads\/2025\/03\/Nora-1.jpg 408w\" sizes=\"(max-width: 150px) 100vw, 150px\" \/>\t\t\t\t\t\t\t\t\t\t\t\t\t\t\t<\/div>\n\t\t\t\t<\/div>\n\t\t\t\t\t<\/div>\n\t\t<\/div>\n\t\t\t\t<div class=\"elementor-column elementor-col-14 elementor-inner-column elementor-element elementor-element-db8c6a7\" data-id=\"db8c6a7\" data-element_type=\"column\" data-e-type=\"column\">\n\t\t\t<div class=\"elementor-widget-wrap\">\n\t\t\t\t\t\t\t<\/div>\n\t\t<\/div>\n\t\t\t\t\t<\/div>\n\t\t<\/section>\n\t\t\t\t<div class=\"elementor-element elementor-element-344827e elementor-widget elementor-widget-h2-with-lines\" data-id=\"344827e\" data-element_type=\"widget\" data-e-type=\"widget\" data-widget_type=\"h2-with-lines.default\">\n\t\t\t\t<div class=\"elementor-widget-container\">\n\t\t\t\t\t\t\t<h2 class=\"site-title no-lines center\">\n            <span>Lernen Sie unseren Familienbetrieb kennen<\/span>\n        <\/h2>\n        \t\t\t\t<\/div>\n\t\t\t\t<\/div>\n\t\t\t\t<div class=\"elementor-element elementor-element-4e82f99 elementor-widget elementor-widget-text-editor\" data-id=\"4e82f99\" data-element_type=\"widget\" data-e-type=\"widget\" data-widget_type=\"text-editor.default\">\n\t\t\t\t<div class=\"elementor-widget-container\">\n\t\t\t\t\t\t\t\t\t<p style=\"text-align: left;\">Gesch\u00e4ftsf\u00fchrer, Jurist und Immobilienmakler Dr. Andr\u00e9-Benedict Niederkofler wurde die Leidenschaft f\u00fcr Immobilien bereits in die Wiege gelegt. Seine Mutter Dr. Maria Christine Scheiflinger ist ebenfalls als Immobilienmaklerin t\u00e4tig und sein Vater Geom. Dietmar Niederkofler unterst\u00fctzt das Unternehmen als erfahrener Techniker. Seit einigen Jahren arbeiten Dr. Octavia Niederkofler, Juristin und Immobilienmaklerin, und Ing. Hagen Niederkofler ebenfalls im Familienunternehmen. Ein Team aus qualifizierten und studierten Mitarbeitern, die sich regelm\u00e4\u00dfig fortbilden, unterst\u00fctzen Familie Niederkofler.<\/p><p style=\"text-align: left;\"><strong>1948<\/strong> von seinem Gro\u00dfvater Dr. Emil Niederkofler <strong>gegr\u00fcndet<\/strong>, ist das Familienunternehmen dank der Qualit\u00e4t und Zuverl\u00e4ssigkeit der angebotenen Dienstleistungen immer weiter gewachsen und hat sich in Bruneck und Bozenk etabliert.<\/p>\t\t\t\t\t\t\t\t<\/div>\n\t\t\t\t<\/div>\n\t\t\t\t<div class=\"elementor-element elementor-element-bfd3d98 elementor-widget elementor-widget-h2-with-lines\" data-id=\"bfd3d98\" data-element_type=\"widget\" data-e-type=\"widget\" data-widget_type=\"h2-with-lines.default\">\n\t\t\t\t<div class=\"elementor-widget-container\">\n\t\t\t\t\t\t\t<h2 class=\"site-title no-lines center\">\n            <span>Rundum-Betreuung f\u00fcr unsere Kunden<\/span>\n        <\/h2>\n        \t\t\t\t<\/div>\n\t\t\t\t<\/div>\n\t\t\t\t<div class=\"elementor-element elementor-element-1157c7c elementor-widget elementor-widget-text-editor\" data-id=\"1157c7c\" data-element_type=\"widget\" data-e-type=\"widget\" data-widget_type=\"text-editor.default\">\n\t\t\t\t<div class=\"elementor-widget-container\">\n\t\t\t\t\t\t\t\t\t<p style=\"text-align: left;\">Die <strong>pers\u00f6nliche Beratung<\/strong> steht im Mittelpunkt unserer T\u00e4tigkeit. Dabei m\u00f6chten wir f\u00fcr unsere Kunden eine Vertrauensbasis schaffen. Wir nehmen uns f\u00fcr jedes Anliegen Zeit und stehen Ihnen f\u00fcr alle Immobilienfragen zur Seite.<\/p><p style=\"text-align: left;\">Wir konzentrieren uns nicht nur auf die reine Immobilienvermittlung, sondern <strong>betreuen unsere Kunden von A bis Z<\/strong>. So verf\u00fcgen wir unter anderem \u00fcber eine hausinterne Rechtsabteilung und ein technisches B\u00fcro und k\u00f6nnen auch in steuerlichen Fragen in Italien weiterhelfen. Diese Struktur erm\u00f6glicht es uns, unseren Kunden einen umfassenden Service anzubieten.<\/p>\t\t\t\t\t\t\t\t<\/div>\n\t\t\t\t<\/div>\n\t\t\t\t<div class=\"elementor-element elementor-element-fe2e7e3 elementor-align-center elementor-widget elementor-widget-button\" data-id=\"fe2e7e3\" data-element_type=\"widget\" data-e-type=\"widget\" data-widget_type=\"button.default\">\n\t\t\t\t<div class=\"elementor-widget-container\">\n\t\t\t\t\t\t\t\t\t<div class=\"elementor-button-wrapper\">\n\t\t\t\t\t<a class=\"elementor-button elementor-button-link elementor-size-sm\" href=\"\">\n\t\t\t\t\t\t<span class=\"elementor-button-content-wrapper\">\n\t\t\t\t\t\t\t\t\t<span class=\"elementor-button-text\">Entdecken Sie unsere Leistungen<\/span>\n\t\t\t\t\t<\/span>\n\t\t\t\t\t<\/a>\n\t\t\t\t<\/div>\n\t\t\t\t\t\t\t\t<\/div>\n\t\t\t\t<\/div>\n\t\t\t\t<section class=\"elementor-section elementor-inner-section elementor-element elementor-element-e747194 elementor-section-full_width elementor-section-height-default elementor-section-height-default\" data-id=\"e747194\" data-element_type=\"section\" data-e-type=\"section\">\n\t\t\t\t\t\t<div class=\"elementor-container elementor-column-gap-no\">\n\t\t\t\t\t<div class=\"elementor-column elementor-col-33 elementor-inner-column elementor-element elementor-element-7808407\" data-id=\"7808407\" data-element_type=\"column\" data-e-type=\"column\">\n\t\t\t<div class=\"elementor-widget-wrap elementor-element-populated\">\n\t\t\t\t\t\t<div class=\"elementor-element elementor-element-47da1fb elementor-widget elementor-widget-image-with-headline\" data-id=\"47da1fb\" data-element_type=\"widget\" data-e-type=\"widget\" data-widget_type=\"image-with-headline.default\">\n\t\t\t\t<div class=\"elementor-widget-container\">\n\t\t\t\t\t<div class=\"service__card-project card-project\"><h2 class=\"card-project__content\">Vermittlung von Immobilien<\/h2><picture class=\"card-project__picture\">\n                <source media=\"(max-width: 575px)\" srcset=\"\n                    https:\/\/acnaayzuen.cloudimg.io\/v7\/https:\/\/www.immobil-niederkofler.it\/wp-content\/uploads\/2020\/07\/balkon-mit-alpenblick.jpg?force_format=webp&amp;q=70&amp;w=576&amp;h=200 1x,\n                    https:\/\/acnaayzuen.cloudimg.io\/v7\/https:\/\/www.immobil-niederkofler.it\/wp-content\/uploads\/2020\/07\/balkon-mit-alpenblick.jpg?force_format=webp&amp;q=70&amp;w=864&amp;h=300 1.5x,\n                    https:\/\/acnaayzuen.cloudimg.io\/v7\/https:\/\/www.immobil-niederkofler.it\/wp-content\/uploads\/2020\/07\/balkon-mit-alpenblick.jpg?force_format=webp&amp;q=70&amp;w=1152&amp;h=400 2x,\n                    https:\/\/acnaayzuen.cloudimg.io\/v7\/https:\/\/www.immobil-niederkofler.it\/wp-content\/uploads\/2020\/07\/balkon-mit-alpenblick.jpg?force_format=webp&amp;q=70&amp;w=1728&amp;h=600 3x\">\n                <source media=\"(min-width: 1400px)\" srcset=\"\n                    https:\/\/acnaayzuen.cloudimg.io\/v7\/https:\/\/www.immobil-niederkofler.it\/wp-content\/uploads\/2020\/07\/balkon-mit-alpenblick.jpg?force_format=webp&amp;q=70&amp;w=952&amp;h=532 1x,\n                    https:\/\/acnaayzuen.cloudimg.io\/v7\/https:\/\/www.immobil-niederkofler.it\/wp-content\/uploads\/2020\/07\/balkon-mit-alpenblick.jpg?force_format=webp&amp;q=70&amp;w=1428&amp;h=798 1.5x,\n                    https:\/\/acnaayzuen.cloudimg.io\/v7\/https:\/\/www.immobil-niederkofler.it\/wp-content\/uploads\/2020\/07\/balkon-mit-alpenblick.jpg?force_format=webp&amp;q=70&amp;w=1904&amp;h=1064 2x,\n                    https:\/\/acnaayzuen.cloudimg.io\/v7\/https:\/\/www.immobil-niederkofler.it\/wp-content\/uploads\/2020\/07\/balkon-mit-alpenblick.jpg?force_format=webp&amp;q=70&amp;w=2856&amp;h=1596 3x\">\n                <source media=\"(min-width: 1200px)\" srcset=\"\n                    https:\/\/acnaayzuen.cloudimg.io\/v7\/https:\/\/www.immobil-niederkofler.it\/wp-content\/uploads\/2020\/07\/balkon-mit-alpenblick.jpg?force_format=webp&amp;q=70&amp;w=700&amp;h=478 1x,\n                    https:\/\/acnaayzuen.cloudimg.io\/v7\/https:\/\/www.immobil-niederkofler.it\/wp-content\/uploads\/2020\/07\/balkon-mit-alpenblick.jpg?force_format=webp&amp;q=70&amp;w=1050&amp;h=717 1.5x,\n                    https:\/\/acnaayzuen.cloudimg.io\/v7\/https:\/\/www.immobil-niederkofler.it\/wp-content\/uploads\/2020\/07\/balkon-mit-alpenblick.jpg?force_format=webp&amp;q=70&amp;w=1400&amp;h=956 2x,\n                    https:\/\/acnaayzuen.cloudimg.io\/v7\/https:\/\/www.immobil-niederkofler.it\/wp-content\/uploads\/2020\/07\/balkon-mit-alpenblick.jpg?force_format=webp&amp;q=70&amp;w=2100&amp;h=1434 3x\">\n                <source media=\"(min-width: 992px)\" srcset=\"\n                    https:\/\/acnaayzuen.cloudimg.io\/v7\/https:\/\/www.immobil-niederkofler.it\/wp-content\/uploads\/2020\/07\/balkon-mit-alpenblick.jpg?force_format=webp&amp;q=70&amp;w=600&amp;h=478 1x,\n                    https:\/\/acnaayzuen.cloudimg.io\/v7\/https:\/\/www.immobil-niederkofler.it\/wp-content\/uploads\/2020\/07\/balkon-mit-alpenblick.jpg?force_format=webp&amp;q=70&amp;w=900&amp;h=717 1.5x,\n                    https:\/\/acnaayzuen.cloudimg.io\/v7\/https:\/\/www.immobil-niederkofler.it\/wp-content\/uploads\/2020\/07\/balkon-mit-alpenblick.jpg?force_format=webp&amp;q=70&amp;w=1200&amp;h=956 2x,\n                    https:\/\/acnaayzuen.cloudimg.io\/v7\/https:\/\/www.immobil-niederkofler.it\/wp-content\/uploads\/2020\/07\/balkon-mit-alpenblick.jpg?force_format=webp&amp;q=70&amp;w=1800&amp;h=1434 3x\">\n                <source media=\"(min-width: 768px)\" srcset=\"\n                    https:\/\/acnaayzuen.cloudimg.io\/v7\/https:\/\/www.immobil-niederkofler.it\/wp-content\/uploads\/2020\/07\/balkon-mit-alpenblick.jpg?force_format=webp&amp;q=70&amp;w=496&amp;h=478 1x,\n                    https:\/\/acnaayzuen.cloudimg.io\/v7\/https:\/\/www.immobil-niederkofler.it\/wp-content\/uploads\/2020\/07\/balkon-mit-alpenblick.jpg?force_format=webp&amp;q=70&amp;w=744&amp;h=717 1.5x,\n                    https:\/\/acnaayzuen.cloudimg.io\/v7\/https:\/\/www.immobil-niederkofler.it\/wp-content\/uploads\/2020\/07\/balkon-mit-alpenblick.jpg?force_format=webp&amp;q=70&amp;w=992&amp;h=956 2x,\n                    https:\/\/acnaayzuen.cloudimg.io\/v7\/https:\/\/www.immobil-niederkofler.it\/wp-content\/uploads\/2020\/07\/balkon-mit-alpenblick.jpg?force_format=webp&amp;q=70&amp;w=1488&amp;h=1434 3x\">\n                <source media=\"(min-width: 576px)\" srcset=\"\n                    https:\/\/acnaayzuen.cloudimg.io\/v7\/https:\/\/www.immobil-niederkofler.it\/wp-content\/uploads\/2020\/07\/balkon-mit-alpenblick.jpg?force_format=webp&amp;q=70&amp;w=384&amp;h=200 1x,\n                    https:\/\/acnaayzuen.cloudimg.io\/v7\/https:\/\/www.immobil-niederkofler.it\/wp-content\/uploads\/2020\/07\/balkon-mit-alpenblick.jpg?force_format=webp&amp;q=70&amp;w=576&amp;h=300 1.5x,\n                    https:\/\/acnaayzuen.cloudimg.io\/v7\/https:\/\/www.immobil-niederkofler.it\/wp-content\/uploads\/2020\/07\/balkon-mit-alpenblick.jpg?force_format=webp&amp;q=70&amp;w=768&amp;h=400 2x,\n                    https:\/\/acnaayzuen.cloudimg.io\/v7\/https:\/\/www.immobil-niederkofler.it\/wp-content\/uploads\/2020\/07\/balkon-mit-alpenblick.jpg?force_format=webp&amp;q=70&amp;w=1152&amp;h=600 3x\">\n                <img loading=\"lazy\" decoding=\"async\" class=\"card-project__image\" loading=\"lazy\" width=\"952\" height=\"478\" src=\"https:\/\/acnaayzuen.cloudimg.io\/v7\/https:\/\/www.immobil-niederkofler.it\/wp-content\/uploads\/2020\/07\/balkon-mit-alpenblick.jpg?force_format=webp&amp;q=70&amp;w=952&amp;h=478\" alt=\"\" \/>\n            <\/picture><\/div>\t\t\t\t<\/div>\n\t\t\t\t<\/div>\n\t\t\t\t\t<\/div>\n\t\t<\/div>\n\t\t\t\t<div class=\"elementor-column elementor-col-33 elementor-inner-column elementor-element elementor-element-6aead93\" data-id=\"6aead93\" data-element_type=\"column\" data-e-type=\"column\">\n\t\t\t<div class=\"elementor-widget-wrap elementor-element-populated\">\n\t\t\t\t\t\t<div class=\"elementor-element elementor-element-41b4653 elementor-widget elementor-widget-image-with-headline\" data-id=\"41b4653\" data-element_type=\"widget\" data-e-type=\"widget\" data-widget_type=\"image-with-headline.default\">\n\t\t\t\t<div class=\"elementor-widget-container\">\n\t\t\t\t\t<div class=\"service__card-project card-project\"><h2 class=\"card-project__content\">Technische Beratung<\/h2><picture class=\"card-project__picture\">\n                <source media=\"(max-width: 575px)\" srcset=\"\n                    https:\/\/acnaayzuen.cloudimg.io\/v7\/https:\/\/www.immobil-niederkofler.it\/wp-content\/uploads\/2020\/07\/mann-und-frau-mit-grundrissen.jpg?force_format=webp&amp;q=70&amp;w=576&amp;h=200 1x,\n                    https:\/\/acnaayzuen.cloudimg.io\/v7\/https:\/\/www.immobil-niederkofler.it\/wp-content\/uploads\/2020\/07\/mann-und-frau-mit-grundrissen.jpg?force_format=webp&amp;q=70&amp;w=864&amp;h=300 1.5x,\n                    https:\/\/acnaayzuen.cloudimg.io\/v7\/https:\/\/www.immobil-niederkofler.it\/wp-content\/uploads\/2020\/07\/mann-und-frau-mit-grundrissen.jpg?force_format=webp&amp;q=70&amp;w=1152&amp;h=400 2x,\n                    https:\/\/acnaayzuen.cloudimg.io\/v7\/https:\/\/www.immobil-niederkofler.it\/wp-content\/uploads\/2020\/07\/mann-und-frau-mit-grundrissen.jpg?force_format=webp&amp;q=70&amp;w=1728&amp;h=600 3x\">\n                <source media=\"(min-width: 1400px)\" srcset=\"\n                    https:\/\/acnaayzuen.cloudimg.io\/v7\/https:\/\/www.immobil-niederkofler.it\/wp-content\/uploads\/2020\/07\/mann-und-frau-mit-grundrissen.jpg?force_format=webp&amp;q=70&amp;w=952&amp;h=532 1x,\n                    https:\/\/acnaayzuen.cloudimg.io\/v7\/https:\/\/www.immobil-niederkofler.it\/wp-content\/uploads\/2020\/07\/mann-und-frau-mit-grundrissen.jpg?force_format=webp&amp;q=70&amp;w=1428&amp;h=798 1.5x,\n                    https:\/\/acnaayzuen.cloudimg.io\/v7\/https:\/\/www.immobil-niederkofler.it\/wp-content\/uploads\/2020\/07\/mann-und-frau-mit-grundrissen.jpg?force_format=webp&amp;q=70&amp;w=1904&amp;h=1064 2x,\n                    https:\/\/acnaayzuen.cloudimg.io\/v7\/https:\/\/www.immobil-niederkofler.it\/wp-content\/uploads\/2020\/07\/mann-und-frau-mit-grundrissen.jpg?force_format=webp&amp;q=70&amp;w=2856&amp;h=1596 3x\">\n                <source media=\"(min-width: 1200px)\" srcset=\"\n                    https:\/\/acnaayzuen.cloudimg.io\/v7\/https:\/\/www.immobil-niederkofler.it\/wp-content\/uploads\/2020\/07\/mann-und-frau-mit-grundrissen.jpg?force_format=webp&amp;q=70&amp;w=700&amp;h=478 1x,\n                    https:\/\/acnaayzuen.cloudimg.io\/v7\/https:\/\/www.immobil-niederkofler.it\/wp-content\/uploads\/2020\/07\/mann-und-frau-mit-grundrissen.jpg?force_format=webp&amp;q=70&amp;w=1050&amp;h=717 1.5x,\n                    https:\/\/acnaayzuen.cloudimg.io\/v7\/https:\/\/www.immobil-niederkofler.it\/wp-content\/uploads\/2020\/07\/mann-und-frau-mit-grundrissen.jpg?force_format=webp&amp;q=70&amp;w=1400&amp;h=956 2x,\n                    https:\/\/acnaayzuen.cloudimg.io\/v7\/https:\/\/www.immobil-niederkofler.it\/wp-content\/uploads\/2020\/07\/mann-und-frau-mit-grundrissen.jpg?force_format=webp&amp;q=70&amp;w=2100&amp;h=1434 3x\">\n                <source media=\"(min-width: 992px)\" srcset=\"\n                    https:\/\/acnaayzuen.cloudimg.io\/v7\/https:\/\/www.immobil-niederkofler.it\/wp-content\/uploads\/2020\/07\/mann-und-frau-mit-grundrissen.jpg?force_format=webp&amp;q=70&amp;w=600&amp;h=478 1x,\n                    https:\/\/acnaayzuen.cloudimg.io\/v7\/https:\/\/www.immobil-niederkofler.it\/wp-content\/uploads\/2020\/07\/mann-und-frau-mit-grundrissen.jpg?force_format=webp&amp;q=70&amp;w=900&amp;h=717 1.5x,\n                    https:\/\/acnaayzuen.cloudimg.io\/v7\/https:\/\/www.immobil-niederkofler.it\/wp-content\/uploads\/2020\/07\/mann-und-frau-mit-grundrissen.jpg?force_format=webp&amp;q=70&amp;w=1200&amp;h=956 2x,\n                    https:\/\/acnaayzuen.cloudimg.io\/v7\/https:\/\/www.immobil-niederkofler.it\/wp-content\/uploads\/2020\/07\/mann-und-frau-mit-grundrissen.jpg?force_format=webp&amp;q=70&amp;w=1800&amp;h=1434 3x\">\n                <source media=\"(min-width: 768px)\" srcset=\"\n                    https:\/\/acnaayzuen.cloudimg.io\/v7\/https:\/\/www.immobil-niederkofler.it\/wp-content\/uploads\/2020\/07\/mann-und-frau-mit-grundrissen.jpg?force_format=webp&amp;q=70&amp;w=496&amp;h=478 1x,\n                    https:\/\/acnaayzuen.cloudimg.io\/v7\/https:\/\/www.immobil-niederkofler.it\/wp-content\/uploads\/2020\/07\/mann-und-frau-mit-grundrissen.jpg?force_format=webp&amp;q=70&amp;w=744&amp;h=717 1.5x,\n                    https:\/\/acnaayzuen.cloudimg.io\/v7\/https:\/\/www.immobil-niederkofler.it\/wp-content\/uploads\/2020\/07\/mann-und-frau-mit-grundrissen.jpg?force_format=webp&amp;q=70&amp;w=992&amp;h=956 2x,\n                    https:\/\/acnaayzuen.cloudimg.io\/v7\/https:\/\/www.immobil-niederkofler.it\/wp-content\/uploads\/2020\/07\/mann-und-frau-mit-grundrissen.jpg?force_format=webp&amp;q=70&amp;w=1488&amp;h=1434 3x\">\n                <source media=\"(min-width: 576px)\" srcset=\"\n                    https:\/\/acnaayzuen.cloudimg.io\/v7\/https:\/\/www.immobil-niederkofler.it\/wp-content\/uploads\/2020\/07\/mann-und-frau-mit-grundrissen.jpg?force_format=webp&amp;q=70&amp;w=384&amp;h=200 1x,\n                    https:\/\/acnaayzuen.cloudimg.io\/v7\/https:\/\/www.immobil-niederkofler.it\/wp-content\/uploads\/2020\/07\/mann-und-frau-mit-grundrissen.jpg?force_format=webp&amp;q=70&amp;w=576&amp;h=300 1.5x,\n                    https:\/\/acnaayzuen.cloudimg.io\/v7\/https:\/\/www.immobil-niederkofler.it\/wp-content\/uploads\/2020\/07\/mann-und-frau-mit-grundrissen.jpg?force_format=webp&amp;q=70&amp;w=768&amp;h=400 2x,\n                    https:\/\/acnaayzuen.cloudimg.io\/v7\/https:\/\/www.immobil-niederkofler.it\/wp-content\/uploads\/2020\/07\/mann-und-frau-mit-grundrissen.jpg?force_format=webp&amp;q=70&amp;w=1152&amp;h=600 3x\">\n                <img loading=\"lazy\" decoding=\"async\" class=\"card-project__image\" loading=\"lazy\" width=\"952\" height=\"478\" src=\"https:\/\/acnaayzuen.cloudimg.io\/v7\/https:\/\/www.immobil-niederkofler.it\/wp-content\/uploads\/2020\/07\/mann-und-frau-mit-grundrissen.jpg?force_format=webp&amp;q=70&amp;w=952&amp;h=478\" alt=\"\" \/>\n            <\/picture><\/div>\t\t\t\t<\/div>\n\t\t\t\t<\/div>\n\t\t\t\t\t<\/div>\n\t\t<\/div>\n\t\t\t\t<div class=\"elementor-column elementor-col-33 elementor-inner-column elementor-element elementor-element-4f88ad2\" data-id=\"4f88ad2\" data-element_type=\"column\" data-e-type=\"column\">\n\t\t\t<div class=\"elementor-widget-wrap elementor-element-populated\">\n\t\t\t\t\t\t<div class=\"elementor-element elementor-element-ca15083 elementor-widget elementor-widget-image-with-headline\" data-id=\"ca15083\" data-element_type=\"widget\" data-e-type=\"widget\" data-widget_type=\"image-with-headline.default\">\n\t\t\t\t<div class=\"elementor-widget-container\">\n\t\t\t\t\t<div class=\"service__card-project card-project\"><h2 class=\"card-project__content\">Rechtliche Beratung<\/h2><picture class=\"card-project__picture\">\n                <source media=\"(max-width: 575px)\" srcset=\"\n                    https:\/\/acnaayzuen.cloudimg.io\/v7\/https:\/\/www.immobil-niederkofler.it\/wp-content\/uploads\/2020\/07\/mann-beim-unterschreiben-eines-vertrags.jpg?force_format=webp&amp;q=70&amp;w=576&amp;h=200 1x,\n                    https:\/\/acnaayzuen.cloudimg.io\/v7\/https:\/\/www.immobil-niederkofler.it\/wp-content\/uploads\/2020\/07\/mann-beim-unterschreiben-eines-vertrags.jpg?force_format=webp&amp;q=70&amp;w=864&amp;h=300 1.5x,\n                    https:\/\/acnaayzuen.cloudimg.io\/v7\/https:\/\/www.immobil-niederkofler.it\/wp-content\/uploads\/2020\/07\/mann-beim-unterschreiben-eines-vertrags.jpg?force_format=webp&amp;q=70&amp;w=1152&amp;h=400 2x,\n                    https:\/\/acnaayzuen.cloudimg.io\/v7\/https:\/\/www.immobil-niederkofler.it\/wp-content\/uploads\/2020\/07\/mann-beim-unterschreiben-eines-vertrags.jpg?force_format=webp&amp;q=70&amp;w=1728&amp;h=600 3x\">\n                <source media=\"(min-width: 1400px)\" srcset=\"\n                    https:\/\/acnaayzuen.cloudimg.io\/v7\/https:\/\/www.immobil-niederkofler.it\/wp-content\/uploads\/2020\/07\/mann-beim-unterschreiben-eines-vertrags.jpg?force_format=webp&amp;q=70&amp;w=952&amp;h=532 1x,\n                    https:\/\/acnaayzuen.cloudimg.io\/v7\/https:\/\/www.immobil-niederkofler.it\/wp-content\/uploads\/2020\/07\/mann-beim-unterschreiben-eines-vertrags.jpg?force_format=webp&amp;q=70&amp;w=1428&amp;h=798 1.5x,\n                    https:\/\/acnaayzuen.cloudimg.io\/v7\/https:\/\/www.immobil-niederkofler.it\/wp-content\/uploads\/2020\/07\/mann-beim-unterschreiben-eines-vertrags.jpg?force_format=webp&amp;q=70&amp;w=1904&amp;h=1064 2x,\n                    https:\/\/acnaayzuen.cloudimg.io\/v7\/https:\/\/www.immobil-niederkofler.it\/wp-content\/uploads\/2020\/07\/mann-beim-unterschreiben-eines-vertrags.jpg?force_format=webp&amp;q=70&amp;w=2856&amp;h=1596 3x\">\n                <source media=\"(min-width: 1200px)\" srcset=\"\n                    https:\/\/acnaayzuen.cloudimg.io\/v7\/https:\/\/www.immobil-niederkofler.it\/wp-content\/uploads\/2020\/07\/mann-beim-unterschreiben-eines-vertrags.jpg?force_format=webp&amp;q=70&amp;w=700&amp;h=478 1x,\n                    https:\/\/acnaayzuen.cloudimg.io\/v7\/https:\/\/www.immobil-niederkofler.it\/wp-content\/uploads\/2020\/07\/mann-beim-unterschreiben-eines-vertrags.jpg?force_format=webp&amp;q=70&amp;w=1050&amp;h=717 1.5x,\n                    https:\/\/acnaayzuen.cloudimg.io\/v7\/https:\/\/www.immobil-niederkofler.it\/wp-content\/uploads\/2020\/07\/mann-beim-unterschreiben-eines-vertrags.jpg?force_format=webp&amp;q=70&amp;w=1400&amp;h=956 2x,\n                    https:\/\/acnaayzuen.cloudimg.io\/v7\/https:\/\/www.immobil-niederkofler.it\/wp-content\/uploads\/2020\/07\/mann-beim-unterschreiben-eines-vertrags.jpg?force_format=webp&amp;q=70&amp;w=2100&amp;h=1434 3x\">\n                <source media=\"(min-width: 992px)\" srcset=\"\n                    https:\/\/acnaayzuen.cloudimg.io\/v7\/https:\/\/www.immobil-niederkofler.it\/wp-content\/uploads\/2020\/07\/mann-beim-unterschreiben-eines-vertrags.jpg?force_format=webp&amp;q=70&amp;w=600&amp;h=478 1x,\n                    https:\/\/acnaayzuen.cloudimg.io\/v7\/https:\/\/www.immobil-niederkofler.it\/wp-content\/uploads\/2020\/07\/mann-beim-unterschreiben-eines-vertrags.jpg?force_format=webp&amp;q=70&amp;w=900&amp;h=717 1.5x,\n                    https:\/\/acnaayzuen.cloudimg.io\/v7\/https:\/\/www.immobil-niederkofler.it\/wp-content\/uploads\/2020\/07\/mann-beim-unterschreiben-eines-vertrags.jpg?force_format=webp&amp;q=70&amp;w=1200&amp;h=956 2x,\n                    https:\/\/acnaayzuen.cloudimg.io\/v7\/https:\/\/www.immobil-niederkofler.it\/wp-content\/uploads\/2020\/07\/mann-beim-unterschreiben-eines-vertrags.jpg?force_format=webp&amp;q=70&amp;w=1800&amp;h=1434 3x\">\n                <source media=\"(min-width: 768px)\" srcset=\"\n                    https:\/\/acnaayzuen.cloudimg.io\/v7\/https:\/\/www.immobil-niederkofler.it\/wp-content\/uploads\/2020\/07\/mann-beim-unterschreiben-eines-vertrags.jpg?force_format=webp&amp;q=70&amp;w=496&amp;h=478 1x,\n                    https:\/\/acnaayzuen.cloudimg.io\/v7\/https:\/\/www.immobil-niederkofler.it\/wp-content\/uploads\/2020\/07\/mann-beim-unterschreiben-eines-vertrags.jpg?force_format=webp&amp;q=70&amp;w=744&amp;h=717 1.5x,\n                    https:\/\/acnaayzuen.cloudimg.io\/v7\/https:\/\/www.immobil-niederkofler.it\/wp-content\/uploads\/2020\/07\/mann-beim-unterschreiben-eines-vertrags.jpg?force_format=webp&amp;q=70&amp;w=992&amp;h=956 2x,\n                    https:\/\/acnaayzuen.cloudimg.io\/v7\/https:\/\/www.immobil-niederkofler.it\/wp-content\/uploads\/2020\/07\/mann-beim-unterschreiben-eines-vertrags.jpg?force_format=webp&amp;q=70&amp;w=1488&amp;h=1434 3x\">\n                <source media=\"(min-width: 576px)\" srcset=\"\n                    https:\/\/acnaayzuen.cloudimg.io\/v7\/https:\/\/www.immobil-niederkofler.it\/wp-content\/uploads\/2020\/07\/mann-beim-unterschreiben-eines-vertrags.jpg?force_format=webp&amp;q=70&amp;w=384&amp;h=200 1x,\n                    https:\/\/acnaayzuen.cloudimg.io\/v7\/https:\/\/www.immobil-niederkofler.it\/wp-content\/uploads\/2020\/07\/mann-beim-unterschreiben-eines-vertrags.jpg?force_format=webp&amp;q=70&amp;w=576&amp;h=300 1.5x,\n                    https:\/\/acnaayzuen.cloudimg.io\/v7\/https:\/\/www.immobil-niederkofler.it\/wp-content\/uploads\/2020\/07\/mann-beim-unterschreiben-eines-vertrags.jpg?force_format=webp&amp;q=70&amp;w=768&amp;h=400 2x,\n                    https:\/\/acnaayzuen.cloudimg.io\/v7\/https:\/\/www.immobil-niederkofler.it\/wp-content\/uploads\/2020\/07\/mann-beim-unterschreiben-eines-vertrags.jpg?force_format=webp&amp;q=70&amp;w=1152&amp;h=600 3x\">\n                <img loading=\"lazy\" decoding=\"async\" class=\"card-project__image\" loading=\"lazy\" width=\"952\" height=\"478\" src=\"https:\/\/acnaayzuen.cloudimg.io\/v7\/https:\/\/www.immobil-niederkofler.it\/wp-content\/uploads\/2020\/07\/mann-beim-unterschreiben-eines-vertrags.jpg?force_format=webp&amp;q=70&amp;w=952&amp;h=478\" alt=\"\" \/>\n            <\/picture><\/div>\t\t\t\t<\/div>\n\t\t\t\t<\/div>\n\t\t\t\t\t<\/div>\n\t\t<\/div>\n\t\t\t\t\t<\/div>\n\t\t<\/section>\n\t\t\t\t<div class=\"elementor-element elementor-element-6108108 elementor-widget elementor-widget-h2-with-lines\" data-id=\"6108108\" data-element_type=\"widget\" data-e-type=\"widget\" data-widget_type=\"h2-with-lines.default\">\n\t\t\t\t<div class=\"elementor-widget-container\">\n\t\t\t\t\t\t\t<h2 class=\"site-title no-lines center\">\n            <span>Profitieren Sie von unserem gro\u00dfen Netzwerk<\/span>\n        <\/h2>\n        \t\t\t\t<\/div>\n\t\t\t\t<\/div>\n\t\t\t\t<div class=\"elementor-element elementor-element-7b7f088 elementor-widget elementor-widget-text-editor\" data-id=\"7b7f088\" data-element_type=\"widget\" data-e-type=\"widget\" data-widget_type=\"text-editor.default\">\n\t\t\t\t<div class=\"elementor-widget-container\">\n\t\t\t\t\t\t\t\t\t<p style=\"text-align: left;\">Gern stellen wir Ihnen auch unser gro\u00dfes Netzwerk zur Verf\u00fcgung. Wir sind in S\u00fcdtirol bestens vernetzt und arbeiten seit Jahrzehnten mit kompetenten, vertrauensw\u00fcrdigen und zuverl\u00e4ssigen <a href=\"https:\/\/www.immobil-niederkofler.it\/de\/ueber-uns\/kooperationspartner\/\">Partnern<\/a> zusammen. Egal ob Sie einen Architekten suchen, Ihre Inneneinrichtung anpassen m\u00f6chten oder einen Experten f\u00fcr Elektro- und Sanit\u00e4raufgaben ben\u00f6tigen \u2013 wir vermitteln Sie an all unsere Experten weiter! Auch in den Bereichen Finanzen, Versicherungen, Steuern und Recht verf\u00fcgen wir \u00fcber zahlreiche Kontakte, von denen auch Sie profitieren.<\/p>\t\t\t\t\t\t\t\t<\/div>\n\t\t\t\t<\/div>\n\t\t\t\t\t<\/div>\n\t\t<\/div>\n\t\t\t\t\t<\/div>\n\t\t<\/section>\n\t\t\t\t<section class=\"elementor-section elementor-top-section elementor-element elementor-element-d036a11 elementor-section-full_width elementor-section-height-default elementor-section-height-default\" data-id=\"d036a11\" data-element_type=\"section\" data-e-type=\"section\">\n\t\t\t\t\t\t<div class=\"elementor-container elementor-column-gap-no\">\n\t\t\t\t\t<div class=\"elementor-column elementor-col-100 elementor-top-column elementor-element elementor-element-7559690\" data-id=\"7559690\" data-element_type=\"column\" data-e-type=\"column\">\n\t\t\t<div class=\"elementor-widget-wrap elementor-element-populated\">\n\t\t\t\t\t\t<div class=\"elementor-element elementor-element-b154302 elementor-widget elementor-widget-h2-with-lines\" data-id=\"b154302\" data-element_type=\"widget\" data-e-type=\"widget\" data-widget_type=\"h2-with-lines.default\">\n\t\t\t\t<div class=\"elementor-widget-container\">\n\t\t\t\t\t\t\t<h2 class=\"site-title with-lines center\">\n            <span>Kundenfeedback<\/span>\n        <\/h2>\n        \t\t\t\t<\/div>\n\t\t\t\t<\/div>\n\t\t\t\t<div class=\"elementor-element elementor-element-af1a6ed elementor-widget elementor-widget-customer-reviews\" data-id=\"af1a6ed\" data-element_type=\"widget\" data-e-type=\"widget\" data-widget_type=\"customer-reviews.default\">\n\t\t\t\t<div class=\"elementor-widget-container\">\n\t\t\t\t\t<div class=\"row customer-reviews\"><div class=\"customer-reviews__slider owl-carousel owl-theme\"><div class=\"item customer-reviews__item customer-reviews__description-after-title description-after-title\"><p>Sehr freundliche, kompetente, genaue und hilfsbereite Marklerin. Antwortet sofort auf Emails, l\u00f6st schnell jedes auftretende Problem....nur zu empfehlen!!<\/p><p class=\"description-after-title_name-author\">Lisa P.<\/p><\/div><div class=\"item customer-reviews__item customer-reviews__description-after-title description-after-title\"><p>Ausgezeichnete Erstberatung, marktgerechte Preiseinsch\u00e4tzung  und perfekte unbeschwerte Abwicklung beim Verkauf meiner Immobilie in Bozen! Sehr empfehlenswert! Vielen Dank f\u00fcr die professionelle Unterst\u00fctzung !!<\/p><p class=\"description-after-title_name-author\">Sarah B.<\/p><\/div><div class=\"item customer-reviews__item customer-reviews__description-after-title description-after-title\"><p>Das Immobilienb\u00fcro ist sehr zu empfehlen, da sehr professionell und kundenorientiert gearbeitet wird.<\/p><p class=\"description-after-title_name-author\">Peter P.<\/p><\/div><div class=\"item customer-reviews__item customer-reviews__description-after-title description-after-title\"><p>Kundenfreundlichkeit, hohe Fachkompetenz und Zuverl\u00e4ssigkeit; sehr empfehlenswertes Immobilienb\u00fcro!<\/p><p class=\"description-after-title_name-author\">Ruth M.<\/p><\/div><\/div><\/div>\t\t\t\t<\/div>\n\t\t\t\t<\/div>\n\t\t\t\t\t<\/div>\n\t\t<\/div>\n\t\t\t\t\t<\/div>\n\t\t<\/section>\n\t\t\t\t<section class=\"elementor-section elementor-top-section elementor-element elementor-element-6949a92 elementor-section-boxed elementor-section-height-default elementor-section-height-default\" data-id=\"6949a92\" data-element_type=\"section\" data-e-type=\"section\" data-settings=\"{&quot;background_background&quot;:&quot;classic&quot;}\">\n\t\t\t\t\t\t<div class=\"elementor-container elementor-column-gap-default\">\n\t\t\t\t\t<div class=\"elementor-column elementor-col-50 elementor-top-column elementor-element elementor-element-db70269\" data-id=\"db70269\" data-element_type=\"column\" data-e-type=\"column\">\n\t\t\t<div class=\"elementor-widget-wrap elementor-element-populated\">\n\t\t\t\t\t\t<div class=\"elementor-element elementor-element-33bb748 elementor-widget elementor-widget-h2-with-lines\" data-id=\"33bb748\" data-element_type=\"widget\" data-e-type=\"widget\" data-widget_type=\"h2-with-lines.default\">\n\t\t\t\t<div class=\"elementor-widget-container\">\n\t\t\t\t\t\t\t<h2 class=\"site-title no-lines left\">\n            <span>Wussten Sie schon\u2026?<\/span>\n        <\/h2>\n        \t\t\t\t<\/div>\n\t\t\t\t<\/div>\n\t\t\t\t\t<\/div>\n\t\t<\/div>\n\t\t\t\t<div class=\"elementor-column elementor-col-50 elementor-top-column elementor-element elementor-element-1be6ca3\" data-id=\"1be6ca3\" data-element_type=\"column\" data-e-type=\"column\">\n\t\t\t<div class=\"elementor-widget-wrap elementor-element-populated\">\n\t\t\t\t\t\t<div class=\"elementor-element elementor-element-0cc92a8 elementor-widget elementor-widget-text-editor\" data-id=\"0cc92a8\" data-element_type=\"widget\" data-e-type=\"widget\" data-widget_type=\"text-editor.default\">\n\t\t\t\t<div class=\"elementor-widget-container\">\n\t\t\t\t\t\t\t\t\t<p style=\"text-align: left;\">Immobilien Niederkofler ist in der gesamten Provinz S\u00fcdtirol t\u00e4tig. Neben unserem Hauptb\u00fcro in Bruneck, sind wir auch im Zentrum von Bozen sowie in Welsberg und Sand in Taufers f\u00fcr Sie da!<\/p>\t\t\t\t\t\t\t\t<\/div>\n\t\t\t\t<\/div>\n\t\t\t\t\t<\/div>\n\t\t<\/div>\n\t\t\t\t\t<\/div>\n\t\t<\/section>\n\t\t\t\t<section class=\"elementor-section elementor-top-section elementor-element elementor-element-4025233 elementor-section-full_width elementor-section-height-default elementor-section-height-default\" data-id=\"4025233\" data-element_type=\"section\" data-e-type=\"section\">\n\t\t\t\t\t\t<div class=\"elementor-container elementor-column-gap-default\">\n\t\t\t\t\t<div class=\"elementor-column elementor-col-100 elementor-top-column elementor-element elementor-element-dcc2e17\" data-id=\"dcc2e17\" data-element_type=\"column\" data-e-type=\"column\">\n\t\t\t<div class=\"elementor-widget-wrap elementor-element-populated\">\n\t\t\t\t\t\t<div class=\"elementor-element elementor-element-5112659 elementor-widget elementor-widget-h2-with-lines\" data-id=\"5112659\" data-element_type=\"widget\" data-e-type=\"widget\" data-widget_type=\"h2-with-lines.default\">\n\t\t\t\t<div class=\"elementor-widget-container\">\n\t\t\t\t\t\t\t<h2 class=\"site-title with-lines center\">\n            <span>Jetzt Kontakt aufnehmen<\/span>\n        <\/h2>\n        \t\t\t\t<\/div>\n\t\t\t\t<\/div>\n\t\t\t\t\t<\/div>\n\t\t<\/div>\n\t\t\t\t\t<\/div>\n\t\t<\/section>\n\t\t\t\t<section class=\"elementor-section elementor-top-section elementor-element elementor-element-99b3053 elementor-section-boxed elementor-section-height-default elementor-section-height-default\" data-id=\"99b3053\" data-element_type=\"section\" data-e-type=\"section\">\n\t\t\t\t\t\t<div class=\"elementor-container elementor-column-gap-default\">\n\t\t\t\t\t<div class=\"elementor-column elementor-col-100 elementor-top-column elementor-element elementor-element-b27920f\" data-id=\"b27920f\" data-element_type=\"column\" data-e-type=\"column\">\n\t\t\t<div class=\"elementor-widget-wrap elementor-element-populated\">\n\t\t\t\t\t\t<div class=\"elementor-element elementor-element-14b2625 elementor-widget elementor-widget-text-editor\" data-id=\"14b2625\" data-element_type=\"widget\" data-e-type=\"widget\" data-widget_type=\"text-editor.default\">\n\t\t\t\t<div class=\"elementor-widget-container\">\n\t\t\t\t\t\t\t\t\t<p style=\"text-align: left;\">Sie suchen eine Immobilie in S\u00fcdtirol? Dann sind wir von Immobilien Niederkofler der richtige Ansprechpartner. <a href=\"https:\/\/www.immobil-niederkofler.it\/de\/kontakt\/\">Kontaktieren<\/a> Sie uns, wenn Sie mehr \u00fcber unsere Leistungen erfahren m\u00f6chten. Wir freuen uns auf Ihren Anruf, Ihre Nachricht oder Ihren Besuch in einer unserer <a href=\"https:\/\/www.immobil-niederkofler.it\/de\/standorte\/\">Niederlassungen<\/a>.<\/p>\t\t\t\t\t\t\t\t<\/div>\n\t\t\t\t<\/div>\n\t\t\t\t\t<\/div>\n\t\t<\/div>\n\t\t\t\t\t<\/div>\n\t\t<\/section>\n\t\t\t\t<\/div>\n\t\t","protected":false},"excerpt":{"rendered":"<p>Immobilien Niederkofler \u2013 seit 1948 f\u00fcr Sie da Kompetenz, Erfahrung und Professionalit\u00e4t \u2013 daf\u00fcr stehen wir von Immobilien Niederkofler. Seit mehr als 75 Jahren geh\u00f6rt unser Familienunternehmen zu den f\u00fchrenden Immobilienb\u00fcros in S\u00fcdtirol und durch unseren Gesch\u00e4ftsf\u00fchrer, Herrn Dr. Andr\u00e9-Benedict Niederkofler, sind wir auch im Vorstand der S\u00fcdtiroler Maklervereinigung (SMV) vertreten. Egal ob Sie eine [&hellip;]<\/p>\n","protected":false},"author":4,"featured_media":0,"parent":0,"menu_order":0,"comment_status":"closed","ping_status":"closed","template":"","meta":{"_acf_changed":false,"_monsterinsights_skip_tracking":false,"_monsterinsights_sitenote_active":false,"_monsterinsights_sitenote_note":"","_monsterinsights_sitenote_category":0,"footnotes":""},"class_list":["post-19","page","type-page","status-publish","hentry"],"acf":[],"yoast_head":"<!-- This site is optimized with the Yoast SEO plugin v27.5 - https:\/\/yoast.com\/product\/yoast-seo-wordpress\/ -->\n<title>\u00dcber unser Unternehmen | Immobilien Niederkofler<\/title>\n<meta name=\"description\" content=\"Kompetenz, Erfahrung und Professionalit\u00e4t - daf\u00fcr steht unser Familienunternehmen. Seit \u00fcber 70 Jahren in S\u00fcdtirol f\u00fcr Sie da!\" \/>\n<meta name=\"robots\" content=\"index, follow, max-snippet:-1, max-image-preview:large, max-video-preview:-1\" \/>\n<link rel=\"canonical\" href=\"https:\/\/www.immobil-niederkofler.it\/de\/ueber-uns\/\" \/>\n<meta property=\"og:locale\" content=\"de_DE\" \/>\n<meta property=\"og:type\" content=\"article\" \/>\n<meta property=\"og:title\" content=\"\u00dcber unser Unternehmen | Immobilien Niederkofler\" \/>\n<meta property=\"og:description\" content=\"Kompetenz, Erfahrung und Professionalit\u00e4t - daf\u00fcr steht unser Familienunternehmen. Seit \u00fcber 70 Jahren in S\u00fcdtirol f\u00fcr Sie da!\" \/>\n<meta property=\"og:url\" content=\"https:\/\/www.immobil-niederkofler.it\/de\/ueber-uns\/\" \/>\n<meta property=\"og:site_name\" content=\"Immobilien Niederkofler\" \/>\n<meta property=\"article:publisher\" content=\"https:\/\/de-de.facebook.com\/ImmobilienNiederkofler\/\" \/>\n<meta property=\"article:modified_time\" content=\"2025-06-13T09:03:42+00:00\" \/>\n<meta property=\"og:image\" content=\"https:\/\/www.immobil-niederkofler.it\/wp-content\/uploads\/2025\/03\/Benedict.jpg\" \/>\n\t<meta property=\"og:image:width\" content=\"408\" \/>\n\t<meta property=\"og:image:height\" content=\"408\" \/>\n\t<meta property=\"og:image:type\" content=\"image\/jpeg\" \/>\n<meta name=\"twitter:card\" content=\"summary_large_image\" \/>\n<meta name=\"twitter:label1\" content=\"Gesch\u00e4tzte Lesezeit\" \/>\n\t<meta name=\"twitter:data1\" content=\"6\u00a0Minuten\" \/>\n<script type=\"application\/ld+json\" class=\"yoast-schema-graph\">{\"@context\":\"https:\\\/\\\/schema.org\",\"@graph\":[{\"@type\":\"WebPage\",\"@id\":\"https:\\\/\\\/www.immobil-niederkofler.it\\\/de\\\/ueber-uns\\\/\",\"url\":\"https:\\\/\\\/www.immobil-niederkofler.it\\\/de\\\/ueber-uns\\\/\",\"name\":\"\u00dcber unser Unternehmen | Immobilien Niederkofler\",\"isPartOf\":{\"@id\":\"https:\\\/\\\/www.immobil-niederkofler.it\\\/de\\\/#website\"},\"primaryImageOfPage\":{\"@id\":\"https:\\\/\\\/www.immobil-niederkofler.it\\\/de\\\/ueber-uns\\\/#primaryimage\"},\"image\":{\"@id\":\"https:\\\/\\\/www.immobil-niederkofler.it\\\/de\\\/ueber-uns\\\/#primaryimage\"},\"thumbnailUrl\":\"https:\\\/\\\/www.immobil-niederkofler.it\\\/wp-content\\\/uploads\\\/2025\\\/03\\\/Benedict-150x150.jpg\",\"datePublished\":\"2019-10-02T06:33:07+00:00\",\"dateModified\":\"2025-06-13T09:03:42+00:00\",\"description\":\"Kompetenz, Erfahrung und Professionalit\u00e4t - daf\u00fcr steht unser Familienunternehmen. Seit \u00fcber 70 Jahren in S\u00fcdtirol f\u00fcr Sie da!\",\"inLanguage\":\"de\",\"potentialAction\":[{\"@type\":\"ReadAction\",\"target\":[\"https:\\\/\\\/www.immobil-niederkofler.it\\\/de\\\/ueber-uns\\\/\"]}]},{\"@type\":\"ImageObject\",\"inLanguage\":\"de\",\"@id\":\"https:\\\/\\\/www.immobil-niederkofler.it\\\/de\\\/ueber-uns\\\/#primaryimage\",\"url\":\"https:\\\/\\\/www.immobil-niederkofler.it\\\/wp-content\\\/uploads\\\/2025\\\/03\\\/Benedict-150x150.jpg\",\"contentUrl\":\"https:\\\/\\\/www.immobil-niederkofler.it\\\/wp-content\\\/uploads\\\/2025\\\/03\\\/Benedict-150x150.jpg\"},{\"@type\":\"WebSite\",\"@id\":\"https:\\\/\\\/www.immobil-niederkofler.it\\\/de\\\/#website\",\"url\":\"https:\\\/\\\/www.immobil-niederkofler.it\\\/de\\\/\",\"name\":\"Immobilien Niederkofler\",\"description\":\"Willkommen bei Immobilien Niederkofler, Ihrem zuverl\u00e4ssigen und kompetenten Immobilienmakler im sch\u00f6nen S\u00fcdtirol\",\"potentialAction\":[{\"@type\":\"SearchAction\",\"target\":{\"@type\":\"EntryPoint\",\"urlTemplate\":\"https:\\\/\\\/www.immobil-niederkofler.it\\\/de\\\/?s={search_term_string}\"},\"query-input\":{\"@type\":\"PropertyValueSpecification\",\"valueRequired\":true,\"valueName\":\"search_term_string\"}}],\"inLanguage\":\"de\"}]}<\/script>\n<!-- \/ Yoast SEO plugin. -->","yoast_head_json":{"title":"\u00dcber unser Unternehmen | Immobilien Niederkofler","description":"Kompetenz, Erfahrung und Professionalit\u00e4t - daf\u00fcr steht unser Familienunternehmen. Seit \u00fcber 70 Jahren in S\u00fcdtirol f\u00fcr Sie da!","robots":{"index":"index","follow":"follow","max-snippet":"max-snippet:-1","max-image-preview":"max-image-preview:large","max-video-preview":"max-video-preview:-1"},"canonical":"https:\/\/www.immobil-niederkofler.it\/de\/ueber-uns\/","og_locale":"de_DE","og_type":"article","og_title":"\u00dcber unser Unternehmen | Immobilien Niederkofler","og_description":"Kompetenz, Erfahrung und Professionalit\u00e4t - daf\u00fcr steht unser Familienunternehmen. Seit \u00fcber 70 Jahren in S\u00fcdtirol f\u00fcr Sie da!","og_url":"https:\/\/www.immobil-niederkofler.it\/de\/ueber-uns\/","og_site_name":"Immobilien Niederkofler","article_publisher":"https:\/\/de-de.facebook.com\/ImmobilienNiederkofler\/","article_modified_time":"2025-06-13T09:03:42+00:00","og_image":[{"width":408,"height":408,"url":"https:\/\/www.immobil-niederkofler.it\/wp-content\/uploads\/2025\/03\/Benedict.jpg","type":"image\/jpeg"}],"twitter_card":"summary_large_image","twitter_misc":{"Gesch\u00e4tzte Lesezeit":"6\u00a0Minuten"},"schema":{"@context":"https:\/\/schema.org","@graph":[{"@type":"WebPage","@id":"https:\/\/www.immobil-niederkofler.it\/de\/ueber-uns\/","url":"https:\/\/www.immobil-niederkofler.it\/de\/ueber-uns\/","name":"\u00dcber unser Unternehmen | Immobilien Niederkofler","isPartOf":{"@id":"https:\/\/www.immobil-niederkofler.it\/de\/#website"},"primaryImageOfPage":{"@id":"https:\/\/www.immobil-niederkofler.it\/de\/ueber-uns\/#primaryimage"},"image":{"@id":"https:\/\/www.immobil-niederkofler.it\/de\/ueber-uns\/#primaryimage"},"thumbnailUrl":"https:\/\/www.immobil-niederkofler.it\/wp-content\/uploads\/2025\/03\/Benedict-150x150.jpg","datePublished":"2019-10-02T06:33:07+00:00","dateModified":"2025-06-13T09:03:42+00:00","description":"Kompetenz, Erfahrung und Professionalit\u00e4t - daf\u00fcr steht unser Familienunternehmen. Seit \u00fcber 70 Jahren in S\u00fcdtirol f\u00fcr Sie da!","inLanguage":"de","potentialAction":[{"@type":"ReadAction","target":["https:\/\/www.immobil-niederkofler.it\/de\/ueber-uns\/"]}]},{"@type":"ImageObject","inLanguage":"de","@id":"https:\/\/www.immobil-niederkofler.it\/de\/ueber-uns\/#primaryimage","url":"https:\/\/www.immobil-niederkofler.it\/wp-content\/uploads\/2025\/03\/Benedict-150x150.jpg","contentUrl":"https:\/\/www.immobil-niederkofler.it\/wp-content\/uploads\/2025\/03\/Benedict-150x150.jpg"},{"@type":"WebSite","@id":"https:\/\/www.immobil-niederkofler.it\/de\/#website","url":"https:\/\/www.immobil-niederkofler.it\/de\/","name":"Immobilien Niederkofler","description":"Willkommen bei Immobilien Niederkofler, Ihrem zuverl\u00e4ssigen und kompetenten Immobilienmakler im sch\u00f6nen S\u00fcdtirol","potentialAction":[{"@type":"SearchAction","target":{"@type":"EntryPoint","urlTemplate":"https:\/\/www.immobil-niederkofler.it\/de\/?s={search_term_string}"},"query-input":{"@type":"PropertyValueSpecification","valueRequired":true,"valueName":"search_term_string"}}],"inLanguage":"de"}]}},"_links":{"self":[{"href":"https:\/\/www.immobil-niederkofler.it\/de\/wp-json\/wp\/v2\/pages\/19","targetHints":{"allow":["GET"]}}],"collection":[{"href":"https:\/\/www.immobil-niederkofler.it\/de\/wp-json\/wp\/v2\/pages"}],"about":[{"href":"https:\/\/www.immobil-niederkofler.it\/de\/wp-json\/wp\/v2\/types\/page"}],"author":[{"embeddable":true,"href":"https:\/\/www.immobil-niederkofler.it\/de\/wp-json\/wp\/v2\/users\/4"}],"replies":[{"embeddable":true,"href":"https:\/\/www.immobil-niederkofler.it\/de\/wp-json\/wp\/v2\/comments?post=19"}],"version-history":[{"count":35,"href":"https:\/\/www.immobil-niederkofler.it\/de\/wp-json\/wp\/v2\/pages\/19\/revisions"}],"predecessor-version":[{"id":9957,"href":"https:\/\/www.immobil-niederkofler.it\/de\/wp-json\/wp\/v2\/pages\/19\/revisions\/9957"}],"wp:attachment":[{"href":"https:\/\/www.immobil-niederkofler.it\/de\/wp-json\/wp\/v2\/media?parent=19"}],"curies":[{"name":"wp","href":"https:\/\/api.w.org\/{rel}","templated":true}]}}